{"id":41,"date":"2015-11-24T15:50:47","date_gmt":"2015-11-24T14:50:47","guid":{"rendered":"http:\/\/www.moedlareuth.de\/?page_id=41"},"modified":"2025-11-12T11:17:03","modified_gmt":"2025-11-12T10:17:03","slug":"museum-moedlareuth","status":"publish","type":"page","link":"https:\/\/www.moedlareuth.de\/nl\/museum\/museum-moedlareuth\/","title":{"rendered":"Museumsbereiche"},"content":{"rendered":"<style>.kb-row-layout-id41_9501c8-9e > .kt-row-column-wrap{align-content:start;}:where(.kb-row-layout-id41_9501c8-9e > .kt-row-column-wrap) > .wp-block-kadence-column{justify-content:start;}.kb-row-layout-id41_9501c8-9e > .kt-row-column-wrap{column-gap:var(--global-kb-gap-none, 0rem );row-gap:var(--global-kb-gap-none, 0rem );padding-top:var(--global-kb-spacing-sm, 1.5rem);padding-bottom:var(--global-kb-spacing-sm, 1.5rem);grid-template-columns:minmax(0, calc(35% - ((var(--global-kb-gap-none, 0rem ) * 2 )\/3)))minmax(0, calc(10% - ((var(--global-kb-gap-none, 0rem ) * 2 )\/3)))minmax(0, calc(55% - ((var(--global-kb-gap-none, 0rem ) * 2 )\/3)));}.kb-row-layout-id41_9501c8-9e > .kt-row-layout-overlay{opacity:0.30;}@media all and (max-width: 1024px){.kb-row-layout-id41_9501c8-9e > .kt-row-column-wrap > div:not(.added-for-specificity){grid-column:initial;}}@media all and (max-width: 1024px){.kb-row-layout-id41_9501c8-9e > .kt-row-column-wrap{grid-template-columns:minmax(0, 1fr) minmax(0, 1fr) minmax(0, 2fr);}}@media all and (max-width: 767px){.kb-row-layout-id41_9501c8-9e > .kt-row-column-wrap > div:not(.added-for-specificity){grid-column:initial;}.kb-row-layout-id41_9501c8-9e > .kt-row-column-wrap{grid-template-columns:minmax(0, 1fr);}}<\/style><article class=\"kb-row-layout-wrap kb-row-layout-id41_9501c8-9e alignnone wp-block-kadence-rowlayout\"><div class=\"kt-row-column-wrap kt-has-3-columns kt-row-layout-right-half kt-tab-layout-inherit kt-mobile-layout-row kt-row-valign-top\">\n<style>.kadence-column41_cc5440-1a > .kt-inside-inner-col,.kadence-column41_cc5440-1a > .kt-inside-inner-col:before{border-top-left-radius:0px;border-top-right-radius:0px;border-bottom-right-radius:0px;border-bottom-left-radius:0px;}.kadence-column41_cc5440-1a > .kt-inside-inner-col{column-gap:var(--global-kb-gap-sm, 1rem);}.kadence-column41_cc5440-1a > .kt-inside-inner-col{flex-direction:column;}.kadence-column41_cc5440-1a > .kt-inside-inner-col > .aligncenter{width:100%;}.kadence-column41_cc5440-1a > .kt-inside-inner-col:before{opacity:0.3;}.kadence-column41_cc5440-1a{position:relative;}@media all and (max-width: 1024px){.kadence-column41_cc5440-1a > .kt-inside-inner-col{flex-direction:column;justify-content:center;}}@media all and (max-width: 767px){.kadence-column41_cc5440-1a > .kt-inside-inner-col{flex-direction:column;justify-content:center;}}<\/style>\n<div class=\"wp-block-kadence-column kadence-column41_cc5440-1a\"><div class=\"kt-inside-inner-col\">\n<figure class=\"wp-block-image size-full\"><a href=\"https:\/\/www.moedlareuth.de\/wp-content\/uploads\/2024\/05\/Moedlareuth_052024001_gkl.jpg\"><img fetchpriority=\"high\" decoding=\"async\" width=\"1250\" height=\"938\" src=\"https:\/\/www.moedlareuth.de\/wp-content\/uploads\/2024\/05\/Moedlareuth_052024001_gkl.jpg\" alt=\"Au\u00dfengel\u00e4nde mit original erhaltener Betonsperrmauer und Au\u00dfenausstellung\" class=\"wp-image-13590\"\/><\/a><figcaption class=\"wp-element-caption\">Au\u00dfengel\u00e4nde mit original erhaltener Betonsperrmauer und Au\u00dfenausstellung<\/figcaption><\/figure>\n\n\n\n<figure class=\"wp-block-image size-large\"><a href=\"https:\/\/www.moedlareuth.de\/wp-content\/uploads\/2025\/11\/MM-2025-10-30_Neubau-Aussen_KLEIN_DJI_20251030145444_0172_D-scaled.jpg\"><img decoding=\"async\" width=\"1024\" height=\"576\" src=\"https:\/\/www.moedlareuth.de\/wp-content\/uploads\/2025\/11\/MM-2025-10-30_Neubau-Aussen_KLEIN_DJI_20251030145444_0172_D-1024x576.jpg\" alt=\"Museumsneubau in der bayerischen Ortsh\u00e4lfte\" class=\"wp-image-15450\" srcset=\"https:\/\/www.moedlareuth.de\/wp-content\/uploads\/2025\/11\/MM-2025-10-30_Neubau-Aussen_KLEIN_DJI_20251030145444_0172_D-1024x576.jpg 1024w, https:\/\/www.moedlareuth.de\/wp-content\/uploads\/2025\/11\/MM-2025-10-30_Neubau-Aussen_KLEIN_DJI_20251030145444_0172_D-300x169.jpg 300w, https:\/\/www.moedlareuth.de\/wp-content\/uploads\/2025\/11\/MM-2025-10-30_Neubau-Aussen_KLEIN_DJI_20251030145444_0172_D-768x432.jpg 768w, https:\/\/www.moedlareuth.de\/wp-content\/uploads\/2025\/11\/MM-2025-10-30_Neubau-Aussen_KLEIN_DJI_20251030145444_0172_D-1536x864.jpg 1536w, https:\/\/www.moedlareuth.de\/wp-content\/uploads\/2025\/11\/MM-2025-10-30_Neubau-Aussen_KLEIN_DJI_20251030145444_0172_D-2048x1152.jpg 2048w, https:\/\/www.moedlareuth.de\/wp-content\/uploads\/2025\/11\/MM-2025-10-30_Neubau-Aussen_KLEIN_DJI_20251030145444_0172_D-18x10.jpg 18w\" sizes=\"(max-width: 1024px) 100vw, 1024px\" \/><\/a><figcaption class=\"wp-element-caption\">Museumsneubau in der bayerischen Ortsh\u00e4lfte<\/figcaption><\/figure>\n\n\n\n<figure class=\"wp-block-image size-large\"><a href=\"https:\/\/www.moedlareuth.de\/wp-content\/uploads\/2025\/11\/2025-11-07_Neubau_Ausstellung_klein_IMG_5398-scaled.jpg\"><img decoding=\"async\" width=\"1024\" height=\"768\" src=\"https:\/\/www.moedlareuth.de\/wp-content\/uploads\/2025\/11\/2025-11-07_Neubau_Ausstellung_klein_IMG_5398-1024x768.jpg\" alt=\"\" class=\"wp-image-15452\" srcset=\"https:\/\/www.moedlareuth.de\/wp-content\/uploads\/2025\/11\/2025-11-07_Neubau_Ausstellung_klein_IMG_5398-1024x768.jpg 1024w, https:\/\/www.moedlareuth.de\/wp-content\/uploads\/2025\/11\/2025-11-07_Neubau_Ausstellung_klein_IMG_5398-300x225.jpg 300w, https:\/\/www.moedlareuth.de\/wp-content\/uploads\/2025\/11\/2025-11-07_Neubau_Ausstellung_klein_IMG_5398-768x576.jpg 768w, https:\/\/www.moedlareuth.de\/wp-content\/uploads\/2025\/11\/2025-11-07_Neubau_Ausstellung_klein_IMG_5398-1536x1152.jpg 1536w, https:\/\/www.moedlareuth.de\/wp-content\/uploads\/2025\/11\/2025-11-07_Neubau_Ausstellung_klein_IMG_5398-2048x1536.jpg 2048w, https:\/\/www.moedlareuth.de\/wp-content\/uploads\/2025\/11\/2025-11-07_Neubau_Ausstellung_klein_IMG_5398-16x12.jpg 16w\" sizes=\"(max-width: 1024px) 100vw, 1024px\" \/><\/a><figcaption class=\"wp-element-caption\">Blick in die neue Dauerausstellung<\/figcaption><\/figure>\n\n\n\n<figure class=\"wp-block-image size-large\"><a href=\"https:\/\/www.moedlareuth.de\/wp-content\/uploads\/2022\/05\/IMG_0059.jpg\"><img loading=\"lazy\" decoding=\"async\" width=\"1024\" height=\"768\" src=\"https:\/\/www.moedlareuth.de\/wp-content\/uploads\/2022\/05\/IMG_0059-1024x768.jpg\" alt=\"\" class=\"wp-image-11626\" srcset=\"https:\/\/www.moedlareuth.de\/wp-content\/uploads\/2022\/05\/IMG_0059-1024x768.jpg 1024w, https:\/\/www.moedlareuth.de\/wp-content\/uploads\/2022\/05\/IMG_0059-300x225.jpg 300w, https:\/\/www.moedlareuth.de\/wp-content\/uploads\/2022\/05\/IMG_0059-768x576.jpg 768w, https:\/\/www.moedlareuth.de\/wp-content\/uploads\/2022\/05\/IMG_0059-16x12.jpg 16w, https:\/\/www.moedlareuth.de\/wp-content\/uploads\/2022\/05\/IMG_0059.jpg 1400w\" sizes=\"(max-width: 1024px) 100vw, 1024px\" \/><\/a><figcaption class=\"wp-element-caption\">Voertuig depot<\/figcaption><\/figure>\n<\/div><\/div>\n\n\n<style>.kadence-column41_d3828b-54 > .kt-inside-inner-col,.kadence-column41_d3828b-54 > .kt-inside-inner-col:before{border-top-left-radius:0px;border-top-right-radius:0px;border-bottom-right-radius:0px;border-bottom-left-radius:0px;}.kadence-column41_d3828b-54 > .kt-inside-inner-col{column-gap:var(--global-kb-gap-sm, 1rem);}.kadence-column41_d3828b-54 > .kt-inside-inner-col{flex-direction:column;}.kadence-column41_d3828b-54 > .kt-inside-inner-col > .aligncenter{width:100%;}.kadence-column41_d3828b-54 > .kt-inside-inner-col:before{opacity:0.3;}.kadence-column41_d3828b-54{position:relative;}@media all and (max-width: 1024px){.kadence-column41_d3828b-54 > .kt-inside-inner-col{flex-direction:column;justify-content:center;}}@media all and (max-width: 767px){.kadence-column41_d3828b-54 > .kt-inside-inner-col{flex-direction:column;justify-content:center;}}<\/style>\n<div class=\"wp-block-kadence-column kadence-column41_d3828b-54\"><div class=\"kt-inside-inner-col\"><\/div><\/div>\n\n\n<style>.kadence-column41_32cd85-1e > .kt-inside-inner-col,.kadence-column41_32cd85-1e > .kt-inside-inner-col:before{border-top-left-radius:0px;border-top-right-radius:0px;border-bottom-right-radius:0px;border-bottom-left-radius:0px;}.kadence-column41_32cd85-1e > .kt-inside-inner-col{column-gap:var(--global-kb-gap-sm, 1rem);}.kadence-column41_32cd85-1e > .kt-inside-inner-col{flex-direction:column;}.kadence-column41_32cd85-1e > .kt-inside-inner-col > .aligncenter{width:100%;}.kadence-column41_32cd85-1e > .kt-inside-inner-col:before{opacity:0.3;}.kadence-column41_32cd85-1e{position:relative;}@media all and (max-width: 1024px){.kadence-column41_32cd85-1e > .kt-inside-inner-col{flex-direction:column;justify-content:center;}}@media all and (max-width: 767px){.kadence-column41_32cd85-1e > .kt-inside-inner-col{flex-direction:column;justify-content:center;}}<\/style>\n<div class=\"wp-block-kadence-column kadence-column41_32cd85-1e\"><div class=\"kt-inside-inner-col\">\n<p>Im November 2025 wurde die Museumserweiterung mit der Er\u00f6ffnung des neuen Hauptgeb\u00e4udes abgeschlossen.<\/p>\n\n\n\n<p>Hier vindt u een overzicht van de museumfaciliteiten.<\/p>\n\n\n\n<ol start=\"1\" class=\"wp-block-list\">\n<li>Au\u00dfengel\u00e4nde<\/li>\n<\/ol>\n\n\n\n<p>Das Museum M\u00f6dlareuth verf\u00fcgt \u00fcber ein mehr als 5.000 m\u00b2 gro\u00dfes Au\u00dfengel\u00e4nde. Teile der f\u00fcr M\u00f6dlareuth spezifischen DDR-Grenzsperranlagen sind im Original erhalten geblieben und k\u00f6nnen \u00fcber das Besucherleitsystem und zweisprachige Bild-Text-Informationstafeln (deutsch und englisch) individuell erschlossen werden. Eine Rekonstruktion f\u00fchrt zudem den Aufbau und die Tiefenstaffelung des DDR-Grenzregimes vor Augen.<\/p>\n\n\n\n<p>Andere sporen uit de tijd van de Duitse deling zijn te ontdekken in of bij het dorp M\u00f6dlareuth: Opgravingen van de \"Untere M\u00fchle\" (Onderste Molen), die in de loop van de gedwongen hervestiging van de DDR werd gesloopt, een vluchtplaats en de DDR-barricades, die buiten het dorp veel voorkwamen en over een lengte van ongeveer 500 meter bewaard zijn gebleven.<\/p>\n\n\n\n<ol start=\"2\" class=\"wp-block-list\">\n<li>Hoofdgebouw<\/li>\n<\/ol>\n\n\n\n<p>Das Hauptgeb\u00e4ude beherbergt die <strong>Infotheke mit Kasse und Museumsshop<\/strong>, die 500 m \u00b2 gro\u00dfe <strong>Dauerausstellung<\/strong>, eine Fl\u00e4che f\u00fcr <strong>Sonderausstellungen <\/strong>sowie einen <strong>Multifunktionsraum<\/strong>. Hier k\u00f6nnen Besucher die 20-min\u00fctige Filmdokumentation \u00bbAlltag an der Grenze\u00ab sehen, die vor allem die M\u00f6dlareuther Situation bis ins Jahr 1990 zeigt. <\/p>\n\n\n\n<p>Eine <strong>Cafeteria<\/strong> mit gro\u00dfer Au\u00dfenterrasse, eine <strong>Garderobe<\/strong> mit 50 Schlie\u00dff\u00e4chern und <strong>sanit\u00e4re Anlagen<\/strong> sind im Hauptgeb\u00e4ude untergebracht.<\/p>\n\n\n\n<p>Die <strong>Museumsverwaltung<\/strong>, <strong>Archiv <\/strong>und <strong>Medienbibliothek <\/strong>befinden sich ebenfalls hier.<\/p>\n\n\n\n<ol start=\"3\" class=\"wp-block-list\">\n<li>Depotbereich<\/li>\n<\/ol>\n\n\n\n<p>Zus\u00e4tzlich verf\u00fcgt das Museum \u00fcber einen gro\u00dfen Depotbereich, der nach Sachgebieten organisiert ist. Hiervon kann das begehbare <strong>Voertuig depot <\/strong>zu bestimmten Anl\u00e4ssen besichtigt werden. Es werden ca. 30 Fahrzeuge der westlichen wie auch \u00f6stlichen Grenz\u00fcberwachungsorgane zusammen mit erkl\u00e4renden Foto-Text-Bannern pr\u00e4sentiert. Ein Teil der Fahrzeuge kam w\u00e4hrend der Zeit der deutschen Teilung im Bereich M\u00f6dlareuth zum Einsatz.<\/p>\n<\/div><\/div>\n\n<\/div><\/article>\n\n\n<p><\/p>","protected":false},"excerpt":{"rendered":"<p>Im November 2025 wurde die Museumserweiterung mit der Er\u00f6ffnung des neuen Hauptgeb\u00e4udes abgeschlossen. Hier finden Sie einen \u00dcberblick \u00fcber die musealen Einrichtungen. Das Museum M\u00f6dlareuth verf\u00fcgt \u00fcber ein mehr als 5.000 m\u00b2 gro\u00dfes Au\u00dfengel\u00e4nde. Teile der f\u00fcr M\u00f6dlareuth spezifischen DDR-Grenzsperranlagen sind im Original erhalten geblieben und k\u00f6nnen \u00fcber das Besucherleitsystem und zweisprachige Bild-Text-Informationstafeln (deutsch und&#8230;<\/p>","protected":false},"author":1,"featured_media":15470,"parent":39,"menu_order":0,"comment_status":"closed","ping_status":"closed","template":"","meta":{"_acf_changed":false,"inline_featured_image":false,"_kad_post_transparent":"","_kad_post_title":"","_kad_post_layout":"","_kad_post_sidebar_id":"","_kad_post_content_style":"","_kad_post_vertical_padding":"","_kad_post_feature":"","_kad_post_feature_position":"","_kad_post_header":false,"_kad_post_footer":false,"_kad_post_classname":"","footnotes":""},"kategorien":[51,49],"class_list":["post-41","page","type-page","status-publish","has-post-thumbnail","hentry","kategorien-einrichtungen","kategorien-ueberblick"],"acf":[],"yoast_head":"<!-- This site is optimized with the Yoast SEO plugin v27.4 - https:\/\/yoast.com\/product\/yoast-seo-wordpress\/ -->\n<title>Museumsbereiche - Deutsch-Deutsches Museum M\u00f6dlareuth<\/title>\n<meta name=\"robots\" content=\"index, follow, max-snippet:-1, max-image-preview:large, max-video-preview:-1\" \/>\n<link rel=\"canonical\" href=\"https:\/\/www.moedlareuth.de\/nl\/museum__trashed\/museum-moedlareuth\/\" \/>\n<meta property=\"og:locale\" content=\"nl_NL\" \/>\n<meta property=\"og:type\" content=\"article\" \/>\n<meta property=\"og:title\" content=\"Museumsbereiche - Deutsch-Deutsches Museum M\u00f6dlareuth\" \/>\n<meta property=\"og:description\" content=\"Im November 2025 wurde die Museumserweiterung mit der Er\u00f6ffnung des neuen Hauptgeb\u00e4udes abgeschlossen. Hier finden Sie einen \u00dcberblick \u00fcber die musealen Einrichtungen. Das Museum M\u00f6dlareuth verf\u00fcgt \u00fcber ein mehr als 5.000 m\u00b2 gro\u00dfes Au\u00dfengel\u00e4nde. Teile der f\u00fcr M\u00f6dlareuth spezifischen DDR-Grenzsperranlagen sind im Original erhalten geblieben und k\u00f6nnen \u00fcber das Besucherleitsystem und zweisprachige Bild-Text-Informationstafeln (deutsch und...\" \/>\n<meta property=\"og:url\" content=\"https:\/\/www.moedlareuth.de\/nl\/museum__trashed\/museum-moedlareuth\/\" \/>\n<meta property=\"og:site_name\" content=\"Deutsch-Deutsches Museum M\u00f6dlareuth\" \/>\n<meta property=\"article:modified_time\" content=\"2025-11-12T10:17:03+00:00\" \/>\n<meta property=\"og:image\" content=\"https:\/\/www.moedlareuth.de\/wp-content\/uploads\/2025\/11\/Moedlareuth_052024012_klein-scaled.jpg\" \/>\n\t<meta property=\"og:image:width\" content=\"2560\" \/>\n\t<meta property=\"og:image:height\" content=\"1706\" \/>\n\t<meta property=\"og:image:type\" content=\"image\/jpeg\" \/>\n<meta name=\"twitter:card\" content=\"summary_large_image\" \/>\n<meta name=\"twitter:label1\" content=\"Geschatte leestijd\" \/>\n\t<meta name=\"twitter:data1\" content=\"3 minuten\" \/>\n<script type=\"application\/ld+json\" class=\"yoast-schema-graph\">{\"@context\":\"https:\\\/\\\/schema.org\",\"@graph\":[{\"@type\":\"WebPage\",\"@id\":\"https:\\\/\\\/www.moedlareuth.de\\\/museum__trashed\\\/museum-moedlareuth\\\/\",\"url\":\"https:\\\/\\\/www.moedlareuth.de\\\/museum__trashed\\\/museum-moedlareuth\\\/\",\"name\":\"Museumsbereiche - Deutsch-Deutsches Museum M\u00f6dlareuth\",\"isPartOf\":{\"@id\":\"https:\\\/\\\/moedlareuth.de\\\/preview\\\/#website\"},\"primaryImageOfPage\":{\"@id\":\"https:\\\/\\\/www.moedlareuth.de\\\/museum__trashed\\\/museum-moedlareuth\\\/#primaryimage\"},\"image\":{\"@id\":\"https:\\\/\\\/www.moedlareuth.de\\\/museum__trashed\\\/museum-moedlareuth\\\/#primaryimage\"},\"thumbnailUrl\":\"https:\\\/\\\/www.moedlareuth.de\\\/wp-content\\\/uploads\\\/2025\\\/11\\\/Moedlareuth_052024012_klein-scaled.jpg\",\"datePublished\":\"2015-11-24T14:50:47+00:00\",\"dateModified\":\"2025-11-12T10:17:03+00:00\",\"breadcrumb\":{\"@id\":\"https:\\\/\\\/www.moedlareuth.de\\\/museum__trashed\\\/museum-moedlareuth\\\/#breadcrumb\"},\"inLanguage\":\"nl-NL\",\"potentialAction\":[{\"@type\":\"ReadAction\",\"target\":[\"https:\\\/\\\/www.moedlareuth.de\\\/museum__trashed\\\/museum-moedlareuth\\\/\"]}]},{\"@type\":\"ImageObject\",\"inLanguage\":\"nl-NL\",\"@id\":\"https:\\\/\\\/www.moedlareuth.de\\\/museum__trashed\\\/museum-moedlareuth\\\/#primaryimage\",\"url\":\"https:\\\/\\\/www.moedlareuth.de\\\/wp-content\\\/uploads\\\/2025\\\/11\\\/Moedlareuth_052024012_klein-scaled.jpg\",\"contentUrl\":\"https:\\\/\\\/www.moedlareuth.de\\\/wp-content\\\/uploads\\\/2025\\\/11\\\/Moedlareuth_052024012_klein-scaled.jpg\",\"width\":2560,\"height\":1706,\"caption\":\"Au\u00dfengel\u00e4nde mit original erhaltener Betonsperrmauer\"},{\"@type\":\"BreadcrumbList\",\"@id\":\"https:\\\/\\\/www.moedlareuth.de\\\/museum__trashed\\\/museum-moedlareuth\\\/#breadcrumb\",\"itemListElement\":[{\"@type\":\"ListItem\",\"position\":1,\"name\":\"Startseite\",\"item\":\"https:\\\/\\\/www.moedlareuth.de\\\/\"},{\"@type\":\"ListItem\",\"position\":2,\"name\":\"&#8230; \u00dcber das Museum &#8211; wahrscheinlich tot\",\"item\":\"https:\\\/\\\/www.moedlareuth.de\\\/?page_id=39\"},{\"@type\":\"ListItem\",\"position\":3,\"name\":\"Museumsbereiche\"}]},{\"@type\":\"WebSite\",\"@id\":\"https:\\\/\\\/moedlareuth.de\\\/preview\\\/#website\",\"url\":\"https:\\\/\\\/moedlareuth.de\\\/preview\\\/\",\"name\":\"Deutsch-Deutsches Museum M\u00f6dlareuth\",\"description\":\"Gedenkst\u00e4tte zur deutschen Teilung\",\"publisher\":{\"@id\":\"https:\\\/\\\/moedlareuth.de\\\/preview\\\/#organization\"},\"potentialAction\":[{\"@type\":\"SearchAction\",\"target\":{\"@type\":\"EntryPoint\",\"urlTemplate\":\"https:\\\/\\\/moedlareuth.de\\\/preview\\\/?s={search_term_string}\"},\"query-input\":{\"@type\":\"PropertyValueSpecification\",\"valueRequired\":true,\"valueName\":\"search_term_string\"}}],\"inLanguage\":\"nl-NL\"},{\"@type\":\"Organization\",\"@id\":\"https:\\\/\\\/moedlareuth.de\\\/preview\\\/#organization\",\"name\":\"Deutsch-Deutsches Museum M\u00f6dlareuth\",\"url\":\"https:\\\/\\\/moedlareuth.de\\\/preview\\\/\",\"logo\":{\"@type\":\"ImageObject\",\"inLanguage\":\"nl-NL\",\"@id\":\"https:\\\/\\\/moedlareuth.de\\\/preview\\\/#\\\/schema\\\/logo\\\/image\\\/\",\"url\":\"https:\\\/\\\/www.moedlareuth.de\\\/wp-content\\\/uploads\\\/2022\\\/02\\\/museum_moedlareuth_logo_hell_zusatz.svg\",\"contentUrl\":\"https:\\\/\\\/www.moedlareuth.de\\\/wp-content\\\/uploads\\\/2022\\\/02\\\/museum_moedlareuth_logo_hell_zusatz.svg\",\"width\":255,\"height\":62,\"caption\":\"Deutsch-Deutsches Museum M\u00f6dlareuth\"},\"image\":{\"@id\":\"https:\\\/\\\/moedlareuth.de\\\/preview\\\/#\\\/schema\\\/logo\\\/image\\\/\"}}]}<\/script>\n<!-- \/ Yoast SEO plugin. -->","yoast_head_json":{"title":"Museumsbereiche - Deutsch-Deutsches Museum M\u00f6dlareuth","robots":{"index":"index","follow":"follow","max-snippet":"max-snippet:-1","max-image-preview":"max-image-preview:large","max-video-preview":"max-video-preview:-1"},"canonical":"https:\/\/www.moedlareuth.de\/nl\/museum__trashed\/museum-moedlareuth\/","og_locale":"nl_NL","og_type":"article","og_title":"Museumsbereiche - Deutsch-Deutsches Museum M\u00f6dlareuth","og_description":"Im November 2025 wurde die Museumserweiterung mit der Er\u00f6ffnung des neuen Hauptgeb\u00e4udes abgeschlossen. Hier finden Sie einen \u00dcberblick \u00fcber die musealen Einrichtungen. Das Museum M\u00f6dlareuth verf\u00fcgt \u00fcber ein mehr als 5.000 m\u00b2 gro\u00dfes Au\u00dfengel\u00e4nde. Teile der f\u00fcr M\u00f6dlareuth spezifischen DDR-Grenzsperranlagen sind im Original erhalten geblieben und k\u00f6nnen \u00fcber das Besucherleitsystem und zweisprachige Bild-Text-Informationstafeln (deutsch und...","og_url":"https:\/\/www.moedlareuth.de\/nl\/museum__trashed\/museum-moedlareuth\/","og_site_name":"Deutsch-Deutsches Museum M\u00f6dlareuth","article_modified_time":"2025-11-12T10:17:03+00:00","og_image":[{"width":2560,"height":1706,"url":"https:\/\/www.moedlareuth.de\/wp-content\/uploads\/2025\/11\/Moedlareuth_052024012_klein-scaled.jpg","type":"image\/jpeg"}],"twitter_card":"summary_large_image","twitter_misc":{"Geschatte leestijd":"3 minuten"},"schema":{"@context":"https:\/\/schema.org","@graph":[{"@type":"WebPage","@id":"https:\/\/www.moedlareuth.de\/museum__trashed\/museum-moedlareuth\/","url":"https:\/\/www.moedlareuth.de\/museum__trashed\/museum-moedlareuth\/","name":"Museumsbereiche - Deutsch-Deutsches Museum M\u00f6dlareuth","isPartOf":{"@id":"https:\/\/moedlareuth.de\/preview\/#website"},"primaryImageOfPage":{"@id":"https:\/\/www.moedlareuth.de\/museum__trashed\/museum-moedlareuth\/#primaryimage"},"image":{"@id":"https:\/\/www.moedlareuth.de\/museum__trashed\/museum-moedlareuth\/#primaryimage"},"thumbnailUrl":"https:\/\/www.moedlareuth.de\/wp-content\/uploads\/2025\/11\/Moedlareuth_052024012_klein-scaled.jpg","datePublished":"2015-11-24T14:50:47+00:00","dateModified":"2025-11-12T10:17:03+00:00","breadcrumb":{"@id":"https:\/\/www.moedlareuth.de\/museum__trashed\/museum-moedlareuth\/#breadcrumb"},"inLanguage":"nl-NL","potentialAction":[{"@type":"ReadAction","target":["https:\/\/www.moedlareuth.de\/museum__trashed\/museum-moedlareuth\/"]}]},{"@type":"ImageObject","inLanguage":"nl-NL","@id":"https:\/\/www.moedlareuth.de\/museum__trashed\/museum-moedlareuth\/#primaryimage","url":"https:\/\/www.moedlareuth.de\/wp-content\/uploads\/2025\/11\/Moedlareuth_052024012_klein-scaled.jpg","contentUrl":"https:\/\/www.moedlareuth.de\/wp-content\/uploads\/2025\/11\/Moedlareuth_052024012_klein-scaled.jpg","width":2560,"height":1706,"caption":"Au\u00dfengel\u00e4nde mit original erhaltener Betonsperrmauer"},{"@type":"BreadcrumbList","@id":"https:\/\/www.moedlareuth.de\/museum__trashed\/museum-moedlareuth\/#breadcrumb","itemListElement":[{"@type":"ListItem","position":1,"name":"Startseite","item":"https:\/\/www.moedlareuth.de\/"},{"@type":"ListItem","position":2,"name":"&#8230; \u00dcber das Museum &#8211; wahrscheinlich tot","item":"https:\/\/www.moedlareuth.de\/?page_id=39"},{"@type":"ListItem","position":3,"name":"Museumsbereiche"}]},{"@type":"WebSite","@id":"https:\/\/moedlareuth.de\/preview\/#website","url":"https:\/\/moedlareuth.de\/preview\/","name":"Duits-Duits Museum M\u00f6dlareuth","description":"Gedenkteken voor de verdeling van Duitsland","publisher":{"@id":"https:\/\/moedlareuth.de\/preview\/#organization"},"potentialAction":[{"@type":"SearchAction","target":{"@type":"EntryPoint","urlTemplate":"https:\/\/moedlareuth.de\/preview\/?s={search_term_string}"},"query-input":{"@type":"PropertyValueSpecification","valueRequired":true,"valueName":"search_term_string"}}],"inLanguage":"nl-NL"},{"@type":"Organization","@id":"https:\/\/moedlareuth.de\/preview\/#organization","name":"Duits-Duits Museum M\u00f6dlareuth","url":"https:\/\/moedlareuth.de\/preview\/","logo":{"@type":"ImageObject","inLanguage":"nl-NL","@id":"https:\/\/moedlareuth.de\/preview\/#\/schema\/logo\/image\/","url":"https:\/\/www.moedlareuth.de\/wp-content\/uploads\/2022\/02\/museum_moedlareuth_logo_hell_zusatz.svg","contentUrl":"https:\/\/www.moedlareuth.de\/wp-content\/uploads\/2022\/02\/museum_moedlareuth_logo_hell_zusatz.svg","width":255,"height":62,"caption":"Deutsch-Deutsches Museum M\u00f6dlareuth"},"image":{"@id":"https:\/\/moedlareuth.de\/preview\/#\/schema\/logo\/image\/"}}]}},"_links":{"self":[{"href":"https:\/\/www.moedlareuth.de\/nl\/wp-json\/wp\/v2\/pages\/41","targetHints":{"allow":["GET"]}}],"collection":[{"href":"https:\/\/www.moedlareuth.de\/nl\/wp-json\/wp\/v2\/pages"}],"about":[{"href":"https:\/\/www.moedlareuth.de\/nl\/wp-json\/wp\/v2\/types\/page"}],"author":[{"embeddable":true,"href":"https:\/\/www.moedlareuth.de\/nl\/wp-json\/wp\/v2\/users\/1"}],"replies":[{"embeddable":true,"href":"https:\/\/www.moedlareuth.de\/nl\/wp-json\/wp\/v2\/comments?post=41"}],"version-history":[{"count":11,"href":"https:\/\/www.moedlareuth.de\/nl\/wp-json\/wp\/v2\/pages\/41\/revisions"}],"predecessor-version":[{"id":15560,"href":"https:\/\/www.moedlareuth.de\/nl\/wp-json\/wp\/v2\/pages\/41\/revisions\/15560"}],"up":[{"embeddable":true,"href":"https:\/\/www.moedlareuth.de\/nl\/wp-json\/wp\/v2\/pages\/39"}],"wp:featuredmedia":[{"embeddable":true,"href":"https:\/\/www.moedlareuth.de\/nl\/wp-json\/wp\/v2\/media\/15470"}],"wp:attachment":[{"href":"https:\/\/www.moedlareuth.de\/nl\/wp-json\/wp\/v2\/media?parent=41"}],"wp:term":[{"taxonomy":"kategorien","embeddable":true,"href":"https:\/\/www.moedlareuth.de\/nl\/wp-json\/wp\/v2\/kategorien?post=41"}],"curies":[{"name":"wp","href":"https:\/\/api.w.org\/{rel}","templated":true}]}}