{"id":12777,"date":"2023-09-05T13:14:26","date_gmt":"2023-09-05T11:14:26","guid":{"rendered":"https:\/\/www.moedlareuth.de\/?page_id=12777"},"modified":"2026-04-01T14:14:08","modified_gmt":"2026-04-01T12:14:08","slug":"erinnerungsort-grenzturm-heinersgruen","status":"publish","type":"page","link":"https:\/\/www.moedlareuth.de\/nl\/museum\/ueber-das-museum\/erinnerungsort-grenzturm-heinersgruen\/","title":{"rendered":"Gedenkplaats Heinersgr\u00fcn-grenstoren"},"content":{"rendered":"<div class=\"wp-block-columns is-layout-flex wp-container-core-columns-is-layout-9d6595d7 wp-block-columns-is-layout-flex\">\n<div class=\"wp-block-column is-layout-flow wp-block-column-is-layout-flow\" style=\"flex-basis:33.33%\">\n<figure class=\"wp-block-image size-full\"><a href=\"https:\/\/www.moedlareuth.de\/wp-content\/uploads\/2023\/03\/Dreitagesseminar-Exkursion-Heinersgruen-ba.jpg\"><img fetchpriority=\"high\" decoding=\"async\" width=\"768\" height=\"406\" src=\"https:\/\/www.moedlareuth.de\/wp-content\/uploads\/2023\/03\/Dreitagesseminar-Exkursion-Heinersgruen-ba.jpg\" alt=\"\" class=\"wp-image-12573\" srcset=\"https:\/\/www.moedlareuth.de\/wp-content\/uploads\/2023\/03\/Dreitagesseminar-Exkursion-Heinersgruen-ba.jpg 768w, https:\/\/www.moedlareuth.de\/wp-content\/uploads\/2023\/03\/Dreitagesseminar-Exkursion-Heinersgruen-ba-300x159.jpg 300w, https:\/\/www.moedlareuth.de\/wp-content\/uploads\/2023\/03\/Dreitagesseminar-Exkursion-Heinersgruen-ba-18x10.jpg 18w\" sizes=\"(max-width: 768px) 100vw, 768px\" \/><\/a><figcaption class=\"wp-element-caption\">Excursie als onderdeel van een studentenseminarie<\/figcaption><\/figure>\n<\/div>\n\n\n\n<div class=\"wp-block-column is-layout-flow wp-block-column-is-layout-flow\" style=\"flex-basis:66.66%\">\n<h4 class=\"wp-block-heading\">Openingstijden<\/h4>\n\n\n\n<p><\/p>\n\n\n\n<ul class=\"wp-block-list\">\n<li>als onderdeel van uitgebreide rondleidingen, excursies en seminars<\/li>\n\n\n\n<li>op bepaalde historische en culturele verjaardagen<\/li>\n\n\n\n<li>volgende data (zonder voorafgaande inschrijving):<\/li>\n<\/ul>\n\n\n\n<figure class=\"wp-block-table\"><table class=\"has-fixed-layout\"><tbody><tr><td><strong>Grenzturm ge\u00f6ffnet am:<\/strong><\/td><td><\/td><\/tr><tr><td>Samstag, 04.04.2026<\/td><td>11.00 &#8211; 16.00 Uhr, letzter Einlass 15.30 Uhr<\/td><\/tr><tr><td><strong>Weitere voraussichtliche \u00d6ffnungstage im Jahr 2026<\/strong><\/td><td><\/td><\/tr><tr><td>Sonntag, 17.05.2026 (Internationaler Museumstag)<\/td><td>11.00 &#8211; 16.00 Uhr, letzter Einlass 15.30 Uhr<\/td><\/tr><tr><td>Sonntag, 28.06.2026<\/td><td>11.00 &#8211; 16.00 Uhr, letzter Einlass 15.30 Uhr<\/td><\/tr><tr><td>Sonntag, 19.07.2026<\/td><td>11.00 &#8211; 16.00 Uhr, letzter Einlass 15.30 Uhr<\/td><\/tr><tr><td>Sonntag, 09.08.2026<\/td><td>11.00 &#8211; 16.00 Uhr, letzter Einlass 15.30 Uhr<\/td><\/tr><tr><td>Sonntag, 13.09.2026 (Tag des offenen Denkmals)<\/td><td>11.00 &#8211; 16.00 Uhr, letzter Einlass 15.30 Uhr<\/td><\/tr><tr><td>Samstag, 03.10.2026 (Tag der deutschen Einheit)<\/td><td>11.00 &#8211; 16.00 Uhr, letzter Einlass 15.30 Uhr<\/td><\/tr><\/tbody><\/table><\/figure>\n<\/div>\n<\/div>\n\n\n\n<div class=\"wp-block-columns is-layout-flex wp-container-core-columns-is-layout-9d6595d7 wp-block-columns-is-layout-flex\">\n<div class=\"wp-block-column is-layout-flow wp-block-column-is-layout-flow\" style=\"flex-basis:25%\"><\/div>\n\n\n\n<div class=\"wp-block-column is-layout-flow wp-block-column-is-layout-flow\" style=\"flex-basis:50%\">\n<h4 class=\"wp-block-heading\">Toegang tot de toren \u2013 niet barri\u00e8revrij<\/h4>\n\n\n\n<p>De grenstoren ligt aan de districtsweg tussen Heinersgr\u00fcn en Gutenf\u00fcrst (K 7855\/ Kammweg). Hier is parkeergelegenheid voor circa vier auto's of een bus.<\/p>\n\n\n\n<p>-<\/p>\n\n\n\n<p>Het pad vanaf de parkeerplaats naar de toren is verhard voor voetgangers, maar niet barri\u00e8revrij. <strong>De wandeling is ongeveer 300 meter.<\/strong><\/p>\n\n\n\n<p>De toren met een autoschuilplaats is omheind. Er zijn 8 informatieborden en een zithoek in de buitenruimte.<\/p>\n\n\n\n<p>Es sind <strong>keine sanit\u00e4ren Anlagen <\/strong>vorhanden.<\/p>\n\n\n\n<h4 class=\"wp-block-heading\"><\/h4>\n\n\n\n<h4 class=\"wp-block-heading\">Bereikbaarheid van de toren<\/h4>\n\n\n\n<p><\/p>\n\n\n\n<ul class=\"wp-block-list\">\n<li>op openbare afspraken of op afspraak en begeleid<\/li>\n\n\n\n<li>niet barri\u00e8revrij<\/li>\n\n\n\n<li>op eigen risico<\/li>\n<\/ul>\n<\/div>\n\n\n\n<div class=\"wp-block-column is-layout-flow wp-block-column-is-layout-flow\" style=\"flex-basis:25%\"><\/div>\n<\/div>\n\n\n\n<p><\/p>\n\n\n\n<h4 class=\"wp-block-heading\"><\/h4>","protected":false},"excerpt":{"rendered":"<p>\u00d6ffnungszeiten Grenzturm ge\u00f6ffnet am: Samstag, 04.04.2026 11.00 &#8211; 16.00 Uhr, letzter Einlass 15.30 Uhr Weitere voraussichtliche \u00d6ffnungstage im Jahr 2026 Sonntag, 17.05.2026 (Internationaler Museumstag) 11.00 &#8211; 16.00 Uhr, letzter Einlass 15.30 Uhr Sonntag, 28.06.2026 11.00 &#8211; 16.00 Uhr, letzter Einlass 15.30 Uhr Sonntag, 19.07.2026 11.00 &#8211; 16.00 Uhr, letzter Einlass 15.30 Uhr Sonntag, 09.08.2026 11.00&#8230;<\/p>","protected":false},"author":10,"featured_media":12786,"parent":4386,"menu_order":0,"comment_status":"closed","ping_status":"closed","template":"","meta":{"_acf_changed":false,"inline_featured_image":false,"_kad_post_transparent":"","_kad_post_title":"","_kad_post_layout":"","_kad_post_sidebar_id":"","_kad_post_content_style":"","_kad_post_vertical_padding":"","_kad_post_feature":"","_kad_post_feature_position":"","_kad_post_header":false,"_kad_post_footer":false,"_kad_post_classname":"","footnotes":""},"kategorien":[51],"class_list":["post-12777","page","type-page","status-publish","has-post-thumbnail","hentry","kategorien-einrichtungen"],"acf":[],"yoast_head":"<!-- This site is optimized with the Yoast SEO plugin v27.4 - https:\/\/yoast.com\/product\/yoast-seo-wordpress\/ -->\n<title>Erinnerungsort Grenzturm Heinersgr\u00fcn - Deutsch-Deutsches Museum M\u00f6dlareuth<\/title>\n<meta name=\"robots\" content=\"index, follow, max-snippet:-1, max-image-preview:large, max-video-preview:-1\" \/>\n<link rel=\"canonical\" href=\"https:\/\/www.moedlareuth.de\/nl\/museum\/ueber-das-museum\/erinnerungsort-grenzturm-heinersgruen\/\" \/>\n<meta property=\"og:locale\" content=\"nl_NL\" \/>\n<meta property=\"og:type\" content=\"article\" \/>\n<meta property=\"og:title\" content=\"Erinnerungsort Grenzturm Heinersgr\u00fcn - Deutsch-Deutsches Museum M\u00f6dlareuth\" \/>\n<meta property=\"og:description\" content=\"\u00d6ffnungszeiten Grenzturm ge\u00f6ffnet am: Samstag, 04.04.2026 11.00 &#8211; 16.00 Uhr, letzter Einlass 15.30 Uhr Weitere voraussichtliche \u00d6ffnungstage im Jahr 2026 Sonntag, 17.05.2026 (Internationaler Museumstag) 11.00 &#8211; 16.00 Uhr, letzter Einlass 15.30 Uhr Sonntag, 28.06.2026 11.00 &#8211; 16.00 Uhr, letzter Einlass 15.30 Uhr Sonntag, 19.07.2026 11.00 &#8211; 16.00 Uhr, letzter Einlass 15.30 Uhr Sonntag, 09.08.2026 11.00...\" \/>\n<meta property=\"og:url\" content=\"https:\/\/www.moedlareuth.de\/nl\/museum\/ueber-das-museum\/erinnerungsort-grenzturm-heinersgruen\/\" \/>\n<meta property=\"og:site_name\" content=\"Deutsch-Deutsches Museum M\u00f6dlareuth\" \/>\n<meta property=\"article:modified_time\" content=\"2026-04-01T12:14:08+00:00\" \/>\n<meta property=\"og:image\" content=\"https:\/\/www.moedlareuth.de\/wp-content\/uploads\/2023\/09\/005_Turm-nah-quer-scaled.jpg\" \/>\n\t<meta property=\"og:image:width\" content=\"2560\" \/>\n\t<meta property=\"og:image:height\" content=\"1440\" \/>\n\t<meta property=\"og:image:type\" content=\"image\/jpeg\" \/>\n<meta name=\"twitter:card\" content=\"summary_large_image\" \/>\n<meta name=\"twitter:label1\" content=\"Geschatte leestijd\" \/>\n\t<meta name=\"twitter:data1\" content=\"2 minuten\" \/>\n<script type=\"application\/ld+json\" class=\"yoast-schema-graph\">{\"@context\":\"https:\\\/\\\/schema.org\",\"@graph\":[{\"@type\":\"WebPage\",\"@id\":\"https:\\\/\\\/www.moedlareuth.de\\\/museum\\\/ueber-das-museum\\\/erinnerungsort-grenzturm-heinersgruen\\\/\",\"url\":\"https:\\\/\\\/www.moedlareuth.de\\\/museum\\\/ueber-das-museum\\\/erinnerungsort-grenzturm-heinersgruen\\\/\",\"name\":\"Erinnerungsort Grenzturm Heinersgr\u00fcn - Deutsch-Deutsches Museum M\u00f6dlareuth\",\"isPartOf\":{\"@id\":\"https:\\\/\\\/moedlareuth.de\\\/preview\\\/#website\"},\"primaryImageOfPage\":{\"@id\":\"https:\\\/\\\/www.moedlareuth.de\\\/museum\\\/ueber-das-museum\\\/erinnerungsort-grenzturm-heinersgruen\\\/#primaryimage\"},\"image\":{\"@id\":\"https:\\\/\\\/www.moedlareuth.de\\\/museum\\\/ueber-das-museum\\\/erinnerungsort-grenzturm-heinersgruen\\\/#primaryimage\"},\"thumbnailUrl\":\"https:\\\/\\\/www.moedlareuth.de\\\/wp-content\\\/uploads\\\/2023\\\/09\\\/005_Turm-nah-quer-scaled.jpg\",\"datePublished\":\"2023-09-05T11:14:26+00:00\",\"dateModified\":\"2026-04-01T12:14:08+00:00\",\"breadcrumb\":{\"@id\":\"https:\\\/\\\/www.moedlareuth.de\\\/museum\\\/ueber-das-museum\\\/erinnerungsort-grenzturm-heinersgruen\\\/#breadcrumb\"},\"inLanguage\":\"nl-NL\",\"potentialAction\":[{\"@type\":\"ReadAction\",\"target\":[\"https:\\\/\\\/www.moedlareuth.de\\\/museum\\\/ueber-das-museum\\\/erinnerungsort-grenzturm-heinersgruen\\\/\"]}]},{\"@type\":\"ImageObject\",\"inLanguage\":\"nl-NL\",\"@id\":\"https:\\\/\\\/www.moedlareuth.de\\\/museum\\\/ueber-das-museum\\\/erinnerungsort-grenzturm-heinersgruen\\\/#primaryimage\",\"url\":\"https:\\\/\\\/www.moedlareuth.de\\\/wp-content\\\/uploads\\\/2023\\\/09\\\/005_Turm-nah-quer-scaled.jpg\",\"contentUrl\":\"https:\\\/\\\/www.moedlareuth.de\\\/wp-content\\\/uploads\\\/2023\\\/09\\\/005_Turm-nah-quer-scaled.jpg\",\"width\":2560,\"height\":1440},{\"@type\":\"BreadcrumbList\",\"@id\":\"https:\\\/\\\/www.moedlareuth.de\\\/museum\\\/ueber-das-museum\\\/erinnerungsort-grenzturm-heinersgruen\\\/#breadcrumb\",\"itemListElement\":[{\"@type\":\"ListItem\",\"position\":1,\"name\":\"Startseite\",\"item\":\"https:\\\/\\\/www.moedlareuth.de\\\/\"},{\"@type\":\"ListItem\",\"position\":2,\"name\":\"&#8230; \u00dcber das Museum &#8211; wahrscheinlich tot\",\"item\":\"https:\\\/\\\/www.moedlareuth.de\\\/?page_id=39\"},{\"@type\":\"ListItem\",\"position\":3,\"name\":\"\u00dcber das Museum\",\"item\":\"https:\\\/\\\/www.moedlareuth.de\\\/museum\\\/ueber-das-museum\\\/\"},{\"@type\":\"ListItem\",\"position\":4,\"name\":\"Erinnerungsort Grenzturm Heinersgr\u00fcn\"}]},{\"@type\":\"WebSite\",\"@id\":\"https:\\\/\\\/moedlareuth.de\\\/preview\\\/#website\",\"url\":\"https:\\\/\\\/moedlareuth.de\\\/preview\\\/\",\"name\":\"Deutsch-Deutsches Museum M\u00f6dlareuth\",\"description\":\"Gedenkst\u00e4tte zur deutschen Teilung\",\"publisher\":{\"@id\":\"https:\\\/\\\/moedlareuth.de\\\/preview\\\/#organization\"},\"potentialAction\":[{\"@type\":\"SearchAction\",\"target\":{\"@type\":\"EntryPoint\",\"urlTemplate\":\"https:\\\/\\\/moedlareuth.de\\\/preview\\\/?s={search_term_string}\"},\"query-input\":{\"@type\":\"PropertyValueSpecification\",\"valueRequired\":true,\"valueName\":\"search_term_string\"}}],\"inLanguage\":\"nl-NL\"},{\"@type\":\"Organization\",\"@id\":\"https:\\\/\\\/moedlareuth.de\\\/preview\\\/#organization\",\"name\":\"Deutsch-Deutsches Museum M\u00f6dlareuth\",\"url\":\"https:\\\/\\\/moedlareuth.de\\\/preview\\\/\",\"logo\":{\"@type\":\"ImageObject\",\"inLanguage\":\"nl-NL\",\"@id\":\"https:\\\/\\\/moedlareuth.de\\\/preview\\\/#\\\/schema\\\/logo\\\/image\\\/\",\"url\":\"https:\\\/\\\/www.moedlareuth.de\\\/wp-content\\\/uploads\\\/2022\\\/02\\\/museum_moedlareuth_logo_hell_zusatz.svg\",\"contentUrl\":\"https:\\\/\\\/www.moedlareuth.de\\\/wp-content\\\/uploads\\\/2022\\\/02\\\/museum_moedlareuth_logo_hell_zusatz.svg\",\"width\":255,\"height\":62,\"caption\":\"Deutsch-Deutsches Museum M\u00f6dlareuth\"},\"image\":{\"@id\":\"https:\\\/\\\/moedlareuth.de\\\/preview\\\/#\\\/schema\\\/logo\\\/image\\\/\"}}]}<\/script>\n<!-- \/ Yoast SEO plugin. -->","yoast_head_json":{"title":"Erinnerungsort Grenzturm Heinersgr\u00fcn - Deutsch-Deutsches Museum M\u00f6dlareuth","robots":{"index":"index","follow":"follow","max-snippet":"max-snippet:-1","max-image-preview":"max-image-preview:large","max-video-preview":"max-video-preview:-1"},"canonical":"https:\/\/www.moedlareuth.de\/nl\/museum\/ueber-das-museum\/erinnerungsort-grenzturm-heinersgruen\/","og_locale":"nl_NL","og_type":"article","og_title":"Erinnerungsort Grenzturm Heinersgr\u00fcn - Deutsch-Deutsches Museum M\u00f6dlareuth","og_description":"\u00d6ffnungszeiten Grenzturm ge\u00f6ffnet am: Samstag, 04.04.2026 11.00 &#8211; 16.00 Uhr, letzter Einlass 15.30 Uhr Weitere voraussichtliche \u00d6ffnungstage im Jahr 2026 Sonntag, 17.05.2026 (Internationaler Museumstag) 11.00 &#8211; 16.00 Uhr, letzter Einlass 15.30 Uhr Sonntag, 28.06.2026 11.00 &#8211; 16.00 Uhr, letzter Einlass 15.30 Uhr Sonntag, 19.07.2026 11.00 &#8211; 16.00 Uhr, letzter Einlass 15.30 Uhr Sonntag, 09.08.2026 11.00...","og_url":"https:\/\/www.moedlareuth.de\/nl\/museum\/ueber-das-museum\/erinnerungsort-grenzturm-heinersgruen\/","og_site_name":"Deutsch-Deutsches Museum M\u00f6dlareuth","article_modified_time":"2026-04-01T12:14:08+00:00","og_image":[{"width":2560,"height":1440,"url":"https:\/\/www.moedlareuth.de\/wp-content\/uploads\/2023\/09\/005_Turm-nah-quer-scaled.jpg","type":"image\/jpeg"}],"twitter_card":"summary_large_image","twitter_misc":{"Geschatte leestijd":"2 minuten"},"schema":{"@context":"https:\/\/schema.org","@graph":[{"@type":"WebPage","@id":"https:\/\/www.moedlareuth.de\/museum\/ueber-das-museum\/erinnerungsort-grenzturm-heinersgruen\/","url":"https:\/\/www.moedlareuth.de\/museum\/ueber-das-museum\/erinnerungsort-grenzturm-heinersgruen\/","name":"Erinnerungsort Grenzturm Heinersgr\u00fcn - Deutsch-Deutsches Museum M\u00f6dlareuth","isPartOf":{"@id":"https:\/\/moedlareuth.de\/preview\/#website"},"primaryImageOfPage":{"@id":"https:\/\/www.moedlareuth.de\/museum\/ueber-das-museum\/erinnerungsort-grenzturm-heinersgruen\/#primaryimage"},"image":{"@id":"https:\/\/www.moedlareuth.de\/museum\/ueber-das-museum\/erinnerungsort-grenzturm-heinersgruen\/#primaryimage"},"thumbnailUrl":"https:\/\/www.moedlareuth.de\/wp-content\/uploads\/2023\/09\/005_Turm-nah-quer-scaled.jpg","datePublished":"2023-09-05T11:14:26+00:00","dateModified":"2026-04-01T12:14:08+00:00","breadcrumb":{"@id":"https:\/\/www.moedlareuth.de\/museum\/ueber-das-museum\/erinnerungsort-grenzturm-heinersgruen\/#breadcrumb"},"inLanguage":"nl-NL","potentialAction":[{"@type":"ReadAction","target":["https:\/\/www.moedlareuth.de\/museum\/ueber-das-museum\/erinnerungsort-grenzturm-heinersgruen\/"]}]},{"@type":"ImageObject","inLanguage":"nl-NL","@id":"https:\/\/www.moedlareuth.de\/museum\/ueber-das-museum\/erinnerungsort-grenzturm-heinersgruen\/#primaryimage","url":"https:\/\/www.moedlareuth.de\/wp-content\/uploads\/2023\/09\/005_Turm-nah-quer-scaled.jpg","contentUrl":"https:\/\/www.moedlareuth.de\/wp-content\/uploads\/2023\/09\/005_Turm-nah-quer-scaled.jpg","width":2560,"height":1440},{"@type":"BreadcrumbList","@id":"https:\/\/www.moedlareuth.de\/museum\/ueber-das-museum\/erinnerungsort-grenzturm-heinersgruen\/#breadcrumb","itemListElement":[{"@type":"ListItem","position":1,"name":"Startseite","item":"https:\/\/www.moedlareuth.de\/"},{"@type":"ListItem","position":2,"name":"&#8230; \u00dcber das Museum &#8211; wahrscheinlich tot","item":"https:\/\/www.moedlareuth.de\/?page_id=39"},{"@type":"ListItem","position":3,"name":"\u00dcber das Museum","item":"https:\/\/www.moedlareuth.de\/museum\/ueber-das-museum\/"},{"@type":"ListItem","position":4,"name":"Erinnerungsort Grenzturm Heinersgr\u00fcn"}]},{"@type":"WebSite","@id":"https:\/\/moedlareuth.de\/preview\/#website","url":"https:\/\/moedlareuth.de\/preview\/","name":"Duits-Duits Museum M\u00f6dlareuth","description":"Gedenkteken voor de verdeling van Duitsland","publisher":{"@id":"https:\/\/moedlareuth.de\/preview\/#organization"},"potentialAction":[{"@type":"SearchAction","target":{"@type":"EntryPoint","urlTemplate":"https:\/\/moedlareuth.de\/preview\/?s={search_term_string}"},"query-input":{"@type":"PropertyValueSpecification","valueRequired":true,"valueName":"search_term_string"}}],"inLanguage":"nl-NL"},{"@type":"Organization","@id":"https:\/\/moedlareuth.de\/preview\/#organization","name":"Duits-Duits Museum M\u00f6dlareuth","url":"https:\/\/moedlareuth.de\/preview\/","logo":{"@type":"ImageObject","inLanguage":"nl-NL","@id":"https:\/\/moedlareuth.de\/preview\/#\/schema\/logo\/image\/","url":"https:\/\/www.moedlareuth.de\/wp-content\/uploads\/2022\/02\/museum_moedlareuth_logo_hell_zusatz.svg","contentUrl":"https:\/\/www.moedlareuth.de\/wp-content\/uploads\/2022\/02\/museum_moedlareuth_logo_hell_zusatz.svg","width":255,"height":62,"caption":"Deutsch-Deutsches Museum M\u00f6dlareuth"},"image":{"@id":"https:\/\/moedlareuth.de\/preview\/#\/schema\/logo\/image\/"}}]}},"_links":{"self":[{"href":"https:\/\/www.moedlareuth.de\/nl\/wp-json\/wp\/v2\/pages\/12777","targetHints":{"allow":["GET"]}}],"collection":[{"href":"https:\/\/www.moedlareuth.de\/nl\/wp-json\/wp\/v2\/pages"}],"about":[{"href":"https:\/\/www.moedlareuth.de\/nl\/wp-json\/wp\/v2\/types\/page"}],"author":[{"embeddable":true,"href":"https:\/\/www.moedlareuth.de\/nl\/wp-json\/wp\/v2\/users\/10"}],"replies":[{"embeddable":true,"href":"https:\/\/www.moedlareuth.de\/nl\/wp-json\/wp\/v2\/comments?post=12777"}],"version-history":[{"count":9,"href":"https:\/\/www.moedlareuth.de\/nl\/wp-json\/wp\/v2\/pages\/12777\/revisions"}],"predecessor-version":[{"id":16790,"href":"https:\/\/www.moedlareuth.de\/nl\/wp-json\/wp\/v2\/pages\/12777\/revisions\/16790"}],"up":[{"embeddable":true,"href":"https:\/\/www.moedlareuth.de\/nl\/wp-json\/wp\/v2\/pages\/4386"}],"wp:featuredmedia":[{"embeddable":true,"href":"https:\/\/www.moedlareuth.de\/nl\/wp-json\/wp\/v2\/media\/12786"}],"wp:attachment":[{"href":"https:\/\/www.moedlareuth.de\/nl\/wp-json\/wp\/v2\/media?parent=12777"}],"wp:term":[{"taxonomy":"kategorien","embeddable":true,"href":"https:\/\/www.moedlareuth.de\/nl\/wp-json\/wp\/v2\/kategorien?post=12777"}],"curies":[{"name":"wp","href":"https:\/\/api.w.org\/{rel}","templated":true}]}}