{"id":11269,"date":"2022-02-10T16:02:16","date_gmt":"2022-02-10T15:02:16","guid":{"rendered":"http:\/\/moedlareuth.kreativunion.de\/?page_id=11269"},"modified":"2025-05-27T11:20:55","modified_gmt":"2025-05-27T09:20:55","slug":"geschichte","status":"publish","type":"page","link":"https:\/\/www.moedlareuth.de\/nl\/museum\/geschichte\/","title":{"rendered":"Geschiedenis van een verdeeld dorp"},"content":{"rendered":"<style>.kb-row-layout-id11269_7b7893-c0 > .kt-row-column-wrap{align-content:start;}:where(.kb-row-layout-id11269_7b7893-c0 > .kt-row-column-wrap) > .wp-block-kadence-column{justify-content:start;}.kb-row-layout-id11269_7b7893-c0 > .kt-row-column-wrap{column-gap:var(--global-kb-gap-none, 0rem );row-gap:var(--global-kb-gap-none, 0rem );padding-top:var(--global-kb-spacing-sm, 1.5rem);padding-bottom:var(--global-kb-spacing-sm, 1.5rem);grid-template-columns:minmax(0, calc(15% - ((var(--global-kb-gap-none, 0rem ) * 2 )\/3)))minmax(0, calc(70% - ((var(--global-kb-gap-none, 0rem ) * 2 )\/3)))minmax(0, calc(15% - ((var(--global-kb-gap-none, 0rem ) * 2 )\/3)));}.kb-row-layout-id11269_7b7893-c0 > .kt-row-layout-overlay{opacity:0.30;}@media all and (max-width: 1024px){.kb-row-layout-id11269_7b7893-c0 > .kt-row-column-wrap > div:not(.added-for-specificity){grid-column:initial;}}@media all and (max-width: 1024px){.kb-row-layout-id11269_7b7893-c0 > .kt-row-column-wrap{grid-template-columns:minmax(0, 1fr) minmax(0, 2fr) minmax(0, 1fr);}}@media all and (max-width: 767px){.kb-row-layout-id11269_7b7893-c0 > .kt-row-column-wrap > div:not(.added-for-specificity){grid-column:initial;}.kb-row-layout-id11269_7b7893-c0 > .kt-row-column-wrap{grid-template-columns:minmax(0, 1fr);}}<\/style><article class=\"kb-row-layout-wrap kb-row-layout-id11269_7b7893-c0 alignnone wp-block-kadence-rowlayout\"><div class=\"kt-row-column-wrap kt-has-3-columns kt-row-layout-center-half kt-tab-layout-inherit kt-mobile-layout-row kt-row-valign-top\">\n<style>.kadence-column11269_c884bd-55 > .kt-inside-inner-col,.kadence-column11269_c884bd-55 > .kt-inside-inner-col:before{border-top-left-radius:0px;border-top-right-radius:0px;border-bottom-right-radius:0px;border-bottom-left-radius:0px;}.kadence-column11269_c884bd-55 > .kt-inside-inner-col{column-gap:var(--global-kb-gap-sm, 1rem);}.kadence-column11269_c884bd-55 > .kt-inside-inner-col{flex-direction:column;}.kadence-column11269_c884bd-55 > .kt-inside-inner-col > .aligncenter{width:100%;}.kadence-column11269_c884bd-55 > .kt-inside-inner-col:before{opacity:0.3;}.kadence-column11269_c884bd-55{position:relative;}@media all and (max-width: 1024px){.kadence-column11269_c884bd-55 > .kt-inside-inner-col{flex-direction:column;justify-content:center;}}@media all and (max-width: 767px){.kadence-column11269_c884bd-55 > .kt-inside-inner-col{flex-direction:column;justify-content:center;}}<\/style>\n<div class=\"wp-block-kadence-column kadence-column11269_c884bd-55 inner-column-1\"><div class=\"kt-inside-inner-col\"><\/div><\/div>\n\n\n<style>.kadence-column11269_a2d9b2-18 > .kt-inside-inner-col,.kadence-column11269_a2d9b2-18 > .kt-inside-inner-col:before{border-top-left-radius:0px;border-top-right-radius:0px;border-bottom-right-radius:0px;border-bottom-left-radius:0px;}.kadence-column11269_a2d9b2-18 > .kt-inside-inner-col{column-gap:var(--global-kb-gap-sm, 1rem);}.kadence-column11269_a2d9b2-18 > .kt-inside-inner-col{flex-direction:column;}.kadence-column11269_a2d9b2-18 > .kt-inside-inner-col > .aligncenter{width:100%;}.kadence-column11269_a2d9b2-18 > .kt-inside-inner-col:before{opacity:0.3;}.kadence-column11269_a2d9b2-18{position:relative;}@media all and (max-width: 1024px){.kadence-column11269_a2d9b2-18 > .kt-inside-inner-col{flex-direction:column;justify-content:center;}}@media all and (max-width: 767px){.kadence-column11269_a2d9b2-18 > .kt-inside-inner-col{flex-direction:column;justify-content:center;}}<\/style>\n<div class=\"wp-block-kadence-column kadence-column11269_a2d9b2-18 inner-column-2\"><div class=\"kt-inside-inner-col\">\n<div class=\"wp-block-group\"><div class=\"wp-block-group__inner-container is-layout-flow wp-block-group-is-layout-flow\">\n<div style=\"height:100px\" aria-hidden=\"true\" id=\"vor-1990\" class=\"wp-block-spacer\"><\/div>\n\n\n\n<h3 class=\"wp-block-heading\">v\u00f3\u00f3r 1990<\/h3>\n\n\n\n<p>Een grens midden door een klein dorp - de oorzaken gaan eeuwen terug in M\u00f6dlareuth. In 1810 werden nieuwe grensstenen geplaatst langs de Tannbach. De gegraveerde initialen \"KB\" (Koninkrijk Beieren) aan de westzijde, \"FR\" (Vorstendom Reu\u00df) aan de oostzijde getuigen nog van de verbondenheid van M\u00f6dlareuth met verschillende vorsten.<\/p>\n\n\n\n<p>Na het einde van de Eerste Wereldoorlog werd het westelijke deel van M\u00f6dlareuth een deel van de nieuw opgerichte Vrijstaat Beieren, terwijl het oostelijke deel bij de deelstaat Th\u00fcringen werd gevoegd. De Tannbach bleef echter bestaan als een zuiver administratieve grens die het dagelijkse leven van de inwoners van M\u00f6dlareuth nauwelijks be\u00efnvloedde. De herberg en de school bevonden zich in het Th\u00fcringse M\u00f6dlareuth, en zij gingen samen naar de kerk in het naburige Beierse T\u00f6pen. En ze trokken ook samen ten strijde.<\/p>\n\n\n\n<p>Na het einde van de Tweede Wereldoorlog werd Duitsland verdeeld in vier bezettingszones. Volgens de 'London Protocols' van de geallieerden uit 1944 liepen de demarcatielijnen vanaf 1937 grotendeels langs de oude grenzen van het Duitse Rijk. Deze definitie van de demarcatielijnen was voor M\u00f6dlareuth van groot belang en de Tannbach kreeg \u201cnieuwe eer\u201d. In het M\u00f6dlareuth-gebied vormde het nu de demarcatielijn tussen M\u00f6dlareuth East in de Sovjetbezettingszone en M\u00f6dlareuth West in de Amerikaanse bezettingszone.<\/p>\n\n\n\n<p>Maar in M\u00f6dlareuth deed zich een curiositeit voor die meer dan een jaar zou duren. Nadat de Amerikanen op 15 april 1945 M\u00f6dlareuth zonder slag of stoot hadden bezet en hun troepenbewegingen naar Th\u00fcringen en Saksen hadden voortgezet, trokken zij zich begin juli terug in de bezettingszone die hun in de Protocollen van Londen was toegewezen. Daarbij ontruimden de Amerikaanse troepen niet alleen het Th\u00fcringse deel, maar ook het Beierse deel van M\u00f6dlareuth, dat in feite in de Amerikaanse bezettingszone lag.<\/p>\n\n\n\n<p><\/p>\n\n\n\n<p><\/p>\n\n\n\n<p>Op 7 juli 1945 marcheerde het Sovjetleger M\u00f6dlareuth binnen en vestigde zijn plaatselijk commando aan de Beierse kant, door de plaatselijke bevolking weldra ook \"Stalinburg\" genoemd. Op het dak stond een rode Sovjetster, die 's nachts verlicht werd. De ingang was versierd met een foto van Stalin. De talrijke illegale grensoverschrijders die waren gearresteerd, werden tijdelijk opgesloten in de aangrenzende schuur. Aan de Beierse kant van het dorp stond het Sovjet posthuis met een slagboom. Toen nieuwe tweetalige identiteitskaarten (Russisch-Duits) werden afgegeven, zonk de hoop dat de situatie spoedig zou veranderen. Deze onzekerheid zou meer dan een jaar duren. Pas op 26 juli 1946 trokken de Russische troepen zich op aandringen van de Amerikanen terug achter de Tannbach, en werd het westelijke deel van M\u00f6dlareuth door de Amerikanen bezet.<\/p>\n\n\n<style>.wp-block-kadence-advancedgallery.kb-gallery-wrap-id-11269_fb9e0a-0e{margin-top:50px;margin-right:200px;margin-bottom:50px;margin-left:0px;}.wp-block-kadence-advancedgallery .kb-gallery-type-masonry.kb-gallery-id-11269_fb9e0a-0e{margin:-0px;}.kb-gallery-type-masonry.kb-gallery-id-11269_fb9e0a-0e .kadence-blocks-gallery-item{padding:0px;}.kb-gallery-id-11269_fb9e0a-0e .kadence-blocks-gallery-item .kb-gal-image-radius, .kb-gallery-id-11269_fb9e0a-0e .kb-slide-item .kb-gal-image-radius img{border-radius:0px 0px 0px 0px;;}.kb-gallery-id-11269_fb9e0a-0e .kadence-blocks-gallery-item .kadence-blocks-gallery-item-inner .kadence-blocks-gallery-item__caption{font-size:12px;text-transform:none;color:var(--global-palette3, #1A202C);}.kb-gallery-caption-style-cover-hover.kb-gallery-id-11269_fb9e0a-0e .kadence-blocks-gallery-item .kadence-blocks-gallery-item-inner .kadence-blocks-gallery-item__caption, .kb-gallery-caption-style-below.kb-gallery-id-11269_fb9e0a-0e .kadence-blocks-gallery-item .kadence-blocks-gallery-item-inner .kadence-blocks-gallery-item__caption{background:rgba(255, 255, 255, 0);}<\/style><div class=\"kb-gallery-wrap-id-11269_fb9e0a-0e alignnone wp-block-kadence-advancedgallery\"><ul class=\"kb-gallery-ul kb-gallery-non-static kb-gallery-type-masonry kb-masonry-init kb-gallery-id-11269_fb9e0a-0e kb-gallery-caption-style-below kb-gallery-filter-none\" data-image-filter=\"none\" data-item-selector=\".kadence-blocks-gallery-item\" data-lightbox-caption=\"true\" data-columns-xxl=\"1\" data-columns-xl=\"1\" data-columns-md=\"1\" data-columns-sm=\"1\" data-columns-xs=\"1\" data-columns-ss=\"1\"><li class=\"kadence-blocks-gallery-item\"><div class=\"kadence-blocks-gallery-item-inner\"><figure class=\"kb-gallery-figure kadence-blocks-gallery-item-has-caption\" style=\"max-width:800px;\"><div class=\"kb-gal-image-radius\" style=\"max-width:800px;\"><div class=\"kb-gallery-image-contain kadence-blocks-gallery-intrinsic\" style=\"padding-bottom:62%;\"><img fetchpriority=\"high\" decoding=\"async\" src=\"https:\/\/www.moedlareuth.de\/wp-content\/uploads\/2015\/11\/Gr\u00fcneGrenze1.jpg\" width=\"800\" height=\"503\" alt=\"Der Tannbach als Demarkationslinie zwischen M\u00f6dlareuth-Ost in der sowjetischen und M\u00f6dlareuth-West in der amerikanischen Besatzungszone, 1948.\" data-full-image=\"https:\/\/www.moedlareuth.de\/wp-content\/uploads\/2015\/11\/Gr\u00fcneGrenze1.jpg\" data-light-image=\"https:\/\/www.moedlareuth.de\/wp-content\/uploads\/2015\/11\/Gr\u00fcneGrenze1.jpg\" data-id=\"224\" class=\"wp-image-224\" srcset=\"https:\/\/www.moedlareuth.de\/wp-content\/uploads\/2015\/11\/Gr\u00fcneGrenze1.jpg 800w, https:\/\/www.moedlareuth.de\/wp-content\/uploads\/2015\/11\/Gr\u00fcneGrenze1-300x189.jpg 300w, https:\/\/www.moedlareuth.de\/wp-content\/uploads\/2015\/11\/Gr\u00fcneGrenze1-400x252.jpg 400w, https:\/\/www.moedlareuth.de\/wp-content\/uploads\/2015\/11\/Gr\u00fcneGrenze1-600x377.jpg 600w, https:\/\/www.moedlareuth.de\/wp-content\/uploads\/2015\/11\/Gr\u00fcneGrenze1-477x300.jpg 477w\" sizes=\"(max-width: 800px) 100vw, 800px\" \/><\/div><\/div><figcaption class=\"kadence-blocks-gallery-item__caption\">De Tannbach als demarcatielijn tussen Oost M\u00f6dlareuth in de Sovjet-bezettingszone en West M\u00f6dlareuth in de Amerikaanse bezettingszone, 1948. \u00a9 Bundesarchiv Koblenz, Bild 183-N0415-363 \u05c0 Foto: Herbert Donath<\/figcaption><\/figure><\/div><\/li><\/ul><\/div>\n\n\n<p>Met de oprichting van de twee Duitse staten in 1949 behoorde het oostelijke deel van M\u00f6dlareuth voortaan tot het grondgebied van de DDR, het westelijke deel tot dat van de Bondsrepubliek. Dit betekende dat beide delen van M\u00f6dlareuth niet alleen deel uitmaakten van twee verschillende staten, maar ook van verschillende politieke, militaire, economische en sociale stelsels.<\/p>\n\n\n\n<p>Met een pas en een \u201ckleine grensvergunning\u201d was het nog steeds mogelijk om de Tannbach over te steken. Dit veranderde plotseling op 26 mei 1952 met het besluit van de Raad van Ministers van de DDR over de \u201cVerordening inzake maatregelen aan de demarcatielijn tussen de DDR en de westelijke bezette zones van Duitsland\u201d. Dit bezegelde uiteindelijk de deling van Duitsland. Langs de demarcatielijn werd een controlestrook van 10 meter breed gecre\u00eberd, waar met een vuurwapen betreden kon worden. De DDR verdeelde het achterland aan de grens in een 500 m brede beschermstrook en een 5 km diepe uitsluitingszone. Het sociale leven werd aanzienlijk be\u00efnvloed door maatregelen als een avondklok en een verbod op bijeenkomsten. Ook de eerste grensbarri\u00e8res werden opgeworpen door de DDR, die in de daaropvolgende bijna vier decennia voortdurend werden uitgebreid en geperfectioneerd en daardoor steeds ondoordringbaarder werden.<\/p>\n\n\n<style>.wp-block-kadence-advancedgallery.kb-gallery-wrap-id-11269_339a41-f3{margin-top:50px;margin-right:200px;margin-bottom:50px;margin-left:0px;}.wp-block-kadence-advancedgallery .kb-gallery-type-masonry.kb-gallery-id-11269_339a41-f3{margin:-0px;}.kb-gallery-type-masonry.kb-gallery-id-11269_339a41-f3 .kadence-blocks-gallery-item{padding:0px;}.kb-gallery-id-11269_339a41-f3 .kadence-blocks-gallery-item .kb-gal-image-radius, .kb-gallery-id-11269_339a41-f3 .kb-slide-item .kb-gal-image-radius img{border-radius:0px 0px 0px 0px;;}.kb-gallery-id-11269_339a41-f3 .kadence-blocks-gallery-item .kadence-blocks-gallery-item-inner .kadence-blocks-gallery-item__caption{font-size:12px;text-transform:none;color:var(--global-palette3, #1A202C);}.kb-gallery-caption-style-cover-hover.kb-gallery-id-11269_339a41-f3 .kadence-blocks-gallery-item .kadence-blocks-gallery-item-inner .kadence-blocks-gallery-item__caption, .kb-gallery-caption-style-below.kb-gallery-id-11269_339a41-f3 .kadence-blocks-gallery-item .kadence-blocks-gallery-item-inner .kadence-blocks-gallery-item__caption{background:rgba(255, 255, 255, 0);}<\/style>\n\n\n<p><\/p>\n\n\n\n<p><\/p>\n\n\n\n<p>Begin juni 1952 begon de eerste golf van gedwongen hervestiging langs de binnen-Duitse grens onder de codenaam \"ongedierte\". Duizenden DDR-burgers werden uit de grensstreken naar het achterland overgebracht en hun eigendommen werden gedeeltelijk met de grond gelijk gemaakt. Samen met drie andere gezinnen werden de bewoners van de \"Obere M\u00fchle\" in Oost-M\u00f6dlareuth als eersten getroffen. Hun eigenaars hadden deze volledig functionerende boerderij slechts acht maanden daarvoor gerenoveerd. De bewoners van de \"Obere M\u00fchle\", die gedeporteerd dreigden te worden, konden op het laatste moment ontsnappen door door het raam van de stal of de hooizolder naar het westelijke deel van M\u00f6dlareuth te springen, terwijl de evacuatiecommissie zich al op de binnenplaats van het pand bevond. Korte tijd later werd de Bovenste Molen gesloopt. Het moest dit lot delen met vele andere - afzonderlijke huizen, maar ook hele dorpen werden afgebroken en de bewoners werden uit het DDR-grensgebied herverdeeld.<\/p>\n\n\n<style>.wp-block-kadence-advancedgallery.kb-gallery-wrap-id-11269_fd3c36-51{margin-top:50px;margin-right:200px;margin-bottom:50px;margin-left:0px;}.wp-block-kadence-advancedgallery .kb-gallery-type-masonry.kb-gallery-id-11269_fd3c36-51{margin:-0px;}.kb-gallery-type-masonry.kb-gallery-id-11269_fd3c36-51 .kadence-blocks-gallery-item{padding:0px;}.kb-gallery-id-11269_fd3c36-51 .kadence-blocks-gallery-item .kb-gal-image-radius, .kb-gallery-id-11269_fd3c36-51 .kb-slide-item .kb-gal-image-radius img{border-radius:0px 0px 0px 0px;;}.kb-gallery-id-11269_fd3c36-51 .kadence-blocks-gallery-item .kadence-blocks-gallery-item-inner .kadence-blocks-gallery-item__caption{font-size:12px;text-transform:none;color:var(--global-palette3, #1A202C);}.kb-gallery-caption-style-cover-hover.kb-gallery-id-11269_fd3c36-51 .kadence-blocks-gallery-item .kadence-blocks-gallery-item-inner .kadence-blocks-gallery-item__caption, .kb-gallery-caption-style-below.kb-gallery-id-11269_fd3c36-51 .kadence-blocks-gallery-item .kadence-blocks-gallery-item-inner .kadence-blocks-gallery-item__caption{background:rgba(255, 255, 255, 0);}<\/style><div class=\"kb-gallery-wrap-id-11269_fd3c36-51 alignnone wp-block-kadence-advancedgallery\"><ul class=\"kb-gallery-ul kb-gallery-non-static kb-gallery-type-masonry kb-masonry-init kb-gallery-id-11269_fd3c36-51 kb-gallery-caption-style-below kb-gallery-filter-none\" data-image-filter=\"none\" data-item-selector=\".kadence-blocks-gallery-item\" data-lightbox-caption=\"true\" data-columns-xxl=\"1\" data-columns-xl=\"1\" data-columns-md=\"1\" data-columns-sm=\"1\" data-columns-xs=\"1\" data-columns-ss=\"1\"><li class=\"kadence-blocks-gallery-item\"><div class=\"kadence-blocks-gallery-item-inner\"><figure class=\"kb-gallery-figure kadence-blocks-gallery-item-has-caption\" style=\"max-width:1400px;\"><div class=\"kb-gal-image-radius\" style=\"max-width:1400px;\"><div class=\"kb-gallery-image-contain kadence-blocks-gallery-intrinsic\" style=\"padding-bottom:67%;\"><img decoding=\"async\" src=\"https:\/\/www.moedlareuth.de\/wp-content\/uploads\/2015\/11\/Fa01-015-04-03-e1449575910772.jpg\" width=\"1400\" height=\"942\" alt=\"Zwei M\u00e4nner am 1952 erbauten Holzbretterzaun 1952: Holzbretterzaun \/ Fotograf: Friedrich Marx, Hof\" data-full-image=\"https:\/\/www.moedlareuth.de\/wp-content\/uploads\/2015\/11\/Fa01-015-04-03-e1449575910772.jpg\" data-light-image=\"https:\/\/www.moedlareuth.de\/wp-content\/uploads\/2015\/11\/Fa01-015-04-03-e1449575910772.jpg\" data-id=\"6094\" class=\"wp-image-6094\"\/><\/div><\/div><figcaption class=\"kadence-blocks-gallery-item__caption\">Juni 1952: Twee mannen kijken over het recent gebouwde houten hek in M\u00f6dlareuth naar DDR-gebied \u00a9 Museum M\u00f6dlareuth \u05c0 Foto: Friedrich Marx<\/figcaption><\/figure><\/div><\/li><\/ul><\/div>\n\n\n<p>Met het besluit van de ministerraad en het politiebevel dat een dag later van kracht werd, viel ook in M\u00f6dlareuth het \"IJzeren Gordijn\". In juni 1952 werd een begin gemaakt met de totale afbakening van de twee delen van het dorp door het plaatsen van een meer dan een manshoge schutting. Eeuwenoude economische, sociale en familiebanden over de Tannbach kwamen tot een abrupt einde.<\/p>\n\n\n\n<p>In de daaropvolgende decennia werden de slagbomen in M\u00f6dlareuth voortdurend gewijzigd en \"verbeterd\". Zes jaar nadat de omheining met houten planken was opgetrokken, werd zij vervangen door een \"Vlaamse omheining\", een constructie van houten palen en prikkeldraadgaas. In 1961, het jaar waarin de Berlijnse Muur werd gebouwd en de tweede grote golf van gedwongen verhuizingen plaatsvond, werd een enkele rij prikkeldraad op betonnen pijlers geplaatst, die een jaar later werd aangevuld met twee extra rijen prikkeldraad. Maar deze \"vredesgrens\" was nog niet strak genoeg in M\u00f6dlareuth. In 1964 gingen de pioniers van de NVA grenstroepen weer aan het werk. Niet alleen het pad, maar ook het visuele contact tussen Oost en West moest worden voorkomen door een plaatwand van betonnen en houten elementen met stalen deflectoren.<\/p>\n\n\n<style>.wp-block-kadence-advancedgallery.kb-gallery-wrap-id-11269_6cc525-6c{margin-top:50px;margin-right:200px;margin-bottom:50px;margin-left:0px;}.wp-block-kadence-advancedgallery .kb-gallery-type-masonry.kb-gallery-id-11269_6cc525-6c{margin:-0px;}.kb-gallery-type-masonry.kb-gallery-id-11269_6cc525-6c .kadence-blocks-gallery-item{padding:0px;}.kb-gallery-id-11269_6cc525-6c .kadence-blocks-gallery-item .kb-gal-image-radius, .kb-gallery-id-11269_6cc525-6c .kb-slide-item .kb-gal-image-radius img{border-radius:0px 0px 0px 0px;;}.kb-gallery-id-11269_6cc525-6c .kadence-blocks-gallery-item .kadence-blocks-gallery-item-inner .kadence-blocks-gallery-item__caption{font-size:12px;text-transform:none;color:var(--global-palette3, #1A202C);}.kb-gallery-caption-style-cover-hover.kb-gallery-id-11269_6cc525-6c .kadence-blocks-gallery-item .kadence-blocks-gallery-item-inner .kadence-blocks-gallery-item__caption, .kb-gallery-caption-style-below.kb-gallery-id-11269_6cc525-6c .kadence-blocks-gallery-item .kadence-blocks-gallery-item-inner .kadence-blocks-gallery-item__caption{background:rgba(255, 255, 255, 0);}<\/style><div class=\"kb-gallery-wrap-id-11269_6cc525-6c alignnone wp-block-kadence-advancedgallery\"><ul class=\"kb-gallery-ul kb-gallery-non-static kb-gallery-type-masonry kb-masonry-init kb-gallery-id-11269_6cc525-6c kb-gallery-caption-style-below kb-gallery-filter-none\" data-image-filter=\"none\" data-item-selector=\".kadence-blocks-gallery-item\" data-lightbox-caption=\"true\" data-columns-xxl=\"1\" data-columns-xl=\"1\" data-columns-md=\"1\" data-columns-sm=\"1\" data-columns-xs=\"1\" data-columns-ss=\"1\"><li class=\"kadence-blocks-gallery-item\"><div class=\"kadence-blocks-gallery-item-inner\"><figure class=\"kb-gallery-figure kadence-blocks-gallery-item-has-caption\" style=\"max-width:1400px;\"><div class=\"kb-gal-image-radius\" style=\"max-width:1400px;\"><div class=\"kb-gallery-image-contain kadence-blocks-gallery-intrinsic\" style=\"padding-bottom:71%;\"><img decoding=\"async\" src=\"https:\/\/www.moedlareuth.de\/wp-content\/uploads\/2015\/11\/BGS01-008-02-02-e1449575937805.jpg\" width=\"1400\" height=\"1002\" alt=\"BGS01 008 02 02 e1449575937805\" data-full-image=\"https:\/\/www.moedlareuth.de\/wp-content\/uploads\/2015\/11\/BGS01-008-02-02-e1449575937805.jpg\" data-light-image=\"https:\/\/www.moedlareuth.de\/wp-content\/uploads\/2015\/11\/BGS01-008-02-02-e1449575937805.jpg\" data-id=\"212\" class=\"wp-image-212\"\/><\/div><\/div><figcaption class=\"kadence-blocks-gallery-item__caption\">1958: \"Vlaams hek\" gemaakt van prikkeldraad op houten palen \u00a9 Museum M\u00f6dlareuth \u05c0 Foto: BGS Bayreuth<\/figcaption><\/figure><\/div><\/li><li class=\"kadence-blocks-gallery-item\"><div class=\"kadence-blocks-gallery-item-inner\"><figure class=\"kb-gallery-figure kadence-blocks-gallery-item-has-caption\" style=\"max-width:1400px;\"><div class=\"kb-gal-image-radius\" style=\"max-width:1400px;\"><div class=\"kb-gallery-image-contain kadence-blocks-gallery-intrinsic\" style=\"padding-bottom:71%;\"><img loading=\"lazy\" decoding=\"async\" src=\"https:\/\/www.moedlareuth.de\/wp-content\/uploads\/2015\/11\/BGS01-011-02-02-e1449575949962.jpg\" width=\"1400\" height=\"1006\" alt=\"BGS01 011 02 02 e1449575949962\" data-full-image=\"https:\/\/www.moedlareuth.de\/wp-content\/uploads\/2015\/11\/BGS01-011-02-02-e1449575949962.jpg\" data-light-image=\"https:\/\/www.moedlareuth.de\/wp-content\/uploads\/2015\/11\/BGS01-011-02-02-e1449575949962.jpg\" data-id=\"213\" class=\"wp-image-213\"\/><\/div><\/div><figcaption class=\"kadence-blocks-gallery-item__caption\">1962: Dubbelrijige prikkeldraadversperring op betonnen pijlers \u00a9 Museum M\u00f6dlareuth \u05c0 Foto: BGS Bayreuth<\/figcaption><\/figure><\/div><\/li><li class=\"kadence-blocks-gallery-item\"><div class=\"kadence-blocks-gallery-item-inner\"><figure class=\"kb-gallery-figure kadence-blocks-gallery-item-has-caption\" style=\"max-width:1400px;\"><div class=\"kb-gal-image-radius\" style=\"max-width:1400px;\"><div class=\"kb-gallery-image-contain kadence-blocks-gallery-intrinsic\" style=\"padding-bottom:67%;\"><img loading=\"lazy\" decoding=\"async\" src=\"https:\/\/www.moedlareuth.de\/wp-content\/uploads\/2015\/11\/BGS01-024-02-01-e1449575967896.jpg\" width=\"1400\" height=\"951\" alt=\"BGS01 024 02 01 e1449575967896\" data-full-image=\"https:\/\/www.moedlareuth.de\/wp-content\/uploads\/2015\/11\/BGS01-024-02-01-e1449575967896.jpg\" data-light-image=\"https:\/\/www.moedlareuth.de\/wp-content\/uploads\/2015\/11\/BGS01-024-02-01-e1449575967896.jpg\" data-id=\"214\" class=\"wp-image-214\"\/><\/div><\/div><figcaption class=\"kadence-blocks-gallery-item__caption\">1964: Plaatwand van beton en houten elementen met stalen deflectoren \u00a9 Museum M\u00f6dlareuth \u05c0 Foto: BGS Bayreuth<\/figcaption><\/figure><\/div><\/li><\/ul><\/div>\n\n\n<p>Het hoogtepunt van de pogingen om de eigen burgers tegen het \"imperialisme\" te beschermen was de bouw van de 700 m lange, 3,30 m hoge betonnen barri\u00e8remuur. In 1966, vijf jaar na de bouw van de Berlijnse Muur, werd deze in een paar weken tijd opgetrokken uit geprefabriceerde betonnen elementen. De opdracht voor de bouw van de M\u00f6dlareuth-muur werd gegeven op 23 november 1965, en drie dagen later werd begonnen met uitgebreide voorbereidende werkzaamheden. Dagenlang werden bouwmaterialen, grind en betonplaten aangevoerd, gaten gegraven en betonnen funderingen gelegd. Als gevolg van de strenge winter moesten de bouwwerkzaamheden worden onderbroken en konden zij pas medio februari 1966 worden voortgezet. Op 5 april 1966 werd begonnen met de eigenlijke bouw van de Muur, die duurde tot 15 juni 1966. De laatste werkzaamheden volgden in augustus 1966, toen nog een observatiepunt aan de muur werd toegevoegd. Sindsdien wordt M\u00f6dlareuth ook wel \"Klein Berlijn\" genoemd.<\/p>\n\n\n<style>.wp-block-kadence-advancedgallery.kb-gallery-wrap-id-11269_15d7d8-8c{margin-top:50px;margin-right:200px;margin-bottom:50px;margin-left:0px;}.wp-block-kadence-advancedgallery .kb-gallery-type-masonry.kb-gallery-id-11269_15d7d8-8c{margin:-0px;}.kb-gallery-type-masonry.kb-gallery-id-11269_15d7d8-8c .kadence-blocks-gallery-item{padding:0px;}.kb-gallery-id-11269_15d7d8-8c .kadence-blocks-gallery-item .kb-gal-image-radius, .kb-gallery-id-11269_15d7d8-8c .kb-slide-item .kb-gal-image-radius img{border-radius:0px 0px 0px 0px;;}.kb-gallery-id-11269_15d7d8-8c .kadence-blocks-gallery-item .kadence-blocks-gallery-item-inner .kadence-blocks-gallery-item__caption{font-size:12px;text-transform:none;color:var(--global-palette3, #1A202C);}.kb-gallery-caption-style-cover-hover.kb-gallery-id-11269_15d7d8-8c .kadence-blocks-gallery-item .kadence-blocks-gallery-item-inner .kadence-blocks-gallery-item__caption, .kb-gallery-caption-style-below.kb-gallery-id-11269_15d7d8-8c .kadence-blocks-gallery-item .kadence-blocks-gallery-item-inner .kadence-blocks-gallery-item__caption{background:rgba(255, 255, 255, 0);}<\/style><div class=\"kb-gallery-wrap-id-11269_15d7d8-8c alignnone wp-block-kadence-advancedgallery\"><ul class=\"kb-gallery-ul kb-gallery-non-static kb-gallery-type-masonry kb-masonry-init kb-gallery-id-11269_15d7d8-8c kb-gallery-caption-style-below kb-gallery-filter-none\" data-image-filter=\"none\" data-item-selector=\".kadence-blocks-gallery-item\" data-lightbox-caption=\"true\" data-columns-xxl=\"1\" data-columns-xl=\"1\" data-columns-md=\"1\" data-columns-sm=\"1\" data-columns-xs=\"1\" data-columns-ss=\"1\"><li class=\"kadence-blocks-gallery-item\"><div class=\"kadence-blocks-gallery-item-inner\"><figure class=\"kb-gallery-figure kadence-blocks-gallery-item-has-caption\" style=\"max-width:1400px;\"><div class=\"kb-gal-image-radius\" style=\"max-width:1400px;\"><div class=\"kb-gallery-image-contain kadence-blocks-gallery-intrinsic\" style=\"padding-bottom:69%;\"><img loading=\"lazy\" decoding=\"async\" src=\"https:\/\/www.moedlareuth.de\/wp-content\/uploads\/2015\/11\/BGS01-032-01-02-e1449575980808.jpg\" width=\"1400\" height=\"971\" alt=\"BGS01 032 01 02 e1449575980808\" data-full-image=\"https:\/\/www.moedlareuth.de\/wp-content\/uploads\/2015\/11\/BGS01-032-01-02-e1449575980808.jpg\" data-light-image=\"https:\/\/www.moedlareuth.de\/wp-content\/uploads\/2015\/11\/BGS01-032-01-02-e1449575980808.jpg\" data-id=\"217\" class=\"wp-image-217\"\/><\/div><\/div><figcaption class=\"kadence-blocks-gallery-item__caption\">1966: Bouw van de 700 m lange betonnen barri\u00e8remuur \u00a9 Museum M\u00f6dlareuth \u05c0 Foto: BGS Bayreuth<\/figcaption><\/figure><\/div><\/li><\/ul><\/div>\n\n\n<p><\/p>\n\n\n\n<p>De enige succesvolle ontsnapping over de betonnen muur vond plaats op 25 mei 1973 in M\u00f6dlareuth. Een chauffeur uit G\u00f6ttengr\u00fcn (district Schleiz\/Th\u00fcringen) kon dankzij lokale kennis en het bezit van een \"passer's permit\" (verblijfsvergunning) ongehinderd de betonnen muur van M\u00f6dlareuth bereiken. Vervolgens gebruikte hij een zelfgemaakte ijzeren ladder, die hij op het dak van de auto plaatste. Hoewel de twee bewakers op de oude houten uitkijktoren het voertuig nog steeds opmerkten, gebruikten beide grenswachten hun vuurwapens niet. Door een reeks gelukkige omstandigheden wist de toen 34-jarige op spectaculaire wijze en zonder incidenten uit de Republiek te ontsnappen.<\/p>\n\n\n<style>.wp-block-kadence-advancedgallery.kb-gallery-wrap-id-11269_79c460-07{margin-top:50px;margin-right:200px;margin-bottom:50px;margin-left:0px;}.wp-block-kadence-advancedgallery .kb-gallery-type-masonry.kb-gallery-id-11269_79c460-07{margin:-0px;}.kb-gallery-type-masonry.kb-gallery-id-11269_79c460-07 .kadence-blocks-gallery-item{padding:0px;}.kb-gallery-id-11269_79c460-07 .kadence-blocks-gallery-item .kb-gal-image-radius, .kb-gallery-id-11269_79c460-07 .kb-slide-item .kb-gal-image-radius img{border-radius:0px 0px 0px 0px;;}.kb-gallery-id-11269_79c460-07 .kadence-blocks-gallery-item .kadence-blocks-gallery-item-inner .kadence-blocks-gallery-item__caption{font-size:12px;text-transform:none;color:var(--global-palette3, #1A202C);}.kb-gallery-caption-style-cover-hover.kb-gallery-id-11269_79c460-07 .kadence-blocks-gallery-item .kadence-blocks-gallery-item-inner .kadence-blocks-gallery-item__caption, .kb-gallery-caption-style-below.kb-gallery-id-11269_79c460-07 .kadence-blocks-gallery-item .kadence-blocks-gallery-item-inner .kadence-blocks-gallery-item__caption{background:rgba(255, 255, 255, 0);}<\/style><div class=\"kb-gallery-wrap-id-11269_79c460-07 alignnone wp-block-kadence-advancedgallery\"><ul class=\"kb-gallery-ul kb-gallery-non-static kb-gallery-type-masonry kb-masonry-init kb-gallery-id-11269_79c460-07 kb-gallery-caption-style-below kb-gallery-filter-none\" data-image-filter=\"none\" data-item-selector=\".kadence-blocks-gallery-item\" data-lightbox-caption=\"true\" data-columns-xxl=\"1\" data-columns-xl=\"1\" data-columns-md=\"1\" data-columns-sm=\"1\" data-columns-xs=\"1\" data-columns-ss=\"1\"><li class=\"kadence-blocks-gallery-item\"><div class=\"kadence-blocks-gallery-item-inner\"><figure class=\"kb-gallery-figure kadence-blocks-gallery-item-has-caption\" style=\"max-width:1400px;\"><div class=\"kb-gal-image-radius\" style=\"max-width:1400px;\"><div class=\"kb-gallery-image-contain kadence-blocks-gallery-intrinsic\" style=\"padding-bottom:68%;\"><img loading=\"lazy\" decoding=\"async\" src=\"https:\/\/www.moedlareuth.de\/wp-content\/uploads\/2015\/11\/Geschichte08-e1449576009707.jpg\" width=\"1400\" height=\"955\" alt=\"Einzige gegl\u00fcckte Flucht \u00fcber die Mauer, Mai 1973 (Rekonstruktion der Flucht im Rahmen der \u00bbTatortbesichtigung\u00ab durch Grenztruppen in Kooperation mit der Staatssicherheit)\" data-full-image=\"https:\/\/www.moedlareuth.de\/wp-content\/uploads\/2015\/11\/Geschichte08-e1449576009707.jpg\" data-light-image=\"https:\/\/www.moedlareuth.de\/wp-content\/uploads\/2015\/11\/Geschichte08-e1449576009707.jpg\" data-id=\"223\" class=\"wp-image-223\"\/><\/div><\/div><figcaption class=\"kadence-blocks-gallery-item__caption\">Mei 1973: Succesvolle ontsnapping (reconstructie van de ontsnapping als onderdeel van de \"inspectie van de plaats delict\" door de DDR-grenstroepen) \u00a9 Bundesarchiv-Milit\u00e4rarchiv Freiburg, DVH 53-5\/138934 <\/figcaption><\/figure><\/div><\/li><\/ul><\/div>\n\n\n<p>De witgeverfde Muur, 's nachts in een spookachtig licht gehuld door een lichtbarri\u00e8re, de observatietoren die 24 uur per dag bemand werd door DDR-grenssoldaten, de overblijfselen van de Bovenste Molen, de tolweg waarv\u00f3\u00f3r de verbindingsweg naar het oostelijk deel eindigde ... dit grensscenario zou meer dan 23 jaar duren.<\/p>\n\n\n\n<p><\/p>\n\n\n\n<p><\/p>\n\n\n\n<p>1989, het jaar van de vreedzame revolutie, heeft M\u00f6dlareuth niet ongeschonden achtergelaten: De opening van de grens in Hongarije, de massale emigratie uit de DDR, de ambassadevluchtelingen, de demonstraties in Oost-Berlijn, Leipzig, Plauen en vele andere steden, het aftreden van Honecker, de persconferentie van Schabowski in Berlijn en de gevolgen daarvan op de avond van 9 november ... de val van de Muur in Berlijn, de opening van de binnen-Duitse grens.<\/p>\n\n\n\n<p>Maar terwijl na 9 november overal nieuwe grensovergangen werden gebouwd, was het in M\u00f6dlareuth aanvankelijk alleen mogelijk om via \"omwegen\" over te steken, d.w.z. via bestaande grensovergangen van het westelijke deel naar het oostelijke deel of vice versa. Het was niet mogelijk rechtstreeks de grens over te steken; de Muur bleef voorlopig gesloten.<\/p>\n\n\n\n<p>Zoals bij vele andere lokale grensopeningen werd dit voorafgegaan door demonstraties van de grensbevolking, zoals het geval was in het verdeelde dorp M\u00f6dlareuth. Op de avond van 5 december 1989 werd aan de Th\u00fcringer kant van M\u00f6dlareuth een dorpsvergadering gehouden om de gewijzigde situatie na de opening van de grens op 9 november te bespreken. De bewoners van het Beierse district kwamen aan de grens bijeen, staken kaarsen en fakkels aan en scandeerden: \"De Muur moet weg\". De inwoners van M\u00f6dlareuth in Th\u00fcringen begrepen dit signaal, gingen op hun beurt naar de Muur en sloten zich bij deze oproep aan. Maar de Muur bleef die avond gesloten. Drie dagen later begonnen pioniers van de DDR-grens troepen een opening van ongeveer 5 meter breed in de Muur te hakken. Enkele Th\u00fcringse M\u00f6dlareuthers maakten gebruik van de pauze voor een versnapering en glipten door het nieuw gecre\u00eberde doel. Stormachtige begroetingstaferelen met de Beierse M\u00f6dlareuthers volgden. Na herhaalde verzoeken van een DDR-grensofficier moesten de bewoners van beide districten voorlopig weer afscheid nemen; de oostelijke M\u00f6dlareuthers keerden terug door het gat in de Muur.<\/p>\n\n\n\n<p>Op 9 december 1989, precies een maand na de val van de Muur in Berlijn, werd de grensovergang in M\u00f6dlareuth geopend. Een toespraak van de burgemeester van Toepen, Arnold Friedrich, werd gevolgd door begroetingen van de toenmalige Duitse bondskanselier Dr Helmut Kohl en de Amerikaanse president George Bush Sr, die in februari 1983 als toenmalig vice-president al een bezoek had gebracht aan \"Klein Berlijn\". Daarna gingen beide burgemeesters als eersten door de geopende poort in de Muur. Meer dan duizend mensen uit Beieren, Saksen en Th\u00fcringen volgden hun voorbeeld; na 37 jaar scheidden de Muur en het prikkeldraad hen niet langer. Een feestelijke sfeer en uitbundige feestelijkheden met bier, gl\u00fchwein, mousserende wijn en Th\u00fcringse worst kenmerkten die dag in M\u00f6dlareuth tot diep in de nacht. Maar de poort in de Muur bleef aanvankelijk slechts open van 8.00 tot 22.00 uur. s Nachts werd het weer gesloten door de DDR grenstroepen. Duitse burgers hadden een paspoort nodig om de grens over te steken, DDR-burgers een identiteitskaart, waarop telkens een visum werd afgestempeld.<\/p>\n\n\n<style>.wp-block-kadence-advancedgallery.kb-gallery-wrap-id-11269_f4cf15-76{margin-top:50px;margin-right:200px;margin-bottom:50px;margin-left:0px;}.wp-block-kadence-advancedgallery .kb-gallery-type-masonry.kb-gallery-id-11269_f4cf15-76{margin:-0px;}.kb-gallery-type-masonry.kb-gallery-id-11269_f4cf15-76 .kadence-blocks-gallery-item{padding:0px;}.kb-gallery-id-11269_f4cf15-76 .kadence-blocks-gallery-item .kb-gal-image-radius, .kb-gallery-id-11269_f4cf15-76 .kb-slide-item .kb-gal-image-radius img{border-radius:0px 0px 0px 0px;;}.kb-gallery-id-11269_f4cf15-76 .kadence-blocks-gallery-item .kadence-blocks-gallery-item-inner .kadence-blocks-gallery-item__caption{font-size:12px;text-transform:none;color:var(--global-palette3, #1A202C);}.kb-gallery-caption-style-cover-hover.kb-gallery-id-11269_f4cf15-76 .kadence-blocks-gallery-item .kadence-blocks-gallery-item-inner .kadence-blocks-gallery-item__caption, .kb-gallery-caption-style-below.kb-gallery-id-11269_f4cf15-76 .kadence-blocks-gallery-item .kadence-blocks-gallery-item-inner .kadence-blocks-gallery-item__caption{background:rgba(255, 255, 255, 0);}<\/style><div class=\"kb-gallery-wrap-id-11269_f4cf15-76 alignnone wp-block-kadence-advancedgallery\"><ul class=\"kb-gallery-ul kb-gallery-non-static kb-gallery-type-masonry kb-masonry-init kb-gallery-id-11269_f4cf15-76 kb-gallery-caption-style-below kb-gallery-filter-none\" data-image-filter=\"none\" data-item-selector=\".kadence-blocks-gallery-item\" data-lightbox-caption=\"true\" data-columns-xxl=\"1\" data-columns-xl=\"1\" data-columns-md=\"1\" data-columns-sm=\"1\" data-columns-xs=\"1\" data-columns-ss=\"1\"><li class=\"kadence-blocks-gallery-item\"><div class=\"kadence-blocks-gallery-item-inner\"><figure class=\"kb-gallery-figure kadence-blocks-gallery-item-has-caption\" style=\"max-width:1400px;\"><div class=\"kb-gal-image-radius\" style=\"max-width:1400px;\"><div class=\"kb-gallery-image-contain kadence-blocks-gallery-intrinsic\" style=\"padding-bottom:71%;\"><img loading=\"lazy\" decoding=\"async\" src=\"https:\/\/www.moedlareuth.de\/wp-content\/uploads\/2015\/11\/Pa-004-18-e1449576049451.jpg\" width=\"1400\" height=\"1007\" alt=\"Pa 004 18 e1449576049451\" data-full-image=\"https:\/\/www.moedlareuth.de\/wp-content\/uploads\/2015\/11\/Pa-004-18-e1449576049451.jpg\" data-light-image=\"https:\/\/www.moedlareuth.de\/wp-content\/uploads\/2015\/11\/Pa-004-18-e1449576049451.jpg\" data-id=\"229\" class=\"wp-image-229\"\/><\/div><\/div><figcaption class=\"kadence-blocks-gallery-item__caption\">9 december 1989: Opening van de grensovergang M\u00f6dlareuth \u00a9 Museum M\u00f6dlareuth \u05c0 Foto: BGP, Alfred Eiber<\/figcaption><\/figure><\/div><\/li><\/ul><\/div>\n\n\n<p>Pas zes maanden later, op 17 juni 1990, werd het grootste deel van de betonnen barri\u00e8re in het centrum van M\u00f6dlareuth verwijderd. Na het einde van de herdenking van de volksopstand in de DDR heeft een graafmachine de scheidingsmuur in het centrum van de stad afgebroken op initiatief van de burgemeester van T\u00f6pen, Arnold Friedrich, die ook verantwoordelijk is voor de Beierse kant van M\u00f6dlareuth. Met de val van de Muur kwam Arnold Friedrich op het idee om een museum te bouwen over de geschiedenis van de deling van Duitsland op de plaats die bekend is geworden als &quot;Klein Berlijn&quot;.<\/p>\n\n\n<style>.wp-block-kadence-advancedgallery.kb-gallery-wrap-id-11269_703dca-28{margin-top:50px;margin-right:200px;margin-bottom:50px;margin-left:0px;}.wp-block-kadence-advancedgallery .kb-gallery-type-masonry.kb-gallery-id-11269_703dca-28{margin:-0px;}.kb-gallery-type-masonry.kb-gallery-id-11269_703dca-28 .kadence-blocks-gallery-item{padding:0px;}.kb-gallery-id-11269_703dca-28 .kadence-blocks-gallery-item .kb-gal-image-radius, .kb-gallery-id-11269_703dca-28 .kb-slide-item .kb-gal-image-radius img{border-radius:0px 0px 0px 0px;;}.kb-gallery-id-11269_703dca-28 .kadence-blocks-gallery-item .kadence-blocks-gallery-item-inner .kadence-blocks-gallery-item__caption{font-size:12px;text-transform:none;color:var(--global-palette3, #1A202C);}.kb-gallery-caption-style-cover-hover.kb-gallery-id-11269_703dca-28 .kadence-blocks-gallery-item .kadence-blocks-gallery-item-inner .kadence-blocks-gallery-item__caption, .kb-gallery-caption-style-below.kb-gallery-id-11269_703dca-28 .kadence-blocks-gallery-item .kadence-blocks-gallery-item-inner .kadence-blocks-gallery-item__caption{background:rgba(255, 255, 255, 0);}<\/style><div class=\"kb-gallery-wrap-id-11269_703dca-28 alignnone wp-block-kadence-advancedgallery\"><ul class=\"kb-gallery-ul kb-gallery-non-static kb-gallery-type-masonry kb-masonry-init kb-gallery-id-11269_703dca-28 kb-gallery-caption-style-below kb-gallery-filter-none\" data-image-filter=\"none\" data-item-selector=\".kadence-blocks-gallery-item\" data-lightbox-caption=\"true\" data-columns-xxl=\"1\" data-columns-xl=\"1\" data-columns-md=\"1\" data-columns-sm=\"1\" data-columns-xs=\"1\" data-columns-ss=\"1\"><li class=\"kadence-blocks-gallery-item\"><div class=\"kadence-blocks-gallery-item-inner\"><figure class=\"kb-gallery-figure kadence-blocks-gallery-item-has-caption\" style=\"max-width:1400px;\"><div class=\"kb-gal-image-radius\" style=\"max-width:1400px;\"><div class=\"kb-gallery-image-contain kadence-blocks-gallery-intrinsic\" style=\"padding-bottom:66%;\"><img loading=\"lazy\" decoding=\"async\" src=\"https:\/\/www.moedlareuth.de\/wp-content\/uploads\/2015\/11\/Ea06-050-05-29a-e1449576061414.jpg\" width=\"1400\" height=\"933\" alt=\"Teilabriss der Mauer anl\u00e4sslich der Gedenkveranstaltung zum 17. Juni, 17. Juni 1990 Foto: Arndt Schaffner, M\u00fcnchberg\" data-full-image=\"https:\/\/www.moedlareuth.de\/wp-content\/uploads\/2015\/11\/Ea06-050-05-29a-e1449576061414.jpg\" data-light-image=\"https:\/\/www.moedlareuth.de\/wp-content\/uploads\/2015\/11\/Ea06-050-05-29a-e1449576061414.jpg\" data-id=\"219\" class=\"wp-image-219\"\/><\/div><\/div><figcaption class=\"kadence-blocks-gallery-item__caption\">17 juni 1990: Gedeeltelijke sloop van de muur in M\u00f6dlareuth ter gelegenheid van de herdenking van 17 juni \u00a9 Museum M\u00f6dlareuth \u05c0 Foto: Arndt Schaffner<\/figcaption><\/figure><\/div><\/li><\/ul><\/div>\n\n\n<p>Het dorp M\u00f6dlareuth is ook vandaag nog een \"curiositeit\" - de ene helft Beiers, de andere Th\u00fcringer. De rivier de Tannbach vormt de grens tussen de twee Vrijstaten Beieren en Th\u00fcringen. Verschillende kentekens voor voertuigen, postcodes en telefoonnummers zijn de uiterlijke tekenen van deze administratieve grens. Twee burgemeesters zorgen voor het welzijn van de 50 inwoners, waarvan de afkomst te herkennen is aan hun begroetingen: \"Gr\u00fc\u00df Gott\" aan de ene kant, \"Guten Tag\" aan de andere. Maar vandaag wordt het dagelijkse leven weer gedeeld en worden festiviteiten samen gevierd.<\/p>\n<\/div><\/div>\n<\/div><\/div>\n\n\n<style>.kadence-column11269_45dc46-b1 > .kt-inside-inner-col,.kadence-column11269_45dc46-b1 > .kt-inside-inner-col:before{border-top-left-radius:0px;border-top-right-radius:0px;border-bottom-right-radius:0px;border-bottom-left-radius:0px;}.kadence-column11269_45dc46-b1 > .kt-inside-inner-col{column-gap:var(--global-kb-gap-sm, 1rem);}.kadence-column11269_45dc46-b1 > .kt-inside-inner-col{flex-direction:column;}.kadence-column11269_45dc46-b1 > .kt-inside-inner-col > .aligncenter{width:100%;}.kadence-column11269_45dc46-b1 > .kt-inside-inner-col:before{opacity:0.3;}.kadence-column11269_45dc46-b1{position:relative;}@media all and (max-width: 1024px){.kadence-column11269_45dc46-b1 > .kt-inside-inner-col{flex-direction:column;justify-content:center;}}@media all and (max-width: 767px){.kadence-column11269_45dc46-b1 > .kt-inside-inner-col{flex-direction:column;justify-content:center;}}<\/style>\n<div class=\"wp-block-kadence-column kadence-column11269_45dc46-b1 inner-column-3\"><div class=\"kt-inside-inner-col\"><\/div><\/div>\n\n<\/div><\/article>\n\n<style>.kb-row-layout-id11269_52bc03-2d > .kt-row-column-wrap{align-content:start;}:where(.kb-row-layout-id11269_52bc03-2d > .kt-row-column-wrap) > .wp-block-kadence-column{justify-content:start;}.kb-row-layout-id11269_52bc03-2d > .kt-row-column-wrap{column-gap:var(--global-kb-gap-none, 0rem );row-gap:var(--global-kb-gap-none, 0rem );padding-top:var(--global-kb-spacing-sm, 1.5rem);padding-bottom:var(--global-kb-spacing-sm, 1.5rem);grid-template-columns:minmax(0, calc(14.9% - ((var(--global-kb-gap-none, 0rem ) * 2 )\/3)))minmax(0, calc(70.4% - ((var(--global-kb-gap-none, 0rem ) * 2 )\/3)))minmax(0, calc(14.7% - ((var(--global-kb-gap-none, 0rem ) * 2 )\/3)));}.kb-row-layout-id11269_52bc03-2d > .kt-row-layout-overlay{opacity:0.30;}@media all and (max-width: 1024px){.kb-row-layout-id11269_52bc03-2d > .kt-row-column-wrap > div:not(.added-for-specificity){grid-column:initial;}}@media all and (max-width: 1024px){.kb-row-layout-id11269_52bc03-2d > .kt-row-column-wrap{grid-template-columns:minmax(0, 1fr) minmax(0, 2fr) minmax(0, 1fr);}}@media all and (max-width: 767px){.kb-row-layout-id11269_52bc03-2d > .kt-row-column-wrap > div:not(.added-for-specificity){grid-column:initial;}.kb-row-layout-id11269_52bc03-2d > .kt-row-column-wrap{grid-template-columns:minmax(0, 1fr);}}<\/style><article class=\"kb-row-layout-wrap kb-row-layout-id11269_52bc03-2d alignnone wp-block-kadence-rowlayout\"><div class=\"kt-row-column-wrap kt-has-3-columns kt-row-layout-center-half kt-tab-layout-inherit kt-mobile-layout-row kt-row-valign-top\">\n<style>.kadence-column11269_2fddbb-0f > .kt-inside-inner-col,.kadence-column11269_2fddbb-0f > .kt-inside-inner-col:before{border-top-left-radius:0px;border-top-right-radius:0px;border-bottom-right-radius:0px;border-bottom-left-radius:0px;}.kadence-column11269_2fddbb-0f > .kt-inside-inner-col{column-gap:var(--global-kb-gap-sm, 1rem);}.kadence-column11269_2fddbb-0f > .kt-inside-inner-col{flex-direction:column;}.kadence-column11269_2fddbb-0f > .kt-inside-inner-col > .aligncenter{width:100%;}.kadence-column11269_2fddbb-0f > .kt-inside-inner-col:before{opacity:0.3;}.kadence-column11269_2fddbb-0f{position:relative;}@media all and (max-width: 1024px){.kadence-column11269_2fddbb-0f > .kt-inside-inner-col{flex-direction:column;justify-content:center;}}@media all and (max-width: 767px){.kadence-column11269_2fddbb-0f > .kt-inside-inner-col{flex-direction:column;justify-content:center;}}<\/style>\n<div class=\"wp-block-kadence-column kadence-column11269_2fddbb-0f inner-column-1\"><div class=\"kt-inside-inner-col\"><\/div><\/div>\n\n\n<style>.kadence-column11269_6dfe7a-96 > .kt-inside-inner-col,.kadence-column11269_6dfe7a-96 > .kt-inside-inner-col:before{border-top-left-radius:0px;border-top-right-radius:0px;border-bottom-right-radius:0px;border-bottom-left-radius:0px;}.kadence-column11269_6dfe7a-96 > .kt-inside-inner-col{column-gap:var(--global-kb-gap-sm, 1rem);}.kadence-column11269_6dfe7a-96 > .kt-inside-inner-col{flex-direction:column;}.kadence-column11269_6dfe7a-96 > .kt-inside-inner-col > .aligncenter{width:100%;}.kadence-column11269_6dfe7a-96 > .kt-inside-inner-col:before{opacity:0.3;}.kadence-column11269_6dfe7a-96{position:relative;}@media all and (max-width: 1024px){.kadence-column11269_6dfe7a-96 > .kt-inside-inner-col{flex-direction:column;justify-content:center;}}@media all and (max-width: 767px){.kadence-column11269_6dfe7a-96 > .kt-inside-inner-col{flex-direction:column;justify-content:center;}}<\/style>\n<div class=\"wp-block-kadence-column kadence-column11269_6dfe7a-96 inner-column-2\"><div class=\"kt-inside-inner-col\">\n<div class=\"wp-block-group\"><div class=\"wp-block-group__inner-container is-layout-flow wp-block-group-is-layout-flow\">\n<div style=\"height:100px\" aria-hidden=\"true\" id=\"nach-1990\" class=\"wp-block-spacer\"><\/div>\n\n\n\n<h3 class=\"wp-block-heading\">na 1990<\/h3>\n\n\n\n<p>Nadat een werkgroep \"Museum M\u00f6dlareuth\" kort na de opening van de grens met haar omvangrijke en complexe werkzaamheden begon, werd op 3 september 1990 de vereniging \"Deutsch-Deutsches Museum M\u00f6dlareuth e.V.\" opgericht.<\/p>\n\n\n\n<p>Al op 23 juli 1990 de Beierse minister van Binnenlandse Zaken Dr. Edmund Stoiber in een brief aan de Beierse premier Dr. hc Max Streibl stelde voor een monument te bouwen op de voormalige Beierse grens met de DDR. In zijn besluit van 16 oktober 1990 stelde de ministerraad van de Beierse deelstaatregering zich op het standpunt dat er een gedenkteken (in de vorm van een openluchtmuseum) moest worden gebouwd op de voormalige Duitse binnengrens tussen Beieren, Saksen en Th\u00fcringen om de geschiedenis van de deling van Duitsland te herdenken. Verschillende mogelijke locaties werden door de Landesselle onderzocht voor niet-statelijke musea in opdracht van het Beierse Staatsministerie van Wetenschap en Kunst, en M\u00f6dlareuth kreeg de voorkeur als locatie. Vanaf het begin was het gebied rond M\u00f6dlareuth een van de meest gevoelige grensgebieden van de voormalige \u2018westelijke staatsgrens\u2019 van de DDR: het grensdriehoekje DDR\/CSSR\/BRD, het grensstation Gutenf\u00fcrst, het verdeelde dorp M\u00f6dlareuth, het lederwarenfabriek in Hirschberg, de grensovergang Rudolphstein\/Hirschberg, de papierfabriek Rosenthal in Blankenstein en de leisteengroeven rond Lehesten.<\/p>\n\n\n\n<p>Al in 1991 verleende de Vrijstaat Beieren investeringssteun aan het museum, in 1993 gevolgd door de Vrijstaat Th\u00fcringen.<\/p>\n\n\n\n<p>In 1995 nam de museumvereniging in het kader van een publiekrechtelijke overeenkomst met het district Oberfranken, het bestuursdistrict Hof, het district Vogtland, het district Saale-Orla, de gemeente T\u00f6pen en de stad Gefell het peterschap op zich. Na een deskundigenrapport in het kader van de Enquetecommissie van de Duitse Bondsdag werd M\u00f6dlareuth in 1995 ook opgenomen in het gedenkconcept van de Bondsregering en wordt sindsdien jaarlijks door de instellingen gefinancierd. De permanente institutionele financiering van de Vrijstaat Th\u00fcringen vond plaats vanaf 2005, die van de Vrijstaat Beieren vanaf 2006.<\/p>\n\n\n\n<p>Op 9 december 2005 werd de\nadministratieve gemeenschap \"Zweckverband Deutsch-Deutsches Museum M\u00f6dlareuth\" opgericht, waartoe de districten Hof, Saale-Orla en de Vogtlandkreis alsmede de gemeente T\u00f6pen en de stad Gefell behoren. Deze interstatelijke vereniging voor specifieke doeleinden heeft op 1 januari 2006 het peterschap van het museum overgenomen. De federale regering, de twee Vrijstaten Beieren en Th\u00fcringen en het district Opper-Franken blijven bijdragen in de exploitatiekosten.<\/p>\n\n\n\n<p>Het doel van het museum van M\u00f6dlareuth is de geschiedenis van de Duitse deling in zijn geheel te presenteren. Niet alleen de Muur en het prikkeldraad, maar ook de politieke, economische, sociale en alledaagse historische aspecten van deze deling komen aan bod en worden, naast algemene inleidingen, waar mogelijk toegelicht aan de hand van regionale en lokale voorbeelden. Het tijdskader begint in 1944\/45 met de afbakening van de bezettingszones en het einde van de Tweede Wereldoorlog en eindigt met de Vreedzame Revolutie in 1989 en de (her)eenmaking in 1990 en de gevolgen daarvan tot op heden. De inhoud is toegespitst op de thema's \ngrensbarri\u00e8res, grensbewakingsinstanties, gedwongen hervestiging, grensdoorlaatposten, illegale grensoverschrijding\/ontsnapping, economische en transportgerelateerde effecten, het dagelijks leven aan de grens, alsmede de vreedzame revolutie en (her)eenmaking.<\/p>\n\n\n\n<p>An diesem f\u00fcr die Geschichte der deutschen Teilung bedeutsamen historischen Ort sind Teile der 700m langen Betonsperrmauer, des Metallgitterzaunes sowie der Beobachtungsturm im Original erhalten geblieben. Die heutige Gedenkst\u00e4tte verf\u00fcgt \u00fcber ein Au\u00dfengel\u00e4nde, einen Ausstellungsbereich, museumsp\u00e4dagogische R\u00e4ume sowie eine museale Infrastruktur mit Medienarchiv, Archiv, Bibliothek sowie Depots und ist auf allen Feldern der klassischen Museumsarbeit (Sammeln, Bewahren, Dokumentieren, Forschen, Vermitteln) t\u00e4tig. Sie ist ein au\u00dferschulischer Lernort f\u00fcr gegenw\u00e4rtige und zuk\u00fcnftige Generationen im Rahmen der historisch-politischen Bildung. Ihr Zweck besteht darin, ein Zeugnis f\u00fcr die Verbrechen der\u00a0SED-Diktatur, ein Ort der Erinnerung an die deutsche Teilung und des Gedenkens an deren Opfer zu sein.<\/p>\n<\/div><\/div>\n<\/div><\/div>\n\n\n<style>.kadence-column11269_f8294e-9e > .kt-inside-inner-col,.kadence-column11269_f8294e-9e > .kt-inside-inner-col:before{border-top-left-radius:0px;border-top-right-radius:0px;border-bottom-right-radius:0px;border-bottom-left-radius:0px;}.kadence-column11269_f8294e-9e > .kt-inside-inner-col{column-gap:var(--global-kb-gap-sm, 1rem);}.kadence-column11269_f8294e-9e > .kt-inside-inner-col{flex-direction:column;}.kadence-column11269_f8294e-9e > .kt-inside-inner-col > .aligncenter{width:100%;}.kadence-column11269_f8294e-9e > .kt-inside-inner-col:before{opacity:0.3;}.kadence-column11269_f8294e-9e{position:relative;}@media all and (max-width: 1024px){.kadence-column11269_f8294e-9e > .kt-inside-inner-col{flex-direction:column;justify-content:center;}}@media all and (max-width: 767px){.kadence-column11269_f8294e-9e > .kt-inside-inner-col{flex-direction:column;justify-content:center;}}<\/style>\n<div class=\"wp-block-kadence-column kadence-column11269_f8294e-9e inner-column-3\"><div class=\"kt-inside-inner-col\"><\/div><\/div>\n\n<\/div><\/article>\n\n<style>.kb-row-layout-id11269_0021ca-00 > .kt-row-column-wrap{align-content:start;}:where(.kb-row-layout-id11269_0021ca-00 > .kt-row-column-wrap) > .wp-block-kadence-column{justify-content:start;}.kb-row-layout-id11269_0021ca-00 > .kt-row-column-wrap{column-gap:var(--global-kb-gap-none, 0rem );row-gap:var(--global-kb-gap-none, 0rem );padding-top:var(--global-kb-spacing-sm, 1.5rem);padding-bottom:var(--global-kb-spacing-sm, 1.5rem);grid-template-columns:minmax(0, calc(35% - ((var(--global-kb-gap-none, 0rem ) * 2 )\/3)))minmax(0, calc(10% - ((var(--global-kb-gap-none, 0rem ) * 2 )\/3)))minmax(0, calc(55% - ((var(--global-kb-gap-none, 0rem ) * 2 )\/3)));}.kb-row-layout-id11269_0021ca-00 > .kt-row-layout-overlay{opacity:0.30;}@media all and (max-width: 1024px){.kb-row-layout-id11269_0021ca-00 > .kt-row-column-wrap > div:not(.added-for-specificity){grid-column:initial;}}@media all and (max-width: 1024px){.kb-row-layout-id11269_0021ca-00 > .kt-row-column-wrap{grid-template-columns:repeat(3, minmax(0, 1fr));}}@media all and (max-width: 767px){.kb-row-layout-id11269_0021ca-00 > .kt-row-column-wrap > div:not(.added-for-specificity){grid-column:initial;}.kb-row-layout-id11269_0021ca-00 > .kt-row-column-wrap{grid-template-columns:minmax(0, 1fr);}}<\/style><article class=\"kb-row-layout-wrap kb-row-layout-id11269_0021ca-00 alignnone wp-block-kadence-rowlayout\"><div class=\"kt-row-column-wrap kt-has-3-columns kt-row-layout-equal kt-tab-layout-inherit kt-mobile-layout-row kt-row-valign-top\">\n<style>.kadence-column11269_8cf690-9e > .kt-inside-inner-col,.kadence-column11269_8cf690-9e > .kt-inside-inner-col:before{border-top-left-radius:0px;border-top-right-radius:0px;border-bottom-right-radius:0px;border-bottom-left-radius:0px;}.kadence-column11269_8cf690-9e > .kt-inside-inner-col{column-gap:var(--global-kb-gap-sm, 1rem);}.kadence-column11269_8cf690-9e > .kt-inside-inner-col{flex-direction:column;}.kadence-column11269_8cf690-9e > .kt-inside-inner-col > .aligncenter{width:100%;}.kadence-column11269_8cf690-9e > .kt-inside-inner-col:before{opacity:0.3;}.kadence-column11269_8cf690-9e{position:relative;}@media all and (max-width: 1024px){.kadence-column11269_8cf690-9e > .kt-inside-inner-col{flex-direction:column;justify-content:center;}}@media all and (max-width: 767px){.kadence-column11269_8cf690-9e > .kt-inside-inner-col{flex-direction:column;justify-content:center;}}<\/style>\n<div class=\"wp-block-kadence-column kadence-column11269_8cf690-9e inner-column-1\"><div class=\"kt-inside-inner-col\"><\/div><\/div>\n\n\n<style>.kadence-column11269_1fdc59-85 > .kt-inside-inner-col{padding-left:0px;}.kadence-column11269_1fdc59-85 > .kt-inside-inner-col,.kadence-column11269_1fdc59-85 > .kt-inside-inner-col:before{border-top-left-radius:0px;border-top-right-radius:0px;border-bottom-right-radius:0px;border-bottom-left-radius:0px;}.kadence-column11269_1fdc59-85 > .kt-inside-inner-col{column-gap:var(--global-kb-gap-sm, 1rem);}.kadence-column11269_1fdc59-85 > .kt-inside-inner-col{flex-direction:column;}.kadence-column11269_1fdc59-85 > .kt-inside-inner-col > .aligncenter{width:100%;}.kadence-column11269_1fdc59-85 > .kt-inside-inner-col:before{opacity:0.3;}.kadence-column11269_1fdc59-85{position:relative;}@media all and (max-width: 1024px){.kadence-column11269_1fdc59-85 > .kt-inside-inner-col{flex-direction:column;justify-content:center;}}@media all and (max-width: 767px){.kadence-column11269_1fdc59-85 > .kt-inside-inner-col{flex-direction:column;justify-content:center;}}<\/style>\n<div class=\"wp-block-kadence-column kadence-column11269_1fdc59-85 inner-column-2\"><div class=\"kt-inside-inner-col\"><\/div><\/div>\n\n\n<style>.kadence-column11269_f06243-1a > .kt-inside-inner-col,.kadence-column11269_f06243-1a > .kt-inside-inner-col:before{border-top-left-radius:0px;border-top-right-radius:0px;border-bottom-right-radius:0px;border-bottom-left-radius:0px;}.kadence-column11269_f06243-1a > .kt-inside-inner-col{column-gap:var(--global-kb-gap-sm, 1rem);}.kadence-column11269_f06243-1a > .kt-inside-inner-col{flex-direction:column;}.kadence-column11269_f06243-1a > .kt-inside-inner-col > .aligncenter{width:100%;}.kadence-column11269_f06243-1a > .kt-inside-inner-col:before{opacity:0.3;}.kadence-column11269_f06243-1a{position:relative;}@media all and (max-width: 1024px){.kadence-column11269_f06243-1a > .kt-inside-inner-col{flex-direction:column;justify-content:center;}}@media all and (max-width: 767px){.kadence-column11269_f06243-1a > .kt-inside-inner-col{flex-direction:column;justify-content:center;}}<\/style>\n<div class=\"wp-block-kadence-column kadence-column11269_f06243-1a inner-column-3\"><div class=\"kt-inside-inner-col\"><\/div><\/div>\n\n<\/div><\/article>\n\n\n<p><\/p>\n\n\n\n<p><\/p>","protected":false},"excerpt":{"rendered":"<p>Vor 1990 Eine Grenze mitten durch ein kleines Dorf \u2013 die Ursachen liegen in M\u00f6dlareuth schon Jahrhunderte zur\u00fcck. Im Jahre 1810 wurden entlang des Tannbaches neue Grenzsteine gesetzt. Die eingemei\u00dfelten Initialen \u00bbKB\u00ab (K\u00f6nigreich Bayern) auf der westlichen, \u00bbFR\u00ab (F\u00fcrstentum Reu\u00df) auf der \u00f6stlichen Seite dokumentieren noch heute die Zugeh\u00f6rigkeit M\u00f6dlareuths zu verschiedenen&nbsp;Landesherren. Nach Ende des&#8230;<\/p>","protected":false},"author":8,"featured_media":224,"parent":39,"menu_order":0,"comment_status":"closed","ping_status":"closed","template":"","meta":{"_acf_changed":false,"inline_featured_image":false,"_kad_post_transparent":"","_kad_post_title":"","_kad_post_layout":"","_kad_post_sidebar_id":"","_kad_post_content_style":"","_kad_post_vertical_padding":"","_kad_post_feature":"","_kad_post_feature_position":"","_kad_post_header":false,"_kad_post_footer":false,"_kad_post_classname":"","footnotes":""},"kategorien":[50],"class_list":["post-11269","page","type-page","status-publish","has-post-thumbnail","hentry","kategorien-geschichte-eines-geteilten-dorfes"],"acf":[],"yoast_head":"<!-- This site is optimized with the Yoast SEO plugin v27.4 - https:\/\/yoast.com\/product\/yoast-seo-wordpress\/ -->\n<title>Geschichte eines geteilten Dorfes - Deutsch-Deutsches Museum M\u00f6dlareuth<\/title>\n<meta name=\"robots\" content=\"index, follow, max-snippet:-1, max-image-preview:large, max-video-preview:-1\" \/>\n<link rel=\"canonical\" href=\"https:\/\/www.moedlareuth.de\/nl\/museum__trashed\/geschichte\/\" \/>\n<meta property=\"og:locale\" content=\"nl_NL\" \/>\n<meta property=\"og:type\" content=\"article\" \/>\n<meta property=\"og:title\" content=\"Geschichte eines geteilten Dorfes - Deutsch-Deutsches Museum M\u00f6dlareuth\" \/>\n<meta property=\"og:description\" content=\"Vor 1990 Eine Grenze mitten durch ein kleines Dorf \u2013 die Ursachen liegen in M\u00f6dlareuth schon Jahrhunderte zur\u00fcck. Im Jahre 1810 wurden entlang des Tannbaches neue Grenzsteine gesetzt. Die eingemei\u00dfelten Initialen \u00bbKB\u00ab (K\u00f6nigreich Bayern) auf der westlichen, \u00bbFR\u00ab (F\u00fcrstentum Reu\u00df) auf der \u00f6stlichen Seite dokumentieren noch heute die Zugeh\u00f6rigkeit M\u00f6dlareuths zu verschiedenen&nbsp;Landesherren. Nach Ende des...\" \/>\n<meta property=\"og:url\" content=\"https:\/\/www.moedlareuth.de\/nl\/museum__trashed\/geschichte\/\" \/>\n<meta property=\"og:site_name\" content=\"Deutsch-Deutsches Museum M\u00f6dlareuth\" \/>\n<meta property=\"article:modified_time\" content=\"2025-05-27T09:20:55+00:00\" \/>\n<meta property=\"og:image\" content=\"https:\/\/www.moedlareuth.de\/wp-content\/uploads\/2015\/11\/Gr\u00fcneGrenze1.jpg\" \/>\n\t<meta property=\"og:image:width\" content=\"800\" \/>\n\t<meta property=\"og:image:height\" content=\"503\" \/>\n\t<meta property=\"og:image:type\" content=\"image\/jpeg\" \/>\n<meta name=\"twitter:card\" content=\"summary_large_image\" \/>\n<meta name=\"twitter:label1\" content=\"Geschatte leestijd\" \/>\n\t<meta name=\"twitter:data1\" content=\"13 minuten\" \/>\n<script type=\"application\/ld+json\" class=\"yoast-schema-graph\">{\"@context\":\"https:\\\/\\\/schema.org\",\"@graph\":[{\"@type\":\"WebPage\",\"@id\":\"https:\\\/\\\/www.moedlareuth.de\\\/museum__trashed\\\/geschichte\\\/\",\"url\":\"https:\\\/\\\/www.moedlareuth.de\\\/museum__trashed\\\/geschichte\\\/\",\"name\":\"Geschichte eines geteilten Dorfes - Deutsch-Deutsches Museum M\u00f6dlareuth\",\"isPartOf\":{\"@id\":\"https:\\\/\\\/moedlareuth.de\\\/preview\\\/#website\"},\"primaryImageOfPage\":{\"@id\":\"https:\\\/\\\/www.moedlareuth.de\\\/museum__trashed\\\/geschichte\\\/#primaryimage\"},\"image\":{\"@id\":\"https:\\\/\\\/www.moedlareuth.de\\\/museum__trashed\\\/geschichte\\\/#primaryimage\"},\"thumbnailUrl\":\"https:\\\/\\\/www.moedlareuth.de\\\/wp-content\\\/uploads\\\/2015\\\/11\\\/Gr\u00fcneGrenze1.jpg\",\"datePublished\":\"2022-02-10T15:02:16+00:00\",\"dateModified\":\"2025-05-27T09:20:55+00:00\",\"breadcrumb\":{\"@id\":\"https:\\\/\\\/www.moedlareuth.de\\\/museum__trashed\\\/geschichte\\\/#breadcrumb\"},\"inLanguage\":\"nl-NL\",\"potentialAction\":[{\"@type\":\"ReadAction\",\"target\":[\"https:\\\/\\\/www.moedlareuth.de\\\/museum__trashed\\\/geschichte\\\/\"]}]},{\"@type\":\"ImageObject\",\"inLanguage\":\"nl-NL\",\"@id\":\"https:\\\/\\\/www.moedlareuth.de\\\/museum__trashed\\\/geschichte\\\/#primaryimage\",\"url\":\"https:\\\/\\\/www.moedlareuth.de\\\/wp-content\\\/uploads\\\/2015\\\/11\\\/Gr\u00fcneGrenze1.jpg\",\"contentUrl\":\"https:\\\/\\\/www.moedlareuth.de\\\/wp-content\\\/uploads\\\/2015\\\/11\\\/Gr\u00fcneGrenze1.jpg\",\"width\":800,\"height\":503,\"caption\":\"1949: \\\"Gr\u00fcne Grenze\\\" - Der Tannbach als Demarkationslinie zwischen M\u00f6dlareuth-Ost in der sowjetischen und M\u00f6dlareuth-West in der amerikanischen Besatzungszone \u00a9 Bundesarchiv Koblenz, Bild 183-N0415-363 \u05c0 Foto: Herbert Donath\"},{\"@type\":\"BreadcrumbList\",\"@id\":\"https:\\\/\\\/www.moedlareuth.de\\\/museum__trashed\\\/geschichte\\\/#breadcrumb\",\"itemListElement\":[{\"@type\":\"ListItem\",\"position\":1,\"name\":\"Startseite\",\"item\":\"https:\\\/\\\/www.moedlareuth.de\\\/\"},{\"@type\":\"ListItem\",\"position\":2,\"name\":\"&#8230; \u00dcber das Museum &#8211; wahrscheinlich tot\",\"item\":\"https:\\\/\\\/www.moedlareuth.de\\\/?page_id=39\"},{\"@type\":\"ListItem\",\"position\":3,\"name\":\"Geschichte eines geteilten Dorfes\"}]},{\"@type\":\"WebSite\",\"@id\":\"https:\\\/\\\/moedlareuth.de\\\/preview\\\/#website\",\"url\":\"https:\\\/\\\/moedlareuth.de\\\/preview\\\/\",\"name\":\"Deutsch-Deutsches Museum M\u00f6dlareuth\",\"description\":\"Gedenkst\u00e4tte zur deutschen Teilung\",\"publisher\":{\"@id\":\"https:\\\/\\\/moedlareuth.de\\\/preview\\\/#organization\"},\"potentialAction\":[{\"@type\":\"SearchAction\",\"target\":{\"@type\":\"EntryPoint\",\"urlTemplate\":\"https:\\\/\\\/moedlareuth.de\\\/preview\\\/?s={search_term_string}\"},\"query-input\":{\"@type\":\"PropertyValueSpecification\",\"valueRequired\":true,\"valueName\":\"search_term_string\"}}],\"inLanguage\":\"nl-NL\"},{\"@type\":\"Organization\",\"@id\":\"https:\\\/\\\/moedlareuth.de\\\/preview\\\/#organization\",\"name\":\"Deutsch-Deutsches Museum M\u00f6dlareuth\",\"url\":\"https:\\\/\\\/moedlareuth.de\\\/preview\\\/\",\"logo\":{\"@type\":\"ImageObject\",\"inLanguage\":\"nl-NL\",\"@id\":\"https:\\\/\\\/moedlareuth.de\\\/preview\\\/#\\\/schema\\\/logo\\\/image\\\/\",\"url\":\"https:\\\/\\\/www.moedlareuth.de\\\/wp-content\\\/uploads\\\/2022\\\/02\\\/museum_moedlareuth_logo_hell_zusatz.svg\",\"contentUrl\":\"https:\\\/\\\/www.moedlareuth.de\\\/wp-content\\\/uploads\\\/2022\\\/02\\\/museum_moedlareuth_logo_hell_zusatz.svg\",\"width\":255,\"height\":62,\"caption\":\"Deutsch-Deutsches Museum M\u00f6dlareuth\"},\"image\":{\"@id\":\"https:\\\/\\\/moedlareuth.de\\\/preview\\\/#\\\/schema\\\/logo\\\/image\\\/\"}}]}<\/script>\n<!-- \/ Yoast SEO plugin. -->","yoast_head_json":{"title":"Geschichte eines geteilten Dorfes - Deutsch-Deutsches Museum M\u00f6dlareuth","robots":{"index":"index","follow":"follow","max-snippet":"max-snippet:-1","max-image-preview":"max-image-preview:large","max-video-preview":"max-video-preview:-1"},"canonical":"https:\/\/www.moedlareuth.de\/nl\/museum__trashed\/geschichte\/","og_locale":"nl_NL","og_type":"article","og_title":"Geschichte eines geteilten Dorfes - Deutsch-Deutsches Museum M\u00f6dlareuth","og_description":"Vor 1990 Eine Grenze mitten durch ein kleines Dorf \u2013 die Ursachen liegen in M\u00f6dlareuth schon Jahrhunderte zur\u00fcck. Im Jahre 1810 wurden entlang des Tannbaches neue Grenzsteine gesetzt. Die eingemei\u00dfelten Initialen \u00bbKB\u00ab (K\u00f6nigreich Bayern) auf der westlichen, \u00bbFR\u00ab (F\u00fcrstentum Reu\u00df) auf der \u00f6stlichen Seite dokumentieren noch heute die Zugeh\u00f6rigkeit M\u00f6dlareuths zu verschiedenen&nbsp;Landesherren. Nach Ende des...","og_url":"https:\/\/www.moedlareuth.de\/nl\/museum__trashed\/geschichte\/","og_site_name":"Deutsch-Deutsches Museum M\u00f6dlareuth","article_modified_time":"2025-05-27T09:20:55+00:00","og_image":[{"width":800,"height":503,"url":"https:\/\/www.moedlareuth.de\/wp-content\/uploads\/2015\/11\/Gr\u00fcneGrenze1.jpg","type":"image\/jpeg"}],"twitter_card":"summary_large_image","twitter_misc":{"Geschatte leestijd":"13 minuten"},"schema":{"@context":"https:\/\/schema.org","@graph":[{"@type":"WebPage","@id":"https:\/\/www.moedlareuth.de\/museum__trashed\/geschichte\/","url":"https:\/\/www.moedlareuth.de\/museum__trashed\/geschichte\/","name":"Geschichte eines geteilten Dorfes - Deutsch-Deutsches Museum M\u00f6dlareuth","isPartOf":{"@id":"https:\/\/moedlareuth.de\/preview\/#website"},"primaryImageOfPage":{"@id":"https:\/\/www.moedlareuth.de\/museum__trashed\/geschichte\/#primaryimage"},"image":{"@id":"https:\/\/www.moedlareuth.de\/museum__trashed\/geschichte\/#primaryimage"},"thumbnailUrl":"https:\/\/www.moedlareuth.de\/wp-content\/uploads\/2015\/11\/Gr\u00fcneGrenze1.jpg","datePublished":"2022-02-10T15:02:16+00:00","dateModified":"2025-05-27T09:20:55+00:00","breadcrumb":{"@id":"https:\/\/www.moedlareuth.de\/museum__trashed\/geschichte\/#breadcrumb"},"inLanguage":"nl-NL","potentialAction":[{"@type":"ReadAction","target":["https:\/\/www.moedlareuth.de\/museum__trashed\/geschichte\/"]}]},{"@type":"ImageObject","inLanguage":"nl-NL","@id":"https:\/\/www.moedlareuth.de\/museum__trashed\/geschichte\/#primaryimage","url":"https:\/\/www.moedlareuth.de\/wp-content\/uploads\/2015\/11\/Gr\u00fcneGrenze1.jpg","contentUrl":"https:\/\/www.moedlareuth.de\/wp-content\/uploads\/2015\/11\/Gr\u00fcneGrenze1.jpg","width":800,"height":503,"caption":"1949: \"Gr\u00fcne Grenze\" - Der Tannbach als Demarkationslinie zwischen M\u00f6dlareuth-Ost in der sowjetischen und M\u00f6dlareuth-West in der amerikanischen Besatzungszone \u00a9 Bundesarchiv Koblenz, Bild 183-N0415-363 \u05c0 Foto: Herbert Donath"},{"@type":"BreadcrumbList","@id":"https:\/\/www.moedlareuth.de\/museum__trashed\/geschichte\/#breadcrumb","itemListElement":[{"@type":"ListItem","position":1,"name":"Startseite","item":"https:\/\/www.moedlareuth.de\/"},{"@type":"ListItem","position":2,"name":"&#8230; \u00dcber das Museum &#8211; wahrscheinlich tot","item":"https:\/\/www.moedlareuth.de\/?page_id=39"},{"@type":"ListItem","position":3,"name":"Geschichte eines geteilten Dorfes"}]},{"@type":"WebSite","@id":"https:\/\/moedlareuth.de\/preview\/#website","url":"https:\/\/moedlareuth.de\/preview\/","name":"Duits-Duits Museum M\u00f6dlareuth","description":"Gedenkteken voor de verdeling van Duitsland","publisher":{"@id":"https:\/\/moedlareuth.de\/preview\/#organization"},"potentialAction":[{"@type":"SearchAction","target":{"@type":"EntryPoint","urlTemplate":"https:\/\/moedlareuth.de\/preview\/?s={search_term_string}"},"query-input":{"@type":"PropertyValueSpecification","valueRequired":true,"valueName":"search_term_string"}}],"inLanguage":"nl-NL"},{"@type":"Organization","@id":"https:\/\/moedlareuth.de\/preview\/#organization","name":"Duits-Duits Museum M\u00f6dlareuth","url":"https:\/\/moedlareuth.de\/preview\/","logo":{"@type":"ImageObject","inLanguage":"nl-NL","@id":"https:\/\/moedlareuth.de\/preview\/#\/schema\/logo\/image\/","url":"https:\/\/www.moedlareuth.de\/wp-content\/uploads\/2022\/02\/museum_moedlareuth_logo_hell_zusatz.svg","contentUrl":"https:\/\/www.moedlareuth.de\/wp-content\/uploads\/2022\/02\/museum_moedlareuth_logo_hell_zusatz.svg","width":255,"height":62,"caption":"Deutsch-Deutsches Museum M\u00f6dlareuth"},"image":{"@id":"https:\/\/moedlareuth.de\/preview\/#\/schema\/logo\/image\/"}}]}},"_links":{"self":[{"href":"https:\/\/www.moedlareuth.de\/nl\/wp-json\/wp\/v2\/pages\/11269","targetHints":{"allow":["GET"]}}],"collection":[{"href":"https:\/\/www.moedlareuth.de\/nl\/wp-json\/wp\/v2\/pages"}],"about":[{"href":"https:\/\/www.moedlareuth.de\/nl\/wp-json\/wp\/v2\/types\/page"}],"author":[{"embeddable":true,"href":"https:\/\/www.moedlareuth.de\/nl\/wp-json\/wp\/v2\/users\/8"}],"replies":[{"embeddable":true,"href":"https:\/\/www.moedlareuth.de\/nl\/wp-json\/wp\/v2\/comments?post=11269"}],"version-history":[{"count":10,"href":"https:\/\/www.moedlareuth.de\/nl\/wp-json\/wp\/v2\/pages\/11269\/revisions"}],"predecessor-version":[{"id":14906,"href":"https:\/\/www.moedlareuth.de\/nl\/wp-json\/wp\/v2\/pages\/11269\/revisions\/14906"}],"up":[{"embeddable":true,"href":"https:\/\/www.moedlareuth.de\/nl\/wp-json\/wp\/v2\/pages\/39"}],"wp:featuredmedia":[{"embeddable":true,"href":"https:\/\/www.moedlareuth.de\/nl\/wp-json\/wp\/v2\/media\/224"}],"wp:attachment":[{"href":"https:\/\/www.moedlareuth.de\/nl\/wp-json\/wp\/v2\/media?parent=11269"}],"wp:term":[{"taxonomy":"kategorien","embeddable":true,"href":"https:\/\/www.moedlareuth.de\/nl\/wp-json\/wp\/v2\/kategorien?post=11269"}],"curies":[{"name":"wp","href":"https:\/\/api.w.org\/{rel}","templated":true}]}}