{"version":"1.0","provider_name":"Duits-Duits Museum M\u00f6dlareuth","provider_url":"https:\/\/www.moedlareuth.de\/nl","author_name":"Ronald Schricker","author_url":"https:\/\/www.moedlareuth.de\/nl\/author\/rs-lra-hof\/","title":"Museum nur eingeschr\u00e4nkt ge\u00f6ffnet - Deutsch-Deutsches Museum M\u00f6dlareuth","type":"rich","width":600,"height":338,"html":"<blockquote class=\"wp-embedded-content\" data-secret=\"Ut4QGWMoVt\"><a href=\"https:\/\/www.moedlareuth.de\/nl\/museum-nur-eingeschraenkt-geoeffnet\/\">Museum nur eingeschr\u00e4nkt ge\u00f6ffnet<\/a><\/blockquote><iframe sandbox=\"allow-scripts\" security=\"restricted\" src=\"https:\/\/www.moedlareuth.de\/nl\/museum-nur-eingeschraenkt-geoeffnet\/embed\/#?secret=Ut4QGWMoVt\" width=\"600\" height=\"338\" title=\"&#8220;Museum nur eingeschr\u00e4nkt ge\u00f6ffnet&#8221; &#8212; Deutsch-Deutsches Museum M\u00f6dlareuth\" data-secret=\"Ut4QGWMoVt\" frameborder=\"0\" marginwidth=\"0\" marginheight=\"0\" scrolling=\"no\" class=\"wp-embedded-content\"><\/iframe><script>\n\/*! This file is auto-generated *\/\n!function(d,l){\"use strict\";l.querySelector&&d.addEventListener&&\"undefined\"!=typeof URL&&(d.wp=d.wp||{},d.wp.receiveEmbedMessage||(d.wp.receiveEmbedMessage=function(e){var t=e.data;if((t||t.secret||t.message||t.value)&&!\/[^a-zA-Z0-9]\/.test(t.secret)){for(var s,r,n,a=l.querySelectorAll('iframe[data-secret=\"'+t.secret+'\"]'),o=l.querySelectorAll('blockquote[data-secret=\"'+t.secret+'\"]'),c=new RegExp(\"^https?:$\",\"i\"),i=0;i<o.length;i++)o[i].style.display=\"none\";for(i=0;i<a.length;i++)s=a[i],e.source===s.contentWindow&&(s.removeAttribute(\"style\"),\"height\"===t.message?(1e3<(r=parseInt(t.value,10))?r=1e3:~~r<200&&(r=200),s.height=r):\"link\"===t.message&&(r=new URL(s.getAttribute(\"src\")),n=new URL(t.value),c.test(n.protocol))&&n.host===r.host&&l.activeElement===s&&(d.top.location.href=t.value))}},d.addEventListener(\"message\",d.wp.receiveEmbedMessage,!1),l.addEventListener(\"DOMContentLoaded\",function(){for(var e,t,s=l.querySelectorAll(\"iframe.wp-embedded-content\"),r=0;r<s.length;r++)(t=(e=s[r]).getAttribute(\"data-secret\"))||(t=Math.random().toString(36).substring(2,12),e.src+=\"#?secret=\"+t,e.setAttribute(\"data-secret\",t)),e.contentWindow.postMessage({message:\"ready\",secret:t},\"*\")},!1)))}(window,document);\n\/\/# sourceURL=https:\/\/www.moedlareuth.de\/wp-includes\/js\/wp-embed.min.js\n<\/script>","thumbnail_url":"https:\/\/moedlareuth.de\/preview\/wp-content\/uploads\/2015\/11\/42DDMM\u00f6dlareuth.jpg","thumbnail_width":1772,"thumbnail_height":1182,"description":"Werte Besucher, die R\u00e4umlichkeiten (Ausstellung, Fahrzeughalle und Museumskino) des Deutsch-Deutschen Museum M\u00f6dlareuth sind am Freitag, den 27.04.2018, aufgrund einer Festveranstaltung nicht zug\u00e4nglich. Am Donnerstag, den 26.04.2018 sowie Samstag, den 28.04.2018, sind die R\u00e4umlichkeiten eingeschr\u00e4nkt zug\u00e4nglich. Wir bitten um Verst\u00e4ndnis. Das Team des Deutsch-Deutschen Museum M\u00f6dlareuth"}