{"version":"1.0","provider_name":"Duits-Duits Museum M\u00f6dlareuth","provider_url":"https:\/\/www.moedlareuth.de\/nl","author_name":"Tobias H\u00f6rnlein","author_url":"https:\/\/www.moedlareuth.de\/nl\/author\/tobias\/","title":"Geschichte eines geteilten Dorfes - Deutsch-Deutsches Museum M\u00f6dlareuth","type":"rich","width":600,"height":338,"html":"<blockquote class=\"wp-embedded-content\" data-secret=\"IVZxJVc8ko\"><a href=\"https:\/\/www.moedlareuth.de\/nl\/museum\/geschichte\/\">Geschiedenis van een verdeeld dorp<\/a><\/blockquote><iframe sandbox=\"allow-scripts\" security=\"restricted\" src=\"https:\/\/www.moedlareuth.de\/nl\/museum\/geschichte\/embed\/#?secret=IVZxJVc8ko\" width=\"600\" height=\"338\" title=\"&#8220;Geschichte eines geteilten Dorfes&#8221; &#8212; Deutsch-Deutsches Museum M\u00f6dlareuth\" data-secret=\"IVZxJVc8ko\" frameborder=\"0\" marginwidth=\"0\" marginheight=\"0\" scrolling=\"no\" class=\"wp-embedded-content\"><\/iframe><script>\n\/*! This file is auto-generated *\/\n!function(d,l){\"use strict\";l.querySelector&&d.addEventListener&&\"undefined\"!=typeof URL&&(d.wp=d.wp||{},d.wp.receiveEmbedMessage||(d.wp.receiveEmbedMessage=function(e){var t=e.data;if((t||t.secret||t.message||t.value)&&!\/[^a-zA-Z0-9]\/.test(t.secret)){for(var s,r,n,a=l.querySelectorAll('iframe[data-secret=\"'+t.secret+'\"]'),o=l.querySelectorAll('blockquote[data-secret=\"'+t.secret+'\"]'),c=new RegExp(\"^https?:$\",\"i\"),i=0;i<o.length;i++)o[i].style.display=\"none\";for(i=0;i<a.length;i++)s=a[i],e.source===s.contentWindow&&(s.removeAttribute(\"style\"),\"height\"===t.message?(1e3<(r=parseInt(t.value,10))?r=1e3:~~r<200&&(r=200),s.height=r):\"link\"===t.message&&(r=new URL(s.getAttribute(\"src\")),n=new URL(t.value),c.test(n.protocol))&&n.host===r.host&&l.activeElement===s&&(d.top.location.href=t.value))}},d.addEventListener(\"message\",d.wp.receiveEmbedMessage,!1),l.addEventListener(\"DOMContentLoaded\",function(){for(var e,t,s=l.querySelectorAll(\"iframe.wp-embedded-content\"),r=0;r<s.length;r++)(t=(e=s[r]).getAttribute(\"data-secret\"))||(t=Math.random().toString(36).substring(2,12),e.src+=\"#?secret=\"+t,e.setAttribute(\"data-secret\",t)),e.contentWindow.postMessage({message:\"ready\",secret:t},\"*\")},!1)))}(window,document);\n\/\/# sourceURL=https:\/\/www.moedlareuth.de\/wp-includes\/js\/wp-embed.min.js\n<\/script>","thumbnail_url":"https:\/\/www.moedlareuth.de\/wp-content\/uploads\/2015\/11\/Gr\u00fcneGrenze1.jpg","thumbnail_width":800,"thumbnail_height":503,"description":"Vor 1990 Eine Grenze mitten durch ein kleines Dorf \u2013 die Ursachen liegen in M\u00f6dlareuth schon Jahrhunderte zur\u00fcck. Im Jahre 1810 wurden entlang des Tannbaches neue Grenzsteine gesetzt. Die eingemei\u00dfelten Initialen \u00bbKB\u00ab (K\u00f6nigreich Bayern) auf der westlichen, \u00bbFR\u00ab (F\u00fcrstentum Reu\u00df) auf der \u00f6stlichen Seite dokumentieren noch heute die Zugeh\u00f6rigkeit M\u00f6dlareuths zu verschiedenen&nbsp;Landesherren. Nach Ende des..."}