{"version":"1.0","provider_name":"Museo tedesco-tedesco M\u00f6dlareuth","provider_url":"https:\/\/www.moedlareuth.de\/it","author_name":"Susan Burger","author_url":"https:\/\/www.moedlareuth.de\/it\/author\/s-burger\/","title":"\u201eSport f\u00fcr Spenden\u201c Staffellauf  Gemeinsam laufen \u2013 Grenzen \u00fcberwinden - Deutsch-Deutsches Museum M\u00f6dlareuth","type":"rich","width":600,"height":338,"html":"<blockquote class=\"wp-embedded-content\" data-secret=\"Ib6HxzqISA\"><a href=\"https:\/\/www.moedlareuth.de\/it\/sport-fuer-spenden-staffellauf-gemeinsam-laufen-grenzen-ueberwinden\/\">\u201eSport f\u00fcr Spenden\u201c Staffellauf <br> Gemeinsam laufen \u2013 Grenzen \u00fcberwinden<\/a><\/blockquote><iframe sandbox=\"allow-scripts\" security=\"restricted\" src=\"https:\/\/www.moedlareuth.de\/it\/sport-fuer-spenden-staffellauf-gemeinsam-laufen-grenzen-ueberwinden\/embed\/#?secret=Ib6HxzqISA\" width=\"600\" height=\"338\" title=\"&ldquo;&bdquo;Sport f&uuml;r Spenden&ldquo; Staffellauf &lt;br&gt; Gemeinsam laufen &ndash; Grenzen &uuml;berwinden&rdquo; &mdash; Deutsch-Deutsches Museum M&ouml;dlareuth\" data-secret=\"Ib6HxzqISA\" frameborder=\"0\" marginwidth=\"0\" marginheight=\"0\" scrolling=\"no\" class=\"wp-embedded-content\"><\/iframe><script>\n\/*! This file is auto-generated *\/\n!function(d,l){\"use strict\";l.querySelector&&d.addEventListener&&\"undefined\"!=typeof URL&&(d.wp=d.wp||{},d.wp.receiveEmbedMessage||(d.wp.receiveEmbedMessage=function(e){var t=e.data;if((t||t.secret||t.message||t.value)&&!\/[^a-zA-Z0-9]\/.test(t.secret)){for(var s,r,n,a=l.querySelectorAll('iframe[data-secret=\"'+t.secret+'\"]'),o=l.querySelectorAll('blockquote[data-secret=\"'+t.secret+'\"]'),c=new RegExp(\"^https?:$\",\"i\"),i=0;i<o.length;i++)o[i].style.display=\"none\";for(i=0;i<a.length;i++)s=a[i],e.source===s.contentWindow&&(s.removeAttribute(\"style\"),\"height\"===t.message?(1e3<(r=parseInt(t.value,10))?r=1e3:~~r<200&&(r=200),s.height=r):\"link\"===t.message&&(r=new URL(s.getAttribute(\"src\")),n=new URL(t.value),c.test(n.protocol))&&n.host===r.host&&l.activeElement===s&&(d.top.location.href=t.value))}},d.addEventListener(\"message\",d.wp.receiveEmbedMessage,!1),l.addEventListener(\"DOMContentLoaded\",function(){for(var e,t,s=l.querySelectorAll(\"iframe.wp-embedded-content\"),r=0;r<s.length;r++)(t=(e=s[r]).getAttribute(\"data-secret\"))||(t=Math.random().toString(36).substring(2,12),e.src+=\"#?secret=\"+t,e.setAttribute(\"data-secret\",t)),e.contentWindow.postMessage({message:\"ready\",secret:t},\"*\")},!1)))}(window,document);\n\/\/# sourceURL=https:\/\/www.moedlareuth.de\/wp-includes\/js\/wp-embed.min.js\n<\/script>","thumbnail_url":"https:\/\/www.moedlareuth.de\/wp-content\/uploads\/2023\/09\/SfS-Staffellauf-2023-1024x683.jpg","thumbnail_width":1024,"thumbnail_height":683,"description":"29. September bis 3. Oktober von M\u00fcnchen nach M\u00f6dlareuth Mit dem Laufsport nicht nur Gutes f\u00fcr sich selbst, sondern auch f\u00fcr andere tun \u2013 seit dem Jahr 2007 steht das karitative Laufprojekt &#8222;Sport f\u00fcr Spenden&#8220; (SfS) genau daf\u00fcr. Am Freitag, 29.09.2023 gibt eine Vertretung des Gesundheitsreferates der Landeshauptstadt M\u00fcnchen das Startzeichen f\u00fcr eine ganz besondere..."}