{"id":5755,"date":"2022-01-06T14:43:50","date_gmt":"2022-01-06T13:43:50","guid":{"rendered":"http:\/\/moedlareuth.kreativunion.de\/?page_id=5755"},"modified":"2025-05-09T10:45:21","modified_gmt":"2025-05-09T08:45:21","slug":"kooperationen","status":"publish","type":"page","link":"https:\/\/www.moedlareuth.de\/fr\/museum\/kooperationen\/","title":{"rendered":"Coop\u00e9rations"},"content":{"rendered":"<style>.kb-row-layout-id5755_fd917a-35 > .kt-row-column-wrap{align-content:start;}:where(.kb-row-layout-id5755_fd917a-35 > .kt-row-column-wrap) > .wp-block-kadence-column{justify-content:start;}.kb-row-layout-id5755_fd917a-35 > .kt-row-column-wrap{column-gap:20px;row-gap:var(--global-kb-gap-none, 0rem );padding-top:25px;padding-right:50px;padding-bottom:25px;padding-left:50px;grid-template-columns:minmax(0, calc(45% - ((20px * 2 )\/3)))minmax(0, calc(10% - ((20px * 2 )\/3)))minmax(0, calc(45% - ((20px * 2 )\/3)));}.kb-row-layout-id5755_fd917a-35 > .kt-row-layout-overlay{opacity:0.30;}@media all and (max-width: 1024px){.kb-row-layout-id5755_fd917a-35 > .kt-row-column-wrap > div:not(.added-for-specificity){grid-column:initial;}}@media all and (max-width: 1024px){.kb-row-layout-id5755_fd917a-35 > .kt-row-column-wrap{grid-template-columns:repeat(3, minmax(0, 1fr));}}@media all and (max-width: 767px){.kb-row-layout-id5755_fd917a-35 > .kt-row-column-wrap > div:not(.added-for-specificity){grid-column:initial;}.kb-row-layout-id5755_fd917a-35 > .kt-row-column-wrap{grid-template-columns:minmax(0, 1fr);}}<\/style><article class=\"kb-row-layout-wrap kb-row-layout-id5755_fd917a-35 alignnone wp-block-kadence-rowlayout\"><div class=\"kt-row-column-wrap kt-has-3-columns kt-row-layout-equal kt-tab-layout-inherit kt-mobile-layout-row kt-row-valign-top\">\n<style>.kadence-column5755_b58d11-78 > .kt-inside-inner-col,.kadence-column5755_b58d11-78 > .kt-inside-inner-col:before{border-top-left-radius:0px;border-top-right-radius:0px;border-bottom-right-radius:0px;border-bottom-left-radius:0px;}.kadence-column5755_b58d11-78 > .kt-inside-inner-col{column-gap:var(--global-kb-gap-sm, 1rem);}.kadence-column5755_b58d11-78 > .kt-inside-inner-col{flex-direction:column;}.kadence-column5755_b58d11-78 > .kt-inside-inner-col > .aligncenter{width:100%;}.kadence-column5755_b58d11-78 > .kt-inside-inner-col:before{opacity:0.3;}.kadence-column5755_b58d11-78{position:relative;}@media all and (max-width: 1024px){.kadence-column5755_b58d11-78 > .kt-inside-inner-col{flex-direction:column;justify-content:center;}}@media all and (max-width: 767px){.kadence-column5755_b58d11-78 > .kt-inside-inner-col{flex-direction:column;justify-content:center;}}<\/style>\n<div class=\"wp-block-kadence-column kadence-column5755_b58d11-78 inner-column-1\"><div class=\"kt-inside-inner-col\">\n<h3 class=\"wp-block-heading\">R\u00e9seaux<\/h3>\n\n\n\n<p><strong>Label du patrimoine culturel de l'UE - R\u00e9seau du rideau de fer <br><br>La seconde moiti\u00e9 du XXe si\u00e8cle a \u00e9t\u00e9 marqu\u00e9e par la lutte entre deux syst\u00e8mes sociaux. Les contradictions fondamentales entre le capitalisme et le communisme se sont mat\u00e9rialis\u00e9es par le \"rideau de fer\" qui traversait l'Allemagne et l'Europe. Aujourd'hui, pr\u00e8s de trois d\u00e9cennies apr\u00e8s la fin de la guerre froide, seuls quelques lieux t\u00e9moignent encore du souvenir de cette ancienne ligne de s\u00e9paration politique, \u00e9conomique et surtout militaire. La r\u00e9alit\u00e9 ou la menace d'une confrontation, insinuant constamment le danger d'un enfer nucl\u00e9aire qui d\u00e9truirait une grande partie de notre plan\u00e8te, est  de nos jours un ph\u00e9nom\u00e8ne pratiquement incompr\u00e9hensible surtout pour les jeunes g\u00e9n\u00e9rations.<br><br>\nLe r\u00e9seau Lieux et sites du \"rideau de fer\" relie les institutions et les lieux qui illustrent bien les aspects du conflit entre les syst\u00e8mes qui r\u00e9gnait en Allemagne \u00e0 cette \u00e9poque l\u00e0.              Sa mission est de t\u00e9moigner aupr\u00e8s des g\u00e9n\u00e9rations futures de l\u2019existence de cette ancienne menace mais aussi de tout d\u00e9ployer pour l\u2019\u00e9viter. <\/strong><br><a href=\"https:\/\/www.netzwerk-eiserner-vorhang.de\/\">https:\/\/www.netzwerk-eiserner-vorhang.de<\/a><\/p>\n\n\n\n<p class=\"translation-block\"><br \/><\/p>\n\n\n\n<p><br><strong><br>Association historique de Thuringe<br><br>\nQuelle est la valeur de la d\u00e9mocratie ? La libert\u00e9 est-elle un privil\u00e8ge ou un fardeau ? A quoi sert de revenir sur l'histoire ? Peut-on dire aujourd'hui ce que l\u2019on pense vraiment ? Tout \u00e9tait mieux autrefois ? Et la RDA, qu\u2019est-ce que c\u2019\u00e9tait finalement ? Et quel est le r\u00f4le de cette histoire pour moi personnellement?<br><br>\nCelui qui se penche sur l\u2019histoire de la RDA, 30 ans apr\u00e8s sa chute, est confront\u00e9 entre autre \u00e0 toutes ces questions. En Thuringe, les \u00e9tudes et les approfondissements sur la RDA se font un peu partout et de nombreuses personnes et institutions s\u2019y int\u00e9ressent. L'association historique de Thuringe fut fond\u00e9e en 2009 dans le but d\u2019aider tous ces acteurs dans leur travail et de les connecter plus facilement entre eux. La page d'accueil de l'association donne un aper\u00e7u de ce \"paysage d'apprentissage de Thuringe\". Vous pouvez ainsi trouver et contacter des lieux de m\u00e9moire, des m\u00e9moriaux, des centres de conseil et des interlocuteurs dans votre r\u00e9gion. Le calendrier commun vous informe sur les \u00e9v\u00e9nements en cours et \u00e0 venir. Nous vous souhaitons une visite int\u00e9ressante de ce \"paysage d\u2019approfondissement\" de Thuringe et nous vous attendons avec plaisir dans l\u2019un de nos centres.<br><\/strong><a href=\" https:\/\/geschichtsverbund-thueringen.de\/\"> https:\/\/geschichtsverbund-thueringen.de<\/a><\/p>\n\n\n\n<p>-<\/p>\n\n\n\n<h3 class=\"wp-block-heading\">Partenariat de coop\u00e9ration<\/h3>\n\n\n\n<ul class=\"wp-block-list\">\n<li>Acad\u00e9mie pour la formation des enseignants et la gestion du personnel Dillingen<\/li>\n\n\n\n<li>Centre d&#039;\u00c9tat bavarois pour l&#039;\u00e9ducation politique<\/li>\n\n\n\n<li>Archives principales de l&#039;\u00c9tat bavarois<\/li>\n\n\n\n<li>Archives f\u00e9d\u00e9rales<\/li>\n\n\n\n<li>Fondation f\u00e9d\u00e9rale pour la r\u00e9\u00e9valuation de la dictature du SED<\/li>\n\n\n\n<li>Agence f\u00e9d\u00e9rale pour l&#039;\u00e9ducation civique<\/li>\n\n\n\n<li>Landesamt f\u00fcr Denkmalpflege Sachsen<\/li>\n\n\n\n<li>Mus\u00e9e DMZ Cor\u00e9e du Sud<\/li>\n\n\n\n<li>Eur\u00e9gion Egrensis<\/li>\n\n\n\n<li>Acad\u00e9mie \u00e9vang\u00e9lique de Tutzing<\/li>\n\n\n\n<li>Fernweh-Park, Oberkotzau<\/li>\n\n\n\n<li>Association de recherche \u00c9tat SED, FU Berlin<\/li>\n\n\n\n<li>Office national des mus\u00e9es non gouvernementaux de Bavi\u00e8re<\/li>\n\n\n\n<li>Centre d&#039;\u00c9tat pour l&#039;\u00e9ducation politique de Thuringe<\/li>\n\n\n\n<li>Mus\u00e9e bavarois Vogtland Hof<\/li>\n\n\n\n<li>Mus\u00e9e d&#039;histoire de la tannerie et de la ville de Hirschberg<\/li>\n\n\n\n<li>Association des mus\u00e9es de Thuringe<\/li>\n\n\n\n<li>Fondation Haute-Franconie<\/li>\n\n\n\n<li>Q3 Quartier pour Media.Education.Adventure, Bureau Thuringe<\/li>\n\n\n\n<li>Office d&#039;\u00c9tat de Saxe pour les mus\u00e9es<\/li>\n\n\n\n<li>Autorit\u00e9 nationale de l&#039;\u00e9ducation de la Thuringe orientale<\/li>\n\n\n\n<li>Archives nationales Greiz et Rudolstadt<\/li>\n\n\n\n<li>Archives municipales de Hof\/Saale, Schleiz et Bad Lobenstein<\/li>\n\n\n\n<li>Fondation pour la conservation de la nature de Thuringe<\/li>\n\n\n\n<li>Institut de Thuringe pour la formation des enseignants, le d\u00e9veloppement des programmes et les m\u00e9dias<\/li>\n\n\n\n<li>Universit\u00e4ten \u2013 Universit\u00e4t Eichst\u00e4tt\/ Universit\u00e4t T\u00fcbingen<\/li>\n\n\n\n<li>Association Mus\u00e9e germano-allemand M\u00f6dlareuth eV<\/li>\n\n\n\n<li>Association enregistr\u00e9e Vogtland 89<\/li>\n<\/ul>\n<\/div><\/div>\n\n\n<style>.kadence-column5755_ae48f4-de > .kt-inside-inner-col,.kadence-column5755_ae48f4-de > .kt-inside-inner-col:before{border-top-left-radius:0px;border-top-right-radius:0px;border-bottom-right-radius:0px;border-bottom-left-radius:0px;}.kadence-column5755_ae48f4-de > .kt-inside-inner-col{column-gap:var(--global-kb-gap-sm, 1rem);}.kadence-column5755_ae48f4-de > .kt-inside-inner-col{flex-direction:column;}.kadence-column5755_ae48f4-de > .kt-inside-inner-col > .aligncenter{width:100%;}.kadence-column5755_ae48f4-de > .kt-inside-inner-col:before{opacity:0.3;}.kadence-column5755_ae48f4-de{position:relative;}@media all and (max-width: 1024px){.kadence-column5755_ae48f4-de > .kt-inside-inner-col{flex-direction:column;justify-content:center;}}@media all and (max-width: 767px){.kadence-column5755_ae48f4-de > .kt-inside-inner-col{flex-direction:column;justify-content:center;}}<\/style>\n<div class=\"wp-block-kadence-column kadence-column5755_ae48f4-de inner-column-2\"><div class=\"kt-inside-inner-col\"><\/div><\/div>\n\n\n<style>.kadence-column5755_d87930-b8 > .kt-inside-inner-col,.kadence-column5755_d87930-b8 > .kt-inside-inner-col:before{border-top-left-radius:0px;border-top-right-radius:0px;border-bottom-right-radius:0px;border-bottom-left-radius:0px;}.kadence-column5755_d87930-b8 > .kt-inside-inner-col{column-gap:var(--global-kb-gap-sm, 1rem);}.kadence-column5755_d87930-b8 > .kt-inside-inner-col{flex-direction:column;}.kadence-column5755_d87930-b8 > .kt-inside-inner-col > .aligncenter{width:100%;}.kadence-column5755_d87930-b8 > .kt-inside-inner-col:before{opacity:0.3;}.kadence-column5755_d87930-b8{position:relative;}@media all and (max-width: 1024px){.kadence-column5755_d87930-b8 > .kt-inside-inner-col{flex-direction:column;justify-content:center;}}@media all and (max-width: 767px){.kadence-column5755_d87930-b8 > .kt-inside-inner-col{flex-direction:column;justify-content:center;}}<\/style>\n<div class=\"wp-block-kadence-column kadence-column5755_d87930-b8 inner-column-3\"><div class=\"kt-inside-inner-col\">\n<h3 class=\"wp-block-heading\">Collectivit\u00e9s territoriales<\/h3>\n\n\n\n<p>Beauftragter des Bundes f\u00fcr Kultur und Medien: <br><a href=\"https:\/\/kulturstaatsminister.de\/\" target=\"_blank\" rel=\"noreferrer noopener nofollow\">https:\/\/kulturstaatsminister.de<\/a><br>\u00c9tat libre de Bavi\u00e8re : <a href=\"https:\/\/www.bayern.de\" target=\"_blank\" rel=\"noreferrer noopener nofollow\">https:\/\/www.bayern.de<\/a><br>\u00c9tat libre de Thuringe\u00a0: <a href=\"https:\/\/www.thueringen.de\" target=\"_blank\" rel=\"noreferrer noopener nofollow\">https:\/\/www.thueringen<\/a><a href=\"https:\/\/www.thueringen.de\">.de<\/a><br>\u00c9tat libre de Saxe\u00a0: <a href=\"https:\/\/www.sachsen.de\" target=\"_blank\" rel=\"noreferrer noopener nofollow\">https:\/\/www.sachsen.de<\/a><br>District de Haute-Franconie\u00a0: <a href=\"https:\/\/www.bezirk-oberfranken.de\" target=\"_blank\" rel=\"noreferrer noopener nofollow\">https:\/\/www.bezirk-oberfranken.de<\/a><br>Gouvernement de Haute-Franconie\u00a0: <a href=\"https:\/\/www.regierung.oberfranken.bayern.de\" target=\"_blank\" rel=\"noreferrer noopener nofollow\">https:\/\/www.regierung.oberfranken.bayern.de<\/a><br>Arrondissement de Hof\u00a0: <a href=\"https:\/\/www.landkreis-hof.de\" target=\"_blank\" rel=\"noreferrer noopener nofollow\">https:\/\/www.landkreis-hof.de<\/a><br>Quartier Saale-Orla : <a href=\"https:\/\/www.saale-orla-kreis.de\" target=\"_blank\" rel=\"noreferrer noopener nofollow\">https:\/\/www.saale-orla-kreis.de<\/a><br>Quartier Vogtland : <a href=\"https:\/\/www.vogtlandkreis.de\" target=\"_blank\" rel=\"noreferrer noopener nofollow\">https:\/\/www.vogtlandkreis.de<\/a><br>Ville de Hof : <a href=\"https:\/\/www.hof.de\" target=\"_blank\" rel=\"noreferrer noopener nofollow\">https:\/\/www.hof.de<\/a><br>Ville de Plauen : <a href=\"https:\/\/www.plauen.de\" target=\"_blank\" rel=\"noreferrer noopener nofollow\">https:\/\/www.plauen.de<\/a><br>Ville de Schleiz\u00a0: <a href=\"https:\/\/www.schleiz.de\" target=\"_blank\" rel=\"noreferrer noopener nofollow\">https:\/\/www.schleiz.de<\/a><br>Municipalit\u00e9 de Topen\u00a0: <a href=\"https:\/\/wwwtoepen.de\" target=\"_blank\" rel=\"noreferrer noopener nofollow\">https:\/\/www.toepen.de<\/a><br>Ville de Gefell\u00a0: <a href=\"https:\/\/www.stadt-gefell.de\" target=\"_blank\" rel=\"noreferrer noopener nofollow\">https:\/\/www.stadt-gefell.de<\/a><\/p>\n\n\n\n<h3 class=\"wp-block-heading\">Tourisme<\/h3>\n\n\n\n<p>Tourisme de Frankenwald: <a href=\"https:\/\/www.frankenwald-tourismus.de\" target=\"_blank\" rel=\"noreferrer noopener nofollow\">https:\/\/www.frankenwald-tourismus.de<\/a><br>Parc naturel Fichtelgebirge: <a href=\"https:\/\/www.fichtelgebirge.bayern\" target=\"_blank\" rel=\"noreferrer noopener nofollow\">https:\/\/www.fichtelgebirge.bayern<\/a><br>Parc naturel Th\u00fcringen Schiefergebirge\/Obere Saale: <a href=\"http:\/\/www.thueringer-schiefergebirge-obere-saale.de\" target=\"_blank\" rel=\"noreferrer noopener nofollow\">http:\/\/www.thueringer-schiefergebirge-obere-saale.de<\/a><br>Association touristique Rennsteig-Saaleland e.V.: <a href=\"https:\/\/www.rennsteigsaaleland.de\" target=\"_blank\" rel=\"noreferrer noopener nofollow\">https:\/\/www.rennsteigsaaleland.de<\/a><br>Tourisme de Vogtland: <a href=\"https:\/\/www.vogtland-tourismus.de\" target=\"_blank\" rel=\"noreferrer noopener nofollow\">https:\/\/www.vogtland-tourismus.de<\/a><\/p>\n<\/div><\/div>\n\n<\/div><\/article>\n\n<style>.kb-row-layout-id5755_292f19-cf > .kt-row-column-wrap{align-content:start;}:where(.kb-row-layout-id5755_292f19-cf > .kt-row-column-wrap) > .wp-block-kadence-column{justify-content:start;}.kb-row-layout-id5755_292f19-cf > .kt-row-column-wrap{column-gap:var(--global-kb-gap-none, 0rem );row-gap:var(--global-kb-gap-none, 0rem );padding-top:25px;padding-right:25px;padding-bottom:25px;padding-left:25px;grid-template-columns:minmax(0, 1fr);}.kb-row-layout-id5755_292f19-cf > .kt-row-layout-overlay{opacity:0.30;}@media all and (max-width: 1024px){.kb-row-layout-id5755_292f19-cf > .kt-row-column-wrap{grid-template-columns:minmax(0, 1fr);}}@media all and (max-width: 767px){.kb-row-layout-id5755_292f19-cf > .kt-row-column-wrap{grid-template-columns:minmax(0, 1fr);}}<\/style><article class=\"kb-row-layout-wrap kb-row-layout-id5755_292f19-cf alignnone wp-block-kadence-rowlayout\"><div class=\"kt-row-column-wrap kt-has-1-columns kt-row-layout-equal kt-tab-layout-inherit kt-mobile-layout-row kt-row-valign-top\">\n<style>.kadence-column5755_da4e9b-35 > .kt-inside-inner-col,.kadence-column5755_da4e9b-35 > .kt-inside-inner-col:before{border-top-left-radius:0px;border-top-right-radius:0px;border-bottom-right-radius:0px;border-bottom-left-radius:0px;}.kadence-column5755_da4e9b-35 > .kt-inside-inner-col{column-gap:var(--global-kb-gap-sm, 1rem);}.kadence-column5755_da4e9b-35 > .kt-inside-inner-col{flex-direction:column;}.kadence-column5755_da4e9b-35 > .kt-inside-inner-col > .aligncenter{width:100%;}.kadence-column5755_da4e9b-35 > .kt-inside-inner-col:before{opacity:0.3;}.kadence-column5755_da4e9b-35{position:relative;}@media all and (max-width: 1024px){.kadence-column5755_da4e9b-35 > .kt-inside-inner-col{flex-direction:column;justify-content:center;}}@media all and (max-width: 767px){.kadence-column5755_da4e9b-35 > .kt-inside-inner-col{flex-direction:column;justify-content:center;}}<\/style>\n<div class=\"wp-block-kadence-column kadence-column5755_da4e9b-35 inner-column-1\"><div class=\"kt-inside-inner-col\"><\/div><\/div>\n\n<\/div><\/article>\n\n<style>.kb-row-layout-id5755_ad00d5-9c > .kt-row-column-wrap{align-content:start;}:where(.kb-row-layout-id5755_ad00d5-9c > .kt-row-column-wrap) > .wp-block-kadence-column{justify-content:start;}.kb-row-layout-id5755_ad00d5-9c > .kt-row-column-wrap{column-gap:var(--global-kb-gap-none, 0rem );row-gap:var(--global-kb-gap-none, 0rem );padding-top:25px;padding-right:50px;padding-bottom:25px;grid-template-columns:minmax(0, calc(30% - ((var(--global-kb-gap-none, 0rem ) * 2 )\/3)))minmax(0, calc(10% - ((var(--global-kb-gap-none, 0rem ) * 2 )\/3)))minmax(0, calc(60% - ((var(--global-kb-gap-none, 0rem ) * 2 )\/3)));}.kb-row-layout-id5755_ad00d5-9c > .kt-row-layout-overlay{opacity:0.30;}@media all and (max-width: 1024px){.kb-row-layout-id5755_ad00d5-9c > .kt-row-column-wrap > div:not(.added-for-specificity){grid-column:initial;}}@media all and (max-width: 1024px){.kb-row-layout-id5755_ad00d5-9c > .kt-row-column-wrap{grid-template-columns:repeat(3, minmax(0, 1fr));}}@media all and (max-width: 767px){.kb-row-layout-id5755_ad00d5-9c > .kt-row-column-wrap > div:not(.added-for-specificity){grid-column:initial;}.kb-row-layout-id5755_ad00d5-9c > .kt-row-column-wrap{grid-template-columns:minmax(0, 1fr);}}<\/style><article class=\"kb-row-layout-wrap kb-row-layout-id5755_ad00d5-9c alignnone wp-block-kadence-rowlayout\"><div class=\"kt-row-column-wrap kt-has-3-columns kt-row-layout-equal kt-tab-layout-inherit kt-mobile-layout-row kt-row-valign-top\">\n<style>.kadence-column5755_17222b-ae > .kt-inside-inner-col,.kadence-column5755_17222b-ae > .kt-inside-inner-col:before{border-top-left-radius:0px;border-top-right-radius:0px;border-bottom-right-radius:0px;border-bottom-left-radius:0px;}.kadence-column5755_17222b-ae > .kt-inside-inner-col{column-gap:var(--global-kb-gap-sm, 1rem);}.kadence-column5755_17222b-ae > .kt-inside-inner-col{flex-direction:column;}.kadence-column5755_17222b-ae > .kt-inside-inner-col > .aligncenter{width:100%;}.kadence-column5755_17222b-ae > .kt-inside-inner-col:before{opacity:0.3;}.kadence-column5755_17222b-ae{position:relative;}@media all and (max-width: 1024px){.kadence-column5755_17222b-ae > .kt-inside-inner-col{flex-direction:column;justify-content:center;}}@media all and (max-width: 767px){.kadence-column5755_17222b-ae > .kt-inside-inner-col{flex-direction:column;justify-content:center;}}<\/style>\n<div class=\"wp-block-kadence-column kadence-column5755_17222b-ae inner-column-1\"><div class=\"kt-inside-inner-col\"><\/div><\/div>\n\n\n<style>.kadence-column5755_4bf86e-76 > .kt-inside-inner-col,.kadence-column5755_4bf86e-76 > .kt-inside-inner-col:before{border-top-left-radius:0px;border-top-right-radius:0px;border-bottom-right-radius:0px;border-bottom-left-radius:0px;}.kadence-column5755_4bf86e-76 > .kt-inside-inner-col{column-gap:var(--global-kb-gap-sm, 1rem);}.kadence-column5755_4bf86e-76 > .kt-inside-inner-col{flex-direction:column;}.kadence-column5755_4bf86e-76 > .kt-inside-inner-col > .aligncenter{width:100%;}.kadence-column5755_4bf86e-76 > .kt-inside-inner-col:before{opacity:0.3;}.kadence-column5755_4bf86e-76{position:relative;}@media all and (max-width: 1024px){.kadence-column5755_4bf86e-76 > .kt-inside-inner-col{flex-direction:column;justify-content:center;}}@media all and (max-width: 767px){.kadence-column5755_4bf86e-76 > .kt-inside-inner-col{flex-direction:column;justify-content:center;}}<\/style>\n<div class=\"wp-block-kadence-column kadence-column5755_4bf86e-76 inner-column-2\"><div class=\"kt-inside-inner-col\"><\/div><\/div>\n\n\n<style>.kadence-column5755_bca980-ec > .kt-inside-inner-col,.kadence-column5755_bca980-ec > .kt-inside-inner-col:before{border-top-left-radius:0px;border-top-right-radius:0px;border-bottom-right-radius:0px;border-bottom-left-radius:0px;}.kadence-column5755_bca980-ec > .kt-inside-inner-col{column-gap:var(--global-kb-gap-sm, 1rem);}.kadence-column5755_bca980-ec > .kt-inside-inner-col{flex-direction:column;}.kadence-column5755_bca980-ec > .kt-inside-inner-col > .aligncenter{width:100%;}.kadence-column5755_bca980-ec > .kt-inside-inner-col:before{opacity:0.3;}.kadence-column5755_bca980-ec{position:relative;}@media all and (max-width: 1024px){.kadence-column5755_bca980-ec > .kt-inside-inner-col{flex-direction:column;justify-content:center;}}@media all and (max-width: 767px){.kadence-column5755_bca980-ec > .kt-inside-inner-col{padding-top:50px;flex-direction:column;justify-content:center;}}<\/style>\n<div class=\"wp-block-kadence-column kadence-column5755_bca980-ec inner-column-3\"><div class=\"kt-inside-inner-col\"><\/div><\/div>\n\n<\/div><\/article>\n\n\n<p><\/p>","protected":false},"excerpt":{"rendered":"<p>Netzwerke EU-Kulturerbe-Siegel Netzwerk Eiserner Vorhang https:\/\/www.netzwerk-eiserner-vorhang.de Die zweite H\u00e4lfte des 20. Jahrhunderts wurde bestimmt vom Kampf zweier Gesellschaftssysteme. Der Systemgegensatz zwischen Kapitalismus und Kommunismus materialisierte sich als &#8222;Eiserner Vorhang&#8220;, der mitten durch Deutschland und Europa verlief. Heute, rund drei Jahrzehnte nach Ende des Kalten Krieges, vermitteln nur noch wenige Orte eine Vorstellung von dieser einstigen&#8230;<\/p>","protected":false},"author":7,"featured_media":11757,"parent":39,"menu_order":0,"comment_status":"closed","ping_status":"closed","template":"","meta":{"_acf_changed":false,"inline_featured_image":false,"_kad_post_transparent":"","_kad_post_title":"","_kad_post_layout":"","_kad_post_sidebar_id":"","_kad_post_content_style":"","_kad_post_vertical_padding":"","_kad_post_feature":"","_kad_post_feature_position":"","_kad_post_header":false,"_kad_post_footer":false,"_kad_post_classname":"","footnotes":""},"kategorien":[],"class_list":["post-5755","page","type-page","status-publish","has-post-thumbnail","hentry"],"acf":[],"yoast_head":"<!-- This site is optimized with the Yoast SEO plugin v27.4 - https:\/\/yoast.com\/product\/yoast-seo-wordpress\/ -->\n<title>Kooperationen - Deutsch-Deutsches Museum M\u00f6dlareuth<\/title>\n<meta name=\"robots\" content=\"index, follow, max-snippet:-1, max-image-preview:large, max-video-preview:-1\" \/>\n<link rel=\"canonical\" href=\"https:\/\/www.moedlareuth.de\/fr\/museum__trashed\/kooperationen\/\" \/>\n<meta property=\"og:locale\" content=\"fr_FR\" \/>\n<meta property=\"og:type\" content=\"article\" \/>\n<meta property=\"og:title\" content=\"Kooperationen - Deutsch-Deutsches Museum M\u00f6dlareuth\" \/>\n<meta property=\"og:description\" content=\"Netzwerke EU-Kulturerbe-Siegel Netzwerk Eiserner Vorhang https:\/\/www.netzwerk-eiserner-vorhang.de Die zweite H\u00e4lfte des 20. Jahrhunderts wurde bestimmt vom Kampf zweier Gesellschaftssysteme. Der Systemgegensatz zwischen Kapitalismus und Kommunismus materialisierte sich als &#8222;Eiserner Vorhang&#8220;, der mitten durch Deutschland und Europa verlief. Heute, rund drei Jahrzehnte nach Ende des Kalten Krieges, vermitteln nur noch wenige Orte eine Vorstellung von dieser einstigen...\" \/>\n<meta property=\"og:url\" content=\"https:\/\/www.moedlareuth.de\/fr\/museum__trashed\/kooperationen\/\" \/>\n<meta property=\"og:site_name\" content=\"Deutsch-Deutsches Museum M\u00f6dlareuth\" \/>\n<meta property=\"article:modified_time\" content=\"2025-05-09T08:45:21+00:00\" \/>\n<meta name=\"twitter:card\" content=\"summary_large_image\" \/>\n<meta name=\"twitter:label1\" content=\"Dur\u00e9e de lecture estim\u00e9e\" \/>\n\t<meta name=\"twitter:data1\" content=\"3 minutes\" \/>\n<script type=\"application\/ld+json\" class=\"yoast-schema-graph\">{\"@context\":\"https:\\\/\\\/schema.org\",\"@graph\":[{\"@type\":\"WebPage\",\"@id\":\"https:\\\/\\\/www.moedlareuth.de\\\/museum__trashed\\\/kooperationen\\\/\",\"url\":\"https:\\\/\\\/www.moedlareuth.de\\\/museum__trashed\\\/kooperationen\\\/\",\"name\":\"Kooperationen - Deutsch-Deutsches Museum M\u00f6dlareuth\",\"isPartOf\":{\"@id\":\"https:\\\/\\\/moedlareuth.de\\\/preview\\\/#website\"},\"primaryImageOfPage\":{\"@id\":\"https:\\\/\\\/www.moedlareuth.de\\\/museum__trashed\\\/kooperationen\\\/#primaryimage\"},\"image\":{\"@id\":\"https:\\\/\\\/www.moedlareuth.de\\\/museum__trashed\\\/kooperationen\\\/#primaryimage\"},\"thumbnailUrl\":\"https:\\\/\\\/www.moedlareuth.de\\\/wp-content\\\/uploads\\\/2022\\\/05\\\/museum_moedlareuth_logo_grau.svg\",\"datePublished\":\"2022-01-06T13:43:50+00:00\",\"dateModified\":\"2025-05-09T08:45:21+00:00\",\"breadcrumb\":{\"@id\":\"https:\\\/\\\/www.moedlareuth.de\\\/museum__trashed\\\/kooperationen\\\/#breadcrumb\"},\"inLanguage\":\"fr-FR\",\"potentialAction\":[{\"@type\":\"ReadAction\",\"target\":[\"https:\\\/\\\/www.moedlareuth.de\\\/museum__trashed\\\/kooperationen\\\/\"]}]},{\"@type\":\"ImageObject\",\"inLanguage\":\"fr-FR\",\"@id\":\"https:\\\/\\\/www.moedlareuth.de\\\/museum__trashed\\\/kooperationen\\\/#primaryimage\",\"url\":\"https:\\\/\\\/www.moedlareuth.de\\\/wp-content\\\/uploads\\\/2022\\\/05\\\/museum_moedlareuth_logo_grau.svg\",\"contentUrl\":\"https:\\\/\\\/www.moedlareuth.de\\\/wp-content\\\/uploads\\\/2022\\\/05\\\/museum_moedlareuth_logo_grau.svg\",\"width\":1920,\"height\":1080},{\"@type\":\"BreadcrumbList\",\"@id\":\"https:\\\/\\\/www.moedlareuth.de\\\/museum__trashed\\\/kooperationen\\\/#breadcrumb\",\"itemListElement\":[{\"@type\":\"ListItem\",\"position\":1,\"name\":\"Startseite\",\"item\":\"https:\\\/\\\/www.moedlareuth.de\\\/\"},{\"@type\":\"ListItem\",\"position\":2,\"name\":\"&#8230; \u00dcber das Museum &#8211; wahrscheinlich tot\",\"item\":\"https:\\\/\\\/www.moedlareuth.de\\\/?page_id=39\"},{\"@type\":\"ListItem\",\"position\":3,\"name\":\"Kooperationen\"}]},{\"@type\":\"WebSite\",\"@id\":\"https:\\\/\\\/moedlareuth.de\\\/preview\\\/#website\",\"url\":\"https:\\\/\\\/moedlareuth.de\\\/preview\\\/\",\"name\":\"Deutsch-Deutsches Museum M\u00f6dlareuth\",\"description\":\"Gedenkst\u00e4tte zur deutschen Teilung\",\"publisher\":{\"@id\":\"https:\\\/\\\/moedlareuth.de\\\/preview\\\/#organization\"},\"potentialAction\":[{\"@type\":\"SearchAction\",\"target\":{\"@type\":\"EntryPoint\",\"urlTemplate\":\"https:\\\/\\\/moedlareuth.de\\\/preview\\\/?s={search_term_string}\"},\"query-input\":{\"@type\":\"PropertyValueSpecification\",\"valueRequired\":true,\"valueName\":\"search_term_string\"}}],\"inLanguage\":\"fr-FR\"},{\"@type\":\"Organization\",\"@id\":\"https:\\\/\\\/moedlareuth.de\\\/preview\\\/#organization\",\"name\":\"Deutsch-Deutsches Museum M\u00f6dlareuth\",\"url\":\"https:\\\/\\\/moedlareuth.de\\\/preview\\\/\",\"logo\":{\"@type\":\"ImageObject\",\"inLanguage\":\"fr-FR\",\"@id\":\"https:\\\/\\\/moedlareuth.de\\\/preview\\\/#\\\/schema\\\/logo\\\/image\\\/\",\"url\":\"https:\\\/\\\/www.moedlareuth.de\\\/wp-content\\\/uploads\\\/2022\\\/02\\\/museum_moedlareuth_logo_hell_zusatz.svg\",\"contentUrl\":\"https:\\\/\\\/www.moedlareuth.de\\\/wp-content\\\/uploads\\\/2022\\\/02\\\/museum_moedlareuth_logo_hell_zusatz.svg\",\"width\":255,\"height\":62,\"caption\":\"Deutsch-Deutsches Museum M\u00f6dlareuth\"},\"image\":{\"@id\":\"https:\\\/\\\/moedlareuth.de\\\/preview\\\/#\\\/schema\\\/logo\\\/image\\\/\"}}]}<\/script>\n<!-- \/ Yoast SEO plugin. -->","yoast_head_json":{"title":"Kooperationen - Deutsch-Deutsches Museum M\u00f6dlareuth","robots":{"index":"index","follow":"follow","max-snippet":"max-snippet:-1","max-image-preview":"max-image-preview:large","max-video-preview":"max-video-preview:-1"},"canonical":"https:\/\/www.moedlareuth.de\/fr\/museum__trashed\/kooperationen\/","og_locale":"fr_FR","og_type":"article","og_title":"Kooperationen - Deutsch-Deutsches Museum M\u00f6dlareuth","og_description":"Netzwerke EU-Kulturerbe-Siegel Netzwerk Eiserner Vorhang https:\/\/www.netzwerk-eiserner-vorhang.de Die zweite H\u00e4lfte des 20. Jahrhunderts wurde bestimmt vom Kampf zweier Gesellschaftssysteme. Der Systemgegensatz zwischen Kapitalismus und Kommunismus materialisierte sich als &#8222;Eiserner Vorhang&#8220;, der mitten durch Deutschland und Europa verlief. Heute, rund drei Jahrzehnte nach Ende des Kalten Krieges, vermitteln nur noch wenige Orte eine Vorstellung von dieser einstigen...","og_url":"https:\/\/www.moedlareuth.de\/fr\/museum__trashed\/kooperationen\/","og_site_name":"Deutsch-Deutsches Museum M\u00f6dlareuth","article_modified_time":"2025-05-09T08:45:21+00:00","twitter_card":"summary_large_image","twitter_misc":{"Dur\u00e9e de lecture estim\u00e9e":"3 minutes"},"schema":{"@context":"https:\/\/schema.org","@graph":[{"@type":"WebPage","@id":"https:\/\/www.moedlareuth.de\/museum__trashed\/kooperationen\/","url":"https:\/\/www.moedlareuth.de\/museum__trashed\/kooperationen\/","name":"Kooperationen - Deutsch-Deutsches Museum M\u00f6dlareuth","isPartOf":{"@id":"https:\/\/moedlareuth.de\/preview\/#website"},"primaryImageOfPage":{"@id":"https:\/\/www.moedlareuth.de\/museum__trashed\/kooperationen\/#primaryimage"},"image":{"@id":"https:\/\/www.moedlareuth.de\/museum__trashed\/kooperationen\/#primaryimage"},"thumbnailUrl":"https:\/\/www.moedlareuth.de\/wp-content\/uploads\/2022\/05\/museum_moedlareuth_logo_grau.svg","datePublished":"2022-01-06T13:43:50+00:00","dateModified":"2025-05-09T08:45:21+00:00","breadcrumb":{"@id":"https:\/\/www.moedlareuth.de\/museum__trashed\/kooperationen\/#breadcrumb"},"inLanguage":"fr-FR","potentialAction":[{"@type":"ReadAction","target":["https:\/\/www.moedlareuth.de\/museum__trashed\/kooperationen\/"]}]},{"@type":"ImageObject","inLanguage":"fr-FR","@id":"https:\/\/www.moedlareuth.de\/museum__trashed\/kooperationen\/#primaryimage","url":"https:\/\/www.moedlareuth.de\/wp-content\/uploads\/2022\/05\/museum_moedlareuth_logo_grau.svg","contentUrl":"https:\/\/www.moedlareuth.de\/wp-content\/uploads\/2022\/05\/museum_moedlareuth_logo_grau.svg","width":1920,"height":1080},{"@type":"BreadcrumbList","@id":"https:\/\/www.moedlareuth.de\/museum__trashed\/kooperationen\/#breadcrumb","itemListElement":[{"@type":"ListItem","position":1,"name":"Startseite","item":"https:\/\/www.moedlareuth.de\/"},{"@type":"ListItem","position":2,"name":"&#8230; \u00dcber das Museum &#8211; wahrscheinlich tot","item":"https:\/\/www.moedlareuth.de\/?page_id=39"},{"@type":"ListItem","position":3,"name":"Kooperationen"}]},{"@type":"WebSite","@id":"https:\/\/moedlareuth.de\/preview\/#website","url":"https:\/\/moedlareuth.de\/preview\/","name":"Mus\u00e9e germano-allemand de M\u00f6dlareuth","description":"M\u00e9morial de la division de l'Allemagne","publisher":{"@id":"https:\/\/moedlareuth.de\/preview\/#organization"},"potentialAction":[{"@type":"SearchAction","target":{"@type":"EntryPoint","urlTemplate":"https:\/\/moedlareuth.de\/preview\/?s={search_term_string}"},"query-input":{"@type":"PropertyValueSpecification","valueRequired":true,"valueName":"search_term_string"}}],"inLanguage":"fr-FR"},{"@type":"Organization","@id":"https:\/\/moedlareuth.de\/preview\/#organization","name":"Mus\u00e9e germano-allemand de M\u00f6dlareuth","url":"https:\/\/moedlareuth.de\/preview\/","logo":{"@type":"ImageObject","inLanguage":"fr-FR","@id":"https:\/\/moedlareuth.de\/preview\/#\/schema\/logo\/image\/","url":"https:\/\/www.moedlareuth.de\/wp-content\/uploads\/2022\/02\/museum_moedlareuth_logo_hell_zusatz.svg","contentUrl":"https:\/\/www.moedlareuth.de\/wp-content\/uploads\/2022\/02\/museum_moedlareuth_logo_hell_zusatz.svg","width":255,"height":62,"caption":"Deutsch-Deutsches Museum M\u00f6dlareuth"},"image":{"@id":"https:\/\/moedlareuth.de\/preview\/#\/schema\/logo\/image\/"}}]}},"_links":{"self":[{"href":"https:\/\/www.moedlareuth.de\/fr\/wp-json\/wp\/v2\/pages\/5755","targetHints":{"allow":["GET"]}}],"collection":[{"href":"https:\/\/www.moedlareuth.de\/fr\/wp-json\/wp\/v2\/pages"}],"about":[{"href":"https:\/\/www.moedlareuth.de\/fr\/wp-json\/wp\/v2\/types\/page"}],"author":[{"embeddable":true,"href":"https:\/\/www.moedlareuth.de\/fr\/wp-json\/wp\/v2\/users\/7"}],"replies":[{"embeddable":true,"href":"https:\/\/www.moedlareuth.de\/fr\/wp-json\/wp\/v2\/comments?post=5755"}],"version-history":[{"count":9,"href":"https:\/\/www.moedlareuth.de\/fr\/wp-json\/wp\/v2\/pages\/5755\/revisions"}],"predecessor-version":[{"id":14862,"href":"https:\/\/www.moedlareuth.de\/fr\/wp-json\/wp\/v2\/pages\/5755\/revisions\/14862"}],"up":[{"embeddable":true,"href":"https:\/\/www.moedlareuth.de\/fr\/wp-json\/wp\/v2\/pages\/39"}],"wp:featuredmedia":[{"embeddable":true,"href":"https:\/\/www.moedlareuth.de\/fr\/wp-json\/wp\/v2\/media\/11757"}],"wp:attachment":[{"href":"https:\/\/www.moedlareuth.de\/fr\/wp-json\/wp\/v2\/media?parent=5755"}],"wp:term":[{"taxonomy":"kategorien","embeddable":true,"href":"https:\/\/www.moedlareuth.de\/fr\/wp-json\/wp\/v2\/kategorien?post=5755"}],"curies":[{"name":"wp","href":"https:\/\/api.w.org\/{rel}","templated":true}]}}