{"version":"1.0","provider_name":"Mus\u00e9e germano-allemand de M\u00f6dlareuth","provider_url":"https:\/\/www.moedlareuth.de\/fr","author_name":"Ronald Schricker","author_url":"https:\/\/www.moedlareuth.de\/fr\/author\/rs-lra-hof\/","title":"Corona-Pr\u00e4vention - Deutsch-Deutsches Museum M\u00f6dlareuth","type":"rich","width":600,"height":338,"html":"<blockquote class=\"wp-embedded-content\" data-secret=\"vWfhRbzB3G\"><a href=\"https:\/\/www.moedlareuth.de\/fr\/corona-praevention\/\">Corona-Pr\u00e4vention<\/a><\/blockquote><iframe sandbox=\"allow-scripts\" security=\"restricted\" src=\"https:\/\/www.moedlareuth.de\/fr\/corona-praevention\/embed\/#?secret=vWfhRbzB3G\" width=\"600\" height=\"338\" title=\"\u00ab\u00a0Corona-Pr\u00e4vention\u00a0\u00bb &#8212; Deutsch-Deutsches Museum M\u00f6dlareuth\" data-secret=\"vWfhRbzB3G\" frameborder=\"0\" marginwidth=\"0\" marginheight=\"0\" scrolling=\"no\" class=\"wp-embedded-content\"><\/iframe><script>\n\/*! This file is auto-generated *\/\n!function(d,l){\"use strict\";l.querySelector&&d.addEventListener&&\"undefined\"!=typeof URL&&(d.wp=d.wp||{},d.wp.receiveEmbedMessage||(d.wp.receiveEmbedMessage=function(e){var t=e.data;if((t||t.secret||t.message||t.value)&&!\/[^a-zA-Z0-9]\/.test(t.secret)){for(var s,r,n,a=l.querySelectorAll('iframe[data-secret=\"'+t.secret+'\"]'),o=l.querySelectorAll('blockquote[data-secret=\"'+t.secret+'\"]'),c=new RegExp(\"^https?:$\",\"i\"),i=0;i<o.length;i++)o[i].style.display=\"none\";for(i=0;i<a.length;i++)s=a[i],e.source===s.contentWindow&&(s.removeAttribute(\"style\"),\"height\"===t.message?(1e3<(r=parseInt(t.value,10))?r=1e3:~~r<200&&(r=200),s.height=r):\"link\"===t.message&&(r=new URL(s.getAttribute(\"src\")),n=new URL(t.value),c.test(n.protocol))&&n.host===r.host&&l.activeElement===s&&(d.top.location.href=t.value))}},d.addEventListener(\"message\",d.wp.receiveEmbedMessage,!1),l.addEventListener(\"DOMContentLoaded\",function(){for(var e,t,s=l.querySelectorAll(\"iframe.wp-embedded-content\"),r=0;r<s.length;r++)(t=(e=s[r]).getAttribute(\"data-secret\"))||(t=Math.random().toString(36).substring(2,12),e.src+=\"#?secret=\"+t,e.setAttribute(\"data-secret\",t)),e.contentWindow.postMessage({message:\"ready\",secret:t},\"*\")},!1)))}(window,document);\n\/\/# sourceURL=https:\/\/www.moedlareuth.de\/wp-includes\/js\/wp-embed.min.js\n<\/script>","description":"Das Deutsch-Deutsche Museum M\u00f6dlareuth bleibt bis auf Weiteres geschlossen Aufgrund der aktuellen Ausbreitung der Atemwegserkrankung COVID-19 bleibt das Deutsch-Deutsche Museum M\u00f6dlareuth ab Samstag, den 14.03.2020, bis auf Weiteres geschlossen. Dies betrifft auch alle Veranstaltungen und F\u00fchrungen. Wir bedauern diese Entwicklung sehr, aber die Gesundheit hat h\u00f6chste Priorit\u00e4t. Wir m\u00f6chten uns f\u00fcr die Unannehmlichkeiten entschuldigen und..."}