{"id":5755,"date":"2022-01-06T14:43:50","date_gmt":"2022-01-06T13:43:50","guid":{"rendered":"http:\/\/moedlareuth.kreativunion.de\/?page_id=5755"},"modified":"2025-05-09T10:45:21","modified_gmt":"2025-05-09T08:45:21","slug":"kooperationen","status":"publish","type":"page","link":"https:\/\/www.moedlareuth.de\/es\/museum\/kooperationen\/","title":{"rendered":"Pesta\u00f1a Cooperaciones"},"content":{"rendered":"<style>.kb-row-layout-id5755_fd917a-35 > .kt-row-column-wrap{align-content:start;}:where(.kb-row-layout-id5755_fd917a-35 > .kt-row-column-wrap) > .wp-block-kadence-column{justify-content:start;}.kb-row-layout-id5755_fd917a-35 > .kt-row-column-wrap{column-gap:20px;row-gap:var(--global-kb-gap-none, 0rem );padding-top:25px;padding-right:50px;padding-bottom:25px;padding-left:50px;grid-template-columns:minmax(0, calc(45% - ((20px * 2 )\/3)))minmax(0, calc(10% - ((20px * 2 )\/3)))minmax(0, calc(45% - ((20px * 2 )\/3)));}.kb-row-layout-id5755_fd917a-35 > .kt-row-layout-overlay{opacity:0.30;}@media all and (max-width: 1024px){.kb-row-layout-id5755_fd917a-35 > .kt-row-column-wrap > div:not(.added-for-specificity){grid-column:initial;}}@media all and (max-width: 1024px){.kb-row-layout-id5755_fd917a-35 > .kt-row-column-wrap{grid-template-columns:repeat(3, minmax(0, 1fr));}}@media all and (max-width: 767px){.kb-row-layout-id5755_fd917a-35 > .kt-row-column-wrap > div:not(.added-for-specificity){grid-column:initial;}.kb-row-layout-id5755_fd917a-35 > .kt-row-column-wrap{grid-template-columns:minmax(0, 1fr);}}<\/style><article class=\"kb-row-layout-wrap kb-row-layout-id5755_fd917a-35 alignnone wp-block-kadence-rowlayout\"><div class=\"kt-row-column-wrap kt-has-3-columns kt-row-layout-equal kt-tab-layout-inherit kt-mobile-layout-row kt-row-valign-top\">\n<style>.kadence-column5755_b58d11-78 > .kt-inside-inner-col,.kadence-column5755_b58d11-78 > .kt-inside-inner-col:before{border-top-left-radius:0px;border-top-right-radius:0px;border-bottom-right-radius:0px;border-bottom-left-radius:0px;}.kadence-column5755_b58d11-78 > .kt-inside-inner-col{column-gap:var(--global-kb-gap-sm, 1rem);}.kadence-column5755_b58d11-78 > .kt-inside-inner-col{flex-direction:column;}.kadence-column5755_b58d11-78 > .kt-inside-inner-col > .aligncenter{width:100%;}.kadence-column5755_b58d11-78 > .kt-inside-inner-col:before{opacity:0.3;}.kadence-column5755_b58d11-78{position:relative;}@media all and (max-width: 1024px){.kadence-column5755_b58d11-78 > .kt-inside-inner-col{flex-direction:column;justify-content:center;}}@media all and (max-width: 767px){.kadence-column5755_b58d11-78 > .kt-inside-inner-col{flex-direction:column;justify-content:center;}}<\/style>\n<div class=\"wp-block-kadence-column kadence-column5755_b58d11-78 inner-column-1\"><div class=\"kt-inside-inner-col\">\n<h3 class=\"wp-block-heading\">Redes<\/h3>\n\n\n\n<p><strong>Redes del Patrimonio cultural, sellado por la UE - Tel\u00f3n de Acero<br><br>La segunda mitad del siglo 20 estuvo caracterizado por la lucha entre dos sistemas de sociedad. El antagonismo sist\u00e9mico entre capitalismo y comunismo se materializ\u00f3, con el as\u00ed denominado \"Tel\u00f3n de Acero\" que atravesaba el centro de Alemania y Europa. En la actualidad, casi tres d\u00e9cadas despu\u00e9s del final de la Guerra Fr\u00eda, s\u00f3lo unos pocos lugares dan una idea de esta aquella l\u00ednea divisoria pol\u00edtica, econ\u00f3mica y, sobre todo, militar. La realidad y la amenaza de una confrontaci\u00f3n b\u00e9lica, que llevaba en s\u00ed, el peligro de que un infierno nuclear destruyera gran parte de nuestra tierra, seria hoy en d\u00eda casi inconcebible especialmente para las generaciones m\u00e1s j\u00f3venes. La red de internet: Lugares y Sitios del \u201eTel\u00f3n de Acero\" conecta instituciones y lugares que ejemplifican aspectos de la confrontaci\u00f3n de este viejo sistema socialista alem\u00e1n. Estas redes se han propuesto la tarea de transmitir a las futuras generaciones el peligro de aquella amenaza, pero tambi\u00e9n el triunfo sobre ella y la superaci\u00f3n de esta. <\/strong><br><a href=\"https:\/\/www.netzwerk-eiserner-vorhang.de\/\">https:\/\/www.netzwerk-eiserner-vorhang.de<\/a><\/p>\n\n\n\n<p class=\"translation-block\"><br \/><\/p>\n\n\n\n<p><br><strong><br>Asociaci\u00f3n Hist\u00f3rica de Turingia<br><br>\u00bfCu\u00e1l es el valor de la democracia?\u00a0\u00bfEs la libertad un privilegio o una carga?\u00a0\u00bfDe qu\u00e9 sirve aceptar la historia?\u00a0\u00bfSe puede decir hoy lo que realmente se piensa? \u00bfFue todo mejor en el pasado?\u00a0Y: \u00bfQu\u00e9 era la RDA? \u00bfY cu\u00e1nta historia llevo yo dentro de m\u00ed?<br><br>\nEstas y otras preguntas se hacen, quienes se ocupan de su propia historia, 30 a\u00f1os despu\u00e9s del fin de la RDA (Rep\u00fablica democr\u00e1tica alemana). La investigaci\u00f3n y el an\u00e1lisis de la RDA se realiza en muchos lugares de Turingia y lo hacen muchas personas e instituciones. En 2009, se fund\u00f3 la Geschichtsverbund Th\u00fcringen (asociaci\u00f3n de historia de Turingia) para apoyar el trabajo com\u00fan de estos activistas, y para mejorar la conexi\u00f3n entre ellos. La p\u00e1gina web de la asociaci\u00f3n, ofrece una visi\u00f3n general de este \u00bbPaisaje de aprendizaje de Turingia\u00ab. En esta p\u00e1gina web, podr\u00e1 usted encontrar sitios y conectar con lugares para la memoria hist\u00f3rica y para el recuerdo, descubrir\u00e1   sitios conmemorativos, centros de asesoramiento y tener contacto en su \u00e1rea. El calendario com\u00fan le informar\u00e1 sobre eventos\/conferencias actuales y programados. Le deseamos una interesante exploraci\u00f3n del paisaje de investigaci\u00f3n de Turingia y esperamos su visita a una de nuestras instalaciones.<br><\/strong><a href=\" https:\/\/geschichtsverbund-thueringen.de\/\"> https:\/\/geschichtsverbund-thueringen.de<\/a><\/p>\n\n\n\n<p>-<\/p>\n\n\n\n<h3 class=\"wp-block-heading\">Socio de cooperaci\u00f3n<\/h3>\n\n\n\n<ul class=\"wp-block-list\">\n<li>Academia de formaci\u00f3n de profesores y gesti\u00f3n de personal Dillingen<\/li>\n\n\n\n<li>Centro Estatal de Educaci\u00f3n Pol\u00edtica de Baviera<\/li>\n\n\n\n<li>Archivo estatal principal de Baviera<\/li>\n\n\n\n<li>Archivos Federales<\/li>\n\n\n\n<li>Fundaci\u00f3n Federal para la Reevaluaci\u00f3n de la Dictadura del SED<\/li>\n\n\n\n<li>Agencia Federal para la Educaci\u00f3n C\u00edvica<\/li>\n\n\n\n<li>Landesamt f\u00fcr Denkmalpflege Sachsen<\/li>\n\n\n\n<li>Museo DMZ Corea del Sur<\/li>\n\n\n\n<li>Euregi\u00f3n Egrensis<\/li>\n\n\n\n<li>Academia Evang\u00e9lica en Tutzing<\/li>\n\n\n\n<li>Fernweh-Park, Oberkotzau<\/li>\n\n\n\n<li>Asociaci\u00f3n de investigaci\u00f3n SED estatal, FU Berl\u00edn<\/li>\n\n\n\n<li>Oficina estatal de museos no gubernamentales en Baviera<\/li>\n\n\n\n<li>Centro Estatal de Educaci\u00f3n Pol\u00edtica de Turingia<\/li>\n\n\n\n<li>Museo B\u00e1varo Vogtland Hof<\/li>\n\n\n\n<li>Museo de historia del curtido y ciudad de Hirschberg<\/li>\n\n\n\n<li>Asociaci\u00f3n de Museos de Turingia<\/li>\n\n\n\n<li>Fundaci\u00f3n de la Alta Franconia<\/li>\n\n\n\n<li>Q3 Quarter for Media.Education.Adventure, Office Thuringia<\/li>\n\n\n\n<li>Oficina Estatal de Museos de Sajonia<\/li>\n\n\n\n<li>Autoridad Estatal de Educaci\u00f3n de Turingia Oriental<\/li>\n\n\n\n<li>Archivos estatales Greiz y Rudolstadt<\/li>\n\n\n\n<li>Archivos municipales en Hof\/Saale, Schleiz y Bad Lobenstein<\/li>\n\n\n\n<li>Fundaci\u00f3n para la Conservaci\u00f3n de la Naturaleza de Turingia<\/li>\n\n\n\n<li>Instituto de Turingia para la formaci\u00f3n de profesores, desarrollo curricular y medios<\/li>\n\n\n\n<li>Universidades \u2013 Universidad de Eichst\u00e4tt\/ Universidad de T\u00fcbingen<\/li>\n\n\n\n<li>Asociaci\u00f3n Museo Alem\u00e1n-Alem\u00e1n M\u00f6dlareuth eV<\/li>\n\n\n\n<li>Vogtland 89 asociaci\u00f3n registrada<\/li>\n<\/ul>\n<\/div><\/div>\n\n\n<style>.kadence-column5755_ae48f4-de > .kt-inside-inner-col,.kadence-column5755_ae48f4-de > .kt-inside-inner-col:before{border-top-left-radius:0px;border-top-right-radius:0px;border-bottom-right-radius:0px;border-bottom-left-radius:0px;}.kadence-column5755_ae48f4-de > .kt-inside-inner-col{column-gap:var(--global-kb-gap-sm, 1rem);}.kadence-column5755_ae48f4-de > .kt-inside-inner-col{flex-direction:column;}.kadence-column5755_ae48f4-de > .kt-inside-inner-col > .aligncenter{width:100%;}.kadence-column5755_ae48f4-de > .kt-inside-inner-col:before{opacity:0.3;}.kadence-column5755_ae48f4-de{position:relative;}@media all and (max-width: 1024px){.kadence-column5755_ae48f4-de > .kt-inside-inner-col{flex-direction:column;justify-content:center;}}@media all and (max-width: 767px){.kadence-column5755_ae48f4-de > .kt-inside-inner-col{flex-direction:column;justify-content:center;}}<\/style>\n<div class=\"wp-block-kadence-column kadence-column5755_ae48f4-de inner-column-2\"><div class=\"kt-inside-inner-col\"><\/div><\/div>\n\n\n<style>.kadence-column5755_d87930-b8 > .kt-inside-inner-col,.kadence-column5755_d87930-b8 > .kt-inside-inner-col:before{border-top-left-radius:0px;border-top-right-radius:0px;border-bottom-right-radius:0px;border-bottom-left-radius:0px;}.kadence-column5755_d87930-b8 > .kt-inside-inner-col{column-gap:var(--global-kb-gap-sm, 1rem);}.kadence-column5755_d87930-b8 > .kt-inside-inner-col{flex-direction:column;}.kadence-column5755_d87930-b8 > .kt-inside-inner-col > .aligncenter{width:100%;}.kadence-column5755_d87930-b8 > .kt-inside-inner-col:before{opacity:0.3;}.kadence-column5755_d87930-b8{position:relative;}@media all and (max-width: 1024px){.kadence-column5755_d87930-b8 > .kt-inside-inner-col{flex-direction:column;justify-content:center;}}@media all and (max-width: 767px){.kadence-column5755_d87930-b8 > .kt-inside-inner-col{flex-direction:column;justify-content:center;}}<\/style>\n<div class=\"wp-block-kadence-column kadence-column5755_d87930-b8 inner-column-3\"><div class=\"kt-inside-inner-col\">\n<h3 class=\"wp-block-heading\">Autoridades<\/h3>\n\n\n\n<p>Beauftragter des Bundes f\u00fcr Kultur und Medien: <br><a href=\"https:\/\/kulturstaatsminister.de\/\" target=\"_blank\" rel=\"noreferrer noopener nofollow\">https:\/\/kulturstaatsminister.de<\/a><br>Estado Libre de Baviera: <a href=\"https:\/\/www.bayern.de\" target=\"_blank\" rel=\"noreferrer noopener nofollow\">https:\/\/www.bayern.de<\/a><br>Estado Libre de Turingia: <a href=\"https:\/\/www.thueringen.de\" target=\"_blank\" rel=\"noreferrer noopener nofollow\">https:\/\/www.thueringen<\/a><a href=\"https:\/\/www.thueringen.de\">.Delaware<\/a><br>Estado Libre de Sajonia: <a href=\"https:\/\/www.sachsen.de\" target=\"_blank\" rel=\"noreferrer noopener nofollow\">https:\/\/www.sachsen.de<\/a><br>Distrito de Alta Franconia: <a href=\"https:\/\/www.bezirk-oberfranken.de\" target=\"_blank\" rel=\"noreferrer noopener nofollow\">https:\/\/www.bezirk-oberfranken.de<\/a><br>Gobierno de la Alta Franconia: <a href=\"https:\/\/www.regierung.oberfranken.bayern.de\" target=\"_blank\" rel=\"noreferrer noopener nofollow\">https:\/\/www.regierung.oberfranken.bayern.de<\/a><br>Distrito de Hof: <a href=\"https:\/\/www.landkreis-hof.de\" target=\"_blank\" rel=\"noreferrer noopener nofollow\">https:\/\/www.landkreis-hof.de<\/a><br>Distrito de Saale-Orla: <a href=\"https:\/\/www.saale-orla-kreis.de\" target=\"_blank\" rel=\"noreferrer noopener nofollow\">https:\/\/www.saale-orla-kreis.de<\/a><br>Distrito de Vogtland: <a href=\"https:\/\/www.vogtlandkreis.de\" target=\"_blank\" rel=\"noreferrer noopener nofollow\">https:\/\/www.vogtlandkreis.de<\/a><br>Ciudad de Hof: <a href=\"https:\/\/www.hof.de\" target=\"_blank\" rel=\"noreferrer noopener nofollow\">https:\/\/www.hof.de<\/a><br>Ciudad de Plauen: <a href=\"https:\/\/www.plauen.de\" target=\"_blank\" rel=\"noreferrer noopener nofollow\">https:\/\/www.plauen.de<\/a><br>Ciudad Schleiz: <a href=\"https:\/\/www.schleiz.de\" target=\"_blank\" rel=\"noreferrer noopener nofollow\">https:\/\/www.schleiz.de<\/a><br>Municipio de Topen: <a href=\"https:\/\/wwwtoepen.de\" target=\"_blank\" rel=\"noreferrer noopener nofollow\">https:\/\/www.toepen.de<\/a><br>Ciudad Gefell: <a href=\"https:\/\/www.stadt-gefell.de\" target=\"_blank\" rel=\"noreferrer noopener nofollow\">https:\/\/www.stadt-gefell.de<\/a><\/p>\n\n\n\n<h3 class=\"wp-block-heading\">Turismo<\/h3>\n\n\n\n<p>Turismo en Bosque de: <a href=\"https:\/\/www.frankenwald-tourismus.de\" target=\"_blank\" rel=\"noreferrer noopener nofollow\">https:\/\/www.frankenwald-tourismus.de<\/a><br>Parque Natural de Fichtelgebirge: <a href=\"https:\/\/www.fichtelgebirge.bayern\" target=\"_blank\" rel=\"noreferrer noopener nofollow\">https:\/\/www.fichtelgebirge.bayern<\/a><br>Parque natural del Alto Saale: <a href=\"http:\/\/www.thueringer-schiefergebirge-obere-saale.de\" target=\"_blank\" rel=\"noreferrer noopener nofollow\">http:\/\/www.thueringer-schiefergebirge-obere-saale.de<\/a><br>Tourismusverbund Rennsteig-Saaleland e.V.: <a href=\"https:\/\/www.rennsteigsaaleland.de\" target=\"_blank\" rel=\"noreferrer noopener nofollow\">https:\/\/www.rennsteigsaaleland.de<\/a><br>Turismo en Vogtland: <a href=\"https:\/\/www.vogtland-tourismus.de\" target=\"_blank\" rel=\"noreferrer noopener nofollow\">https:\/\/www.vogtland-tourismus.de<\/a><\/p>\n<\/div><\/div>\n\n<\/div><\/article>\n\n<style>.kb-row-layout-id5755_292f19-cf > .kt-row-column-wrap{align-content:start;}:where(.kb-row-layout-id5755_292f19-cf > .kt-row-column-wrap) > .wp-block-kadence-column{justify-content:start;}.kb-row-layout-id5755_292f19-cf > .kt-row-column-wrap{column-gap:var(--global-kb-gap-none, 0rem );row-gap:var(--global-kb-gap-none, 0rem );padding-top:25px;padding-right:25px;padding-bottom:25px;padding-left:25px;grid-template-columns:minmax(0, 1fr);}.kb-row-layout-id5755_292f19-cf > .kt-row-layout-overlay{opacity:0.30;}@media all and (max-width: 1024px){.kb-row-layout-id5755_292f19-cf > .kt-row-column-wrap{grid-template-columns:minmax(0, 1fr);}}@media all and (max-width: 767px){.kb-row-layout-id5755_292f19-cf > .kt-row-column-wrap{grid-template-columns:minmax(0, 1fr);}}<\/style><article class=\"kb-row-layout-wrap kb-row-layout-id5755_292f19-cf alignnone wp-block-kadence-rowlayout\"><div class=\"kt-row-column-wrap kt-has-1-columns kt-row-layout-equal kt-tab-layout-inherit kt-mobile-layout-row kt-row-valign-top\">\n<style>.kadence-column5755_da4e9b-35 > .kt-inside-inner-col,.kadence-column5755_da4e9b-35 > .kt-inside-inner-col:before{border-top-left-radius:0px;border-top-right-radius:0px;border-bottom-right-radius:0px;border-bottom-left-radius:0px;}.kadence-column5755_da4e9b-35 > .kt-inside-inner-col{column-gap:var(--global-kb-gap-sm, 1rem);}.kadence-column5755_da4e9b-35 > .kt-inside-inner-col{flex-direction:column;}.kadence-column5755_da4e9b-35 > .kt-inside-inner-col > .aligncenter{width:100%;}.kadence-column5755_da4e9b-35 > .kt-inside-inner-col:before{opacity:0.3;}.kadence-column5755_da4e9b-35{position:relative;}@media all and (max-width: 1024px){.kadence-column5755_da4e9b-35 > .kt-inside-inner-col{flex-direction:column;justify-content:center;}}@media all and (max-width: 767px){.kadence-column5755_da4e9b-35 > .kt-inside-inner-col{flex-direction:column;justify-content:center;}}<\/style>\n<div class=\"wp-block-kadence-column kadence-column5755_da4e9b-35 inner-column-1\"><div class=\"kt-inside-inner-col\"><\/div><\/div>\n\n<\/div><\/article>\n\n<style>.kb-row-layout-id5755_ad00d5-9c > .kt-row-column-wrap{align-content:start;}:where(.kb-row-layout-id5755_ad00d5-9c > .kt-row-column-wrap) > .wp-block-kadence-column{justify-content:start;}.kb-row-layout-id5755_ad00d5-9c > .kt-row-column-wrap{column-gap:var(--global-kb-gap-none, 0rem );row-gap:var(--global-kb-gap-none, 0rem );padding-top:25px;padding-right:50px;padding-bottom:25px;grid-template-columns:minmax(0, calc(30% - ((var(--global-kb-gap-none, 0rem ) * 2 )\/3)))minmax(0, calc(10% - ((var(--global-kb-gap-none, 0rem ) * 2 )\/3)))minmax(0, calc(60% - ((var(--global-kb-gap-none, 0rem ) * 2 )\/3)));}.kb-row-layout-id5755_ad00d5-9c > .kt-row-layout-overlay{opacity:0.30;}@media all and (max-width: 1024px){.kb-row-layout-id5755_ad00d5-9c > .kt-row-column-wrap > div:not(.added-for-specificity){grid-column:initial;}}@media all and (max-width: 1024px){.kb-row-layout-id5755_ad00d5-9c > .kt-row-column-wrap{grid-template-columns:repeat(3, minmax(0, 1fr));}}@media all and (max-width: 767px){.kb-row-layout-id5755_ad00d5-9c > .kt-row-column-wrap > div:not(.added-for-specificity){grid-column:initial;}.kb-row-layout-id5755_ad00d5-9c > .kt-row-column-wrap{grid-template-columns:minmax(0, 1fr);}}<\/style><article class=\"kb-row-layout-wrap kb-row-layout-id5755_ad00d5-9c alignnone wp-block-kadence-rowlayout\"><div class=\"kt-row-column-wrap kt-has-3-columns kt-row-layout-equal kt-tab-layout-inherit kt-mobile-layout-row kt-row-valign-top\">\n<style>.kadence-column5755_17222b-ae > .kt-inside-inner-col,.kadence-column5755_17222b-ae > .kt-inside-inner-col:before{border-top-left-radius:0px;border-top-right-radius:0px;border-bottom-right-radius:0px;border-bottom-left-radius:0px;}.kadence-column5755_17222b-ae > .kt-inside-inner-col{column-gap:var(--global-kb-gap-sm, 1rem);}.kadence-column5755_17222b-ae > .kt-inside-inner-col{flex-direction:column;}.kadence-column5755_17222b-ae > .kt-inside-inner-col > .aligncenter{width:100%;}.kadence-column5755_17222b-ae > .kt-inside-inner-col:before{opacity:0.3;}.kadence-column5755_17222b-ae{position:relative;}@media all and (max-width: 1024px){.kadence-column5755_17222b-ae > .kt-inside-inner-col{flex-direction:column;justify-content:center;}}@media all and (max-width: 767px){.kadence-column5755_17222b-ae > .kt-inside-inner-col{flex-direction:column;justify-content:center;}}<\/style>\n<div class=\"wp-block-kadence-column kadence-column5755_17222b-ae inner-column-1\"><div class=\"kt-inside-inner-col\"><\/div><\/div>\n\n\n<style>.kadence-column5755_4bf86e-76 > .kt-inside-inner-col,.kadence-column5755_4bf86e-76 > .kt-inside-inner-col:before{border-top-left-radius:0px;border-top-right-radius:0px;border-bottom-right-radius:0px;border-bottom-left-radius:0px;}.kadence-column5755_4bf86e-76 > .kt-inside-inner-col{column-gap:var(--global-kb-gap-sm, 1rem);}.kadence-column5755_4bf86e-76 > .kt-inside-inner-col{flex-direction:column;}.kadence-column5755_4bf86e-76 > .kt-inside-inner-col > .aligncenter{width:100%;}.kadence-column5755_4bf86e-76 > .kt-inside-inner-col:before{opacity:0.3;}.kadence-column5755_4bf86e-76{position:relative;}@media all and (max-width: 1024px){.kadence-column5755_4bf86e-76 > .kt-inside-inner-col{flex-direction:column;justify-content:center;}}@media all and (max-width: 767px){.kadence-column5755_4bf86e-76 > .kt-inside-inner-col{flex-direction:column;justify-content:center;}}<\/style>\n<div class=\"wp-block-kadence-column kadence-column5755_4bf86e-76 inner-column-2\"><div class=\"kt-inside-inner-col\"><\/div><\/div>\n\n\n<style>.kadence-column5755_bca980-ec > .kt-inside-inner-col,.kadence-column5755_bca980-ec > .kt-inside-inner-col:before{border-top-left-radius:0px;border-top-right-radius:0px;border-bottom-right-radius:0px;border-bottom-left-radius:0px;}.kadence-column5755_bca980-ec > .kt-inside-inner-col{column-gap:var(--global-kb-gap-sm, 1rem);}.kadence-column5755_bca980-ec > .kt-inside-inner-col{flex-direction:column;}.kadence-column5755_bca980-ec > .kt-inside-inner-col > .aligncenter{width:100%;}.kadence-column5755_bca980-ec > .kt-inside-inner-col:before{opacity:0.3;}.kadence-column5755_bca980-ec{position:relative;}@media all and (max-width: 1024px){.kadence-column5755_bca980-ec > .kt-inside-inner-col{flex-direction:column;justify-content:center;}}@media all and (max-width: 767px){.kadence-column5755_bca980-ec > .kt-inside-inner-col{padding-top:50px;flex-direction:column;justify-content:center;}}<\/style>\n<div class=\"wp-block-kadence-column kadence-column5755_bca980-ec inner-column-3\"><div class=\"kt-inside-inner-col\"><\/div><\/div>\n\n<\/div><\/article>\n\n\n<p><\/p>","protected":false},"excerpt":{"rendered":"<p>Netzwerke EU-Kulturerbe-Siegel Netzwerk Eiserner Vorhang https:\/\/www.netzwerk-eiserner-vorhang.de Die zweite H\u00e4lfte des 20. Jahrhunderts wurde bestimmt vom Kampf zweier Gesellschaftssysteme. Der Systemgegensatz zwischen Kapitalismus und Kommunismus materialisierte sich als &#8222;Eiserner Vorhang&#8220;, der mitten durch Deutschland und Europa verlief. Heute, rund drei Jahrzehnte nach Ende des Kalten Krieges, vermitteln nur noch wenige Orte eine Vorstellung von dieser einstigen&#8230;<\/p>","protected":false},"author":7,"featured_media":11757,"parent":39,"menu_order":0,"comment_status":"closed","ping_status":"closed","template":"","meta":{"_acf_changed":false,"inline_featured_image":false,"_kad_post_transparent":"","_kad_post_title":"","_kad_post_layout":"","_kad_post_sidebar_id":"","_kad_post_content_style":"","_kad_post_vertical_padding":"","_kad_post_feature":"","_kad_post_feature_position":"","_kad_post_header":false,"_kad_post_footer":false,"_kad_post_classname":"","footnotes":""},"kategorien":[],"class_list":["post-5755","page","type-page","status-publish","has-post-thumbnail","hentry"],"acf":[],"yoast_head":"<!-- This site is optimized with the Yoast SEO plugin v27.5 - https:\/\/yoast.com\/product\/yoast-seo-wordpress\/ -->\n<title>Kooperationen - Deutsch-Deutsches Museum M\u00f6dlareuth<\/title>\n<meta name=\"robots\" content=\"index, follow, max-snippet:-1, max-image-preview:large, max-video-preview:-1\" \/>\n<link rel=\"canonical\" href=\"https:\/\/www.moedlareuth.de\/es\/museum__trashed\/kooperationen\/\" \/>\n<meta property=\"og:locale\" content=\"es_ES\" \/>\n<meta property=\"og:type\" content=\"article\" \/>\n<meta property=\"og:title\" content=\"Kooperationen - Deutsch-Deutsches Museum M\u00f6dlareuth\" \/>\n<meta property=\"og:description\" content=\"Netzwerke EU-Kulturerbe-Siegel Netzwerk Eiserner Vorhang https:\/\/www.netzwerk-eiserner-vorhang.de Die zweite H\u00e4lfte des 20. Jahrhunderts wurde bestimmt vom Kampf zweier Gesellschaftssysteme. Der Systemgegensatz zwischen Kapitalismus und Kommunismus materialisierte sich als &#8222;Eiserner Vorhang&#8220;, der mitten durch Deutschland und Europa verlief. Heute, rund drei Jahrzehnte nach Ende des Kalten Krieges, vermitteln nur noch wenige Orte eine Vorstellung von dieser einstigen...\" \/>\n<meta property=\"og:url\" content=\"https:\/\/www.moedlareuth.de\/es\/museum__trashed\/kooperationen\/\" \/>\n<meta property=\"og:site_name\" content=\"Deutsch-Deutsches Museum M\u00f6dlareuth\" \/>\n<meta property=\"article:modified_time\" content=\"2025-05-09T08:45:21+00:00\" \/>\n<meta name=\"twitter:card\" content=\"summary_large_image\" \/>\n<meta name=\"twitter:label1\" content=\"Tiempo de lectura\" \/>\n\t<meta name=\"twitter:data1\" content=\"3 minutos\" \/>\n<script type=\"application\/ld+json\" class=\"yoast-schema-graph\">{\"@context\":\"https:\\\/\\\/schema.org\",\"@graph\":[{\"@type\":\"WebPage\",\"@id\":\"https:\\\/\\\/www.moedlareuth.de\\\/museum__trashed\\\/kooperationen\\\/\",\"url\":\"https:\\\/\\\/www.moedlareuth.de\\\/museum__trashed\\\/kooperationen\\\/\",\"name\":\"Kooperationen - Deutsch-Deutsches Museum M\u00f6dlareuth\",\"isPartOf\":{\"@id\":\"https:\\\/\\\/moedlareuth.de\\\/preview\\\/#website\"},\"primaryImageOfPage\":{\"@id\":\"https:\\\/\\\/www.moedlareuth.de\\\/museum__trashed\\\/kooperationen\\\/#primaryimage\"},\"image\":{\"@id\":\"https:\\\/\\\/www.moedlareuth.de\\\/museum__trashed\\\/kooperationen\\\/#primaryimage\"},\"thumbnailUrl\":\"https:\\\/\\\/www.moedlareuth.de\\\/wp-content\\\/uploads\\\/2022\\\/05\\\/museum_moedlareuth_logo_grau.svg\",\"datePublished\":\"2022-01-06T13:43:50+00:00\",\"dateModified\":\"2025-05-09T08:45:21+00:00\",\"breadcrumb\":{\"@id\":\"https:\\\/\\\/www.moedlareuth.de\\\/museum__trashed\\\/kooperationen\\\/#breadcrumb\"},\"inLanguage\":\"es\",\"potentialAction\":[{\"@type\":\"ReadAction\",\"target\":[\"https:\\\/\\\/www.moedlareuth.de\\\/museum__trashed\\\/kooperationen\\\/\"]}]},{\"@type\":\"ImageObject\",\"inLanguage\":\"es\",\"@id\":\"https:\\\/\\\/www.moedlareuth.de\\\/museum__trashed\\\/kooperationen\\\/#primaryimage\",\"url\":\"https:\\\/\\\/www.moedlareuth.de\\\/wp-content\\\/uploads\\\/2022\\\/05\\\/museum_moedlareuth_logo_grau.svg\",\"contentUrl\":\"https:\\\/\\\/www.moedlareuth.de\\\/wp-content\\\/uploads\\\/2022\\\/05\\\/museum_moedlareuth_logo_grau.svg\",\"width\":1920,\"height\":1080},{\"@type\":\"BreadcrumbList\",\"@id\":\"https:\\\/\\\/www.moedlareuth.de\\\/museum__trashed\\\/kooperationen\\\/#breadcrumb\",\"itemListElement\":[{\"@type\":\"ListItem\",\"position\":1,\"name\":\"Startseite\",\"item\":\"https:\\\/\\\/www.moedlareuth.de\\\/\"},{\"@type\":\"ListItem\",\"position\":2,\"name\":\"&#8230; \u00dcber das Museum &#8211; wahrscheinlich tot\",\"item\":\"https:\\\/\\\/www.moedlareuth.de\\\/?page_id=39\"},{\"@type\":\"ListItem\",\"position\":3,\"name\":\"Kooperationen\"}]},{\"@type\":\"WebSite\",\"@id\":\"https:\\\/\\\/moedlareuth.de\\\/preview\\\/#website\",\"url\":\"https:\\\/\\\/moedlareuth.de\\\/preview\\\/\",\"name\":\"Deutsch-Deutsches Museum M\u00f6dlareuth\",\"description\":\"Gedenkst\u00e4tte zur deutschen Teilung\",\"publisher\":{\"@id\":\"https:\\\/\\\/moedlareuth.de\\\/preview\\\/#organization\"},\"potentialAction\":[{\"@type\":\"SearchAction\",\"target\":{\"@type\":\"EntryPoint\",\"urlTemplate\":\"https:\\\/\\\/moedlareuth.de\\\/preview\\\/?s={search_term_string}\"},\"query-input\":{\"@type\":\"PropertyValueSpecification\",\"valueRequired\":true,\"valueName\":\"search_term_string\"}}],\"inLanguage\":\"es\"},{\"@type\":\"Organization\",\"@id\":\"https:\\\/\\\/moedlareuth.de\\\/preview\\\/#organization\",\"name\":\"Deutsch-Deutsches Museum M\u00f6dlareuth\",\"url\":\"https:\\\/\\\/moedlareuth.de\\\/preview\\\/\",\"logo\":{\"@type\":\"ImageObject\",\"inLanguage\":\"es\",\"@id\":\"https:\\\/\\\/moedlareuth.de\\\/preview\\\/#\\\/schema\\\/logo\\\/image\\\/\",\"url\":\"https:\\\/\\\/www.moedlareuth.de\\\/wp-content\\\/uploads\\\/2022\\\/02\\\/museum_moedlareuth_logo_hell_zusatz.svg\",\"contentUrl\":\"https:\\\/\\\/www.moedlareuth.de\\\/wp-content\\\/uploads\\\/2022\\\/02\\\/museum_moedlareuth_logo_hell_zusatz.svg\",\"width\":255,\"height\":62,\"caption\":\"Deutsch-Deutsches Museum M\u00f6dlareuth\"},\"image\":{\"@id\":\"https:\\\/\\\/moedlareuth.de\\\/preview\\\/#\\\/schema\\\/logo\\\/image\\\/\"}}]}<\/script>\n<!-- \/ Yoast SEO plugin. -->","yoast_head_json":{"title":"Kooperationen - Deutsch-Deutsches Museum M\u00f6dlareuth","robots":{"index":"index","follow":"follow","max-snippet":"max-snippet:-1","max-image-preview":"max-image-preview:large","max-video-preview":"max-video-preview:-1"},"canonical":"https:\/\/www.moedlareuth.de\/es\/museum__trashed\/kooperationen\/","og_locale":"es_ES","og_type":"article","og_title":"Kooperationen - Deutsch-Deutsches Museum M\u00f6dlareuth","og_description":"Netzwerke EU-Kulturerbe-Siegel Netzwerk Eiserner Vorhang https:\/\/www.netzwerk-eiserner-vorhang.de Die zweite H\u00e4lfte des 20. Jahrhunderts wurde bestimmt vom Kampf zweier Gesellschaftssysteme. Der Systemgegensatz zwischen Kapitalismus und Kommunismus materialisierte sich als &#8222;Eiserner Vorhang&#8220;, der mitten durch Deutschland und Europa verlief. Heute, rund drei Jahrzehnte nach Ende des Kalten Krieges, vermitteln nur noch wenige Orte eine Vorstellung von dieser einstigen...","og_url":"https:\/\/www.moedlareuth.de\/es\/museum__trashed\/kooperationen\/","og_site_name":"Deutsch-Deutsches Museum M\u00f6dlareuth","article_modified_time":"2025-05-09T08:45:21+00:00","twitter_card":"summary_large_image","twitter_misc":{"Tiempo de lectura":"3 minutos"},"schema":{"@context":"https:\/\/schema.org","@graph":[{"@type":"WebPage","@id":"https:\/\/www.moedlareuth.de\/museum__trashed\/kooperationen\/","url":"https:\/\/www.moedlareuth.de\/museum__trashed\/kooperationen\/","name":"Kooperationen - Deutsch-Deutsches Museum M\u00f6dlareuth","isPartOf":{"@id":"https:\/\/moedlareuth.de\/preview\/#website"},"primaryImageOfPage":{"@id":"https:\/\/www.moedlareuth.de\/museum__trashed\/kooperationen\/#primaryimage"},"image":{"@id":"https:\/\/www.moedlareuth.de\/museum__trashed\/kooperationen\/#primaryimage"},"thumbnailUrl":"https:\/\/www.moedlareuth.de\/wp-content\/uploads\/2022\/05\/museum_moedlareuth_logo_grau.svg","datePublished":"2022-01-06T13:43:50+00:00","dateModified":"2025-05-09T08:45:21+00:00","breadcrumb":{"@id":"https:\/\/www.moedlareuth.de\/museum__trashed\/kooperationen\/#breadcrumb"},"inLanguage":"es","potentialAction":[{"@type":"ReadAction","target":["https:\/\/www.moedlareuth.de\/museum__trashed\/kooperationen\/"]}]},{"@type":"ImageObject","inLanguage":"es","@id":"https:\/\/www.moedlareuth.de\/museum__trashed\/kooperationen\/#primaryimage","url":"https:\/\/www.moedlareuth.de\/wp-content\/uploads\/2022\/05\/museum_moedlareuth_logo_grau.svg","contentUrl":"https:\/\/www.moedlareuth.de\/wp-content\/uploads\/2022\/05\/museum_moedlareuth_logo_grau.svg","width":1920,"height":1080},{"@type":"BreadcrumbList","@id":"https:\/\/www.moedlareuth.de\/museum__trashed\/kooperationen\/#breadcrumb","itemListElement":[{"@type":"ListItem","position":1,"name":"Startseite","item":"https:\/\/www.moedlareuth.de\/"},{"@type":"ListItem","position":2,"name":"&#8230; \u00dcber das Museum &#8211; wahrscheinlich tot","item":"https:\/\/www.moedlareuth.de\/?page_id=39"},{"@type":"ListItem","position":3,"name":"Kooperationen"}]},{"@type":"WebSite","@id":"https:\/\/moedlareuth.de\/preview\/#website","url":"https:\/\/moedlareuth.de\/preview\/","name":"Deutsch-Deutsches Museum M\u00f6dlareuth","description":"Monumento a la divisi\u00f3n de Alemania","publisher":{"@id":"https:\/\/moedlareuth.de\/preview\/#organization"},"potentialAction":[{"@type":"SearchAction","target":{"@type":"EntryPoint","urlTemplate":"https:\/\/moedlareuth.de\/preview\/?s={search_term_string}"},"query-input":{"@type":"PropertyValueSpecification","valueRequired":true,"valueName":"search_term_string"}}],"inLanguage":"es"},{"@type":"Organization","@id":"https:\/\/moedlareuth.de\/preview\/#organization","name":"Deutsch-Deutsches Museum M\u00f6dlareuth","url":"https:\/\/moedlareuth.de\/preview\/","logo":{"@type":"ImageObject","inLanguage":"es","@id":"https:\/\/moedlareuth.de\/preview\/#\/schema\/logo\/image\/","url":"https:\/\/www.moedlareuth.de\/wp-content\/uploads\/2022\/02\/museum_moedlareuth_logo_hell_zusatz.svg","contentUrl":"https:\/\/www.moedlareuth.de\/wp-content\/uploads\/2022\/02\/museum_moedlareuth_logo_hell_zusatz.svg","width":255,"height":62,"caption":"Deutsch-Deutsches Museum M\u00f6dlareuth"},"image":{"@id":"https:\/\/moedlareuth.de\/preview\/#\/schema\/logo\/image\/"}}]}},"_links":{"self":[{"href":"https:\/\/www.moedlareuth.de\/es\/wp-json\/wp\/v2\/pages\/5755","targetHints":{"allow":["GET"]}}],"collection":[{"href":"https:\/\/www.moedlareuth.de\/es\/wp-json\/wp\/v2\/pages"}],"about":[{"href":"https:\/\/www.moedlareuth.de\/es\/wp-json\/wp\/v2\/types\/page"}],"author":[{"embeddable":true,"href":"https:\/\/www.moedlareuth.de\/es\/wp-json\/wp\/v2\/users\/7"}],"replies":[{"embeddable":true,"href":"https:\/\/www.moedlareuth.de\/es\/wp-json\/wp\/v2\/comments?post=5755"}],"version-history":[{"count":9,"href":"https:\/\/www.moedlareuth.de\/es\/wp-json\/wp\/v2\/pages\/5755\/revisions"}],"predecessor-version":[{"id":14862,"href":"https:\/\/www.moedlareuth.de\/es\/wp-json\/wp\/v2\/pages\/5755\/revisions\/14862"}],"up":[{"embeddable":true,"href":"https:\/\/www.moedlareuth.de\/es\/wp-json\/wp\/v2\/pages\/39"}],"wp:featuredmedia":[{"embeddable":true,"href":"https:\/\/www.moedlareuth.de\/es\/wp-json\/wp\/v2\/media\/11757"}],"wp:attachment":[{"href":"https:\/\/www.moedlareuth.de\/es\/wp-json\/wp\/v2\/media?parent=5755"}],"wp:term":[{"taxonomy":"kategorien","embeddable":true,"href":"https:\/\/www.moedlareuth.de\/es\/wp-json\/wp\/v2\/kategorien?post=5755"}],"curies":[{"name":"wp","href":"https:\/\/api.w.org\/{rel}","templated":true}]}}