{"version":"1.0","provider_name":"Deutsch-Deutsches Museum M\u00f6dlareuth","provider_url":"https:\/\/www.moedlareuth.de\/es","author_name":"Ronald Schricker","author_url":"https:\/\/www.moedlareuth.de\/es\/author\/rs-lra-hof\/","title":"Teilabriss der Mauer am 17. Juni 1990 - Deutsch-Deutsches Museum M\u00f6dlareuth","type":"rich","width":600,"height":338,"html":"<blockquote class=\"wp-embedded-content\" data-secret=\"AoGXg5Hxds\"><a href=\"https:\/\/www.moedlareuth.de\/es\/teilabriss-der-mauer-am-17-juni-1990\/\">Derribo parcial del muro el 17 de junio de 1990<\/a><\/blockquote><iframe sandbox=\"allow-scripts\" security=\"restricted\" src=\"https:\/\/www.moedlareuth.de\/es\/teilabriss-der-mauer-am-17-juni-1990\/embed\/#?secret=AoGXg5Hxds\" width=\"600\" height=\"338\" title=\"\u00abTeilabriss der Mauer am 17. Juni 1990\u00bb \u2014 Deutsch-Deutsches Museum M\u00f6dlareuth\" data-secret=\"AoGXg5Hxds\" frameborder=\"0\" marginwidth=\"0\" marginheight=\"0\" scrolling=\"no\" class=\"wp-embedded-content\"><\/iframe><script>\n\/*! This file is auto-generated *\/\n!function(d,l){\"use strict\";l.querySelector&&d.addEventListener&&\"undefined\"!=typeof URL&&(d.wp=d.wp||{},d.wp.receiveEmbedMessage||(d.wp.receiveEmbedMessage=function(e){var t=e.data;if((t||t.secret||t.message||t.value)&&!\/[^a-zA-Z0-9]\/.test(t.secret)){for(var s,r,n,a=l.querySelectorAll('iframe[data-secret=\"'+t.secret+'\"]'),o=l.querySelectorAll('blockquote[data-secret=\"'+t.secret+'\"]'),c=new RegExp(\"^https?:$\",\"i\"),i=0;i<o.length;i++)o[i].style.display=\"none\";for(i=0;i<a.length;i++)s=a[i],e.source===s.contentWindow&&(s.removeAttribute(\"style\"),\"height\"===t.message?(1e3<(r=parseInt(t.value,10))?r=1e3:~~r<200&&(r=200),s.height=r):\"link\"===t.message&&(r=new URL(s.getAttribute(\"src\")),n=new URL(t.value),c.test(n.protocol))&&n.host===r.host&&l.activeElement===s&&(d.top.location.href=t.value))}},d.addEventListener(\"message\",d.wp.receiveEmbedMessage,!1),l.addEventListener(\"DOMContentLoaded\",function(){for(var e,t,s=l.querySelectorAll(\"iframe.wp-embedded-content\"),r=0;r<s.length;r++)(t=(e=s[r]).getAttribute(\"data-secret\"))||(t=Math.random().toString(36).substring(2,12),e.src+=\"#?secret=\"+t,e.setAttribute(\"data-secret\",t)),e.contentWindow.postMessage({message:\"ready\",secret:t},\"*\")},!1)))}(window,document);\n\/\/# sourceURL=https:\/\/www.moedlareuth.de\/wp-includes\/js\/wp-embed.min.js\n<\/script>","thumbnail_url":"https:\/\/moedlareuth.de\/preview\/wp-content\/uploads\/2021\/06\/pa-061-00428.jpg","thumbnail_width":1169,"thumbnail_height":788,"description":"W\u00e4hrend der Feierlichkeiten zum \u201eTag der Deutschen Einheit\u201c und zur Erinnerung an die Niederschlagung des Volksaufstandes in der DDR von 1953, riss am 17. Juni 1990 ein Bagger, unter den Augen begeisterter Menschen, Teile der M\u00f6dlareuth Mauer ein. Initiiert hatte diese Aktion der damalige T\u00f6pener B\u00fcrgermeister Arnold Friedrich. In diesem historischen Augenblick entstand die Idee,..."}