{"version":"1.0","provider_name":"Deutsch-Deutsches Museum M\u00f6dlareuth","provider_url":"https:\/\/www.moedlareuth.de\/es","author_name":"Susan Burger","author_url":"https:\/\/www.moedlareuth.de\/es\/author\/s-burger\/","title":"Neue Dauerausstellung \u2013 Umzug eines weiteren Gro\u00dfobjekts - Deutsch-Deutsches Museum M\u00f6dlareuth","type":"rich","width":600,"height":338,"html":"<blockquote class=\"wp-embedded-content\" data-secret=\"z0OGBlyTXk\"><a href=\"https:\/\/www.moedlareuth.de\/es\/neue-dauerausstellung-umzug-eines-weiteren-grossobjekts\/\">Neue Dauerausstellung \u2013 Umzug eines weiteren Gro\u00dfobjekts<\/a><\/blockquote><iframe sandbox=\"allow-scripts\" security=\"restricted\" src=\"https:\/\/www.moedlareuth.de\/es\/neue-dauerausstellung-umzug-eines-weiteren-grossobjekts\/embed\/#?secret=z0OGBlyTXk\" width=\"600\" height=\"338\" title=\"\u00abNeue Dauerausstellung \u2013 Umzug eines weiteren Gro\u00dfobjekts\u00bb \u2014 Deutsch-Deutsches Museum M\u00f6dlareuth\" data-secret=\"z0OGBlyTXk\" frameborder=\"0\" marginwidth=\"0\" marginheight=\"0\" scrolling=\"no\" class=\"wp-embedded-content\"><\/iframe><script>\n\/*! This file is auto-generated *\/\n!function(d,l){\"use strict\";l.querySelector&&d.addEventListener&&\"undefined\"!=typeof URL&&(d.wp=d.wp||{},d.wp.receiveEmbedMessage||(d.wp.receiveEmbedMessage=function(e){var t=e.data;if((t||t.secret||t.message||t.value)&&!\/[^a-zA-Z0-9]\/.test(t.secret)){for(var s,r,n,a=l.querySelectorAll('iframe[data-secret=\"'+t.secret+'\"]'),o=l.querySelectorAll('blockquote[data-secret=\"'+t.secret+'\"]'),c=new RegExp(\"^https?:$\",\"i\"),i=0;i<o.length;i++)o[i].style.display=\"none\";for(i=0;i<a.length;i++)s=a[i],e.source===s.contentWindow&&(s.removeAttribute(\"style\"),\"height\"===t.message?(1e3<(r=parseInt(t.value,10))?r=1e3:~~r<200&&(r=200),s.height=r):\"link\"===t.message&&(r=new URL(s.getAttribute(\"src\")),n=new URL(t.value),c.test(n.protocol))&&n.host===r.host&&l.activeElement===s&&(d.top.location.href=t.value))}},d.addEventListener(\"message\",d.wp.receiveEmbedMessage,!1),l.addEventListener(\"DOMContentLoaded\",function(){for(var e,t,s=l.querySelectorAll(\"iframe.wp-embedded-content\"),r=0;r<s.length;r++)(t=(e=s[r]).getAttribute(\"data-secret\"))||(t=Math.random().toString(36).substring(2,12),e.src+=\"#?secret=\"+t,e.setAttribute(\"data-secret\",t)),e.contentWindow.postMessage({message:\"ready\",secret:t},\"*\")},!1)))}(window,document);\n\/\/# sourceURL=https:\/\/www.moedlareuth.de\/wp-includes\/js\/wp-embed.min.js\n<\/script>","thumbnail_url":"https:\/\/www.moedlareuth.de\/wp-content\/uploads\/2025\/04\/07_Dowa-haengt_quer-scaled.jpg","thumbnail_width":2560,"thumbnail_height":2005,"description":"Die Arbeiten am Museumsneubau und f\u00fcr die neue Dauerausstellung laufen auf Hochtouren \u2013 am 4. April 2025 wurde ein weiteres Gro\u00dfobjekt in die neue 500 m\u00b2 gro\u00dfe Ausstellungshalle transportiert. Im vergangenen Jahr war als erstes Exponat bereits ein Segment der Berliner Mauer in das neue Geb\u00e4ude verbracht worden: Aufgrund von dessen Gr\u00f6\u00dfe und Gewicht musste..."}