{"version":"1.0","provider_name":"Deutsch-Deutsches Museum M\u00f6dlareuth","provider_url":"https:\/\/www.moedlareuth.de\/es","author_name":"Robert Lebegern","author_url":"https:\/\/www.moedlareuth.de\/es\/author\/rl-lra-hof\/","title":"29. Sitzung der Zweckverbandsversammlung - Deutsch-Deutsches Museum M\u00f6dlareuth","type":"rich","width":600,"height":338,"html":"<blockquote class=\"wp-embedded-content\" data-secret=\"FUjAyHE2m9\"><a href=\"https:\/\/www.moedlareuth.de\/es\/29-sitzung-der-zweckverbandsversammlung\/\">29. Sitzung der Zweckverbandsversammlung<\/a><\/blockquote><iframe sandbox=\"allow-scripts\" security=\"restricted\" src=\"https:\/\/www.moedlareuth.de\/es\/29-sitzung-der-zweckverbandsversammlung\/embed\/#?secret=FUjAyHE2m9\" width=\"600\" height=\"338\" title=\"\u00ab29. Sitzung der Zweckverbandsversammlung\u00bb \u2014 Deutsch-Deutsches Museum M\u00f6dlareuth\" data-secret=\"FUjAyHE2m9\" frameborder=\"0\" marginwidth=\"0\" marginheight=\"0\" scrolling=\"no\" class=\"wp-embedded-content\"><\/iframe><script>\n\/*! This file is auto-generated *\/\n!function(d,l){\"use strict\";l.querySelector&&d.addEventListener&&\"undefined\"!=typeof URL&&(d.wp=d.wp||{},d.wp.receiveEmbedMessage||(d.wp.receiveEmbedMessage=function(e){var t=e.data;if((t||t.secret||t.message||t.value)&&!\/[^a-zA-Z0-9]\/.test(t.secret)){for(var s,r,n,a=l.querySelectorAll('iframe[data-secret=\"'+t.secret+'\"]'),o=l.querySelectorAll('blockquote[data-secret=\"'+t.secret+'\"]'),c=new RegExp(\"^https?:$\",\"i\"),i=0;i<o.length;i++)o[i].style.display=\"none\";for(i=0;i<a.length;i++)s=a[i],e.source===s.contentWindow&&(s.removeAttribute(\"style\"),\"height\"===t.message?(1e3<(r=parseInt(t.value,10))?r=1e3:~~r<200&&(r=200),s.height=r):\"link\"===t.message&&(r=new URL(s.getAttribute(\"src\")),n=new URL(t.value),c.test(n.protocol))&&n.host===r.host&&l.activeElement===s&&(d.top.location.href=t.value))}},d.addEventListener(\"message\",d.wp.receiveEmbedMessage,!1),l.addEventListener(\"DOMContentLoaded\",function(){for(var e,t,s=l.querySelectorAll(\"iframe.wp-embedded-content\"),r=0;r<s.length;r++)(t=(e=s[r]).getAttribute(\"data-secret\"))||(t=Math.random().toString(36).substring(2,12),e.src+=\"#?secret=\"+t,e.setAttribute(\"data-secret\",t)),e.contentWindow.postMessage({message:\"ready\",secret:t},\"*\")},!1)))}(window,document);\n\/\/# sourceURL=https:\/\/www.moedlareuth.de\/wp-includes\/js\/wp-embed.min.js\n<\/script>","thumbnail_url":"https:\/\/moedlareuth.de\/preview\/wp-content\/uploads\/2021\/03\/29.-Sitzung-Zweckverbandsversammlung01-e1618462537364.jpg","thumbnail_width":1400,"thumbnail_height":681,"description":"Die Planungen f\u00fcr die Erweiterung des Deutsch-Deutschen Museums M\u00f6dlareuth schreiten weiter voran. Der Zweckverband informierte in seiner 29. Sitzung am 16.03.2021 in der Turnhalle in T\u00f6pen \u00fcber den aktuellen Sachstand, beschloss den Haushalt f\u00fcr 2021 und gab einen Ausblick auf die als N\u00e4chstes anstehenden Ma\u00dfnahmen. Zudem wurde ein Projektausschuss berufen. Nachdem die n\u00f6tigen Abstimmungen mit..."}