{"id":53,"date":"2015-11-24T15:52:02","date_gmt":"2015-11-24T14:52:02","guid":{"rendered":"http:\/\/www.moedlareuth.de\/?page_id=53"},"modified":"2026-01-08T11:30:12","modified_gmt":"2026-01-08T10:30:12","slug":"impressum","status":"publish","type":"page","link":"https:\/\/www.moedlareuth.de\/en\/impressum\/","title":{"rendered":"Imprint"},"content":{"rendered":"<div data-elementor-type=\"wp-page\" data-elementor-id=\"53\" class=\"elementor elementor-53\" data-elementor-post-type=\"page\">\n\t\t\t\t\t\t<section class=\"ob-is-breaking-bad elementor-section elementor-top-section elementor-element elementor-element-24ae8f05 elementor-section-boxed elementor-section-height-default elementor-section-height-default\" data-id=\"24ae8f05\" data-element_type=\"section\" data-e-type=\"section\" data-settings=\"{&quot;_ob_bbad_use_it&quot;:&quot;yes&quot;,&quot;_ob_bbad_sssic_use&quot;:&quot;no&quot;}\">\n\t\t\t\t\t\t<div class=\"elementor-container elementor-column-gap-default\">\n\t\t\t\t\t<div class=\"elementor-column elementor-col-100 elementor-top-column elementor-element elementor-element-556d6e4c\" data-id=\"556d6e4c\" data-element_type=\"column\" data-e-type=\"column\" data-settings=\"{&quot;_ob_bbad_is_stalker&quot;:&quot;no&quot;,&quot;_ob_column_hoveranimator&quot;:&quot;no&quot;,&quot;_ob_column_has_pseudo&quot;:&quot;no&quot;}\">\n\t\t\t<div class=\"elementor-widget-wrap elementor-element-populated\">\n\t\t\t\t\t\t<div class=\"elementor-element elementor-element-246bed00 ob-harakiri-inherit ob-has-background-overlay elementor-widget elementor-widget-text-editor\" data-id=\"246bed00\" data-element_type=\"widget\" data-e-type=\"widget\" data-settings=\"{&quot;_ob_use_harakiri&quot;:&quot;yes&quot;,&quot;_ob_harakiri_writing_mode&quot;:&quot;inherit&quot;,&quot;_ob_postman_use&quot;:&quot;no&quot;,&quot;_ob_poopart_use&quot;:&quot;yes&quot;,&quot;_ob_allow_hoveranimator&quot;:&quot;no&quot;,&quot;_ob_widget_stalker_use&quot;:&quot;no&quot;}\" data-widget_type=\"text-editor.default\">\n\t\t\t\t<div class=\"elementor-widget-container\">\n\t\t\t\t\t\t\t\t\t<div class=\"wp-block-kadence-rowlayout alignnone\">\n<div id=\"kt-layout-id_96dbca-81\" class=\"kt-row-layout-inner kt-layout-id_96dbca-81\">\n<div class=\"kt-row-column-wrap kt-has-2-columns kt-gutter-none kt-v-gutter-none kt-row-valign-top kt-row-layout-equal kt-tab-layout-inherit kt-m-colapse-left-to-right kt-mobile-layout-row\">\n<p><style>.kadence-column_337039-9c > .kt-inside-inner-col{padding-left:50px;}.kadence-column_337039-9c > .kt-inside-inner-col{border-top-width:0px;border-right-width:0px;border-bottom-width:0px;border-left-width:0px;}.kadence-column_337039-9c > .kt-inside-inner-col,.kadence-column_337039-9c > .kt-inside-inner-col:before{border-top-left-radius:0px;border-top-right-radius:0px;border-bottom-right-radius:0px;border-bottom-left-radius:0px;}.kadence-column_337039-9c > .kt-inside-inner-col{column-gap:var(--global-kb-gap-sm, 1rem);}.kadence-column_337039-9c > .kt-inside-inner-col{flex-direction:column;}.kadence-column_337039-9c > .kt-inside-inner-col > .aligncenter{width:100%;}.kadence-column_337039-9c > .kt-inside-inner-col:before{opacity:0.3;}.kadence-column_337039-9c{position:relative;}@media all and (max-width: 1024px){.kadence-column_337039-9c > .kt-inside-inner-col{flex-direction:column;justify-content:center;}}@media all and (max-width: 767px){.kadence-column_337039-9c > .kt-inside-inner-col{flex-direction:column;justify-content:center;}}<\/style><\/p>\n<div class=\"wp-block-kadence-column inner-column-1 kadence-column_337039-9c\">\n<div class=\"kt-inside-inner-col\">\n<p><\/p>\n<p><strong>Herausgeber:<\/strong><br \/>Zweckverband Deutsch-Deutsches Museum M\u00f6dlareuth,<br \/>Christine Franz<br \/>Schaumbergstrasse 14<br \/>95032 yard<\/p>\n<p><\/p>\n<p>Tel. +49 9281\/57-288<br \/>E-mail: <a href=\"mailto:christine.franz@landkreis-hof.de\">christine.franz@landkreis-hof.de<\/a><\/p>\n<p><\/p>\n<p>Der Zweckverband ist eine K\u00f6rperschaft d.\u00f6.R., vertreten durch den Landrat Dr. Oliver B\u00e4r.<br \/>Aufsichtsbeh\u00f6rde: Regierung von Oberfranken<\/p>\n<p><\/p>\n<p><strong>Verantwortlich im Sinne des Presserechts:<br \/><\/strong>Robert Lebegern M.A.<br \/>Deutsch-Deutsches Museum M\u00f6dlareuth<br \/>M\u00f6dlareuth 14<br \/>95183 T\u00f6pen<br \/>Tel. 09295-91501-22<br \/>e-mail: <a href=\"mailto:robert.lebegern@museum-moedlareuth.de\">robert.lebegern@museum-moedlareuth.de<\/a><\/p>\n<p><\/p>\n<p><strong>Technischer Ansprechpartner:<\/strong><br \/>Landkreis Hof<br \/>Digitale Medien<br \/>Alexander Volkmar<br \/>Telephone: +49 9281\/57-0<br \/>Fax:\u00a0 09281\/57-11-294<br \/>E-mail:\u00a0<a href=\"mailto:webmaster@landkreis-hof.de\">alexander.volkmar@landkreis-hof.de<\/a><\/p>\n<p><\/p>\n<p><strong>Sponsored by:<\/strong><\/p>\n<p><a href=\"https:\/\/kulturstaatsminister.de\/\">https:\/\/kulturstaatsminister.de\/<\/a><\/p>\n<p><\/p>\n<\/div>\n<\/div>\n<p><style>.kadence-column_e5f81e-20 > .kt-inside-inner-col{padding-left:50px;}.kadence-column_e5f81e-20 > .kt-inside-inner-col{border-top-width:0px;border-right-width:0px;border-bottom-width:0px;border-left-width:0px;}.kadence-column_e5f81e-20 > .kt-inside-inner-col,.kadence-column_e5f81e-20 > .kt-inside-inner-col:before{border-top-left-radius:0px;border-top-right-radius:0px;border-bottom-right-radius:0px;border-bottom-left-radius:0px;}.kadence-column_e5f81e-20 > .kt-inside-inner-col{column-gap:var(--global-kb-gap-sm, 1rem);}.kadence-column_e5f81e-20 > .kt-inside-inner-col{flex-direction:column;}.kadence-column_e5f81e-20 > .kt-inside-inner-col > .aligncenter{width:100%;}.kadence-column_e5f81e-20 > .kt-inside-inner-col:before{opacity:0.3;}.kadence-column_e5f81e-20{position:relative;}@media all and (max-width: 1024px){.kadence-column_e5f81e-20 > .kt-inside-inner-col{flex-direction:column;justify-content:center;}}@media all and (max-width: 767px){.kadence-column_e5f81e-20 > .kt-inside-inner-col{flex-direction:column;justify-content:center;}}<\/style><\/p>\n<div class=\"wp-block-kadence-column inner-column-2 kadence-column_e5f81e-20\">\n<div class=\"kt-inside-inner-col\">\n<p><\/p>\n<p><strong>Externe Verweise (Links):<\/strong><br \/>Trotz sorgf\u00e4ltiger inhaltlicher Kontrolle \u00fcbernehmen wir keine Haftung f\u00fcr die Inhalte externer Links. F\u00fcr den Inhalt der verlinkten Seiten sind ausschlie\u00dflich deren Betreiber verantwortlich.<\/p>\n<p><\/p>\n<p><strong>Haftungsausschluss:<\/strong><br \/>Das Landratsamt Hof hat alle in seinem Bereich bereitgestellten Informationen nach bestem Wissen und Gewissen erarbeitet und gepr\u00fcft. Es wird jedoch keine Gew\u00e4hr f\u00fcr die Aktualit\u00e4t, Richtigkeit, Vollst\u00e4ndigkeit oder Qualit\u00e4t und jederzeitige Verf\u00fcgbarkeit der bereitgestellten Informationen \u00fcbernommen.<\/p>\n<p><\/p>\n<p>Das Landratsamt Hof und seine Bediensteten haften nicht f\u00fcr Sch\u00e4den, die durch die Nutzung oder Nichtnutzung der im Internetangebot des Landratsamtes Hof angebotenen Informationen entstehen. F\u00fcr etwaige Sch\u00e4den, die beim Aufrufen oder Herunterladen von Daten durch Computerviren oder der Installation oder Nutzung von Software verursacht werden, wird nicht gehaftet. Das Landratsamt Hof beh\u00e4lt sich ausdr\u00fccklich vor, einzelne Webseiten oder das gesamte Angebot ohne gesonderte Ank\u00fcndigung zu ver\u00e4ndern, zu erg\u00e4nzen, zu l\u00f6schen oder die Ver\u00f6ffentlichung zeitweise oder endg\u00fcltig einzustellen.<\/p>\n<p><\/p>\n<p><strong>Elektronische Kommunikation:<\/strong><br \/>Aus technischen und organisatorischen Gr\u00fcnden k\u00f6nnen wir derzeit noch keine verschl\u00fcsselten E-Mails empfangen bzw. elektronische Signaturen nicht auf G\u00fcltigkeit und Echtheit \u00fcberpr\u00fcfen.<\/p>\n<p><\/p>\n<p>Dokumente, die der Schriftform (z. B. Widerspr\u00fcche) oder einer f\u00f6rmlichen Zustellung unterliegen, k\u00f6nnen nicht per E-Mail \u00fcbersandt werden. Rechtlich verbindliche Willenserkl\u00e4rungen dieser Art, die per E-Mail \u00fcbersendet werden, gelten als nicht abgegeben. Sie werden in diesen F\u00e4llen gebeten, die bisherigen Kommunikationswege (Brief, Fax) zu nutzen.<\/p>\n<p><\/p>\n<p><strong>Design &amp; Erstellung der Webseite:\u00a0\u00a0<\/strong><\/p>\n<p><\/p>\n<p>Kreativunion Werbeagentur <br \/>Schnetter Stra\u00dfe 4<br \/>98667 Sch\u00f6nbrunn b. Hildburghausen<br \/><a title=\"Werbeagentur Th\u00fcringen Webdesign Suhl\" href=\"https:\/\/www.kreativunion.de\" target=\"_blank\" rel=\"noopener\">www.kreativunion.de<\/a><\/p>\n<p><\/p>\n<\/div>\n<\/div>\n<p><\/p>\n<\/div>\n<\/div>\n<\/div>\n<p><!-- \/wp:kadence\/rowlayout --><\/p>\t\t\t\t\t\t\t\t<\/div>\n\t\t\t\t<\/div>\n\t\t\t\t\t<\/div>\n\t\t<\/div>\n\t\t\t\t\t<\/div>\n\t\t<\/section>\n\t\t\t\t<\/div>","protected":false},"excerpt":{"rendered":"<p>Herausgeber:Zweckverband Deutsch-Deutsches Museum M\u00f6dlareuth,Christine FranzSchaumbergstra\u00dfe 1495032 Hof Telefon: 09281\/57-288E-Mail: christine.franz@landkreis-hof.de Der Zweckverband ist eine K\u00f6rperschaft d.\u00f6.R., vertreten durch den Landrat Dr. Oliver B\u00e4r.Aufsichtsbeh\u00f6rde: Regierung von Oberfranken Verantwortlich im Sinne des Presserechts:Robert Lebegern M.A.Deutsch-Deutsches Museum M\u00f6dlareuthM\u00f6dlareuth 1495183 T\u00f6penTel. 09295-91501-22E-Mail robert.lebegern@museum-moedlareuth.de Technischer Ansprechpartner:Landkreis HofDigitale MedienAlexander VolkmarTelefon: 09281\/57-0Fax:\u00a0 09281\/57-11-294E-Mail:\u00a0alexander.volkmar@landkreis-hof.de Gef\u00f6rdert von: https:\/\/kulturstaatsminister.de\/ Externe Verweise (Links):Trotz sorgf\u00e4ltiger inhaltlicher Kontrolle&#8230;<\/p>","protected":false},"author":1,"featured_media":0,"parent":0,"menu_order":0,"comment_status":"closed","ping_status":"closed","template":"","meta":{"_acf_changed":false,"inline_featured_image":false,"_kad_post_transparent":"","_kad_post_title":"","_kad_post_layout":"","_kad_post_sidebar_id":"","_kad_post_content_style":"","_kad_post_vertical_padding":"","_kad_post_feature":"","_kad_post_feature_position":"","_kad_post_header":false,"_kad_post_footer":false,"_kad_post_classname":"","footnotes":""},"kategorien":[],"class_list":["post-53","page","type-page","status-publish","hentry"],"acf":[],"yoast_head":"<!-- This site is optimized with the Yoast SEO plugin v27.4 - https:\/\/yoast.com\/product\/yoast-seo-wordpress\/ -->\n<title>Impressum - Deutsch-Deutsches Museum M\u00f6dlareuth<\/title>\n<meta name=\"robots\" content=\"index, follow, max-snippet:-1, max-image-preview:large, max-video-preview:-1\" \/>\n<link rel=\"canonical\" href=\"https:\/\/www.moedlareuth.de\/en\/impressum\/\" \/>\n<meta property=\"og:locale\" content=\"en_GB\" \/>\n<meta property=\"og:type\" content=\"article\" \/>\n<meta property=\"og:title\" content=\"Impressum - Deutsch-Deutsches Museum M\u00f6dlareuth\" \/>\n<meta property=\"og:description\" content=\"Herausgeber:Zweckverband Deutsch-Deutsches Museum M\u00f6dlareuth,Christine FranzSchaumbergstra\u00dfe 1495032 Hof Telefon: 09281\/57-288E-Mail: christine.franz@landkreis-hof.de Der Zweckverband ist eine K\u00f6rperschaft d.\u00f6.R., vertreten durch den Landrat Dr. Oliver B\u00e4r.Aufsichtsbeh\u00f6rde: Regierung von Oberfranken Verantwortlich im Sinne des Presserechts:Robert Lebegern M.A.Deutsch-Deutsches Museum M\u00f6dlareuthM\u00f6dlareuth 1495183 T\u00f6penTel. 09295-91501-22E-Mail robert.lebegern@museum-moedlareuth.de Technischer Ansprechpartner:Landkreis HofDigitale MedienAlexander VolkmarTelefon: 09281\/57-0Fax:\u00a0 09281\/57-11-294E-Mail:\u00a0alexander.volkmar@landkreis-hof.de Gef\u00f6rdert von: https:\/\/kulturstaatsminister.de\/ Externe Verweise (Links):Trotz sorgf\u00e4ltiger inhaltlicher Kontrolle...\" \/>\n<meta property=\"og:url\" content=\"https:\/\/www.moedlareuth.de\/en\/impressum\/\" \/>\n<meta property=\"og:site_name\" content=\"Deutsch-Deutsches Museum M\u00f6dlareuth\" \/>\n<meta property=\"article:modified_time\" content=\"2026-01-08T10:30:12+00:00\" \/>\n<meta name=\"twitter:card\" content=\"summary_large_image\" \/>\n<meta name=\"twitter:label1\" content=\"Estimated reading time\" \/>\n\t<meta name=\"twitter:data1\" content=\"2 minutes\" \/>\n<script type=\"application\/ld+json\" class=\"yoast-schema-graph\">{\"@context\":\"https:\\\/\\\/schema.org\",\"@graph\":[{\"@type\":\"WebPage\",\"@id\":\"https:\\\/\\\/www.moedlareuth.de\\\/impressum\\\/\",\"url\":\"https:\\\/\\\/www.moedlareuth.de\\\/impressum\\\/\",\"name\":\"Impressum - Deutsch-Deutsches Museum M\u00f6dlareuth\",\"isPartOf\":{\"@id\":\"https:\\\/\\\/moedlareuth.de\\\/preview\\\/#website\"},\"datePublished\":\"2015-11-24T14:52:02+00:00\",\"dateModified\":\"2026-01-08T10:30:12+00:00\",\"breadcrumb\":{\"@id\":\"https:\\\/\\\/www.moedlareuth.de\\\/impressum\\\/#breadcrumb\"},\"inLanguage\":\"en-GB\",\"potentialAction\":[{\"@type\":\"ReadAction\",\"target\":[\"https:\\\/\\\/www.moedlareuth.de\\\/impressum\\\/\"]}]},{\"@type\":\"BreadcrumbList\",\"@id\":\"https:\\\/\\\/www.moedlareuth.de\\\/impressum\\\/#breadcrumb\",\"itemListElement\":[{\"@type\":\"ListItem\",\"position\":1,\"name\":\"Startseite\",\"item\":\"https:\\\/\\\/www.moedlareuth.de\\\/\"},{\"@type\":\"ListItem\",\"position\":2,\"name\":\"Impressum\"}]},{\"@type\":\"WebSite\",\"@id\":\"https:\\\/\\\/moedlareuth.de\\\/preview\\\/#website\",\"url\":\"https:\\\/\\\/moedlareuth.de\\\/preview\\\/\",\"name\":\"Deutsch-Deutsches Museum M\u00f6dlareuth\",\"description\":\"Gedenkst\u00e4tte zur deutschen Teilung\",\"publisher\":{\"@id\":\"https:\\\/\\\/moedlareuth.de\\\/preview\\\/#organization\"},\"potentialAction\":[{\"@type\":\"SearchAction\",\"target\":{\"@type\":\"EntryPoint\",\"urlTemplate\":\"https:\\\/\\\/moedlareuth.de\\\/preview\\\/?s={search_term_string}\"},\"query-input\":{\"@type\":\"PropertyValueSpecification\",\"valueRequired\":true,\"valueName\":\"search_term_string\"}}],\"inLanguage\":\"en-GB\"},{\"@type\":\"Organization\",\"@id\":\"https:\\\/\\\/moedlareuth.de\\\/preview\\\/#organization\",\"name\":\"Deutsch-Deutsches Museum M\u00f6dlareuth\",\"url\":\"https:\\\/\\\/moedlareuth.de\\\/preview\\\/\",\"logo\":{\"@type\":\"ImageObject\",\"inLanguage\":\"en-GB\",\"@id\":\"https:\\\/\\\/moedlareuth.de\\\/preview\\\/#\\\/schema\\\/logo\\\/image\\\/\",\"url\":\"https:\\\/\\\/www.moedlareuth.de\\\/wp-content\\\/uploads\\\/2022\\\/02\\\/museum_moedlareuth_logo_hell_zusatz.svg\",\"contentUrl\":\"https:\\\/\\\/www.moedlareuth.de\\\/wp-content\\\/uploads\\\/2022\\\/02\\\/museum_moedlareuth_logo_hell_zusatz.svg\",\"width\":255,\"height\":62,\"caption\":\"Deutsch-Deutsches Museum M\u00f6dlareuth\"},\"image\":{\"@id\":\"https:\\\/\\\/moedlareuth.de\\\/preview\\\/#\\\/schema\\\/logo\\\/image\\\/\"}}]}<\/script>\n<!-- \/ Yoast SEO plugin. -->","yoast_head_json":{"title":"Impressum - Deutsch-Deutsches Museum M\u00f6dlareuth","robots":{"index":"index","follow":"follow","max-snippet":"max-snippet:-1","max-image-preview":"max-image-preview:large","max-video-preview":"max-video-preview:-1"},"canonical":"https:\/\/www.moedlareuth.de\/en\/impressum\/","og_locale":"en_GB","og_type":"article","og_title":"Impressum - Deutsch-Deutsches Museum M\u00f6dlareuth","og_description":"Herausgeber:Zweckverband Deutsch-Deutsches Museum M\u00f6dlareuth,Christine FranzSchaumbergstra\u00dfe 1495032 Hof Telefon: 09281\/57-288E-Mail: christine.franz@landkreis-hof.de Der Zweckverband ist eine K\u00f6rperschaft d.\u00f6.R., vertreten durch den Landrat Dr. Oliver B\u00e4r.Aufsichtsbeh\u00f6rde: Regierung von Oberfranken Verantwortlich im Sinne des Presserechts:Robert Lebegern M.A.Deutsch-Deutsches Museum M\u00f6dlareuthM\u00f6dlareuth 1495183 T\u00f6penTel. 09295-91501-22E-Mail robert.lebegern@museum-moedlareuth.de Technischer Ansprechpartner:Landkreis HofDigitale MedienAlexander VolkmarTelefon: 09281\/57-0Fax:\u00a0 09281\/57-11-294E-Mail:\u00a0alexander.volkmar@landkreis-hof.de Gef\u00f6rdert von: https:\/\/kulturstaatsminister.de\/ Externe Verweise (Links):Trotz sorgf\u00e4ltiger inhaltlicher Kontrolle...","og_url":"https:\/\/www.moedlareuth.de\/en\/impressum\/","og_site_name":"Deutsch-Deutsches Museum M\u00f6dlareuth","article_modified_time":"2026-01-08T10:30:12+00:00","twitter_card":"summary_large_image","twitter_misc":{"Estimated reading time":"2 minutes"},"schema":{"@context":"https:\/\/schema.org","@graph":[{"@type":"WebPage","@id":"https:\/\/www.moedlareuth.de\/impressum\/","url":"https:\/\/www.moedlareuth.de\/impressum\/","name":"Impressum - Deutsch-Deutsches Museum M\u00f6dlareuth","isPartOf":{"@id":"https:\/\/moedlareuth.de\/preview\/#website"},"datePublished":"2015-11-24T14:52:02+00:00","dateModified":"2026-01-08T10:30:12+00:00","breadcrumb":{"@id":"https:\/\/www.moedlareuth.de\/impressum\/#breadcrumb"},"inLanguage":"en-GB","potentialAction":[{"@type":"ReadAction","target":["https:\/\/www.moedlareuth.de\/impressum\/"]}]},{"@type":"BreadcrumbList","@id":"https:\/\/www.moedlareuth.de\/impressum\/#breadcrumb","itemListElement":[{"@type":"ListItem","position":1,"name":"Startseite","item":"https:\/\/www.moedlareuth.de\/"},{"@type":"ListItem","position":2,"name":"Impressum"}]},{"@type":"WebSite","@id":"https:\/\/moedlareuth.de\/preview\/#website","url":"https:\/\/moedlareuth.de\/preview\/","name":"Deutsch-Deutsches Museum M\u00f6dlareuth","description":"Memorial to the division of Germany","publisher":{"@id":"https:\/\/moedlareuth.de\/preview\/#organization"},"potentialAction":[{"@type":"SearchAction","target":{"@type":"EntryPoint","urlTemplate":"https:\/\/moedlareuth.de\/preview\/?s={search_term_string}"},"query-input":{"@type":"PropertyValueSpecification","valueRequired":true,"valueName":"search_term_string"}}],"inLanguage":"en-GB"},{"@type":"Organization","@id":"https:\/\/moedlareuth.de\/preview\/#organization","name":"Deutsch-Deutsches Museum M\u00f6dlareuth","url":"https:\/\/moedlareuth.de\/preview\/","logo":{"@type":"ImageObject","inLanguage":"en-GB","@id":"https:\/\/moedlareuth.de\/preview\/#\/schema\/logo\/image\/","url":"https:\/\/www.moedlareuth.de\/wp-content\/uploads\/2022\/02\/museum_moedlareuth_logo_hell_zusatz.svg","contentUrl":"https:\/\/www.moedlareuth.de\/wp-content\/uploads\/2022\/02\/museum_moedlareuth_logo_hell_zusatz.svg","width":255,"height":62,"caption":"Deutsch-Deutsches Museum M\u00f6dlareuth"},"image":{"@id":"https:\/\/moedlareuth.de\/preview\/#\/schema\/logo\/image\/"}}]}},"_links":{"self":[{"href":"https:\/\/www.moedlareuth.de\/en\/wp-json\/wp\/v2\/pages\/53","targetHints":{"allow":["GET"]}}],"collection":[{"href":"https:\/\/www.moedlareuth.de\/en\/wp-json\/wp\/v2\/pages"}],"about":[{"href":"https:\/\/www.moedlareuth.de\/en\/wp-json\/wp\/v2\/types\/page"}],"author":[{"embeddable":true,"href":"https:\/\/www.moedlareuth.de\/en\/wp-json\/wp\/v2\/users\/1"}],"replies":[{"embeddable":true,"href":"https:\/\/www.moedlareuth.de\/en\/wp-json\/wp\/v2\/comments?post=53"}],"version-history":[{"count":10,"href":"https:\/\/www.moedlareuth.de\/en\/wp-json\/wp\/v2\/pages\/53\/revisions"}],"predecessor-version":[{"id":16442,"href":"https:\/\/www.moedlareuth.de\/en\/wp-json\/wp\/v2\/pages\/53\/revisions\/16442"}],"wp:attachment":[{"href":"https:\/\/www.moedlareuth.de\/en\/wp-json\/wp\/v2\/media?parent=53"}],"wp:term":[{"taxonomy":"kategorien","embeddable":true,"href":"https:\/\/www.moedlareuth.de\/en\/wp-json\/wp\/v2\/kategorien?post=53"}],"curies":[{"name":"wp","href":"https:\/\/api.w.org\/{rel}","templated":true}]}}