{"version":"1.0","provider_name":"Deutsch-Deutsches Museum M\u00f6dlareuth","provider_url":"https:\/\/www.moedlareuth.de\/en","author_name":"Ronald Schricker","author_url":"https:\/\/www.moedlareuth.de\/en\/author\/rs-lra-hof\/","title":"Finanzierung f\u00fcr M\u00f6dlareuth steht - Deutsch-Deutsches Museum M\u00f6dlareuth","type":"rich","width":600,"height":338,"html":"<blockquote class=\"wp-embedded-content\" data-secret=\"d1s2O4RIW8\"><a href=\"https:\/\/www.moedlareuth.de\/en\/finanzierung-fuer-moedlareuth-steht\/\">Finanzierung f\u00fcr M\u00f6dlareuth steht<\/a><\/blockquote><iframe sandbox=\"allow-scripts\" security=\"restricted\" src=\"https:\/\/www.moedlareuth.de\/en\/finanzierung-fuer-moedlareuth-steht\/embed\/#?secret=d1s2O4RIW8\" width=\"600\" height=\"338\" title=\"&#8220;Finanzierung f\u00fcr M\u00f6dlareuth steht&#8221; &#8212; Deutsch-Deutsches Museum M\u00f6dlareuth\" data-secret=\"d1s2O4RIW8\" frameborder=\"0\" marginwidth=\"0\" marginheight=\"0\" scrolling=\"no\" class=\"wp-embedded-content\"><\/iframe><script>\n\/*! This file is auto-generated *\/\n!function(d,l){\"use strict\";l.querySelector&&d.addEventListener&&\"undefined\"!=typeof URL&&(d.wp=d.wp||{},d.wp.receiveEmbedMessage||(d.wp.receiveEmbedMessage=function(e){var t=e.data;if((t||t.secret||t.message||t.value)&&!\/[^a-zA-Z0-9]\/.test(t.secret)){for(var s,r,n,a=l.querySelectorAll('iframe[data-secret=\"'+t.secret+'\"]'),o=l.querySelectorAll('blockquote[data-secret=\"'+t.secret+'\"]'),c=new RegExp(\"^https?:$\",\"i\"),i=0;i<o.length;i++)o[i].style.display=\"none\";for(i=0;i<a.length;i++)s=a[i],e.source===s.contentWindow&&(s.removeAttribute(\"style\"),\"height\"===t.message?(1e3<(r=parseInt(t.value,10))?r=1e3:~~r<200&&(r=200),s.height=r):\"link\"===t.message&&(r=new URL(s.getAttribute(\"src\")),n=new URL(t.value),c.test(n.protocol))&&n.host===r.host&&l.activeElement===s&&(d.top.location.href=t.value))}},d.addEventListener(\"message\",d.wp.receiveEmbedMessage,!1),l.addEventListener(\"DOMContentLoaded\",function(){for(var e,t,s=l.querySelectorAll(\"iframe.wp-embedded-content\"),r=0;r<s.length;r++)(t=(e=s[r]).getAttribute(\"data-secret\"))||(t=Math.random().toString(36).substring(2,12),e.src+=\"#?secret=\"+t,e.setAttribute(\"data-secret\",t)),e.contentWindow.postMessage({message:\"ready\",secret:t},\"*\")},!1)))}(window,document);\n\/\/# sourceURL=https:\/\/www.moedlareuth.de\/wp-includes\/js\/wp-embed.min.js\n<\/script>","thumbnail_url":"https:\/\/moedlareuth.de\/preview\/wp-content\/uploads\/2019\/02\/DSC_0239-e1550664540476.jpg","thumbnail_width":1400,"thumbnail_height":933,"description":"Gute Nachrichten f\u00fcr das Deutsch-Deutsche Museum in M\u00f6dlareuth. Insgesamt elf Millionen Euro, jeweils zur H\u00e4lfte von Bund und Freistaat Bayern, sind f\u00fcr die Erweiterung des Museums zugesagt. Dazu flie\u00dfen 800.000 Euro vom Freistaat Th\u00fcringen in das Gro\u00dfprojekt. Dar\u00fcber hat Vorsitzender Landrat Dr. Oliver B\u00e4r bei der\u00a0Versammlung des Zweckverbandes Deutsch-Deutsches Museum M\u00f6dlareuth informiert. Jetzt startet der..."}