{"id":5755,"date":"2022-01-06T14:43:50","date_gmt":"2022-01-06T13:43:50","guid":{"rendered":"http:\/\/moedlareuth.kreativunion.de\/?page_id=5755"},"modified":"2025-05-09T10:45:21","modified_gmt":"2025-05-09T08:45:21","slug":"kooperationen","status":"publish","type":"page","link":"https:\/\/www.moedlareuth.de\/cs\/museum\/kooperationen\/","title":{"rendered":"Spolupr\u00e1ce"},"content":{"rendered":"<style>.kb-row-layout-id5755_fd917a-35 > .kt-row-column-wrap{align-content:start;}:where(.kb-row-layout-id5755_fd917a-35 > .kt-row-column-wrap) > .wp-block-kadence-column{justify-content:start;}.kb-row-layout-id5755_fd917a-35 > .kt-row-column-wrap{column-gap:20px;row-gap:var(--global-kb-gap-none, 0rem );padding-top:25px;padding-right:50px;padding-bottom:25px;padding-left:50px;grid-template-columns:minmax(0, calc(45% - ((20px * 2 )\/3)))minmax(0, calc(10% - ((20px * 2 )\/3)))minmax(0, calc(45% - ((20px * 2 )\/3)));}.kb-row-layout-id5755_fd917a-35 > .kt-row-layout-overlay{opacity:0.30;}@media all and (max-width: 1024px){.kb-row-layout-id5755_fd917a-35 > .kt-row-column-wrap > div:not(.added-for-specificity){grid-column:initial;}}@media all and (max-width: 1024px){.kb-row-layout-id5755_fd917a-35 > .kt-row-column-wrap{grid-template-columns:repeat(3, minmax(0, 1fr));}}@media all and (max-width: 767px){.kb-row-layout-id5755_fd917a-35 > .kt-row-column-wrap > div:not(.added-for-specificity){grid-column:initial;}.kb-row-layout-id5755_fd917a-35 > .kt-row-column-wrap{grid-template-columns:minmax(0, 1fr);}}<\/style><article class=\"kb-row-layout-wrap kb-row-layout-id5755_fd917a-35 alignnone wp-block-kadence-rowlayout\"><div class=\"kt-row-column-wrap kt-has-3-columns kt-row-layout-equal kt-tab-layout-inherit kt-mobile-layout-row kt-row-valign-top\">\n<style>.kadence-column5755_b58d11-78 > .kt-inside-inner-col,.kadence-column5755_b58d11-78 > .kt-inside-inner-col:before{border-top-left-radius:0px;border-top-right-radius:0px;border-bottom-right-radius:0px;border-bottom-left-radius:0px;}.kadence-column5755_b58d11-78 > .kt-inside-inner-col{column-gap:var(--global-kb-gap-sm, 1rem);}.kadence-column5755_b58d11-78 > .kt-inside-inner-col{flex-direction:column;}.kadence-column5755_b58d11-78 > .kt-inside-inner-col > .aligncenter{width:100%;}.kadence-column5755_b58d11-78 > .kt-inside-inner-col:before{opacity:0.3;}.kadence-column5755_b58d11-78{position:relative;}@media all and (max-width: 1024px){.kadence-column5755_b58d11-78 > .kt-inside-inner-col{flex-direction:column;justify-content:center;}}@media all and (max-width: 767px){.kadence-column5755_b58d11-78 > .kt-inside-inner-col{flex-direction:column;justify-content:center;}}<\/style>\n<div class=\"wp-block-kadence-column kadence-column5755_b58d11-78 inner-column-1\"><div class=\"kt-inside-inner-col\">\n<h3 class=\"wp-block-heading\">Partnersk\u00e9 instituce<\/h3>\n\n\n\n<p><strong>Mezin\u00e1rodn\u00ed projekt \u017delezn\u00e1 opona - Pe\u010de\u0165 evropsk\u00e9ho kulturn\u00edho d\u011bdictv\u00ed \nDruh\u00e1 polovina 20.stolet\u00ed byla poznamen\u00e1na konfrontac\u00ed dvou zcela protich\u016fdn\u00fdch spole\u010densk\u00fdch syst\u00e9m\u016f \u2013 kapitalismu a komunismu. Z\u00e1sadn\u00ed rozd\u00edly mezi ob\u011bma syst\u00e9my se zhmotnily v podob\u011b \u201e\u017delezn\u00e9 opony\u201c, kter\u00e1 se t\u00e1hla st\u0159edem N\u011bmecka a cel\u00e9 Evropy.<br><br>\nDnes, zhruba t\u0159i desetilet\u00ed po konci studen\u00e9 v\u00e1lky, najdeme jen m\u00e1lo m\u00edst, kter\u00e1 n\u00e1m zprost\u0159edkov\u00e1vaj\u00ed ur\u010ditou p\u0159edstavu o tehdej\u0161\u00ed politick\u00e9, hospod\u00e1\u0159sk\u00e9 a p\u0159edev\u0161\u00edm vojensk\u00e9 situaci rozd\u011blen\u00e9ho N\u011bmecka. Tato realita a bezprost\u0159edn\u011b hroz\u00edc\u00ed konfrontace, kter\u00e1 mohla    v\u00e9st k eskalaci jadern\u00e9ho konfliktu s\u00a0nedoz\u00edrn\u00fdmi n\u00e1sledky, je pro sou\u010dasnou generaci t\u011b\u017eko p\u0159edstaviteln\u00e1.<br><br>\nProjekt \u201e\u017delezn\u00e1 opona\u201c propojuje lokality na b\u00fdval\u00e9 hranici, kter\u00e9 v\u00a0r\u016fzn\u00fdch aspektech zt\u011bles\u0148uj\u00ed  a zn\u00e1zor\u0148uj\u00ed tuto konfrontaci znep\u0159\u00e1telen\u00fdch syst\u00e9m\u016f v\u00a0N\u011bmecku. C\u00edlem projektu je pod\u00e1vat sou\u010dasn\u00fdm a budouc\u00edm generac\u00edm sv\u011bdectv\u00ed nejen o tomto temn\u00e9m obdob\u00ed d\u011bjin, ale i o jeho p\u0159ekon\u00e1n\u00ed a p\u00e1du \u017delezn\u00e9 opony. <\/strong><br><a href=\"https:\/\/www.netzwerk-eiserner-vorhang.de\/\">https:\/\/www.netzwerk-eiserner-vorhang.de<\/a><\/p>\n\n\n\n<p class=\"translation-block\"><br \/><\/p>\n\n\n\n<p><br><strong><br>Historick\u00fd spolek Durynsko<br><br>Jakou hodnotu m\u00e1 pro n\u00e1s demokracie? Jak vn\u00edm\u00e1me svobodu - jako v\u00fdsadu nebo b\u0159emeno? Pro\u010d je t\u0159eba zab\u00fdvat se histori\u00ed? Je mo\u017en\u00e9 v\u00a0dne\u0161n\u00ed dob\u011b svobodn\u011b projevit sv\u016fj n\u00e1zor? Bylo d\u0159\u00edve v\u0161echno lep\u0161\u00ed? Co si dnes p\u0159edstavujeme pod pojmem NDR? Jak ovliv\u0148uje historie n\u00e1\u0161 \u017eivot? <br><br>\nV\u00edce ne\u017e 30 let po z\u00e1niku NDR existuje st\u00e1le spousta lid\u00ed, kte\u0159\u00ed se t\u011bmito ot\u00e1zkami zab\u00fdvaj\u00ed. Ve spolkov\u00e9 zemi Durynsko je v\u00fdzkum historie NDR a vypo\u0159\u00e1d\u00e1n\u00ed se s\u00a0jej\u00edmi n\u00e1sledky p\u0159edm\u011btem z\u00e1jmu mnoha instituc\u00ed. V\u00a0roce 2009 byl zalo\u017een Historick\u00fd spolek Durynsko za \u00fa\u010delem pos\u00edlen\u00ed vz\u00e1jemn\u00e9 spolupr\u00e1ce mezi jednotliv\u00fdmi subjekty. Webov\u00e9 str\u00e1nky sdru\u017een\u00ed jsou propojeny s\u00a0projektem \u201eLernlandschaft Th\u00fcringen\u201c a poskytuj\u00ed p\u0159ehled pam\u011btn\u00edch a vzpom\u00ednkov\u00fdch m\u00edst, seznam poraden a kontaktn\u00edch osob. V\u00a0kalend\u00e1\u0159i se m\u016f\u017eete informovat  o ud\u00e1lostech a pl\u00e1novan\u00fdch aktivit\u00e1ch.<br><br>\nP\u0159ejeme v\u00e1m mnoho informativn\u00edch z\u00e1\u017eitk\u016f a t\u011b\u0161\u00edme se na va\u0161i n\u00e1v\u0161t\u011bvu v\u00a0n\u011bkter\u00e9m z\u00a0na\u0161ich za\u0159\u00edzen\u00ed.<br><\/strong><a href=\" https:\/\/geschichtsverbund-thueringen.de\/\"> https:\/\/geschichtsverbund-thueringen.de<\/a><\/p>\n\n\n\n<p>-<\/p>\n\n\n\n<h3 class=\"wp-block-heading\">Partnersk\u00e9 instituce (spolupr\u00e1ce\/partne\u0159i)<\/h3>\n\n\n\n<ul class=\"wp-block-list\">\n<li>Akademie pro vzd\u011bl\u00e1v\u00e1n\u00ed u\u010ditel\u016f a person\u00e1ln\u00ed management Dillingen<\/li>\n\n\n\n<li>Bavorsk\u00e9 st\u00e1tn\u00ed centrum pro politickou v\u00fdchovu<\/li>\n\n\n\n<li>Bavorsk\u00fd hlavn\u00ed st\u00e1tn\u00ed archiv<\/li>\n\n\n\n<li>feder\u00e1ln\u00ed archiv<\/li>\n\n\n\n<li>Feder\u00e1ln\u00ed nadace pro p\u0159ehodnocen\u00ed diktatury SED<\/li>\n\n\n\n<li>Feder\u00e1ln\u00ed agentura pro ob\u010dansk\u00e9 vzd\u011bl\u00e1v\u00e1n\u00ed<\/li>\n\n\n\n<li>Landesamt f\u00fcr Denkmalpflege Sachsen<\/li>\n\n\n\n<li>Muzeum DMZ Ji\u017en\u00ed Korea<\/li>\n\n\n\n<li>Euroregion Egrensis<\/li>\n\n\n\n<li>Evangelick\u00e1 akademie v Tutzingu<\/li>\n\n\n\n<li>Fernweh-Park, Oberkotzau<\/li>\n\n\n\n<li>V\u00fdzkumn\u00e9 sdru\u017een\u00ed SED state, FU Berl\u00edn<\/li>\n\n\n\n<li>St\u00e1tn\u00ed \u00fa\u0159ad pro nevl\u00e1dn\u00ed muzea v Bavorsku<\/li>\n\n\n\n<li>St\u00e1tn\u00ed centrum pro politickou v\u00fdchovu Durynsko<\/li>\n\n\n\n<li>Bavorsk\u00e9 muzeum Vogtland Hof<\/li>\n\n\n\n<li>Muzeum historie ko\u017eelu\u017estv\u00ed a m\u011bsta Hirschberg<\/li>\n\n\n\n<li>Durynsk\u00fd muzejn\u00ed spolek<\/li>\n\n\n\n<li>Nadace Horn\u00ed Franky<\/li>\n\n\n\n<li>Q3 \u010ctvrtlet\u00ed pro Media.Education.Adventure, Office Durynsko<\/li>\n\n\n\n<li>Sask\u00fd st\u00e1tn\u00ed \u00fa\u0159ad pro muzea<\/li>\n\n\n\n<li>St\u00e1tn\u00ed \u0161kolsk\u00fd \u00fa\u0159ad V\u00fdchodn\u00ed Durynsko<\/li>\n\n\n\n<li>St\u00e1tn\u00ed archivy Greiz a Rudolstadt<\/li>\n\n\n\n<li>M\u011bstsk\u00e9 archivy v Hof\/Saale, Schleiz a Bad Lobenstein<\/li>\n\n\n\n<li>Durynsk\u00e1 nadace na ochranu p\u0159\u00edrody<\/li>\n\n\n\n<li>Durynsk\u00fd institut pro p\u0159\u00edpravu u\u010ditel\u016f, tvorbu osnov a m\u00e9dia<\/li>\n\n\n\n<li>Universit\u00e4ten \u2013 Universit\u00e4t Eichst\u00e4tt\/ Universit\u00e4t T\u00fcbingen<\/li>\n\n\n\n<li>Sdru\u017een\u00ed N\u011bmecko-n\u011bmeck\u00e9 muzeum M\u00f6dlareuth eV<\/li>\n\n\n\n<li>Vogtland 89 zapsan\u00fd spolek<\/li>\n<\/ul>\n<\/div><\/div>\n\n\n<style>.kadence-column5755_ae48f4-de > .kt-inside-inner-col,.kadence-column5755_ae48f4-de > .kt-inside-inner-col:before{border-top-left-radius:0px;border-top-right-radius:0px;border-bottom-right-radius:0px;border-bottom-left-radius:0px;}.kadence-column5755_ae48f4-de > .kt-inside-inner-col{column-gap:var(--global-kb-gap-sm, 1rem);}.kadence-column5755_ae48f4-de > .kt-inside-inner-col{flex-direction:column;}.kadence-column5755_ae48f4-de > .kt-inside-inner-col > .aligncenter{width:100%;}.kadence-column5755_ae48f4-de > .kt-inside-inner-col:before{opacity:0.3;}.kadence-column5755_ae48f4-de{position:relative;}@media all and (max-width: 1024px){.kadence-column5755_ae48f4-de > .kt-inside-inner-col{flex-direction:column;justify-content:center;}}@media all and (max-width: 767px){.kadence-column5755_ae48f4-de > .kt-inside-inner-col{flex-direction:column;justify-content:center;}}<\/style>\n<div class=\"wp-block-kadence-column kadence-column5755_ae48f4-de inner-column-2\"><div class=\"kt-inside-inner-col\"><\/div><\/div>\n\n\n<style>.kadence-column5755_d87930-b8 > .kt-inside-inner-col,.kadence-column5755_d87930-b8 > .kt-inside-inner-col:before{border-top-left-radius:0px;border-top-right-radius:0px;border-bottom-right-radius:0px;border-bottom-left-radius:0px;}.kadence-column5755_d87930-b8 > .kt-inside-inner-col{column-gap:var(--global-kb-gap-sm, 1rem);}.kadence-column5755_d87930-b8 > .kt-inside-inner-col{flex-direction:column;}.kadence-column5755_d87930-b8 > .kt-inside-inner-col > .aligncenter{width:100%;}.kadence-column5755_d87930-b8 > .kt-inside-inner-col:before{opacity:0.3;}.kadence-column5755_d87930-b8{position:relative;}@media all and (max-width: 1024px){.kadence-column5755_d87930-b8 > .kt-inside-inner-col{flex-direction:column;justify-content:center;}}@media all and (max-width: 767px){.kadence-column5755_d87930-b8 > .kt-inside-inner-col{flex-direction:column;justify-content:center;}}<\/style>\n<div class=\"wp-block-kadence-column kadence-column5755_d87930-b8 inner-column-3\"><div class=\"kt-inside-inner-col\">\n<h3 class=\"wp-block-heading\">M\u00edstn\u00ed  \u00fa\u0159ady<\/h3>\n\n\n\n<p>Beauftragter des Bundes f\u00fcr Kultur und Medien: <br><a href=\"https:\/\/kulturstaatsminister.de\/\" target=\"_blank\" rel=\"noreferrer noopener nofollow\">https:\/\/kulturstaatsminister.de<\/a><br>Svobodn\u00fd st\u00e1t Bavorsko: <a href=\"https:\/\/www.bayern.de\" target=\"_blank\" rel=\"noreferrer noopener nofollow\">https:\/\/www.bayern.de<\/a><br>Svobodn\u00fd st\u00e1t Durynsko: <a href=\"https:\/\/www.thueringen.de\" target=\"_blank\" rel=\"noreferrer noopener nofollow\">https:\/\/www.thueringen<\/a><a href=\"https:\/\/www.thueringen.de\">.de<\/a><br>Svobodn\u00fd st\u00e1t Sasko: <a href=\"https:\/\/www.sachsen.de\" target=\"_blank\" rel=\"noreferrer noopener nofollow\">https:\/\/www.sachsen.de<\/a><br>Okres Horn\u00ed Franky: <a href=\"https:\/\/www.bezirk-oberfranken.de\" target=\"_blank\" rel=\"noreferrer noopener nofollow\">https:\/\/www.bezirk-oberfranken.de<\/a><br>Vl\u00e1da Horn\u00ed Franky: <a href=\"https:\/\/www.regierung.oberfranken.bayern.de\" target=\"_blank\" rel=\"noreferrer noopener nofollow\">https:\/\/www.regierung.oberfranken.bayern.de<\/a><br>Okres Hof: <a href=\"https:\/\/www.landkreis-hof.de\" target=\"_blank\" rel=\"noreferrer noopener nofollow\">https:\/\/www.landkreis-hof.de<\/a><br>Okres Saale-Orla: <a href=\"https:\/\/www.saale-orla-kreis.de\" target=\"_blank\" rel=\"noreferrer noopener nofollow\">https:\/\/www.saale-orla-kreis.de<\/a><br>okres Vogtland: <a href=\"https:\/\/www.vogtlandkreis.de\" target=\"_blank\" rel=\"noreferrer noopener nofollow\">https:\/\/www.vogtlandkreis.de<\/a><br>M\u011bsto Hof: <a href=\"https:\/\/www.hof.de\" target=\"_blank\" rel=\"noreferrer noopener nofollow\">https:\/\/www.hof.de<\/a><br>M\u011bsto Plauen: <a href=\"https:\/\/www.plauen.de\" target=\"_blank\" rel=\"noreferrer noopener nofollow\">https:\/\/www.plauen.de<\/a><br>M\u011bsto Schleiz: <a href=\"https:\/\/www.schleiz.de\" target=\"_blank\" rel=\"noreferrer noopener nofollow\">https:\/\/www.schleiz.de<\/a><br>Obec Topen: <a href=\"https:\/\/wwwtoepen.de\" target=\"_blank\" rel=\"noreferrer noopener nofollow\">https:\/\/www.toepen.de<\/a><br>M\u011bsto Gefell: <a href=\"https:\/\/www.stadt-gefell.de\" target=\"_blank\" rel=\"noreferrer noopener nofollow\">https:\/\/www.stadt-gefell.de<\/a><\/p>\n\n\n\n<h3 class=\"wp-block-heading\">Turismus<\/h3>\n\n\n\n<p>Turistick\u00fd svaz Frankenwald: <a href=\"https:\/\/www.frankenwald-tourismus.de\" target=\"_blank\" rel=\"noreferrer noopener nofollow\">https:\/\/www.frankenwald-tourismus.de<\/a><br>P\u0159\u00edrodn\u00ed park Smr\u010diny: <a href=\"https:\/\/www.fichtelgebirge.bayern\" target=\"_blank\" rel=\"noreferrer noopener nofollow\">https:\/\/www.fichtelgebirge.bayern<\/a><br>P\u0159\u00edrodn\u00ed park Durynsk\u00e9 b\u0159idlicov\u00e9 vrchy: <a href=\"http:\/\/www.thueringer-schiefergebirge-obere-saale.de\" target=\"_blank\" rel=\"noreferrer noopener nofollow\">http:\/\/www.thueringer-schiefergebirge-obere-saale.de<\/a><br>Turistick\u00e9 sdru\u017een\u00ed Rennsteig-Saaleland e.V.: <a href=\"https:\/\/www.rennsteigsaaleland.de\" target=\"_blank\" rel=\"noreferrer noopener nofollow\">https:\/\/www.rennsteigsaaleland.de<\/a><br>Turistick\u00fd svaz Vogtland: <a href=\"https:\/\/www.vogtland-tourismus.de\" target=\"_blank\" rel=\"noreferrer noopener nofollow\">https:\/\/www.vogtland-tourismus.de<\/a><\/p>\n<\/div><\/div>\n\n<\/div><\/article>\n\n<style>.kb-row-layout-id5755_292f19-cf > .kt-row-column-wrap{align-content:start;}:where(.kb-row-layout-id5755_292f19-cf > .kt-row-column-wrap) > .wp-block-kadence-column{justify-content:start;}.kb-row-layout-id5755_292f19-cf > .kt-row-column-wrap{column-gap:var(--global-kb-gap-none, 0rem );row-gap:var(--global-kb-gap-none, 0rem );padding-top:25px;padding-right:25px;padding-bottom:25px;padding-left:25px;grid-template-columns:minmax(0, 1fr);}.kb-row-layout-id5755_292f19-cf > .kt-row-layout-overlay{opacity:0.30;}@media all and (max-width: 1024px){.kb-row-layout-id5755_292f19-cf > .kt-row-column-wrap{grid-template-columns:minmax(0, 1fr);}}@media all and (max-width: 767px){.kb-row-layout-id5755_292f19-cf > .kt-row-column-wrap{grid-template-columns:minmax(0, 1fr);}}<\/style><article class=\"kb-row-layout-wrap kb-row-layout-id5755_292f19-cf alignnone wp-block-kadence-rowlayout\"><div class=\"kt-row-column-wrap kt-has-1-columns kt-row-layout-equal kt-tab-layout-inherit kt-mobile-layout-row kt-row-valign-top\">\n<style>.kadence-column5755_da4e9b-35 > .kt-inside-inner-col,.kadence-column5755_da4e9b-35 > .kt-inside-inner-col:before{border-top-left-radius:0px;border-top-right-radius:0px;border-bottom-right-radius:0px;border-bottom-left-radius:0px;}.kadence-column5755_da4e9b-35 > .kt-inside-inner-col{column-gap:var(--global-kb-gap-sm, 1rem);}.kadence-column5755_da4e9b-35 > .kt-inside-inner-col{flex-direction:column;}.kadence-column5755_da4e9b-35 > .kt-inside-inner-col > .aligncenter{width:100%;}.kadence-column5755_da4e9b-35 > .kt-inside-inner-col:before{opacity:0.3;}.kadence-column5755_da4e9b-35{position:relative;}@media all and (max-width: 1024px){.kadence-column5755_da4e9b-35 > .kt-inside-inner-col{flex-direction:column;justify-content:center;}}@media all and (max-width: 767px){.kadence-column5755_da4e9b-35 > .kt-inside-inner-col{flex-direction:column;justify-content:center;}}<\/style>\n<div class=\"wp-block-kadence-column kadence-column5755_da4e9b-35 inner-column-1\"><div class=\"kt-inside-inner-col\"><\/div><\/div>\n\n<\/div><\/article>\n\n<style>.kb-row-layout-id5755_ad00d5-9c > .kt-row-column-wrap{align-content:start;}:where(.kb-row-layout-id5755_ad00d5-9c > .kt-row-column-wrap) > .wp-block-kadence-column{justify-content:start;}.kb-row-layout-id5755_ad00d5-9c > .kt-row-column-wrap{column-gap:var(--global-kb-gap-none, 0rem );row-gap:var(--global-kb-gap-none, 0rem );padding-top:25px;padding-right:50px;padding-bottom:25px;grid-template-columns:minmax(0, calc(30% - ((var(--global-kb-gap-none, 0rem ) * 2 )\/3)))minmax(0, calc(10% - ((var(--global-kb-gap-none, 0rem ) * 2 )\/3)))minmax(0, calc(60% - ((var(--global-kb-gap-none, 0rem ) * 2 )\/3)));}.kb-row-layout-id5755_ad00d5-9c > .kt-row-layout-overlay{opacity:0.30;}@media all and (max-width: 1024px){.kb-row-layout-id5755_ad00d5-9c > .kt-row-column-wrap > div:not(.added-for-specificity){grid-column:initial;}}@media all and (max-width: 1024px){.kb-row-layout-id5755_ad00d5-9c > .kt-row-column-wrap{grid-template-columns:repeat(3, minmax(0, 1fr));}}@media all and (max-width: 767px){.kb-row-layout-id5755_ad00d5-9c > .kt-row-column-wrap > div:not(.added-for-specificity){grid-column:initial;}.kb-row-layout-id5755_ad00d5-9c > .kt-row-column-wrap{grid-template-columns:minmax(0, 1fr);}}<\/style><article class=\"kb-row-layout-wrap kb-row-layout-id5755_ad00d5-9c alignnone wp-block-kadence-rowlayout\"><div class=\"kt-row-column-wrap kt-has-3-columns kt-row-layout-equal kt-tab-layout-inherit kt-mobile-layout-row kt-row-valign-top\">\n<style>.kadence-column5755_17222b-ae > .kt-inside-inner-col,.kadence-column5755_17222b-ae > .kt-inside-inner-col:before{border-top-left-radius:0px;border-top-right-radius:0px;border-bottom-right-radius:0px;border-bottom-left-radius:0px;}.kadence-column5755_17222b-ae > .kt-inside-inner-col{column-gap:var(--global-kb-gap-sm, 1rem);}.kadence-column5755_17222b-ae > .kt-inside-inner-col{flex-direction:column;}.kadence-column5755_17222b-ae > .kt-inside-inner-col > .aligncenter{width:100%;}.kadence-column5755_17222b-ae > .kt-inside-inner-col:before{opacity:0.3;}.kadence-column5755_17222b-ae{position:relative;}@media all and (max-width: 1024px){.kadence-column5755_17222b-ae > .kt-inside-inner-col{flex-direction:column;justify-content:center;}}@media all and (max-width: 767px){.kadence-column5755_17222b-ae > .kt-inside-inner-col{flex-direction:column;justify-content:center;}}<\/style>\n<div class=\"wp-block-kadence-column kadence-column5755_17222b-ae inner-column-1\"><div class=\"kt-inside-inner-col\"><\/div><\/div>\n\n\n<style>.kadence-column5755_4bf86e-76 > .kt-inside-inner-col,.kadence-column5755_4bf86e-76 > .kt-inside-inner-col:before{border-top-left-radius:0px;border-top-right-radius:0px;border-bottom-right-radius:0px;border-bottom-left-radius:0px;}.kadence-column5755_4bf86e-76 > .kt-inside-inner-col{column-gap:var(--global-kb-gap-sm, 1rem);}.kadence-column5755_4bf86e-76 > .kt-inside-inner-col{flex-direction:column;}.kadence-column5755_4bf86e-76 > .kt-inside-inner-col > .aligncenter{width:100%;}.kadence-column5755_4bf86e-76 > .kt-inside-inner-col:before{opacity:0.3;}.kadence-column5755_4bf86e-76{position:relative;}@media all and (max-width: 1024px){.kadence-column5755_4bf86e-76 > .kt-inside-inner-col{flex-direction:column;justify-content:center;}}@media all and (max-width: 767px){.kadence-column5755_4bf86e-76 > .kt-inside-inner-col{flex-direction:column;justify-content:center;}}<\/style>\n<div class=\"wp-block-kadence-column kadence-column5755_4bf86e-76 inner-column-2\"><div class=\"kt-inside-inner-col\"><\/div><\/div>\n\n\n<style>.kadence-column5755_bca980-ec > .kt-inside-inner-col,.kadence-column5755_bca980-ec > .kt-inside-inner-col:before{border-top-left-radius:0px;border-top-right-radius:0px;border-bottom-right-radius:0px;border-bottom-left-radius:0px;}.kadence-column5755_bca980-ec > .kt-inside-inner-col{column-gap:var(--global-kb-gap-sm, 1rem);}.kadence-column5755_bca980-ec > .kt-inside-inner-col{flex-direction:column;}.kadence-column5755_bca980-ec > .kt-inside-inner-col > .aligncenter{width:100%;}.kadence-column5755_bca980-ec > .kt-inside-inner-col:before{opacity:0.3;}.kadence-column5755_bca980-ec{position:relative;}@media all and (max-width: 1024px){.kadence-column5755_bca980-ec > .kt-inside-inner-col{flex-direction:column;justify-content:center;}}@media all and (max-width: 767px){.kadence-column5755_bca980-ec > .kt-inside-inner-col{padding-top:50px;flex-direction:column;justify-content:center;}}<\/style>\n<div class=\"wp-block-kadence-column kadence-column5755_bca980-ec inner-column-3\"><div class=\"kt-inside-inner-col\"><\/div><\/div>\n\n<\/div><\/article>\n\n\n<p><\/p>","protected":false},"excerpt":{"rendered":"<p>Netzwerke EU-Kulturerbe-Siegel Netzwerk Eiserner Vorhang https:\/\/www.netzwerk-eiserner-vorhang.de Die zweite H\u00e4lfte des 20. Jahrhunderts wurde bestimmt vom Kampf zweier Gesellschaftssysteme. Der Systemgegensatz zwischen Kapitalismus und Kommunismus materialisierte sich als &#8222;Eiserner Vorhang&#8220;, der mitten durch Deutschland und Europa verlief. Heute, rund drei Jahrzehnte nach Ende des Kalten Krieges, vermitteln nur noch wenige Orte eine Vorstellung von dieser einstigen&#8230;<\/p>","protected":false},"author":7,"featured_media":11757,"parent":39,"menu_order":0,"comment_status":"closed","ping_status":"closed","template":"","meta":{"_acf_changed":false,"inline_featured_image":false,"_kad_post_transparent":"","_kad_post_title":"","_kad_post_layout":"","_kad_post_sidebar_id":"","_kad_post_content_style":"","_kad_post_vertical_padding":"","_kad_post_feature":"","_kad_post_feature_position":"","_kad_post_header":false,"_kad_post_footer":false,"_kad_post_classname":"","footnotes":""},"kategorien":[],"class_list":["post-5755","page","type-page","status-publish","has-post-thumbnail","hentry"],"acf":[],"yoast_head":"<!-- This site is optimized with the Yoast SEO plugin v27.5 - https:\/\/yoast.com\/product\/yoast-seo-wordpress\/ -->\n<title>Kooperationen - Deutsch-Deutsches Museum M\u00f6dlareuth<\/title>\n<meta name=\"robots\" content=\"index, follow, max-snippet:-1, max-image-preview:large, max-video-preview:-1\" \/>\n<link rel=\"canonical\" href=\"https:\/\/www.moedlareuth.de\/cs\/museum__trashed\/kooperationen\/\" \/>\n<meta property=\"og:locale\" content=\"cs_CZ\" \/>\n<meta property=\"og:type\" content=\"article\" \/>\n<meta property=\"og:title\" content=\"Kooperationen - Deutsch-Deutsches Museum M\u00f6dlareuth\" \/>\n<meta property=\"og:description\" content=\"Netzwerke EU-Kulturerbe-Siegel Netzwerk Eiserner Vorhang https:\/\/www.netzwerk-eiserner-vorhang.de Die zweite H\u00e4lfte des 20. Jahrhunderts wurde bestimmt vom Kampf zweier Gesellschaftssysteme. Der Systemgegensatz zwischen Kapitalismus und Kommunismus materialisierte sich als &#8222;Eiserner Vorhang&#8220;, der mitten durch Deutschland und Europa verlief. Heute, rund drei Jahrzehnte nach Ende des Kalten Krieges, vermitteln nur noch wenige Orte eine Vorstellung von dieser einstigen...\" \/>\n<meta property=\"og:url\" content=\"https:\/\/www.moedlareuth.de\/cs\/museum__trashed\/kooperationen\/\" \/>\n<meta property=\"og:site_name\" content=\"Deutsch-Deutsches Museum M\u00f6dlareuth\" \/>\n<meta property=\"article:modified_time\" content=\"2025-05-09T08:45:21+00:00\" \/>\n<meta name=\"twitter:card\" content=\"summary_large_image\" \/>\n<meta name=\"twitter:label1\" content=\"Odhadovan\u00e1 doba \u010dten\u00ed\" \/>\n\t<meta name=\"twitter:data1\" content=\"3 minuty\" \/>\n<script type=\"application\/ld+json\" class=\"yoast-schema-graph\">{\"@context\":\"https:\\\/\\\/schema.org\",\"@graph\":[{\"@type\":\"WebPage\",\"@id\":\"https:\\\/\\\/www.moedlareuth.de\\\/museum__trashed\\\/kooperationen\\\/\",\"url\":\"https:\\\/\\\/www.moedlareuth.de\\\/museum__trashed\\\/kooperationen\\\/\",\"name\":\"Kooperationen - Deutsch-Deutsches Museum M\u00f6dlareuth\",\"isPartOf\":{\"@id\":\"https:\\\/\\\/moedlareuth.de\\\/preview\\\/#website\"},\"primaryImageOfPage\":{\"@id\":\"https:\\\/\\\/www.moedlareuth.de\\\/museum__trashed\\\/kooperationen\\\/#primaryimage\"},\"image\":{\"@id\":\"https:\\\/\\\/www.moedlareuth.de\\\/museum__trashed\\\/kooperationen\\\/#primaryimage\"},\"thumbnailUrl\":\"https:\\\/\\\/www.moedlareuth.de\\\/wp-content\\\/uploads\\\/2022\\\/05\\\/museum_moedlareuth_logo_grau.svg\",\"datePublished\":\"2022-01-06T13:43:50+00:00\",\"dateModified\":\"2025-05-09T08:45:21+00:00\",\"breadcrumb\":{\"@id\":\"https:\\\/\\\/www.moedlareuth.de\\\/museum__trashed\\\/kooperationen\\\/#breadcrumb\"},\"inLanguage\":\"cs\",\"potentialAction\":[{\"@type\":\"ReadAction\",\"target\":[\"https:\\\/\\\/www.moedlareuth.de\\\/museum__trashed\\\/kooperationen\\\/\"]}]},{\"@type\":\"ImageObject\",\"inLanguage\":\"cs\",\"@id\":\"https:\\\/\\\/www.moedlareuth.de\\\/museum__trashed\\\/kooperationen\\\/#primaryimage\",\"url\":\"https:\\\/\\\/www.moedlareuth.de\\\/wp-content\\\/uploads\\\/2022\\\/05\\\/museum_moedlareuth_logo_grau.svg\",\"contentUrl\":\"https:\\\/\\\/www.moedlareuth.de\\\/wp-content\\\/uploads\\\/2022\\\/05\\\/museum_moedlareuth_logo_grau.svg\",\"width\":1920,\"height\":1080},{\"@type\":\"BreadcrumbList\",\"@id\":\"https:\\\/\\\/www.moedlareuth.de\\\/museum__trashed\\\/kooperationen\\\/#breadcrumb\",\"itemListElement\":[{\"@type\":\"ListItem\",\"position\":1,\"name\":\"Startseite\",\"item\":\"https:\\\/\\\/www.moedlareuth.de\\\/\"},{\"@type\":\"ListItem\",\"position\":2,\"name\":\"&#8230; \u00dcber das Museum &#8211; wahrscheinlich tot\",\"item\":\"https:\\\/\\\/www.moedlareuth.de\\\/?page_id=39\"},{\"@type\":\"ListItem\",\"position\":3,\"name\":\"Kooperationen\"}]},{\"@type\":\"WebSite\",\"@id\":\"https:\\\/\\\/moedlareuth.de\\\/preview\\\/#website\",\"url\":\"https:\\\/\\\/moedlareuth.de\\\/preview\\\/\",\"name\":\"Deutsch-Deutsches Museum M\u00f6dlareuth\",\"description\":\"Gedenkst\u00e4tte zur deutschen Teilung\",\"publisher\":{\"@id\":\"https:\\\/\\\/moedlareuth.de\\\/preview\\\/#organization\"},\"potentialAction\":[{\"@type\":\"SearchAction\",\"target\":{\"@type\":\"EntryPoint\",\"urlTemplate\":\"https:\\\/\\\/moedlareuth.de\\\/preview\\\/?s={search_term_string}\"},\"query-input\":{\"@type\":\"PropertyValueSpecification\",\"valueRequired\":true,\"valueName\":\"search_term_string\"}}],\"inLanguage\":\"cs\"},{\"@type\":\"Organization\",\"@id\":\"https:\\\/\\\/moedlareuth.de\\\/preview\\\/#organization\",\"name\":\"Deutsch-Deutsches Museum M\u00f6dlareuth\",\"url\":\"https:\\\/\\\/moedlareuth.de\\\/preview\\\/\",\"logo\":{\"@type\":\"ImageObject\",\"inLanguage\":\"cs\",\"@id\":\"https:\\\/\\\/moedlareuth.de\\\/preview\\\/#\\\/schema\\\/logo\\\/image\\\/\",\"url\":\"https:\\\/\\\/www.moedlareuth.de\\\/wp-content\\\/uploads\\\/2022\\\/02\\\/museum_moedlareuth_logo_hell_zusatz.svg\",\"contentUrl\":\"https:\\\/\\\/www.moedlareuth.de\\\/wp-content\\\/uploads\\\/2022\\\/02\\\/museum_moedlareuth_logo_hell_zusatz.svg\",\"width\":255,\"height\":62,\"caption\":\"Deutsch-Deutsches Museum M\u00f6dlareuth\"},\"image\":{\"@id\":\"https:\\\/\\\/moedlareuth.de\\\/preview\\\/#\\\/schema\\\/logo\\\/image\\\/\"}}]}<\/script>\n<!-- \/ Yoast SEO plugin. -->","yoast_head_json":{"title":"Kooperationen - Deutsch-Deutsches Museum M\u00f6dlareuth","robots":{"index":"index","follow":"follow","max-snippet":"max-snippet:-1","max-image-preview":"max-image-preview:large","max-video-preview":"max-video-preview:-1"},"canonical":"https:\/\/www.moedlareuth.de\/cs\/museum__trashed\/kooperationen\/","og_locale":"cs_CZ","og_type":"article","og_title":"Kooperationen - Deutsch-Deutsches Museum M\u00f6dlareuth","og_description":"Netzwerke EU-Kulturerbe-Siegel Netzwerk Eiserner Vorhang https:\/\/www.netzwerk-eiserner-vorhang.de Die zweite H\u00e4lfte des 20. Jahrhunderts wurde bestimmt vom Kampf zweier Gesellschaftssysteme. Der Systemgegensatz zwischen Kapitalismus und Kommunismus materialisierte sich als &#8222;Eiserner Vorhang&#8220;, der mitten durch Deutschland und Europa verlief. Heute, rund drei Jahrzehnte nach Ende des Kalten Krieges, vermitteln nur noch wenige Orte eine Vorstellung von dieser einstigen...","og_url":"https:\/\/www.moedlareuth.de\/cs\/museum__trashed\/kooperationen\/","og_site_name":"Deutsch-Deutsches Museum M\u00f6dlareuth","article_modified_time":"2025-05-09T08:45:21+00:00","twitter_card":"summary_large_image","twitter_misc":{"Odhadovan\u00e1 doba \u010dten\u00ed":"3 minuty"},"schema":{"@context":"https:\/\/schema.org","@graph":[{"@type":"WebPage","@id":"https:\/\/www.moedlareuth.de\/museum__trashed\/kooperationen\/","url":"https:\/\/www.moedlareuth.de\/museum__trashed\/kooperationen\/","name":"Kooperationen - Deutsch-Deutsches Museum M\u00f6dlareuth","isPartOf":{"@id":"https:\/\/moedlareuth.de\/preview\/#website"},"primaryImageOfPage":{"@id":"https:\/\/www.moedlareuth.de\/museum__trashed\/kooperationen\/#primaryimage"},"image":{"@id":"https:\/\/www.moedlareuth.de\/museum__trashed\/kooperationen\/#primaryimage"},"thumbnailUrl":"https:\/\/www.moedlareuth.de\/wp-content\/uploads\/2022\/05\/museum_moedlareuth_logo_grau.svg","datePublished":"2022-01-06T13:43:50+00:00","dateModified":"2025-05-09T08:45:21+00:00","breadcrumb":{"@id":"https:\/\/www.moedlareuth.de\/museum__trashed\/kooperationen\/#breadcrumb"},"inLanguage":"cs","potentialAction":[{"@type":"ReadAction","target":["https:\/\/www.moedlareuth.de\/museum__trashed\/kooperationen\/"]}]},{"@type":"ImageObject","inLanguage":"cs","@id":"https:\/\/www.moedlareuth.de\/museum__trashed\/kooperationen\/#primaryimage","url":"https:\/\/www.moedlareuth.de\/wp-content\/uploads\/2022\/05\/museum_moedlareuth_logo_grau.svg","contentUrl":"https:\/\/www.moedlareuth.de\/wp-content\/uploads\/2022\/05\/museum_moedlareuth_logo_grau.svg","width":1920,"height":1080},{"@type":"BreadcrumbList","@id":"https:\/\/www.moedlareuth.de\/museum__trashed\/kooperationen\/#breadcrumb","itemListElement":[{"@type":"ListItem","position":1,"name":"Startseite","item":"https:\/\/www.moedlareuth.de\/"},{"@type":"ListItem","position":2,"name":"&#8230; \u00dcber das Museum &#8211; wahrscheinlich tot","item":"https:\/\/www.moedlareuth.de\/?page_id=39"},{"@type":"ListItem","position":3,"name":"Kooperationen"}]},{"@type":"WebSite","@id":"https:\/\/moedlareuth.de\/preview\/#website","url":"https:\/\/moedlareuth.de\/preview\/","name":"Deutsch-Deutsches Museum M\u00f6dlareuth","description":"Pam\u00e1tn\u00edk rozd\u011blen\u00ed N\u011bmecka","publisher":{"@id":"https:\/\/moedlareuth.de\/preview\/#organization"},"potentialAction":[{"@type":"SearchAction","target":{"@type":"EntryPoint","urlTemplate":"https:\/\/moedlareuth.de\/preview\/?s={search_term_string}"},"query-input":{"@type":"PropertyValueSpecification","valueRequired":true,"valueName":"search_term_string"}}],"inLanguage":"cs"},{"@type":"Organization","@id":"https:\/\/moedlareuth.de\/preview\/#organization","name":"Deutsch-Deutsches Museum M\u00f6dlareuth","url":"https:\/\/moedlareuth.de\/preview\/","logo":{"@type":"ImageObject","inLanguage":"cs","@id":"https:\/\/moedlareuth.de\/preview\/#\/schema\/logo\/image\/","url":"https:\/\/www.moedlareuth.de\/wp-content\/uploads\/2022\/02\/museum_moedlareuth_logo_hell_zusatz.svg","contentUrl":"https:\/\/www.moedlareuth.de\/wp-content\/uploads\/2022\/02\/museum_moedlareuth_logo_hell_zusatz.svg","width":255,"height":62,"caption":"Deutsch-Deutsches Museum M\u00f6dlareuth"},"image":{"@id":"https:\/\/moedlareuth.de\/preview\/#\/schema\/logo\/image\/"}}]}},"_links":{"self":[{"href":"https:\/\/www.moedlareuth.de\/cs\/wp-json\/wp\/v2\/pages\/5755","targetHints":{"allow":["GET"]}}],"collection":[{"href":"https:\/\/www.moedlareuth.de\/cs\/wp-json\/wp\/v2\/pages"}],"about":[{"href":"https:\/\/www.moedlareuth.de\/cs\/wp-json\/wp\/v2\/types\/page"}],"author":[{"embeddable":true,"href":"https:\/\/www.moedlareuth.de\/cs\/wp-json\/wp\/v2\/users\/7"}],"replies":[{"embeddable":true,"href":"https:\/\/www.moedlareuth.de\/cs\/wp-json\/wp\/v2\/comments?post=5755"}],"version-history":[{"count":9,"href":"https:\/\/www.moedlareuth.de\/cs\/wp-json\/wp\/v2\/pages\/5755\/revisions"}],"predecessor-version":[{"id":14862,"href":"https:\/\/www.moedlareuth.de\/cs\/wp-json\/wp\/v2\/pages\/5755\/revisions\/14862"}],"up":[{"embeddable":true,"href":"https:\/\/www.moedlareuth.de\/cs\/wp-json\/wp\/v2\/pages\/39"}],"wp:featuredmedia":[{"embeddable":true,"href":"https:\/\/www.moedlareuth.de\/cs\/wp-json\/wp\/v2\/media\/11757"}],"wp:attachment":[{"href":"https:\/\/www.moedlareuth.de\/cs\/wp-json\/wp\/v2\/media?parent=5755"}],"wp:term":[{"taxonomy":"kategorien","embeddable":true,"href":"https:\/\/www.moedlareuth.de\/cs\/wp-json\/wp\/v2\/kategorien?post=5755"}],"curies":[{"name":"wp","href":"https:\/\/api.w.org\/{rel}","templated":true}]}}