{"id":4965,"date":"2021-12-06T18:19:06","date_gmt":"2021-12-06T17:19:06","guid":{"rendered":"http:\/\/moedlareuth.kreativunion.de\/?page_id=4965"},"modified":"2025-11-10T15:54:35","modified_gmt":"2025-11-10T14:54:35","slug":"kontakt","status":"publish","type":"page","link":"https:\/\/www.moedlareuth.de\/cs\/museum\/kontakt\/","title":{"rendered":"Kontakt a pokyny"},"content":{"rendered":"<style>.kb-row-layout-id4965_b81f54-e4 > .kt-row-column-wrap{align-content:start;}:where(.kb-row-layout-id4965_b81f54-e4 > .kt-row-column-wrap) > .wp-block-kadence-column{justify-content:start;}.kb-row-layout-id4965_b81f54-e4 > .kt-row-column-wrap{column-gap:var(--global-kb-gap-none, 0rem );row-gap:var(--global-kb-gap-none, 0rem );max-width:100%;margin-left:auto;margin-right:auto;padding-top:0px;padding-bottom:0px;grid-template-columns:minmax(0, 1fr);}.kb-row-layout-id4965_b81f54-e4 > .kt-row-layout-overlay{opacity:0.30;}@media all and (max-width: 1024px){.kb-row-layout-id4965_b81f54-e4 > .kt-row-column-wrap{grid-template-columns:minmax(0, 1fr);}}@media all and (max-width: 767px){.kb-row-layout-id4965_b81f54-e4 > .kt-row-column-wrap{grid-template-columns:minmax(0, 1fr);}}.kb-row-layout-id4965_b81f54-e4 {    margin: 0px -50px 0px 0px;}<\/style><article class=\"kb-row-layout-wrap kb-row-layout-id4965_b81f54-e4 alignnone wp-block-kadence-rowlayout\"><div class=\"kt-row-column-wrap kt-has-1-columns kt-row-layout-equal kt-tab-layout-inherit kt-mobile-layout-row kt-row-valign-top\">\n<style>.kadence-column4965_f6a6a4-79 > .kt-inside-inner-col,.kadence-column4965_f6a6a4-79 > .kt-inside-inner-col:before{border-top-left-radius:0px;border-top-right-radius:0px;border-bottom-right-radius:0px;border-bottom-left-radius:0px;}.kadence-column4965_f6a6a4-79 > .kt-inside-inner-col{column-gap:var(--global-kb-gap-sm, 1rem);}.kadence-column4965_f6a6a4-79 > .kt-inside-inner-col{flex-direction:column;}.kadence-column4965_f6a6a4-79 > .kt-inside-inner-col > .aligncenter{width:100%;}.kadence-column4965_f6a6a4-79 > .kt-inside-inner-col:before{opacity:0.3;}.kadence-column4965_f6a6a4-79{position:relative;}@media all and (max-width: 1024px){.kadence-column4965_f6a6a4-79 > .kt-inside-inner-col{flex-direction:column;justify-content:center;}}@media all and (max-width: 767px){.kadence-column4965_f6a6a4-79 > .kt-inside-inner-col{flex-direction:column;justify-content:center;}}<\/style>\n<div class=\"wp-block-kadence-column kadence-column4965_f6a6a4-79 inner-column-1\"><div class=\"kt-inside-inner-col\">\t\t<div data-elementor-type=\"section\" data-elementor-id=\"12085\" class=\"elementor elementor-12085\" data-elementor-post-type=\"elementor_library\">\n\t\t\t\t\t<section class=\"ob-is-breaking-bad elementor-section elementor-top-section elementor-element elementor-element-7c97e59f elementor-section-boxed elementor-section-height-default elementor-section-height-default\" data-id=\"7c97e59f\" data-element_type=\"section\" data-e-type=\"section\" data-settings=\"{&quot;background_background&quot;:&quot;classic&quot;,&quot;_ob_bbad_use_it&quot;:&quot;yes&quot;,&quot;_ob_bbad_sssic_use&quot;:&quot;no&quot;}\">\n\t\t\t\t\t\t<div class=\"elementor-container elementor-column-gap-no\">\n\t\t\t\t\t<div class=\"elementor-column elementor-col-100 elementor-top-column elementor-element elementor-element-72b451ab\" data-id=\"72b451ab\" data-element_type=\"column\" data-e-type=\"column\" data-settings=\"{&quot;_ob_bbad_link&quot;:{&quot;url&quot;:&quot;https:\\\/\\\/www.google.com\\\/maps\\\/place\\\/Deutsch-Deutsches+Museum+M%C3%B6dlareuth\\\/@50.4150023,11.8783697,16z\\\/data=!4m5!3m4!1s0x47a13d8df7b8667b:0x9e19a984c400ba4e!8m2!3d50.4150023!4d11.8827471&quot;,&quot;is_external&quot;:&quot;on&quot;,&quot;nofollow&quot;:&quot;on&quot;,&quot;custom_attributes&quot;:&quot;&quot;},&quot;_ob_bbad_is_stalker&quot;:&quot;no&quot;,&quot;_ob_column_hoveranimator&quot;:&quot;no&quot;,&quot;_ob_column_has_pseudo&quot;:&quot;no&quot;}\">\n\t\t\t<div class=\"elementor-widget-wrap elementor-element-populated\">\n\t\t\t\t\t\t<div class=\"elementor-element elementor-element-6f42aa08 elementor-hidden-mobile ob-has-background-overlay elementor-widget elementor-widget-image\" data-id=\"6f42aa08\" data-element_type=\"widget\" data-e-type=\"widget\" data-settings=\"{&quot;_ob_poopart_use&quot;:&quot;yes&quot;,&quot;_ob_allow_hoveranimator&quot;:&quot;no&quot;,&quot;_ob_widget_stalker_use&quot;:&quot;no&quot;}\" data-widget_type=\"image.default\">\n\t\t\t\t<div class=\"elementor-widget-container\">\n\t\t\t\t\t\t\t\t\t\t\t\t\t\t\t<img fetchpriority=\"high\" decoding=\"async\" width=\"2580\" height=\"1300\" src=\"https:\/\/www.moedlareuth.de\/wp-content\/uploads\/2022\/06\/moedlareuth_map_desktop.png\" class=\"attachment-full size-full wp-image-12055\" alt=\"\" srcset=\"https:\/\/www.moedlareuth.de\/wp-content\/uploads\/2022\/06\/moedlareuth_map_desktop.png 2580w, https:\/\/www.moedlareuth.de\/wp-content\/uploads\/2022\/06\/moedlareuth_map_desktop-300x151.png 300w, https:\/\/www.moedlareuth.de\/wp-content\/uploads\/2022\/06\/moedlareuth_map_desktop-1024x516.png 1024w, https:\/\/www.moedlareuth.de\/wp-content\/uploads\/2022\/06\/moedlareuth_map_desktop-768x387.png 768w, https:\/\/www.moedlareuth.de\/wp-content\/uploads\/2022\/06\/moedlareuth_map_desktop-1536x774.png 1536w, https:\/\/www.moedlareuth.de\/wp-content\/uploads\/2022\/06\/moedlareuth_map_desktop-2048x1032.png 2048w, https:\/\/www.moedlareuth.de\/wp-content\/uploads\/2022\/06\/moedlareuth_map_desktop-18x9.png 18w\" sizes=\"(max-width: 2580px) 100vw, 2580px\" \/>\t\t\t\t\t\t\t\t\t\t\t\t\t\t\t<\/div>\n\t\t\t\t<\/div>\n\t\t\t\t<div class=\"elementor-element elementor-element-603f3e0 elementor-hidden-widescreen elementor-hidden-desktop elementor-hidden-tablet ob-has-background-overlay elementor-widget elementor-widget-image\" data-id=\"603f3e0\" data-element_type=\"widget\" data-e-type=\"widget\" data-settings=\"{&quot;_ob_poopart_use&quot;:&quot;yes&quot;,&quot;_ob_allow_hoveranimator&quot;:&quot;no&quot;,&quot;_ob_widget_stalker_use&quot;:&quot;no&quot;}\" data-widget_type=\"image.default\">\n\t\t\t\t<div class=\"elementor-widget-container\">\n\t\t\t\t\t\t\t\t\t\t\t\t\t\t\t<img decoding=\"async\" width=\"720\" height=\"1302\" src=\"https:\/\/www.moedlareuth.de\/wp-content\/uploads\/2022\/06\/moedlareuth_map_mobile.png\" class=\"attachment-full size-full wp-image-12056\" alt=\"\" srcset=\"https:\/\/www.moedlareuth.de\/wp-content\/uploads\/2022\/06\/moedlareuth_map_mobile.png 720w, https:\/\/www.moedlareuth.de\/wp-content\/uploads\/2022\/06\/moedlareuth_map_mobile-166x300.png 166w, https:\/\/www.moedlareuth.de\/wp-content\/uploads\/2022\/06\/moedlareuth_map_mobile-566x1024.png 566w, https:\/\/www.moedlareuth.de\/wp-content\/uploads\/2022\/06\/moedlareuth_map_mobile-7x12.png 7w\" sizes=\"(max-width: 720px) 100vw, 720px\" \/>\t\t\t\t\t\t\t\t\t\t\t\t\t\t\t<\/div>\n\t\t\t\t<\/div>\n\t\t\t\t\t<\/div>\n\t\t<\/div>\n\t\t\t\t\t<\/div>\n\t\t<\/section>\n\t\t\t\t<\/div>\n\t\t\n<\/div><\/div>\n\n<\/div><\/article>\n\n<style>.kb-row-layout-id4965_14da3c-3f > .kt-row-column-wrap{align-content:start;}:where(.kb-row-layout-id4965_14da3c-3f > .kt-row-column-wrap) > .wp-block-kadence-column{justify-content:start;}.kb-row-layout-id4965_14da3c-3f > .kt-row-column-wrap{column-gap:var(--global-kb-gap-none, 0rem );row-gap:var(--global-kb-gap-none, 0rem );padding-top:var(--global-kb-spacing-sm, 1.5rem);padding-bottom:var(--global-kb-spacing-sm, 1.5rem);grid-template-columns:minmax(0, calc(30% - ((var(--global-kb-gap-none, 0rem ) * 2 )\/3)))minmax(0, calc(10% - ((var(--global-kb-gap-none, 0rem ) * 2 )\/3)))minmax(0, calc(60% - ((var(--global-kb-gap-none, 0rem ) * 2 )\/3)));}.kb-row-layout-id4965_14da3c-3f > .kt-row-layout-overlay{opacity:0.30;}@media all and (max-width: 1024px){.kb-row-layout-id4965_14da3c-3f > .kt-row-column-wrap > div:not(.added-for-specificity){grid-column:initial;}}@media all and (max-width: 1024px){.kb-row-layout-id4965_14da3c-3f > .kt-row-column-wrap{grid-template-columns:repeat(3, minmax(0, 1fr));}}@media all and (max-width: 767px){.kb-row-layout-id4965_14da3c-3f > .kt-row-column-wrap > div:not(.added-for-specificity){grid-column:initial;}.kb-row-layout-id4965_14da3c-3f > .kt-row-column-wrap{grid-template-columns:minmax(0, 1fr);}}<\/style><article class=\"kb-row-layout-wrap kb-row-layout-id4965_14da3c-3f alignnone wp-block-kadence-rowlayout\"><div class=\"kt-row-column-wrap kt-has-3-columns kt-row-layout-equal kt-tab-layout-inherit kt-mobile-layout-row kt-row-valign-top\">\n<style>.kadence-column4965_5b1433-9b > .kt-inside-inner-col,.kadence-column4965_5b1433-9b > .kt-inside-inner-col:before{border-top-left-radius:0px;border-top-right-radius:0px;border-bottom-right-radius:0px;border-bottom-left-radius:0px;}.kadence-column4965_5b1433-9b > .kt-inside-inner-col{column-gap:var(--global-kb-gap-sm, 1rem);}.kadence-column4965_5b1433-9b > .kt-inside-inner-col{flex-direction:column;}.kadence-column4965_5b1433-9b > .kt-inside-inner-col > .aligncenter{width:100%;}.kadence-column4965_5b1433-9b > .kt-inside-inner-col:before{opacity:0.3;}.kadence-column4965_5b1433-9b{position:relative;}@media all and (max-width: 1024px){.kadence-column4965_5b1433-9b > .kt-inside-inner-col{flex-direction:column;justify-content:center;}}@media all and (max-width: 767px){.kadence-column4965_5b1433-9b > .kt-inside-inner-col{flex-direction:column;justify-content:center;}}<\/style>\n<div class=\"wp-block-kadence-column kadence-column4965_5b1433-9b kvs-sm-false inner-column-1\"><div class=\"kt-inside-inner-col\"><style>.wp-block-kadence-advancedgallery .kb-gallery-type-masonry.kb-gallery-id-4965_e7d147-0b{margin:-5px;}.kb-gallery-type-masonry.kb-gallery-id-4965_e7d147-0b .kadence-blocks-gallery-item{padding:5px;}.kb-gallery-id-4965_e7d147-0b .kadence-blocks-gallery-item .kb-gal-image-radius, .kb-gallery-id-4965_e7d147-0b .kb-slide-item .kb-gal-image-radius img{border-radius:0px 0px 0px 0px;;}.kb-gallery-caption-style-cover-hover.kb-gallery-id-4965_e7d147-0b .kadence-blocks-gallery-item .kadence-blocks-gallery-item-inner .kadence-blocks-gallery-item__caption, .kb-gallery-caption-style-below.kb-gallery-id-4965_e7d147-0b .kadence-blocks-gallery-item .kadence-blocks-gallery-item-inner .kadence-blocks-gallery-item__caption{background:rgba(0, 0, 0, 0.8);}<\/style><div class=\"kb-gallery-wrap-id-4965_e7d147-0b alignnone wp-block-kadence-advancedgallery\"><ul class=\"kb-gallery-ul kb-gallery-non-static kb-gallery-type-masonry kb-masonry-init kb-gallery-id-4965_e7d147-0b kb-gallery-caption-style-below kb-gallery-filter-none\" data-image-filter=\"none\" data-item-selector=\".kadence-blocks-gallery-item\" data-lightbox-caption=\"true\" data-columns-xxl=\"1\" data-columns-xl=\"1\" data-columns-md=\"1\" data-columns-sm=\"1\" data-columns-xs=\"1\" data-columns-ss=\"1\"><li class=\"kadence-blocks-gallery-item\"><div class=\"kadence-blocks-gallery-item-inner\"><figure class=\"kb-gallery-figure\" style=\"max-width:1024px;\"><div class=\"kb-gal-image-radius\" style=\"max-width:1024px;\"><div class=\"kb-gallery-image-contain kadence-blocks-gallery-intrinsic\" style=\"padding-bottom:56%;\"><img decoding=\"async\" src=\"https:\/\/www.moedlareuth.de\/wp-content\/uploads\/2022\/05\/museum_moedlareuth_logo_grau.svg\" width=\"1024\" height=\"575\" alt=\"\" data-full-image=\"https:\/\/www.moedlareuth.de\/wp-content\/uploads\/2022\/05\/museum_moedlareuth_logo_grau.svg\" data-light-image=\"https:\/\/www.moedlareuth.de\/wp-content\/uploads\/2022\/05\/museum_moedlareuth_logo_grau.svg\" data-id=\"11757\" class=\"wp-image-11757\"\/><\/div><\/div><\/figure><\/div><\/li><\/ul><\/div><\/div><\/div>\n\n\n<style>.kadence-column4965_d74872-a4 > .kt-inside-inner-col,.kadence-column4965_d74872-a4 > .kt-inside-inner-col:before{border-top-left-radius:0px;border-top-right-radius:0px;border-bottom-right-radius:0px;border-bottom-left-radius:0px;}.kadence-column4965_d74872-a4 > .kt-inside-inner-col{column-gap:var(--global-kb-gap-sm, 1rem);}.kadence-column4965_d74872-a4 > .kt-inside-inner-col{flex-direction:column;}.kadence-column4965_d74872-a4 > .kt-inside-inner-col > .aligncenter{width:100%;}.kadence-column4965_d74872-a4 > .kt-inside-inner-col:before{opacity:0.3;}.kadence-column4965_d74872-a4{position:relative;}@media all and (max-width: 1024px){.kadence-column4965_d74872-a4 > .kt-inside-inner-col{flex-direction:column;justify-content:center;}}@media all and (max-width: 767px){.kadence-column4965_d74872-a4 > .kt-inside-inner-col{flex-direction:column;justify-content:center;}}<\/style>\n<div class=\"wp-block-kadence-column kadence-column4965_d74872-a4 inner-column-2\"><div class=\"kt-inside-inner-col\"><\/div><\/div>\n\n\n<style>.kadence-column4965_17ae88-8e > .kt-inside-inner-col,.kadence-column4965_17ae88-8e > .kt-inside-inner-col:before{border-top-left-radius:0px;border-top-right-radius:0px;border-bottom-right-radius:0px;border-bottom-left-radius:0px;}.kadence-column4965_17ae88-8e > .kt-inside-inner-col{column-gap:var(--global-kb-gap-sm, 1rem);}.kadence-column4965_17ae88-8e > .kt-inside-inner-col{flex-direction:column;}.kadence-column4965_17ae88-8e > .kt-inside-inner-col > .aligncenter{width:100%;}.kadence-column4965_17ae88-8e > .kt-inside-inner-col:before{opacity:0.3;}.kadence-column4965_17ae88-8e{position:relative;}@media all and (max-width: 1024px){.kadence-column4965_17ae88-8e > .kt-inside-inner-col{flex-direction:column;justify-content:center;}}@media all and (max-width: 767px){.kadence-column4965_17ae88-8e > .kt-inside-inner-col{flex-direction:column;justify-content:center;}}<\/style>\n<div class=\"wp-block-kadence-column kadence-column4965_17ae88-8e inner-column-3\"><div class=\"kt-inside-inner-col\">\n<h2 class=\"wp-block-heading\"><\/h2>\n\n\n\n<p><strong>Poch\u00e1z\u00ed z Mnichova<\/strong><\/p>\n\n\n\n<p>A9 \u2013 AD \u201eBayer. Vogtland&quot; (33) na A72 Plauen - Dr\u00e1\u017e\u010fany - AS &quot;Hof-T\u00f6pen&quot; (3)<\/p>\n\n\n\n<p><strong>Poch\u00e1z\u00ed z Berl\u00edna<\/strong><\/p>\n\n\n\n<p>A9 - AS &quot;Lobenstein&quot; (29) do Gefell - Dobareuth - Juchh\u00f6h - M\u00f6dlareuth<\/p>\n\n\n\n<p><strong>Poch\u00e1z\u00ed z Dr\u00e1\u017e\u010fan<\/strong><\/p>\n\n\n\n<p>A72 sm\u011br Mnichov \u2013 Berl\u00edn \u2013 AS \u00bbHof-T\u00f6pen\u00ab (3)<\/p>\n\n\n\n<p><strong>Poch\u00e1z\u00ed z Regensburgu<\/strong><\/p>\n\n\n\n<p>A93 \u2013 AD \u201eHochfranken\u201c (4) na A72 sm\u011brem Mnichov-Berl\u00edn \u2013 AS \u201eHof-T\u00f6pen\u201c (3)<\/p>\n<\/div><\/div>\n\n<\/div><\/article>\n\n\n<p><\/p>","protected":false},"excerpt":{"rendered":"<p>Aus Richtung&nbsp;M\u00fcnchen A9 \u2013 AD \u00bbBayer. Vogtland\u00ab (33) auf A72 Plauen \u2013 Dresden \u2013 AS \u00bbHof-T\u00f6pen\u00ab&nbsp;(3) Aus Richtung&nbsp;Berlin A9 \u2013 AS \u00bbLobenstein\u00ab (29) nach Gefell \u2013 Dobareuth \u2013 Juchh\u00f6h \u2013&nbsp;M\u00f6dlareuth Aus Richtung&nbsp;Dresden A72 Richtung M\u00fcnchen \u2013 Berlin \u2013 AS \u00bbHof-T\u00f6pen\u00ab&nbsp;(3) Aus Richtung&nbsp;Regensburg A93 \u2013 AD \u00bbHochfranken\u00ab (4) auf A72 Richtung M\u00fcnchen-Berlin \u2013 AS \u00bbHof-T\u00f6pen\u00ab&nbsp;(3)<\/p>","protected":false},"author":7,"featured_media":81,"parent":39,"menu_order":0,"comment_status":"closed","ping_status":"closed","template":"","meta":{"_acf_changed":false,"inline_featured_image":false,"_kad_post_transparent":"","_kad_post_title":"","_kad_post_layout":"","_kad_post_sidebar_id":"","_kad_post_content_style":"","_kad_post_vertical_padding":"","_kad_post_feature":"","_kad_post_feature_position":"","_kad_post_header":false,"_kad_post_footer":false,"_kad_post_classname":"","footnotes":""},"kategorien":[],"class_list":["post-4965","page","type-page","status-publish","has-post-thumbnail","hentry"],"acf":[],"yoast_head":"<!-- This site is optimized with the Yoast SEO plugin v27.4 - https:\/\/yoast.com\/product\/yoast-seo-wordpress\/ -->\n<title>Kontakt &amp; Anfahrt - Deutsch-Deutsches Museum M\u00f6dlareuth<\/title>\n<meta name=\"robots\" content=\"index, follow, max-snippet:-1, max-image-preview:large, max-video-preview:-1\" \/>\n<link rel=\"canonical\" href=\"https:\/\/www.moedlareuth.de\/cs\/museum__trashed\/kontakt\/\" \/>\n<meta property=\"og:locale\" content=\"cs_CZ\" \/>\n<meta property=\"og:type\" content=\"article\" \/>\n<meta property=\"og:title\" content=\"Kontakt &amp; Anfahrt - Deutsch-Deutsches Museum M\u00f6dlareuth\" \/>\n<meta property=\"og:description\" content=\"Aus Richtung&nbsp;M\u00fcnchen A9 \u2013 AD \u00bbBayer. Vogtland\u00ab (33) auf A72 Plauen \u2013 Dresden \u2013 AS \u00bbHof-T\u00f6pen\u00ab&nbsp;(3) Aus Richtung&nbsp;Berlin A9 \u2013 AS \u00bbLobenstein\u00ab (29) nach Gefell \u2013 Dobareuth \u2013 Juchh\u00f6h \u2013&nbsp;M\u00f6dlareuth Aus Richtung&nbsp;Dresden A72 Richtung M\u00fcnchen \u2013 Berlin \u2013 AS \u00bbHof-T\u00f6pen\u00ab&nbsp;(3) Aus Richtung&nbsp;Regensburg A93 \u2013 AD \u00bbHochfranken\u00ab (4) auf A72 Richtung M\u00fcnchen-Berlin \u2013 AS \u00bbHof-T\u00f6pen\u00ab&nbsp;(3)\" \/>\n<meta property=\"og:url\" content=\"https:\/\/www.moedlareuth.de\/cs\/museum__trashed\/kontakt\/\" \/>\n<meta property=\"og:site_name\" content=\"Deutsch-Deutsches Museum M\u00f6dlareuth\" \/>\n<meta property=\"article:modified_time\" content=\"2025-11-10T14:54:35+00:00\" \/>\n<meta property=\"og:image\" content=\"https:\/\/www.moedlareuth.de\/wp-content\/uploads\/2015\/11\/image_key.jpg\" \/>\n\t<meta property=\"og:image:width\" content=\"1800\" \/>\n\t<meta property=\"og:image:height\" content=\"2771\" \/>\n\t<meta property=\"og:image:type\" content=\"image\/jpeg\" \/>\n<meta name=\"twitter:card\" content=\"summary_large_image\" \/>\n<meta name=\"twitter:label1\" content=\"Odhadovan\u00e1 doba \u010dten\u00ed\" \/>\n\t<meta name=\"twitter:data1\" content=\"1 minuta\" \/>\n<script type=\"application\/ld+json\" class=\"yoast-schema-graph\">{\"@context\":\"https:\\\/\\\/schema.org\",\"@graph\":[{\"@type\":\"WebPage\",\"@id\":\"https:\\\/\\\/www.moedlareuth.de\\\/museum__trashed\\\/kontakt\\\/\",\"url\":\"https:\\\/\\\/www.moedlareuth.de\\\/museum__trashed\\\/kontakt\\\/\",\"name\":\"Kontakt & Anfahrt - Deutsch-Deutsches Museum M\u00f6dlareuth\",\"isPartOf\":{\"@id\":\"https:\\\/\\\/moedlareuth.de\\\/preview\\\/#website\"},\"primaryImageOfPage\":{\"@id\":\"https:\\\/\\\/www.moedlareuth.de\\\/museum__trashed\\\/kontakt\\\/#primaryimage\"},\"image\":{\"@id\":\"https:\\\/\\\/www.moedlareuth.de\\\/museum__trashed\\\/kontakt\\\/#primaryimage\"},\"thumbnailUrl\":\"https:\\\/\\\/www.moedlareuth.de\\\/wp-content\\\/uploads\\\/2015\\\/11\\\/image_key.jpg\",\"datePublished\":\"2021-12-06T17:19:06+00:00\",\"dateModified\":\"2025-11-10T14:54:35+00:00\",\"breadcrumb\":{\"@id\":\"https:\\\/\\\/www.moedlareuth.de\\\/museum__trashed\\\/kontakt\\\/#breadcrumb\"},\"inLanguage\":\"cs\",\"potentialAction\":[{\"@type\":\"ReadAction\",\"target\":[\"https:\\\/\\\/www.moedlareuth.de\\\/museum__trashed\\\/kontakt\\\/\"]}]},{\"@type\":\"ImageObject\",\"inLanguage\":\"cs\",\"@id\":\"https:\\\/\\\/www.moedlareuth.de\\\/museum__trashed\\\/kontakt\\\/#primaryimage\",\"url\":\"https:\\\/\\\/www.moedlareuth.de\\\/wp-content\\\/uploads\\\/2015\\\/11\\\/image_key.jpg\",\"contentUrl\":\"https:\\\/\\\/www.moedlareuth.de\\\/wp-content\\\/uploads\\\/2015\\\/11\\\/image_key.jpg\",\"width\":1800,\"height\":2771,\"caption\":\"image key\"},{\"@type\":\"BreadcrumbList\",\"@id\":\"https:\\\/\\\/www.moedlareuth.de\\\/museum__trashed\\\/kontakt\\\/#breadcrumb\",\"itemListElement\":[{\"@type\":\"ListItem\",\"position\":1,\"name\":\"Startseite\",\"item\":\"https:\\\/\\\/www.moedlareuth.de\\\/\"},{\"@type\":\"ListItem\",\"position\":2,\"name\":\"&#8230; \u00dcber das Museum &#8211; wahrscheinlich tot\",\"item\":\"https:\\\/\\\/www.moedlareuth.de\\\/?page_id=39\"},{\"@type\":\"ListItem\",\"position\":3,\"name\":\"Kontakt &#038; Anfahrt\"}]},{\"@type\":\"WebSite\",\"@id\":\"https:\\\/\\\/moedlareuth.de\\\/preview\\\/#website\",\"url\":\"https:\\\/\\\/moedlareuth.de\\\/preview\\\/\",\"name\":\"Deutsch-Deutsches Museum M\u00f6dlareuth\",\"description\":\"Gedenkst\u00e4tte zur deutschen Teilung\",\"publisher\":{\"@id\":\"https:\\\/\\\/moedlareuth.de\\\/preview\\\/#organization\"},\"potentialAction\":[{\"@type\":\"SearchAction\",\"target\":{\"@type\":\"EntryPoint\",\"urlTemplate\":\"https:\\\/\\\/moedlareuth.de\\\/preview\\\/?s={search_term_string}\"},\"query-input\":{\"@type\":\"PropertyValueSpecification\",\"valueRequired\":true,\"valueName\":\"search_term_string\"}}],\"inLanguage\":\"cs\"},{\"@type\":\"Organization\",\"@id\":\"https:\\\/\\\/moedlareuth.de\\\/preview\\\/#organization\",\"name\":\"Deutsch-Deutsches Museum M\u00f6dlareuth\",\"url\":\"https:\\\/\\\/moedlareuth.de\\\/preview\\\/\",\"logo\":{\"@type\":\"ImageObject\",\"inLanguage\":\"cs\",\"@id\":\"https:\\\/\\\/moedlareuth.de\\\/preview\\\/#\\\/schema\\\/logo\\\/image\\\/\",\"url\":\"https:\\\/\\\/www.moedlareuth.de\\\/wp-content\\\/uploads\\\/2022\\\/02\\\/museum_moedlareuth_logo_hell_zusatz.svg\",\"contentUrl\":\"https:\\\/\\\/www.moedlareuth.de\\\/wp-content\\\/uploads\\\/2022\\\/02\\\/museum_moedlareuth_logo_hell_zusatz.svg\",\"width\":255,\"height\":62,\"caption\":\"Deutsch-Deutsches Museum M\u00f6dlareuth\"},\"image\":{\"@id\":\"https:\\\/\\\/moedlareuth.de\\\/preview\\\/#\\\/schema\\\/logo\\\/image\\\/\"}}]}<\/script>\n<!-- \/ Yoast SEO plugin. -->","yoast_head_json":{"title":"Kontakt & Anfahrt - Deutsch-Deutsches Museum M\u00f6dlareuth","robots":{"index":"index","follow":"follow","max-snippet":"max-snippet:-1","max-image-preview":"max-image-preview:large","max-video-preview":"max-video-preview:-1"},"canonical":"https:\/\/www.moedlareuth.de\/cs\/museum__trashed\/kontakt\/","og_locale":"cs_CZ","og_type":"article","og_title":"Kontakt & Anfahrt - Deutsch-Deutsches Museum M\u00f6dlareuth","og_description":"Aus Richtung&nbsp;M\u00fcnchen A9 \u2013 AD \u00bbBayer. Vogtland\u00ab (33) auf A72 Plauen \u2013 Dresden \u2013 AS \u00bbHof-T\u00f6pen\u00ab&nbsp;(3) Aus Richtung&nbsp;Berlin A9 \u2013 AS \u00bbLobenstein\u00ab (29) nach Gefell \u2013 Dobareuth \u2013 Juchh\u00f6h \u2013&nbsp;M\u00f6dlareuth Aus Richtung&nbsp;Dresden A72 Richtung M\u00fcnchen \u2013 Berlin \u2013 AS \u00bbHof-T\u00f6pen\u00ab&nbsp;(3) Aus Richtung&nbsp;Regensburg A93 \u2013 AD \u00bbHochfranken\u00ab (4) auf A72 Richtung M\u00fcnchen-Berlin \u2013 AS \u00bbHof-T\u00f6pen\u00ab&nbsp;(3)","og_url":"https:\/\/www.moedlareuth.de\/cs\/museum__trashed\/kontakt\/","og_site_name":"Deutsch-Deutsches Museum M\u00f6dlareuth","article_modified_time":"2025-11-10T14:54:35+00:00","og_image":[{"width":1800,"height":2771,"url":"https:\/\/www.moedlareuth.de\/wp-content\/uploads\/2015\/11\/image_key.jpg","type":"image\/jpeg"}],"twitter_card":"summary_large_image","twitter_misc":{"Odhadovan\u00e1 doba \u010dten\u00ed":"1 minuta"},"schema":{"@context":"https:\/\/schema.org","@graph":[{"@type":"WebPage","@id":"https:\/\/www.moedlareuth.de\/museum__trashed\/kontakt\/","url":"https:\/\/www.moedlareuth.de\/museum__trashed\/kontakt\/","name":"Kontakt & Anfahrt - Deutsch-Deutsches Museum M\u00f6dlareuth","isPartOf":{"@id":"https:\/\/moedlareuth.de\/preview\/#website"},"primaryImageOfPage":{"@id":"https:\/\/www.moedlareuth.de\/museum__trashed\/kontakt\/#primaryimage"},"image":{"@id":"https:\/\/www.moedlareuth.de\/museum__trashed\/kontakt\/#primaryimage"},"thumbnailUrl":"https:\/\/www.moedlareuth.de\/wp-content\/uploads\/2015\/11\/image_key.jpg","datePublished":"2021-12-06T17:19:06+00:00","dateModified":"2025-11-10T14:54:35+00:00","breadcrumb":{"@id":"https:\/\/www.moedlareuth.de\/museum__trashed\/kontakt\/#breadcrumb"},"inLanguage":"cs","potentialAction":[{"@type":"ReadAction","target":["https:\/\/www.moedlareuth.de\/museum__trashed\/kontakt\/"]}]},{"@type":"ImageObject","inLanguage":"cs","@id":"https:\/\/www.moedlareuth.de\/museum__trashed\/kontakt\/#primaryimage","url":"https:\/\/www.moedlareuth.de\/wp-content\/uploads\/2015\/11\/image_key.jpg","contentUrl":"https:\/\/www.moedlareuth.de\/wp-content\/uploads\/2015\/11\/image_key.jpg","width":1800,"height":2771,"caption":"image key"},{"@type":"BreadcrumbList","@id":"https:\/\/www.moedlareuth.de\/museum__trashed\/kontakt\/#breadcrumb","itemListElement":[{"@type":"ListItem","position":1,"name":"Startseite","item":"https:\/\/www.moedlareuth.de\/"},{"@type":"ListItem","position":2,"name":"&#8230; \u00dcber das Museum &#8211; wahrscheinlich tot","item":"https:\/\/www.moedlareuth.de\/?page_id=39"},{"@type":"ListItem","position":3,"name":"Kontakt &#038; Anfahrt"}]},{"@type":"WebSite","@id":"https:\/\/moedlareuth.de\/preview\/#website","url":"https:\/\/moedlareuth.de\/preview\/","name":"Deutsch-Deutsches Museum M\u00f6dlareuth","description":"Pam\u00e1tn\u00edk rozd\u011blen\u00ed N\u011bmecka","publisher":{"@id":"https:\/\/moedlareuth.de\/preview\/#organization"},"potentialAction":[{"@type":"SearchAction","target":{"@type":"EntryPoint","urlTemplate":"https:\/\/moedlareuth.de\/preview\/?s={search_term_string}"},"query-input":{"@type":"PropertyValueSpecification","valueRequired":true,"valueName":"search_term_string"}}],"inLanguage":"cs"},{"@type":"Organization","@id":"https:\/\/moedlareuth.de\/preview\/#organization","name":"Deutsch-Deutsches Museum M\u00f6dlareuth","url":"https:\/\/moedlareuth.de\/preview\/","logo":{"@type":"ImageObject","inLanguage":"cs","@id":"https:\/\/moedlareuth.de\/preview\/#\/schema\/logo\/image\/","url":"https:\/\/www.moedlareuth.de\/wp-content\/uploads\/2022\/02\/museum_moedlareuth_logo_hell_zusatz.svg","contentUrl":"https:\/\/www.moedlareuth.de\/wp-content\/uploads\/2022\/02\/museum_moedlareuth_logo_hell_zusatz.svg","width":255,"height":62,"caption":"Deutsch-Deutsches Museum M\u00f6dlareuth"},"image":{"@id":"https:\/\/moedlareuth.de\/preview\/#\/schema\/logo\/image\/"}}]}},"_links":{"self":[{"href":"https:\/\/www.moedlareuth.de\/cs\/wp-json\/wp\/v2\/pages\/4965","targetHints":{"allow":["GET"]}}],"collection":[{"href":"https:\/\/www.moedlareuth.de\/cs\/wp-json\/wp\/v2\/pages"}],"about":[{"href":"https:\/\/www.moedlareuth.de\/cs\/wp-json\/wp\/v2\/types\/page"}],"author":[{"embeddable":true,"href":"https:\/\/www.moedlareuth.de\/cs\/wp-json\/wp\/v2\/users\/7"}],"replies":[{"embeddable":true,"href":"https:\/\/www.moedlareuth.de\/cs\/wp-json\/wp\/v2\/comments?post=4965"}],"version-history":[{"count":11,"href":"https:\/\/www.moedlareuth.de\/cs\/wp-json\/wp\/v2\/pages\/4965\/revisions"}],"predecessor-version":[{"id":16516,"href":"https:\/\/www.moedlareuth.de\/cs\/wp-json\/wp\/v2\/pages\/4965\/revisions\/16516"}],"up":[{"embeddable":true,"href":"https:\/\/www.moedlareuth.de\/cs\/wp-json\/wp\/v2\/pages\/39"}],"wp:featuredmedia":[{"embeddable":true,"href":"https:\/\/www.moedlareuth.de\/cs\/wp-json\/wp\/v2\/media\/81"}],"wp:attachment":[{"href":"https:\/\/www.moedlareuth.de\/cs\/wp-json\/wp\/v2\/media?parent=4965"}],"wp:term":[{"taxonomy":"kategorien","embeddable":true,"href":"https:\/\/www.moedlareuth.de\/cs\/wp-json\/wp\/v2\/kategorien?post=4965"}],"curies":[{"name":"wp","href":"https:\/\/api.w.org\/{rel}","templated":true}]}}