{"id":4128,"date":"2021-12-01T15:07:26","date_gmt":"2021-12-01T14:07:26","guid":{"rendered":"http:\/\/moedlareuth.kreativunion.de\/?page_id=4128"},"modified":"2026-04-14T12:47:41","modified_gmt":"2026-04-14T10:47:41","slug":"oeffnungszeiten","status":"publish","type":"page","link":"https:\/\/www.moedlareuth.de\/cs\/museum\/oeffnungszeiten\/","title":{"rendered":"Otev\u00edrac\u00ed doba"},"content":{"rendered":"<style>.kb-row-layout-id4128_10bc75-38 > .kt-row-column-wrap{align-content:start;}:where(.kb-row-layout-id4128_10bc75-38 > .kt-row-column-wrap) > .wp-block-kadence-column{justify-content:start;}.kb-row-layout-id4128_10bc75-38 > .kt-row-column-wrap{column-gap:var(--global-kb-gap-none, 0rem );row-gap:var(--global-kb-gap-none, 0rem );padding-top:var(--global-kb-spacing-sm, 1.5rem);padding-bottom:var(--global-kb-spacing-sm, 1.5rem);grid-template-columns:minmax(0, calc(30% - ((var(--global-kb-gap-none, 0rem ) * 2 )\/3)))minmax(0, calc(10% - ((var(--global-kb-gap-none, 0rem ) * 2 )\/3)))minmax(0, calc(60% - ((var(--global-kb-gap-none, 0rem ) * 2 )\/3)));}.kb-row-layout-id4128_10bc75-38 > .kt-row-layout-overlay{opacity:0.30;}@media all and (max-width: 1024px){.kb-row-layout-id4128_10bc75-38 > .kt-row-column-wrap > div:not(.added-for-specificity){grid-column:initial;}}@media all and (max-width: 1024px){.kb-row-layout-id4128_10bc75-38 > .kt-row-column-wrap{grid-template-columns:repeat(3, minmax(0, 1fr));}}@media all and (max-width: 767px){.kb-row-layout-id4128_10bc75-38 > .kt-row-column-wrap > div:not(.added-for-specificity){grid-column:initial;}.kb-row-layout-id4128_10bc75-38 > .kt-row-column-wrap{grid-template-columns:minmax(0, 1fr);}}<\/style><article class=\"kb-row-layout-wrap kb-row-layout-id4128_10bc75-38 alignnone wp-block-kadence-rowlayout\"><div class=\"kt-row-column-wrap kt-has-3-columns kt-row-layout-equal kt-tab-layout-inherit kt-mobile-layout-row kt-row-valign-top\">\n<style>.kadence-column4128_faa2d8-32 > .kt-inside-inner-col,.kadence-column4128_faa2d8-32 > .kt-inside-inner-col:before{border-top-left-radius:0px;border-top-right-radius:0px;border-bottom-right-radius:0px;border-bottom-left-radius:0px;}.kadence-column4128_faa2d8-32 > .kt-inside-inner-col{column-gap:var(--global-kb-gap-sm, 1rem);}.kadence-column4128_faa2d8-32 > .kt-inside-inner-col{flex-direction:column;}.kadence-column4128_faa2d8-32 > .kt-inside-inner-col > .aligncenter{width:100%;}.kadence-column4128_faa2d8-32 > .kt-inside-inner-col:before{opacity:0.3;}.kadence-column4128_faa2d8-32{position:relative;}@media all and (max-width: 1024px){.kadence-column4128_faa2d8-32 > .kt-inside-inner-col{flex-direction:column;justify-content:center;}}@media all and (max-width: 767px){.kadence-column4128_faa2d8-32 > .kt-inside-inner-col{flex-direction:column;justify-content:center;}}<\/style>\n<div class=\"wp-block-kadence-column kadence-column4128_faa2d8-32 inner-column-1\"><div class=\"kt-inside-inner-col\"><style>.wp-block-kadence-advancedgallery .kb-gallery-type-masonry.kb-gallery-id-4128_482304-ce{margin:-5px;}.kb-gallery-type-masonry.kb-gallery-id-4128_482304-ce .kadence-blocks-gallery-item{padding:5px;}.kb-gallery-id-4128_482304-ce .kadence-blocks-gallery-item .kb-gal-image-radius, .kb-gallery-id-4128_482304-ce .kb-slide-item .kb-gal-image-radius img{border-radius:0px 0px 0px 0px;;}.kb-gallery-caption-style-cover-hover.kb-gallery-id-4128_482304-ce .kadence-blocks-gallery-item .kadence-blocks-gallery-item-inner .kadence-blocks-gallery-item__caption, .kb-gallery-caption-style-below.kb-gallery-id-4128_482304-ce .kadence-blocks-gallery-item .kadence-blocks-gallery-item-inner .kadence-blocks-gallery-item__caption{background:rgba(0, 0, 0, 0.8);}<\/style><div class=\"kb-gallery-wrap-id-4128_482304-ce alignnone wp-block-kadence-advancedgallery\"><ul class=\"kb-gallery-ul kb-gallery-non-static kb-gallery-type-masonry kb-masonry-init kb-gallery-id-4128_482304-ce kb-gallery-caption-style-below kb-gallery-filter-none\" data-image-filter=\"none\" data-item-selector=\".kadence-blocks-gallery-item\" data-lightbox-caption=\"true\" data-columns-xxl=\"1\" data-columns-xl=\"1\" data-columns-md=\"1\" data-columns-sm=\"1\" data-columns-xs=\"1\" data-columns-ss=\"1\"><li class=\"kadence-blocks-gallery-item\"><div class=\"kadence-blocks-gallery-item-inner\"><figure class=\"kb-gallery-figure kadence-blocks-gallery-item-has-caption\" style=\"max-width:769px;\"><div class=\"kb-gal-image-radius\" style=\"max-width:769px;\"><div class=\"kb-gallery-image-contain kadence-blocks-gallery-intrinsic\" style=\"padding-bottom:133%;\"><img fetchpriority=\"high\" decoding=\"async\" src=\"https:\/\/www.moedlareuth.de\/wp-content\/uploads\/2015\/11\/07_fahrzeugdepot_js-769x1024.jpg\" width=\"769\" height=\"1024\" alt=\"Fahrzeug-Depot\" data-full-image=\"https:\/\/www.moedlareuth.de\/wp-content\/uploads\/2015\/11\/07_fahrzeugdepot_js-e1449576165117.jpg\" data-light-image=\"https:\/\/www.moedlareuth.de\/wp-content\/uploads\/2015\/11\/07_fahrzeugdepot_js-e1449576165117.jpg\" data-id=\"206\" class=\"wp-image-206\"\/><\/div><\/div><figcaption class=\"kadence-blocks-gallery-item__caption\">Depozit\u00e1\u0159 dobov\u00fdch vozidel pohrani\u010dn\u00ed str\u00e1\u017ee<\/figcaption><\/figure><\/div><\/li><\/ul><\/div><\/div><\/div>\n\n\n<style>.kadence-column4128_749962-13 > .kt-inside-inner-col,.kadence-column4128_749962-13 > .kt-inside-inner-col:before{border-top-left-radius:0px;border-top-right-radius:0px;border-bottom-right-radius:0px;border-bottom-left-radius:0px;}.kadence-column4128_749962-13 > .kt-inside-inner-col{column-gap:var(--global-kb-gap-sm, 1rem);}.kadence-column4128_749962-13 > .kt-inside-inner-col{flex-direction:column;}.kadence-column4128_749962-13 > .kt-inside-inner-col > .aligncenter{width:100%;}.kadence-column4128_749962-13 > .kt-inside-inner-col:before{opacity:0.3;}.kadence-column4128_749962-13{position:relative;}@media all and (max-width: 1024px){.kadence-column4128_749962-13 > .kt-inside-inner-col{flex-direction:column;justify-content:center;}}@media all and (max-width: 767px){.kadence-column4128_749962-13 > .kt-inside-inner-col{flex-direction:column;justify-content:center;}}<\/style>\n<div class=\"wp-block-kadence-column kadence-column4128_749962-13 inner-column-2\"><div class=\"kt-inside-inner-col\">\n<p><\/p>\n<\/div><\/div>\n\n\n<style>.kadence-column4128_f2aeba-a5 > .kt-inside-inner-col,.kadence-column4128_f2aeba-a5 > .kt-inside-inner-col:before{border-top-left-radius:0px;border-top-right-radius:0px;border-bottom-right-radius:0px;border-bottom-left-radius:0px;}.kadence-column4128_f2aeba-a5 > .kt-inside-inner-col{column-gap:var(--global-kb-gap-sm, 1rem);}.kadence-column4128_f2aeba-a5 > .kt-inside-inner-col{flex-direction:column;}.kadence-column4128_f2aeba-a5 > .kt-inside-inner-col > .aligncenter{width:100%;}.kadence-column4128_f2aeba-a5 > .kt-inside-inner-col:before{opacity:0.3;}.kadence-column4128_f2aeba-a5{position:relative;}@media all and (max-width: 1024px){.kadence-column4128_f2aeba-a5 > .kt-inside-inner-col{flex-direction:column;justify-content:center;}}@media all and (max-width: 767px){.kadence-column4128_f2aeba-a5 > .kt-inside-inner-col{flex-direction:column;justify-content:center;}}<\/style>\n<div class=\"wp-block-kadence-column kadence-column4128_f2aeba-a5 inner-column-3\"><div class=\"kt-inside-inner-col\">\n<h5 class=\"wp-block-heading\">Aktu\u00e1ln\u00ed pozn\u00e1mky: <\/h5>\n\n\n\n<p>F\u00fcr <strong>- <\/strong>- <strong>-<\/strong> unter 09295-915010, kurzfristige Termine f\u00fcr die Filmvorf\u00fchrung k\u00f6nnen nicht in jedem Fall vergeben werden.<\/p>\n\n\n\n<p>Prohl\u00eddky s pr\u016fvodcem lze uskute\u010dnit po p\u0159edchoz\u00ed domluv\u011b.<\/p>\n\n\n\n<p><strong>Upozorn\u011bn\u00ed pro majitele ps\u016f<\/strong>: Im Museumsneubau sind Hunde nicht erlaubt, in den Au\u00dfenbereichen des Museums sind Hunde angeleint erlaubt.<\/p>\n\n\n\n<p><\/p>\n<\/div><\/div>\n\n<\/div><\/article>\n\n\n<p><\/p>","protected":false},"excerpt":{"rendered":"<p>Aktuelle Hinweise: F\u00fcr Gruppenbesuche ab 10 Personen empfehlen wir eine vorherige telefonische Anmeldung unter 09295-915010, kurzfristige Termine f\u00fcr die Filmvorf\u00fchrung k\u00f6nnen nicht in jedem Fall vergeben werden. F\u00fchrungen k\u00f6nnen nach Voranmeldung durchgef\u00fchrt werden. Hinweis f\u00fcr Hundebesitzer: Im Museumsneubau sind Hunde nicht erlaubt, in den Au\u00dfenbereichen des Museums sind Hunde angeleint erlaubt.<\/p>","protected":false},"author":7,"featured_media":16779,"parent":39,"menu_order":0,"comment_status":"closed","ping_status":"closed","template":"","meta":{"_acf_changed":false,"inline_featured_image":false,"_kad_post_transparent":"","_kad_post_title":"","_kad_post_layout":"","_kad_post_sidebar_id":"","_kad_post_content_style":"","_kad_post_vertical_padding":"","_kad_post_feature":"","_kad_post_feature_position":"","_kad_post_header":false,"_kad_post_footer":false,"_kad_post_classname":"","footnotes":""},"kategorien":[46],"class_list":["post-4128","page","type-page","status-publish","has-post-thumbnail","hentry","kategorien-service"],"acf":[],"yoast_head":"<!-- This site is optimized with the Yoast SEO plugin v27.4 - https:\/\/yoast.com\/product\/yoast-seo-wordpress\/ -->\n<title>\u00d6ffnungszeiten - Deutsch-Deutsches Museum M\u00f6dlareuth<\/title>\n<meta name=\"robots\" content=\"index, follow, max-snippet:-1, max-image-preview:large, max-video-preview:-1\" \/>\n<link rel=\"canonical\" href=\"https:\/\/www.moedlareuth.de\/cs\/museum\/oeffnungszeiten\/\" \/>\n<meta property=\"og:locale\" content=\"cs_CZ\" \/>\n<meta property=\"og:type\" content=\"article\" \/>\n<meta property=\"og:title\" content=\"\u00d6ffnungszeiten - Deutsch-Deutsches Museum M\u00f6dlareuth\" \/>\n<meta property=\"og:description\" content=\"Aktuelle Hinweise: F\u00fcr Gruppenbesuche ab 10 Personen empfehlen wir eine vorherige telefonische Anmeldung unter 09295-915010, kurzfristige Termine f\u00fcr die Filmvorf\u00fchrung k\u00f6nnen nicht in jedem Fall vergeben werden. F\u00fchrungen k\u00f6nnen nach Voranmeldung durchgef\u00fchrt werden. Hinweis f\u00fcr Hundebesitzer: Im Museumsneubau sind Hunde nicht erlaubt, in den Au\u00dfenbereichen des Museums sind Hunde angeleint erlaubt.\" \/>\n<meta property=\"og:url\" content=\"https:\/\/www.moedlareuth.de\/cs\/museum\/oeffnungszeiten\/\" \/>\n<meta property=\"og:site_name\" content=\"Deutsch-Deutsches Museum M\u00f6dlareuth\" \/>\n<meta property=\"article:modified_time\" content=\"2026-04-14T10:47:41+00:00\" \/>\n<meta property=\"og:image\" content=\"https:\/\/www.moedlareuth.de\/wp-content\/uploads\/2026\/03\/Deutsch-Deutsches-Museum-Moedlareuth004-scaled.jpg\" \/>\n\t<meta property=\"og:image:width\" content=\"2560\" \/>\n\t<meta property=\"og:image:height\" content=\"1707\" \/>\n\t<meta property=\"og:image:type\" content=\"image\/jpeg\" \/>\n<meta name=\"twitter:card\" content=\"summary_large_image\" \/>\n<meta name=\"twitter:label1\" content=\"Odhadovan\u00e1 doba \u010dten\u00ed\" \/>\n\t<meta name=\"twitter:data1\" content=\"1 minuta\" \/>\n<script type=\"application\/ld+json\" class=\"yoast-schema-graph\">{\"@context\":\"https:\\\/\\\/schema.org\",\"@graph\":[{\"@type\":\"WebPage\",\"@id\":\"https:\\\/\\\/www.moedlareuth.de\\\/museum\\\/oeffnungszeiten\\\/\",\"url\":\"https:\\\/\\\/www.moedlareuth.de\\\/museum\\\/oeffnungszeiten\\\/\",\"name\":\"\u00d6ffnungszeiten - Deutsch-Deutsches Museum M\u00f6dlareuth\",\"isPartOf\":{\"@id\":\"https:\\\/\\\/moedlareuth.de\\\/preview\\\/#website\"},\"primaryImageOfPage\":{\"@id\":\"https:\\\/\\\/www.moedlareuth.de\\\/museum\\\/oeffnungszeiten\\\/#primaryimage\"},\"image\":{\"@id\":\"https:\\\/\\\/www.moedlareuth.de\\\/museum\\\/oeffnungszeiten\\\/#primaryimage\"},\"thumbnailUrl\":\"https:\\\/\\\/www.moedlareuth.de\\\/wp-content\\\/uploads\\\/2026\\\/03\\\/Deutsch-Deutsches-Museum-Moedlareuth004-scaled.jpg\",\"datePublished\":\"2021-12-01T14:07:26+00:00\",\"dateModified\":\"2026-04-14T10:47:41+00:00\",\"breadcrumb\":{\"@id\":\"https:\\\/\\\/www.moedlareuth.de\\\/museum\\\/oeffnungszeiten\\\/#breadcrumb\"},\"inLanguage\":\"cs\",\"potentialAction\":[{\"@type\":\"ReadAction\",\"target\":[\"https:\\\/\\\/www.moedlareuth.de\\\/museum\\\/oeffnungszeiten\\\/\"]}]},{\"@type\":\"ImageObject\",\"inLanguage\":\"cs\",\"@id\":\"https:\\\/\\\/www.moedlareuth.de\\\/museum\\\/oeffnungszeiten\\\/#primaryimage\",\"url\":\"https:\\\/\\\/www.moedlareuth.de\\\/wp-content\\\/uploads\\\/2026\\\/03\\\/Deutsch-Deutsches-Museum-Moedlareuth004-scaled.jpg\",\"contentUrl\":\"https:\\\/\\\/www.moedlareuth.de\\\/wp-content\\\/uploads\\\/2026\\\/03\\\/Deutsch-Deutsches-Museum-Moedlareuth004-scaled.jpg\",\"width\":2560,\"height\":1707},{\"@type\":\"BreadcrumbList\",\"@id\":\"https:\\\/\\\/www.moedlareuth.de\\\/museum\\\/oeffnungszeiten\\\/#breadcrumb\",\"itemListElement\":[{\"@type\":\"ListItem\",\"position\":1,\"name\":\"Startseite\",\"item\":\"https:\\\/\\\/www.moedlareuth.de\\\/\"},{\"@type\":\"ListItem\",\"position\":2,\"name\":\"&#8230; \u00dcber das Museum &#8211; wahrscheinlich tot\",\"item\":\"https:\\\/\\\/www.moedlareuth.de\\\/?page_id=39\"},{\"@type\":\"ListItem\",\"position\":3,\"name\":\"\u00d6ffnungszeiten\"}]},{\"@type\":\"WebSite\",\"@id\":\"https:\\\/\\\/moedlareuth.de\\\/preview\\\/#website\",\"url\":\"https:\\\/\\\/moedlareuth.de\\\/preview\\\/\",\"name\":\"Deutsch-Deutsches Museum M\u00f6dlareuth\",\"description\":\"Gedenkst\u00e4tte zur deutschen Teilung\",\"publisher\":{\"@id\":\"https:\\\/\\\/moedlareuth.de\\\/preview\\\/#organization\"},\"potentialAction\":[{\"@type\":\"SearchAction\",\"target\":{\"@type\":\"EntryPoint\",\"urlTemplate\":\"https:\\\/\\\/moedlareuth.de\\\/preview\\\/?s={search_term_string}\"},\"query-input\":{\"@type\":\"PropertyValueSpecification\",\"valueRequired\":true,\"valueName\":\"search_term_string\"}}],\"inLanguage\":\"cs\"},{\"@type\":\"Organization\",\"@id\":\"https:\\\/\\\/moedlareuth.de\\\/preview\\\/#organization\",\"name\":\"Deutsch-Deutsches Museum M\u00f6dlareuth\",\"url\":\"https:\\\/\\\/moedlareuth.de\\\/preview\\\/\",\"logo\":{\"@type\":\"ImageObject\",\"inLanguage\":\"cs\",\"@id\":\"https:\\\/\\\/moedlareuth.de\\\/preview\\\/#\\\/schema\\\/logo\\\/image\\\/\",\"url\":\"https:\\\/\\\/www.moedlareuth.de\\\/wp-content\\\/uploads\\\/2022\\\/02\\\/museum_moedlareuth_logo_hell_zusatz.svg\",\"contentUrl\":\"https:\\\/\\\/www.moedlareuth.de\\\/wp-content\\\/uploads\\\/2022\\\/02\\\/museum_moedlareuth_logo_hell_zusatz.svg\",\"width\":255,\"height\":62,\"caption\":\"Deutsch-Deutsches Museum M\u00f6dlareuth\"},\"image\":{\"@id\":\"https:\\\/\\\/moedlareuth.de\\\/preview\\\/#\\\/schema\\\/logo\\\/image\\\/\"}}]}<\/script>\n<!-- \/ Yoast SEO plugin. -->","yoast_head_json":{"title":"\u00d6ffnungszeiten - Deutsch-Deutsches Museum M\u00f6dlareuth","robots":{"index":"index","follow":"follow","max-snippet":"max-snippet:-1","max-image-preview":"max-image-preview:large","max-video-preview":"max-video-preview:-1"},"canonical":"https:\/\/www.moedlareuth.de\/cs\/museum\/oeffnungszeiten\/","og_locale":"cs_CZ","og_type":"article","og_title":"\u00d6ffnungszeiten - Deutsch-Deutsches Museum M\u00f6dlareuth","og_description":"Aktuelle Hinweise: F\u00fcr Gruppenbesuche ab 10 Personen empfehlen wir eine vorherige telefonische Anmeldung unter 09295-915010, kurzfristige Termine f\u00fcr die Filmvorf\u00fchrung k\u00f6nnen nicht in jedem Fall vergeben werden. F\u00fchrungen k\u00f6nnen nach Voranmeldung durchgef\u00fchrt werden. Hinweis f\u00fcr Hundebesitzer: Im Museumsneubau sind Hunde nicht erlaubt, in den Au\u00dfenbereichen des Museums sind Hunde angeleint erlaubt.","og_url":"https:\/\/www.moedlareuth.de\/cs\/museum\/oeffnungszeiten\/","og_site_name":"Deutsch-Deutsches Museum M\u00f6dlareuth","article_modified_time":"2026-04-14T10:47:41+00:00","og_image":[{"width":2560,"height":1707,"url":"https:\/\/www.moedlareuth.de\/wp-content\/uploads\/2026\/03\/Deutsch-Deutsches-Museum-Moedlareuth004-scaled.jpg","type":"image\/jpeg"}],"twitter_card":"summary_large_image","twitter_misc":{"Odhadovan\u00e1 doba \u010dten\u00ed":"1 minuta"},"schema":{"@context":"https:\/\/schema.org","@graph":[{"@type":"WebPage","@id":"https:\/\/www.moedlareuth.de\/museum\/oeffnungszeiten\/","url":"https:\/\/www.moedlareuth.de\/museum\/oeffnungszeiten\/","name":"\u00d6ffnungszeiten - Deutsch-Deutsches Museum M\u00f6dlareuth","isPartOf":{"@id":"https:\/\/moedlareuth.de\/preview\/#website"},"primaryImageOfPage":{"@id":"https:\/\/www.moedlareuth.de\/museum\/oeffnungszeiten\/#primaryimage"},"image":{"@id":"https:\/\/www.moedlareuth.de\/museum\/oeffnungszeiten\/#primaryimage"},"thumbnailUrl":"https:\/\/www.moedlareuth.de\/wp-content\/uploads\/2026\/03\/Deutsch-Deutsches-Museum-Moedlareuth004-scaled.jpg","datePublished":"2021-12-01T14:07:26+00:00","dateModified":"2026-04-14T10:47:41+00:00","breadcrumb":{"@id":"https:\/\/www.moedlareuth.de\/museum\/oeffnungszeiten\/#breadcrumb"},"inLanguage":"cs","potentialAction":[{"@type":"ReadAction","target":["https:\/\/www.moedlareuth.de\/museum\/oeffnungszeiten\/"]}]},{"@type":"ImageObject","inLanguage":"cs","@id":"https:\/\/www.moedlareuth.de\/museum\/oeffnungszeiten\/#primaryimage","url":"https:\/\/www.moedlareuth.de\/wp-content\/uploads\/2026\/03\/Deutsch-Deutsches-Museum-Moedlareuth004-scaled.jpg","contentUrl":"https:\/\/www.moedlareuth.de\/wp-content\/uploads\/2026\/03\/Deutsch-Deutsches-Museum-Moedlareuth004-scaled.jpg","width":2560,"height":1707},{"@type":"BreadcrumbList","@id":"https:\/\/www.moedlareuth.de\/museum\/oeffnungszeiten\/#breadcrumb","itemListElement":[{"@type":"ListItem","position":1,"name":"Startseite","item":"https:\/\/www.moedlareuth.de\/"},{"@type":"ListItem","position":2,"name":"&#8230; \u00dcber das Museum &#8211; wahrscheinlich tot","item":"https:\/\/www.moedlareuth.de\/?page_id=39"},{"@type":"ListItem","position":3,"name":"\u00d6ffnungszeiten"}]},{"@type":"WebSite","@id":"https:\/\/moedlareuth.de\/preview\/#website","url":"https:\/\/moedlareuth.de\/preview\/","name":"Deutsch-Deutsches Museum M\u00f6dlareuth","description":"Pam\u00e1tn\u00edk rozd\u011blen\u00ed N\u011bmecka","publisher":{"@id":"https:\/\/moedlareuth.de\/preview\/#organization"},"potentialAction":[{"@type":"SearchAction","target":{"@type":"EntryPoint","urlTemplate":"https:\/\/moedlareuth.de\/preview\/?s={search_term_string}"},"query-input":{"@type":"PropertyValueSpecification","valueRequired":true,"valueName":"search_term_string"}}],"inLanguage":"cs"},{"@type":"Organization","@id":"https:\/\/moedlareuth.de\/preview\/#organization","name":"Deutsch-Deutsches Museum M\u00f6dlareuth","url":"https:\/\/moedlareuth.de\/preview\/","logo":{"@type":"ImageObject","inLanguage":"cs","@id":"https:\/\/moedlareuth.de\/preview\/#\/schema\/logo\/image\/","url":"https:\/\/www.moedlareuth.de\/wp-content\/uploads\/2022\/02\/museum_moedlareuth_logo_hell_zusatz.svg","contentUrl":"https:\/\/www.moedlareuth.de\/wp-content\/uploads\/2022\/02\/museum_moedlareuth_logo_hell_zusatz.svg","width":255,"height":62,"caption":"Deutsch-Deutsches Museum M\u00f6dlareuth"},"image":{"@id":"https:\/\/moedlareuth.de\/preview\/#\/schema\/logo\/image\/"}}]}},"_links":{"self":[{"href":"https:\/\/www.moedlareuth.de\/cs\/wp-json\/wp\/v2\/pages\/4128","targetHints":{"allow":["GET"]}}],"collection":[{"href":"https:\/\/www.moedlareuth.de\/cs\/wp-json\/wp\/v2\/pages"}],"about":[{"href":"https:\/\/www.moedlareuth.de\/cs\/wp-json\/wp\/v2\/types\/page"}],"author":[{"embeddable":true,"href":"https:\/\/www.moedlareuth.de\/cs\/wp-json\/wp\/v2\/users\/7"}],"replies":[{"embeddable":true,"href":"https:\/\/www.moedlareuth.de\/cs\/wp-json\/wp\/v2\/comments?post=4128"}],"version-history":[{"count":10,"href":"https:\/\/www.moedlareuth.de\/cs\/wp-json\/wp\/v2\/pages\/4128\/revisions"}],"predecessor-version":[{"id":16798,"href":"https:\/\/www.moedlareuth.de\/cs\/wp-json\/wp\/v2\/pages\/4128\/revisions\/16798"}],"up":[{"embeddable":true,"href":"https:\/\/www.moedlareuth.de\/cs\/wp-json\/wp\/v2\/pages\/39"}],"wp:featuredmedia":[{"embeddable":true,"href":"https:\/\/www.moedlareuth.de\/cs\/wp-json\/wp\/v2\/media\/16779"}],"wp:attachment":[{"href":"https:\/\/www.moedlareuth.de\/cs\/wp-json\/wp\/v2\/media?parent=4128"}],"wp:term":[{"taxonomy":"kategorien","embeddable":true,"href":"https:\/\/www.moedlareuth.de\/cs\/wp-json\/wp\/v2\/kategorien?post=4128"}],"curies":[{"name":"wp","href":"https:\/\/api.w.org\/{rel}","templated":true}]}}