{"id":325,"date":"2015-12-02T15:46:22","date_gmt":"2015-12-02T14:46:22","guid":{"rendered":"http:\/\/www.moedlareuth.de\/?page_id=325"},"modified":"2025-11-10T15:55:10","modified_gmt":"2025-11-10T14:55:10","slug":"lehrerfortbildungen","status":"publish","type":"page","link":"https:\/\/www.moedlareuth.de\/cs\/museum\/lehrerfortbildungen\/","title":{"rendered":"Kurzy pro u\u010ditele"},"content":{"rendered":"<style>#kt-layout-id_e89507-3d > .kt-row-column-wrap{align-content:start;}:where(#kt-layout-id_e89507-3d > .kt-row-column-wrap) > .wp-block-kadence-column{justify-content:start;}#kt-layout-id_e89507-3d > .kt-row-column-wrap{column-gap:var(--global-kb-gap-none, 0rem );row-gap:var(--global-kb-gap-none, 0rem );padding-top:var( --global-kb-row-default-top, 25px );padding-bottom:var( --global-kb-row-default-bottom, 25px );padding-top:var(--global-kb-spacing-sm, 1.5rem);padding-bottom:var(--global-kb-spacing-sm, 1.5rem);grid-template-columns:minmax(0, calc(30% - ((var(--global-kb-gap-none, 0rem ) * 2 )\/3)))minmax(0, calc(10% - ((var(--global-kb-gap-none, 0rem ) * 2 )\/3)))minmax(0, calc(60% - ((var(--global-kb-gap-none, 0rem ) * 2 )\/3)));}#kt-layout-id_e89507-3d > .kt-row-layout-overlay{opacity:0.30;}@media all and (max-width: 1024px){#kt-layout-id_e89507-3d > .kt-row-column-wrap > div:not(.added-for-specificity){grid-column:initial;}}@media all and (max-width: 1024px){#kt-layout-id_e89507-3d > .kt-row-column-wrap{grid-template-columns:repeat(3, minmax(0, 1fr));}}@media all and (max-width: 767px){#kt-layout-id_e89507-3d > .kt-row-column-wrap > div:not(.added-for-specificity){grid-column:initial;}#kt-layout-id_e89507-3d > .kt-row-column-wrap{grid-template-columns:minmax(0, 1fr);}}<\/style>\n<article class=\"wp-block-kadence-rowlayout alignnone\"><div id=\"kt-layout-id_e89507-3d\" class=\"kt-row-layout-inner kt-layout-id_e89507-3d\"><div class=\"kt-row-column-wrap kt-has-3-columns kt-gutter-none kt-v-gutter-none kt-row-valign-top kt-row-layout-equal kt-tab-layout-inherit kt-m-colapse-left-to-right kt-mobile-layout-row  kt-custom-first-width-30  kt-custom-second-width-10  kt-custom-third-width-60\"><style>.kadence-column_d140d7-ac > .kt-inside-inner-col{border-top-width:0px;border-right-width:0px;border-bottom-width:0px;border-left-width:0px;}.kadence-column_d140d7-ac > .kt-inside-inner-col,.kadence-column_d140d7-ac > .kt-inside-inner-col:before{border-top-left-radius:0px;border-top-right-radius:0px;border-bottom-right-radius:0px;border-bottom-left-radius:0px;}.kadence-column_d140d7-ac > .kt-inside-inner-col{column-gap:var(--global-kb-gap-sm, 1rem);}.kadence-column_d140d7-ac > .kt-inside-inner-col{flex-direction:column;}.kadence-column_d140d7-ac > .kt-inside-inner-col > .aligncenter{width:100%;}.kadence-column_d140d7-ac > .kt-inside-inner-col:before{opacity:0.3;}.kadence-column_d140d7-ac{position:relative;}@media all and (max-width: 1024px){.kadence-column_d140d7-ac > .kt-inside-inner-col{flex-direction:column;justify-content:center;}}@media all and (max-width: 767px){.kadence-column_d140d7-ac > .kt-inside-inner-col{flex-direction:column;justify-content:center;}}<\/style>\n<div class=\"wp-block-kadence-column inner-column-1 kadence-column_d140d7-ac\"><div class=\"kt-inside-inner-col\"><style>.wp-block-kadence-advancedgallery .kb-gallery-type-masonry.kb-gallery-id-_2b750a-2d{margin:-5px;}.kb-gallery-type-masonry.kb-gallery-id-_2b750a-2d .kadence-blocks-gallery-item{padding:5px;}.kb-gallery-id-_2b750a-2d .kadence-blocks-gallery-item .kb-gal-image-radius, .kb-gallery-id-_2b750a-2d .kb-slide-item .kb-gal-image-radius img{border-radius:0px 0px 0px 0px;;}.kb-gallery-caption-style-cover-hover.kb-gallery-id-_2b750a-2d .kadence-blocks-gallery-item .kadence-blocks-gallery-item-inner .kadence-blocks-gallery-item__caption, .kb-gallery-caption-style-below.kb-gallery-id-_2b750a-2d .kadence-blocks-gallery-item .kadence-blocks-gallery-item-inner .kadence-blocks-gallery-item__caption{background:rgba(0, 0, 0, 0.5);}<\/style><div class=\"kb-gallery-wrap-id-_2b750a-2d alignnone wp-block-kadence-advancedgallery\"><ul class=\"kb-gallery-ul kb-gallery-non-static kb-gallery-type-masonry kb-masonry-init kb-gallery-id-_2b750a-2d kb-gallery-caption-style-below kb-gallery-filter-none\" data-image-filter=\"none\" data-item-selector=\".kadence-blocks-gallery-item\" data-lightbox-caption=\"true\" data-columns-xxl=\"1\" data-columns-xl=\"1\" data-columns-md=\"1\" data-columns-sm=\"1\" data-columns-xs=\"1\" data-columns-ss=\"1\"><li class=\"kadence-blocks-gallery-item\"><div class=\"kadence-blocks-gallery-item-inner\"><figure class=\"kb-gallery-figure kadence-blocks-gallery-item-has-caption\" style=\"max-width:800px;\"><div class=\"kb-gal-image-radius\" style=\"max-width:800px;\"><div class=\"kb-gallery-image-contain kadence-blocks-gallery-intrinsic\" style=\"padding-bottom:66%;\"><img fetchpriority=\"high\" decoding=\"async\" src=\"https:\/\/www.moedlareuth.de\/wp-content\/uploads\/2022\/05\/MM-2019-05-13-003.jpg\" width=\"800\" height=\"533\" alt=\"\" data-full-image=\"https:\/\/www.moedlareuth.de\/wp-content\/uploads\/2022\/05\/MM-2019-05-13-003.jpg\" data-light-image=\"https:\/\/www.moedlareuth.de\/wp-content\/uploads\/2022\/05\/MM-2019-05-13-003.jpg\" data-id=\"11495\" class=\"wp-image-11495\" srcset=\"https:\/\/www.moedlareuth.de\/wp-content\/uploads\/2022\/05\/MM-2019-05-13-003.jpg 800w, https:\/\/www.moedlareuth.de\/wp-content\/uploads\/2022\/05\/MM-2019-05-13-003-300x200.jpg 300w, https:\/\/www.moedlareuth.de\/wp-content\/uploads\/2022\/05\/MM-2019-05-13-003-768x512.jpg 768w, https:\/\/www.moedlareuth.de\/wp-content\/uploads\/2022\/05\/MM-2019-05-13-003-18x12.jpg 18w\" sizes=\"(max-width: 800px) 100vw, 800px\" \/><\/div><\/div><figcaption class=\"kadence-blocks-gallery-item__caption\">Hlavn\u00ed budova muzea v bavorsk\u00e9 polovin\u011b obce<\/figcaption><\/figure><\/div><\/li><\/ul><\/div><\/div><\/div>\n\n\n<style>.kadence-column_c2d8c9-c3 > .kt-inside-inner-col{border-top-width:0px;border-right-width:0px;border-bottom-width:0px;border-left-width:0px;}.kadence-column_c2d8c9-c3 > .kt-inside-inner-col,.kadence-column_c2d8c9-c3 > .kt-inside-inner-col:before{border-top-left-radius:0px;border-top-right-radius:0px;border-bottom-right-radius:0px;border-bottom-left-radius:0px;}.kadence-column_c2d8c9-c3 > .kt-inside-inner-col{column-gap:var(--global-kb-gap-sm, 1rem);}.kadence-column_c2d8c9-c3 > .kt-inside-inner-col{flex-direction:column;}.kadence-column_c2d8c9-c3 > .kt-inside-inner-col > .aligncenter{width:100%;}.kadence-column_c2d8c9-c3 > .kt-inside-inner-col:before{opacity:0.3;}.kadence-column_c2d8c9-c3{position:relative;}@media all and (max-width: 1024px){.kadence-column_c2d8c9-c3 > .kt-inside-inner-col{flex-direction:column;justify-content:center;}}@media all and (max-width: 767px){.kadence-column_c2d8c9-c3 > .kt-inside-inner-col{flex-direction:column;justify-content:center;}}<\/style>\n<div class=\"wp-block-kadence-column inner-column-2 kadence-column_c2d8c9-c3\"><div class=\"kt-inside-inner-col\"><\/div><\/div>\n\n\n<style>.kadence-column_920541-f3 > .kt-inside-inner-col{border-top-width:0px;border-right-width:0px;border-bottom-width:0px;border-left-width:0px;}.kadence-column_920541-f3 > .kt-inside-inner-col,.kadence-column_920541-f3 > .kt-inside-inner-col:before{border-top-left-radius:0px;border-top-right-radius:0px;border-bottom-right-radius:0px;border-bottom-left-radius:0px;}.kadence-column_920541-f3 > .kt-inside-inner-col{column-gap:var(--global-kb-gap-sm, 1rem);}.kadence-column_920541-f3 > .kt-inside-inner-col{flex-direction:column;}.kadence-column_920541-f3 > .kt-inside-inner-col > .aligncenter{width:100%;}.kadence-column_920541-f3 > .kt-inside-inner-col:before{opacity:0.3;}.kadence-column_920541-f3{position:relative;}@media all and (max-width: 1024px){.kadence-column_920541-f3 > .kt-inside-inner-col{flex-direction:column;justify-content:center;}}@media all and (max-width: 767px){.kadence-column_920541-f3 > .kt-inside-inner-col{flex-direction:column;justify-content:center;}}<\/style>\n<div class=\"wp-block-kadence-column inner-column-3 kadence-column_920541-f3\"><div class=\"kt-inside-inner-col\">\n<h2 class=\"wp-block-heading\"><\/h2>\n\n\n\n<p>-<\/p>\n\n\n\n<p>-<\/p>\n\n\n\n<p>-<\/p>\n<\/div><\/div>\n<\/div><\/div><\/article>\n\n\n\n<p><\/p>","protected":false},"excerpt":{"rendered":"<p>Im Anschluss daran erfolgt eine kurze Pr\u00e4sentation der themenorientierten Zusatzmodule, die Schulklassen im Rahmen ihres Gedenkst\u00e4ttenbesuches zur inhaltlichen Vertiefung ausw\u00e4hlen k\u00f6nnen. Abschlie\u00dfend wird das mehrt\u00e4gige l\u00e4nder\u00fcbergreifende Sch\u00fclerseminar vorgestellt. In diesem werden Grundwissen zur Geschichte der deutschen Teilung und der innerdeutschen Grenze vermittelt. Zudem k\u00f6nnen die Sch\u00fcler in Gruppenarbeit selbstst\u00e4ndig auf kreative Weise Methodenkompetenz im Umgang&#8230;<\/p>","protected":false},"author":1,"featured_media":538,"parent":39,"menu_order":0,"comment_status":"closed","ping_status":"closed","template":"","meta":{"_acf_changed":false,"inline_featured_image":false,"_kad_post_transparent":"","_kad_post_title":"","_kad_post_layout":"","_kad_post_sidebar_id":"","_kad_post_content_style":"","_kad_post_vertical_padding":"","_kad_post_feature":"","_kad_post_feature_position":"","_kad_post_header":false,"_kad_post_footer":false,"_kad_post_classname":"","footnotes":""},"kategorien":[47],"class_list":["post-325","page","type-page","status-publish","has-post-thumbnail","hentry","kategorien-bildung"],"acf":[],"yoast_head":"<!-- This site is optimized with the Yoast SEO plugin v27.4 - https:\/\/yoast.com\/product\/yoast-seo-wordpress\/ -->\n<title>Lehrerfortbildungen - Deutsch-Deutsches Museum M\u00f6dlareuth<\/title>\n<meta name=\"robots\" content=\"index, follow, max-snippet:-1, max-image-preview:large, max-video-preview:-1\" \/>\n<link rel=\"canonical\" href=\"https:\/\/www.moedlareuth.de\/cs\/museum__trashed\/lehrerfortbildungen\/\" \/>\n<meta property=\"og:locale\" content=\"cs_CZ\" \/>\n<meta property=\"og:type\" content=\"article\" \/>\n<meta property=\"og:title\" content=\"Lehrerfortbildungen - Deutsch-Deutsches Museum M\u00f6dlareuth\" \/>\n<meta property=\"og:description\" content=\"Im Anschluss daran erfolgt eine kurze Pr\u00e4sentation der themenorientierten Zusatzmodule, die Schulklassen im Rahmen ihres Gedenkst\u00e4ttenbesuches zur inhaltlichen Vertiefung ausw\u00e4hlen k\u00f6nnen. Abschlie\u00dfend wird das mehrt\u00e4gige l\u00e4nder\u00fcbergreifende Sch\u00fclerseminar vorgestellt. In diesem werden Grundwissen zur Geschichte der deutschen Teilung und der innerdeutschen Grenze vermittelt. Zudem k\u00f6nnen die Sch\u00fcler in Gruppenarbeit selbstst\u00e4ndig auf kreative Weise Methodenkompetenz im Umgang...\" \/>\n<meta property=\"og:url\" content=\"https:\/\/www.moedlareuth.de\/cs\/museum__trashed\/lehrerfortbildungen\/\" \/>\n<meta property=\"og:site_name\" content=\"Deutsch-Deutsches Museum M\u00f6dlareuth\" \/>\n<meta property=\"article:modified_time\" content=\"2025-11-10T14:55:10+00:00\" \/>\n<meta property=\"og:image\" content=\"https:\/\/www.moedlareuth.de\/wp-content\/uploads\/2015\/12\/Lehrerfortbildung-e1449662897584.jpg\" \/>\n\t<meta property=\"og:image:width\" content=\"1400\" \/>\n\t<meta property=\"og:image:height\" content=\"1050\" \/>\n\t<meta property=\"og:image:type\" content=\"image\/jpeg\" \/>\n<meta name=\"twitter:card\" content=\"summary_large_image\" \/>\n<meta name=\"twitter:label1\" content=\"Odhadovan\u00e1 doba \u010dten\u00ed\" \/>\n\t<meta name=\"twitter:data1\" content=\"1 minuta\" \/>\n<script type=\"application\/ld+json\" class=\"yoast-schema-graph\">{\"@context\":\"https:\\\/\\\/schema.org\",\"@graph\":[{\"@type\":\"WebPage\",\"@id\":\"https:\\\/\\\/www.moedlareuth.de\\\/museum__trashed\\\/lehrerfortbildungen\\\/\",\"url\":\"https:\\\/\\\/www.moedlareuth.de\\\/museum__trashed\\\/lehrerfortbildungen\\\/\",\"name\":\"Lehrerfortbildungen - Deutsch-Deutsches Museum M\u00f6dlareuth\",\"isPartOf\":{\"@id\":\"https:\\\/\\\/moedlareuth.de\\\/preview\\\/#website\"},\"primaryImageOfPage\":{\"@id\":\"https:\\\/\\\/www.moedlareuth.de\\\/museum__trashed\\\/lehrerfortbildungen\\\/#primaryimage\"},\"image\":{\"@id\":\"https:\\\/\\\/www.moedlareuth.de\\\/museum__trashed\\\/lehrerfortbildungen\\\/#primaryimage\"},\"thumbnailUrl\":\"https:\\\/\\\/www.moedlareuth.de\\\/wp-content\\\/uploads\\\/2015\\\/12\\\/Lehrerfortbildung-e1449662897584.jpg\",\"datePublished\":\"2015-12-02T14:46:22+00:00\",\"dateModified\":\"2025-11-10T14:55:10+00:00\",\"breadcrumb\":{\"@id\":\"https:\\\/\\\/www.moedlareuth.de\\\/museum__trashed\\\/lehrerfortbildungen\\\/#breadcrumb\"},\"inLanguage\":\"cs\",\"potentialAction\":[{\"@type\":\"ReadAction\",\"target\":[\"https:\\\/\\\/www.moedlareuth.de\\\/museum__trashed\\\/lehrerfortbildungen\\\/\"]}]},{\"@type\":\"ImageObject\",\"inLanguage\":\"cs\",\"@id\":\"https:\\\/\\\/www.moedlareuth.de\\\/museum__trashed\\\/lehrerfortbildungen\\\/#primaryimage\",\"url\":\"https:\\\/\\\/www.moedlareuth.de\\\/wp-content\\\/uploads\\\/2015\\\/12\\\/Lehrerfortbildung-e1449662897584.jpg\",\"contentUrl\":\"https:\\\/\\\/www.moedlareuth.de\\\/wp-content\\\/uploads\\\/2015\\\/12\\\/Lehrerfortbildung-e1449662897584.jpg\",\"width\":1400,\"height\":1050,\"caption\":\"Lehrerfortbildung e1449662897584\"},{\"@type\":\"BreadcrumbList\",\"@id\":\"https:\\\/\\\/www.moedlareuth.de\\\/museum__trashed\\\/lehrerfortbildungen\\\/#breadcrumb\",\"itemListElement\":[{\"@type\":\"ListItem\",\"position\":1,\"name\":\"Startseite\",\"item\":\"https:\\\/\\\/www.moedlareuth.de\\\/\"},{\"@type\":\"ListItem\",\"position\":2,\"name\":\"&#8230; \u00dcber das Museum &#8211; wahrscheinlich tot\",\"item\":\"https:\\\/\\\/www.moedlareuth.de\\\/?page_id=39\"},{\"@type\":\"ListItem\",\"position\":3,\"name\":\"Lehrerfortbildungen\"}]},{\"@type\":\"WebSite\",\"@id\":\"https:\\\/\\\/moedlareuth.de\\\/preview\\\/#website\",\"url\":\"https:\\\/\\\/moedlareuth.de\\\/preview\\\/\",\"name\":\"Deutsch-Deutsches Museum M\u00f6dlareuth\",\"description\":\"Gedenkst\u00e4tte zur deutschen Teilung\",\"publisher\":{\"@id\":\"https:\\\/\\\/moedlareuth.de\\\/preview\\\/#organization\"},\"potentialAction\":[{\"@type\":\"SearchAction\",\"target\":{\"@type\":\"EntryPoint\",\"urlTemplate\":\"https:\\\/\\\/moedlareuth.de\\\/preview\\\/?s={search_term_string}\"},\"query-input\":{\"@type\":\"PropertyValueSpecification\",\"valueRequired\":true,\"valueName\":\"search_term_string\"}}],\"inLanguage\":\"cs\"},{\"@type\":\"Organization\",\"@id\":\"https:\\\/\\\/moedlareuth.de\\\/preview\\\/#organization\",\"name\":\"Deutsch-Deutsches Museum M\u00f6dlareuth\",\"url\":\"https:\\\/\\\/moedlareuth.de\\\/preview\\\/\",\"logo\":{\"@type\":\"ImageObject\",\"inLanguage\":\"cs\",\"@id\":\"https:\\\/\\\/moedlareuth.de\\\/preview\\\/#\\\/schema\\\/logo\\\/image\\\/\",\"url\":\"https:\\\/\\\/www.moedlareuth.de\\\/wp-content\\\/uploads\\\/2022\\\/02\\\/museum_moedlareuth_logo_hell_zusatz.svg\",\"contentUrl\":\"https:\\\/\\\/www.moedlareuth.de\\\/wp-content\\\/uploads\\\/2022\\\/02\\\/museum_moedlareuth_logo_hell_zusatz.svg\",\"width\":255,\"height\":62,\"caption\":\"Deutsch-Deutsches Museum M\u00f6dlareuth\"},\"image\":{\"@id\":\"https:\\\/\\\/moedlareuth.de\\\/preview\\\/#\\\/schema\\\/logo\\\/image\\\/\"}}]}<\/script>\n<!-- \/ Yoast SEO plugin. -->","yoast_head_json":{"title":"Lehrerfortbildungen - Deutsch-Deutsches Museum M\u00f6dlareuth","robots":{"index":"index","follow":"follow","max-snippet":"max-snippet:-1","max-image-preview":"max-image-preview:large","max-video-preview":"max-video-preview:-1"},"canonical":"https:\/\/www.moedlareuth.de\/cs\/museum__trashed\/lehrerfortbildungen\/","og_locale":"cs_CZ","og_type":"article","og_title":"Lehrerfortbildungen - Deutsch-Deutsches Museum M\u00f6dlareuth","og_description":"Im Anschluss daran erfolgt eine kurze Pr\u00e4sentation der themenorientierten Zusatzmodule, die Schulklassen im Rahmen ihres Gedenkst\u00e4ttenbesuches zur inhaltlichen Vertiefung ausw\u00e4hlen k\u00f6nnen. Abschlie\u00dfend wird das mehrt\u00e4gige l\u00e4nder\u00fcbergreifende Sch\u00fclerseminar vorgestellt. In diesem werden Grundwissen zur Geschichte der deutschen Teilung und der innerdeutschen Grenze vermittelt. Zudem k\u00f6nnen die Sch\u00fcler in Gruppenarbeit selbstst\u00e4ndig auf kreative Weise Methodenkompetenz im Umgang...","og_url":"https:\/\/www.moedlareuth.de\/cs\/museum__trashed\/lehrerfortbildungen\/","og_site_name":"Deutsch-Deutsches Museum M\u00f6dlareuth","article_modified_time":"2025-11-10T14:55:10+00:00","og_image":[{"width":1400,"height":1050,"url":"https:\/\/www.moedlareuth.de\/wp-content\/uploads\/2015\/12\/Lehrerfortbildung-e1449662897584.jpg","type":"image\/jpeg"}],"twitter_card":"summary_large_image","twitter_misc":{"Odhadovan\u00e1 doba \u010dten\u00ed":"1 minuta"},"schema":{"@context":"https:\/\/schema.org","@graph":[{"@type":"WebPage","@id":"https:\/\/www.moedlareuth.de\/museum__trashed\/lehrerfortbildungen\/","url":"https:\/\/www.moedlareuth.de\/museum__trashed\/lehrerfortbildungen\/","name":"Lehrerfortbildungen - Deutsch-Deutsches Museum M\u00f6dlareuth","isPartOf":{"@id":"https:\/\/moedlareuth.de\/preview\/#website"},"primaryImageOfPage":{"@id":"https:\/\/www.moedlareuth.de\/museum__trashed\/lehrerfortbildungen\/#primaryimage"},"image":{"@id":"https:\/\/www.moedlareuth.de\/museum__trashed\/lehrerfortbildungen\/#primaryimage"},"thumbnailUrl":"https:\/\/www.moedlareuth.de\/wp-content\/uploads\/2015\/12\/Lehrerfortbildung-e1449662897584.jpg","datePublished":"2015-12-02T14:46:22+00:00","dateModified":"2025-11-10T14:55:10+00:00","breadcrumb":{"@id":"https:\/\/www.moedlareuth.de\/museum__trashed\/lehrerfortbildungen\/#breadcrumb"},"inLanguage":"cs","potentialAction":[{"@type":"ReadAction","target":["https:\/\/www.moedlareuth.de\/museum__trashed\/lehrerfortbildungen\/"]}]},{"@type":"ImageObject","inLanguage":"cs","@id":"https:\/\/www.moedlareuth.de\/museum__trashed\/lehrerfortbildungen\/#primaryimage","url":"https:\/\/www.moedlareuth.de\/wp-content\/uploads\/2015\/12\/Lehrerfortbildung-e1449662897584.jpg","contentUrl":"https:\/\/www.moedlareuth.de\/wp-content\/uploads\/2015\/12\/Lehrerfortbildung-e1449662897584.jpg","width":1400,"height":1050,"caption":"Lehrerfortbildung e1449662897584"},{"@type":"BreadcrumbList","@id":"https:\/\/www.moedlareuth.de\/museum__trashed\/lehrerfortbildungen\/#breadcrumb","itemListElement":[{"@type":"ListItem","position":1,"name":"Startseite","item":"https:\/\/www.moedlareuth.de\/"},{"@type":"ListItem","position":2,"name":"&#8230; \u00dcber das Museum &#8211; wahrscheinlich tot","item":"https:\/\/www.moedlareuth.de\/?page_id=39"},{"@type":"ListItem","position":3,"name":"Lehrerfortbildungen"}]},{"@type":"WebSite","@id":"https:\/\/moedlareuth.de\/preview\/#website","url":"https:\/\/moedlareuth.de\/preview\/","name":"Deutsch-Deutsches Museum M\u00f6dlareuth","description":"Pam\u00e1tn\u00edk rozd\u011blen\u00ed N\u011bmecka","publisher":{"@id":"https:\/\/moedlareuth.de\/preview\/#organization"},"potentialAction":[{"@type":"SearchAction","target":{"@type":"EntryPoint","urlTemplate":"https:\/\/moedlareuth.de\/preview\/?s={search_term_string}"},"query-input":{"@type":"PropertyValueSpecification","valueRequired":true,"valueName":"search_term_string"}}],"inLanguage":"cs"},{"@type":"Organization","@id":"https:\/\/moedlareuth.de\/preview\/#organization","name":"Deutsch-Deutsches Museum M\u00f6dlareuth","url":"https:\/\/moedlareuth.de\/preview\/","logo":{"@type":"ImageObject","inLanguage":"cs","@id":"https:\/\/moedlareuth.de\/preview\/#\/schema\/logo\/image\/","url":"https:\/\/www.moedlareuth.de\/wp-content\/uploads\/2022\/02\/museum_moedlareuth_logo_hell_zusatz.svg","contentUrl":"https:\/\/www.moedlareuth.de\/wp-content\/uploads\/2022\/02\/museum_moedlareuth_logo_hell_zusatz.svg","width":255,"height":62,"caption":"Deutsch-Deutsches Museum M\u00f6dlareuth"},"image":{"@id":"https:\/\/moedlareuth.de\/preview\/#\/schema\/logo\/image\/"}}]}},"_links":{"self":[{"href":"https:\/\/www.moedlareuth.de\/cs\/wp-json\/wp\/v2\/pages\/325","targetHints":{"allow":["GET"]}}],"collection":[{"href":"https:\/\/www.moedlareuth.de\/cs\/wp-json\/wp\/v2\/pages"}],"about":[{"href":"https:\/\/www.moedlareuth.de\/cs\/wp-json\/wp\/v2\/types\/page"}],"author":[{"embeddable":true,"href":"https:\/\/www.moedlareuth.de\/cs\/wp-json\/wp\/v2\/users\/1"}],"replies":[{"embeddable":true,"href":"https:\/\/www.moedlareuth.de\/cs\/wp-json\/wp\/v2\/comments?post=325"}],"version-history":[{"count":10,"href":"https:\/\/www.moedlareuth.de\/cs\/wp-json\/wp\/v2\/pages\/325\/revisions"}],"predecessor-version":[{"id":15531,"href":"https:\/\/www.moedlareuth.de\/cs\/wp-json\/wp\/v2\/pages\/325\/revisions\/15531"}],"up":[{"embeddable":true,"href":"https:\/\/www.moedlareuth.de\/cs\/wp-json\/wp\/v2\/pages\/39"}],"wp:featuredmedia":[{"embeddable":true,"href":"https:\/\/www.moedlareuth.de\/cs\/wp-json\/wp\/v2\/media\/538"}],"wp:attachment":[{"href":"https:\/\/www.moedlareuth.de\/cs\/wp-json\/wp\/v2\/media?parent=325"}],"wp:term":[{"taxonomy":"kategorien","embeddable":true,"href":"https:\/\/www.moedlareuth.de\/cs\/wp-json\/wp\/v2\/kategorien?post=325"}],"curies":[{"name":"wp","href":"https:\/\/api.w.org\/{rel}","templated":true}]}}